{"id":1070,"date":"2016-01-15T09:16:53","date_gmt":"2016-01-15T08:16:53","guid":{"rendered":"http:\/\/unser-quartier.de\/bauchem\/?page_id=1070"},"modified":"2022-11-15T17:57:29","modified_gmt":"2022-11-15T16:57:29","slug":"veranstaltungskalender","status":"publish","type":"page","link":"https:\/\/unser-quartier.de\/bauchem\/veranstaltungen\/veranstaltungskalender\/","title":{"rendered":"Veranstaltungskalender"},"content":{"rendered":"<p>Auf dieser Seite finden Sie unsere Veranstaltungen in kalendarischer Darstellung. Klicken Sie in der Kalendernavigation um zwischen den einzelnen Monaten hin und her zu wechseln.<!--more--><\/p>\n\t\t<div class=\"em em-view-container\" id=\"em-view-771597028\" data-view=\"calendar\">\r\n\t\t\t<div class=\"em pixelbones em-calendar preview-modal responsive-dateclick-modal size-small this-month\" data-scope=\"all\" data-preview-tooltips-trigger=\"\" id=\"em-calendar-771597028\" data-view-id=\"771597028\" data-view-type=\"calendar\">\n\t<section class=\"em-cal-nav \">\n\t\t<div class=\"month input\">\n\t\t\t\t\t<form action=\"\" method=\"get\">\n\t\t\t\t<input type=\"month\" class=\"em-month-picker\" value=\"2026-09\" data-month-value=\"September 2026\">\n\t\t\t\t<span class=\"toggle\"><\/span>\n\t\t\t<\/form>\n\t\t\t<\/div>\n\t\t<div class=\"month-nav input\">\n\t\t<a class=\"em-calnav em-calnav-prev\" href=\"\/bauchem\/wp-json\/wp\/v2\/pages\/1070?mo=8&#038;yr=2026\" data-disabled=\"0\" data-wpel-link=\"internal\">\n\t\t\t<svg viewBox=\"0 0 15 15\" xmlns=\"http:\/\/www.w3.org\/2000\/svg\"><path d=\"M10 14L3 7.5L10 1\" stroke=\"#555\" stroke-linecap=\"square\"><\/path><\/svg>\n\t\t<\/a>\n\t\t<a href=\"\" class=\"em-calnav-today button button-secondary size-large size-medium is-today\" data-wpel-link=\"internal\">\n\t\t\tHeute\t\t<\/a>\n\t\t<a class=\"em-calnav em-calnav-next\" href=\"\/bauchem\/wp-json\/wp\/v2\/pages\/1070?mo=10&#038;yr=2026\" data-disabled=\"0\" data-wpel-link=\"internal\">\n\t\t\t<svg viewBox=\"0 0 15 15\" xmlns=\"http:\/\/www.w3.org\/2000\/svg\"><path d=\"M5 14L12 7.5L5 1\" stroke=\"#555\" stroke-linecap=\"square\"><\/path><\/svg>\n\t\t<\/a>\n\t<\/div>\n\t<\/section><section class=\"em-cal-head em-cal-week-days em-cal-days size-large\">\n\t\t\t<div class=\"em-cal-day em-cal-col-0\">Mo.<\/div>\n\t\t\t\t<div class=\"em-cal-day em-cal-col-1\">Di.<\/div>\n\t\t\t\t<div class=\"em-cal-day em-cal-col-2\">Mi.<\/div>\n\t\t\t\t<div class=\"em-cal-day em-cal-col-3\">Do.<\/div>\n\t\t\t\t<div class=\"em-cal-day em-cal-col-4\">Fr.<\/div>\n\t\t\t\t<div class=\"em-cal-day em-cal-col-5\">Sa.<\/div>\n\t\t\t\t<div class=\"em-cal-day em-cal-col-6\">So.<\/div>\n\t\t<\/section>\n<section class=\"em-cal-head em-cal-week-days em-cal-days size-small size-medium\">\n\t\t\t<div class=\"em-cal-day em-cal-col-0\">M<\/div>\n\t\t\t\t<div class=\"em-cal-day em-cal-col-1\">D<\/div>\n\t\t\t\t<div class=\"em-cal-day em-cal-col-2\">M<\/div>\n\t\t\t\t<div class=\"em-cal-day em-cal-col-3\">D<\/div>\n\t\t\t\t<div class=\"em-cal-day em-cal-col-4\">F<\/div>\n\t\t\t\t<div class=\"em-cal-day em-cal-col-5\">S<\/div>\n\t\t\t\t<div class=\"em-cal-day em-cal-col-6\">S<\/div>\n\t\t<\/section><section class=\"em-cal-body em-cal-days event-style-pill even-aspect\">\n\t\t\t<div class=\"eventful-pre em-cal-day em-cal-col-1\">\n\t\t\t\t\t\t\t<div class=\"em-cal-day-date colored\" data-calendar-date=\"1788134400\">\n\t\t\t\t\t<a href=\"https:\/\/unser-quartier.de\/bauchem\/events\/buergertreff-hobbyfotografen-treffen-sich-2-2026-08-31\/\" title=\"B\u00fcrgertreff: Hobbyfotografen treffen sich\" data-wpel-link=\"internal\">31<\/a>\n\t\t\t\t\t\t\t\t\t<\/div>\n\t\t\t\t\t\t\t\t\t\t<div class=\"em-cal-event\" style=\"--event-background-color:#a8d144;;--event-border-color:#a8d144;;--event-color:#fff;\" data-event-url=\"https:\/\/unser-quartier.de\/bauchem\/events\/buergertreff-hobbyfotografen-treffen-sich-2-2026-08-31\/\" data-event-id=\"3694\">\n\t\t\t\t\t\t\t<div>19:30 - <a href=\"https:\/\/unser-quartier.de\/bauchem\/events\/buergertreff-hobbyfotografen-treffen-sich-2-2026-08-31\/\" data-wpel-link=\"internal\">B\u00fcrgertreff: Hobbyfotografen treffen sich<\/a><\/div>\n\t\t\t\t\t\t<\/div>\n\t\t\t\t\t\t\t\t\t\t\t<span class=\"date-day-colors\" data-colors=\"[&quot;#a8d144&quot;]\"><\/span>\n\t\t\t\t\t\t\t\t\t\t\t\t\n\t\t\t\t\t<\/div>\n\t\t\t\t<div class=\"eventful em-cal-day em-cal-col-2\">\n\t\t\t\t\t\t\t<div class=\"em-cal-day-date colored\" data-calendar-date=\"1788220800\">\n\t\t\t\t\t<a href=\"https:\/\/unser-quartier.de\/bauchem\/events\/netzwerk-gk-60-seniorenkino-13\/\" title=\"Netzwerk GK 60+: Seniorenkino\" data-wpel-link=\"internal\">1<\/a>\n\t\t\t\t\t\t\t\t\t<\/div>\n\t\t\t\t\t\t\t\t\t\t<div class=\"em-cal-event\" style=\"--event-background-color:#a8d144;;--event-border-color:#a8d144;;--event-color:#fff;\" data-event-url=\"https:\/\/unser-quartier.de\/bauchem\/events\/netzwerk-gk-60-seniorenkino-13\/\" data-event-id=\"3805\">\n\t\t\t\t\t\t\t<div>18:00 - <a href=\"https:\/\/unser-quartier.de\/bauchem\/events\/netzwerk-gk-60-seniorenkino-13\/\" data-wpel-link=\"internal\">Netzwerk GK 60+: Seniorenkino<\/a><\/div>\n\t\t\t\t\t\t<\/div>\n\t\t\t\t\t\t\t\t\t\t\t<span class=\"date-day-colors\" data-colors=\"[&quot;#a8d144&quot;]\"><\/span>\n\t\t\t\t\t\t\t\t\t\t\t\t\n\t\t\t\t\t<\/div>\n\t\t\t\t<div class=\"eventless em-cal-day em-cal-col-3\">\n\t\t\t\t\t\t\t<div class=\"em-cal-day-date\">\n\t\t\t\t\t<span>2<\/span>\n\t\t\t\t<\/div>\n\t\t\t\t\t<\/div>\n\t\t\t\t<div class=\"eventless em-cal-day em-cal-col-4\">\n\t\t\t\t\t\t\t<div class=\"em-cal-day-date\">\n\t\t\t\t\t<span>3<\/span>\n\t\t\t\t<\/div>\n\t\t\t\t\t<\/div>\n\t\t\t\t<div class=\"eventful em-cal-day em-cal-col-5\">\n\t\t\t\t\t\t\t<div class=\"em-cal-day-date colored\" data-calendar-date=\"1788480000\">\n\t\t\t\t\t<a href=\"https:\/\/unser-quartier.de\/bauchem\/veranstaltungen\/liste\/2026-09-04\/\" title=\"B\u00fcrgertreff: Bingo, Weinfest Geilenkirchen\" data-wpel-link=\"internal\">4<\/a>\n\t\t\t\t\t\t\t\t\t<\/div>\n\t\t\t\t\t\t\t\t\t\t\t<div class=\"em-cal-event multiday has-start days-3\" style=\"--event-background-color:#a8d144;;--event-border-color:#a8d144;;--event-color:#fff;\" data-event-url=\"https:\/\/unser-quartier.de\/bauchem\/events\/weinfest-geilenkirchen-2\/\" data-event-id=\"3815\">\n\t\t\t\t\t\t\t\t<div>18:00 - <a href=\"https:\/\/unser-quartier.de\/bauchem\/events\/weinfest-geilenkirchen-2\/\" data-wpel-link=\"internal\">Weinfest Geilenkirchen<\/a><\/div>\t\t\t\t\t\t\t<\/div>\n\t\t\t\t\t\t\t\t\t\t\t\t\t<div class=\"em-cal-event\" style=\"--event-background-color:#a8d144;;--event-border-color:#a8d144;;--event-color:#fff;\" data-event-url=\"https:\/\/unser-quartier.de\/bauchem\/events\/buergertreff-bingo-3\/\" data-event-id=\"3824\">\n\t\t\t\t\t\t\t<div>14:30 - <a href=\"https:\/\/unser-quartier.de\/bauchem\/events\/buergertreff-bingo-3\/\" data-wpel-link=\"internal\">B\u00fcrgertreff: Bingo<\/a><\/div>\n\t\t\t\t\t\t<\/div>\n\t\t\t\t\t\t\t\t\t\t\t<span class=\"date-day-colors\" data-colors=\"[&quot;#a8d144&quot;,&quot;#a8d144&quot;]\"><\/span>\n\t\t\t\t\t\t\t\t\t\t\t\t\n\t\t\t\t\t<\/div>\n\t\t\t\t<div class=\"eventful-today em-cal-day em-cal-col-6\">\n\t\t\t\t\t\t\t<div class=\"em-cal-day-date colored\" data-calendar-date=\"1788566400\">\n\t\t\t\t\t<a href=\"https:\/\/unser-quartier.de\/bauchem\/events\/weinfest-geilenkirchen-2\/\" title=\"Weinfest Geilenkirchen\" data-wpel-link=\"internal\">5<\/a>\n\t\t\t\t\t\t\t\t\t<\/div>\n\t\t\t\t<div class=\"em-cal-event multiday\" data-event-url=\"https:\/\/unser-quartier.de\/bauchem\/events\/weinfest-geilenkirchen-2\/\" data-event-id=\"3815\"><\/div>\t\t\t\t\t<span class=\"date-day-colors\" data-colors=\"[&quot;#a8d144&quot;]\"><\/span>\n\t\t\t\t\t\t\t\t\t\t\t\t\n\t\t\t\t\t<\/div>\n\t\t\t\t<div class=\"eventful em-cal-day em-cal-col-7\">\n\t\t\t\t\t\t\t<div class=\"em-cal-day-date colored\" data-calendar-date=\"1788652800\">\n\t\t\t\t\t<a href=\"https:\/\/unser-quartier.de\/bauchem\/events\/weinfest-geilenkirchen-2\/\" title=\"Weinfest Geilenkirchen\" data-wpel-link=\"internal\">6<\/a>\n\t\t\t\t\t\t\t\t\t<\/div>\n\t\t\t\t<div class=\"em-cal-event multiday\" data-event-url=\"https:\/\/unser-quartier.de\/bauchem\/events\/weinfest-geilenkirchen-2\/\" data-event-id=\"3815\"><\/div>\t\t\t\t\t<span class=\"date-day-colors\" data-colors=\"[&quot;#a8d144&quot;]\"><\/span>\n\t\t\t\t\t\t\t\t\t\t\t\t\n\t\t\t\t\t<\/div>\n\t\t\t\t<div class=\"eventless em-cal-day em-cal-col-1\">\n\t\t\t\t\t\t\t<div class=\"em-cal-day-date\">\n\t\t\t\t\t<span>7<\/span>\n\t\t\t\t<\/div>\n\t\t\t\t\t<\/div>\n\t\t\t\t<div class=\"eventless em-cal-day em-cal-col-2\">\n\t\t\t\t\t\t\t<div class=\"em-cal-day-date\">\n\t\t\t\t\t<span>8<\/span>\n\t\t\t\t<\/div>\n\t\t\t\t\t<\/div>\n\t\t\t\t<div class=\"eventful em-cal-day em-cal-col-3\">\n\t\t\t\t\t\t\t<div class=\"em-cal-day-date colored\" data-calendar-date=\"1788912000\">\n\t\t\t\t\t<a href=\"https:\/\/unser-quartier.de\/bauchem\/events\/stadtbuecherei-geilenkirchen-rappelkiste-mit-voranmeldung-20\/\" title=\"Stadtb\u00fccherei Geilenkirchen: Rappelkiste (mit Voranmeldung)\" data-wpel-link=\"internal\">9<\/a>\n\t\t\t\t\t\t\t\t\t<\/div>\n\t\t\t\t\t\t\t\t\t\t<div class=\"em-cal-event\" style=\"--event-background-color:#a8d144;;--event-border-color:#a8d144;;--event-color:#fff;\" data-event-url=\"https:\/\/unser-quartier.de\/bauchem\/events\/stadtbuecherei-geilenkirchen-rappelkiste-mit-voranmeldung-20\/\" data-event-id=\"3818\">\n\t\t\t\t\t\t\t<div>16:30 - <a href=\"https:\/\/unser-quartier.de\/bauchem\/events\/stadtbuecherei-geilenkirchen-rappelkiste-mit-voranmeldung-20\/\" data-wpel-link=\"internal\">Stadtb\u00fccherei Geilenkirchen: Rappelkiste (mit Voranmeldung)<\/a><\/div>\n\t\t\t\t\t\t<\/div>\n\t\t\t\t\t\t\t\t\t\t\t<span class=\"date-day-colors\" data-colors=\"[&quot;#a8d144&quot;]\"><\/span>\n\t\t\t\t\t\t\t\t\t\t\t\t\n\t\t\t\t\t<\/div>\n\t\t\t\t<div class=\"eventful em-cal-day em-cal-col-4\">\n\t\t\t\t\t\t\t<div class=\"em-cal-day-date colored\" data-calendar-date=\"1788998400\">\n\t\t\t\t\t<a href=\"https:\/\/unser-quartier.de\/bauchem\/veranstaltungen\/liste\/2026-09-10\/\" title=\"B\u00fcrgertreff: Strickgruppe, After Work Markt, GKKULTURgut!:  Grenzlandtheater : Achtsam morden durch bewusste Ern\u00e4hrung\" data-wpel-link=\"internal\">10<\/a>\n\t\t\t\t\t\t\t\t\t<\/div>\n\t\t\t\t\t\t\t\t\t\t<div class=\"em-cal-event\" style=\"--event-background-color:#a8d144;;--event-border-color:#a8d144;;--event-color:#fff;\" data-event-url=\"https:\/\/unser-quartier.de\/bauchem\/events\/buergertreff-strickgruppe-47\/\" data-event-id=\"3826\">\n\t\t\t\t\t\t\t<div>14:30 - <a href=\"https:\/\/unser-quartier.de\/bauchem\/events\/buergertreff-strickgruppe-47\/\" data-wpel-link=\"internal\">B\u00fcrgertreff: Strickgruppe<\/a><\/div>\n\t\t\t\t\t\t<\/div>\n\t\t\t\t\t\t\t\t\t\t\t\t<div class=\"em-cal-event\" style=\"--event-background-color:#a8d144;;--event-border-color:#a8d144;;--event-color:#fff;\" data-event-url=\"https:\/\/unser-quartier.de\/bauchem\/events\/after-work-markt-6\/\" data-event-id=\"3762\">\n\t\t\t\t\t\t\t<div>16:00 - <a href=\"https:\/\/unser-quartier.de\/bauchem\/events\/after-work-markt-6\/\" data-wpel-link=\"internal\">After Work Markt<\/a><\/div>\n\t\t\t\t\t\t<\/div>\n\t\t\t\t\t\t\t\t\t\t\t\t<div class=\"em-cal-event\" style=\"--event-background-color:#a8d144;;--event-border-color:#a8d144;;--event-color:#fff;\" data-event-url=\"https:\/\/unser-quartier.de\/bauchem\/events\/gkkulturgut-grenzlandtheater-achtsam-morden-durch-bewusste-ernaehrung\/\" data-event-id=\"3785\">\n\t\t\t\t\t\t\t<div>20:00 - <a href=\"https:\/\/unser-quartier.de\/bauchem\/events\/gkkulturgut-grenzlandtheater-achtsam-morden-durch-bewusste-ernaehrung\/\" data-wpel-link=\"internal\">GKKULTURgut!:  Grenzlandtheater : Achtsam morden durch bewusste Ern\u00e4hrung<\/a><\/div>\n\t\t\t\t\t\t<\/div>\n\t\t\t\t\t\t\t\t\t\t\t<span class=\"date-day-colors\" data-colors=\"[&quot;#a8d144&quot;,&quot;#a8d144&quot;,&quot;#a8d144&quot;]\"><\/span>\n\t\t\t\t\t\t\t\t\t\t\t\t\n\t\t\t\t\t<\/div>\n\t\t\t\t<div class=\"eventless em-cal-day em-cal-col-5\">\n\t\t\t\t\t\t\t<div class=\"em-cal-day-date\">\n\t\t\t\t\t<span>11<\/span>\n\t\t\t\t<\/div>\n\t\t\t\t\t<\/div>\n\t\t\t\t<div class=\"eventful em-cal-day em-cal-col-6\">\n\t\t\t\t\t\t\t<div class=\"em-cal-day-date colored\" data-calendar-date=\"1789171200\">\n\t\t\t\t\t<a href=\"https:\/\/unser-quartier.de\/bauchem\/events\/buergertreff-repair-cafe-2026-09-12\/\" title=\"B\u00fcrgertreff: Repair Cafe\" data-wpel-link=\"internal\">12<\/a>\n\t\t\t\t\t\t\t\t\t<\/div>\n\t\t\t\t\t\t\t\t\t\t<div class=\"em-cal-event\" style=\"--event-background-color:#a8d144;;--event-border-color:#a8d144;;--event-color:#fff;\" data-event-url=\"https:\/\/unser-quartier.de\/bauchem\/events\/buergertreff-repair-cafe-2026-09-12\/\" data-event-id=\"3657\">\n\t\t\t\t\t\t\t<div>14:00 - <a href=\"https:\/\/unser-quartier.de\/bauchem\/events\/buergertreff-repair-cafe-2026-09-12\/\" data-wpel-link=\"internal\">B\u00fcrgertreff: Repair Cafe<\/a><\/div>\n\t\t\t\t\t\t<\/div>\n\t\t\t\t\t\t\t\t\t\t\t<span class=\"date-day-colors\" data-colors=\"[&quot;#a8d144&quot;]\"><\/span>\n\t\t\t\t\t\t\t\t\t\t\t\t\n\t\t\t\t\t<\/div>\n\t\t\t\t<div class=\"eventful em-cal-day em-cal-col-7\">\n\t\t\t\t\t\t\t<div class=\"em-cal-day-date colored\" data-calendar-date=\"1789257600\">\n\t\t\t\t\t<a href=\"https:\/\/unser-quartier.de\/bauchem\/events\/cafe-franz-kaffeeklatsch-13\/\" title=\"Cafe Franz: Kaffeeklatsch\" data-wpel-link=\"internal\">13<\/a>\n\t\t\t\t\t\t\t\t\t<\/div>\n\t\t\t\t\t\t\t\t\t\t<div class=\"em-cal-event\" style=\"--event-background-color:#FFFFFF;;--event-border-color:#ccc;;--event-color:#777;\" data-event-url=\"https:\/\/unser-quartier.de\/bauchem\/events\/cafe-franz-kaffeeklatsch-13\/\" data-event-id=\"3828\">\n\t\t\t\t\t\t\t<div>14:30 - <a href=\"https:\/\/unser-quartier.de\/bauchem\/events\/cafe-franz-kaffeeklatsch-13\/\" data-wpel-link=\"internal\">Cafe Franz: Kaffeeklatsch<\/a><\/div>\n\t\t\t\t\t\t<\/div>\n\t\t\t\t\t\t\t\t\t\t\t<span class=\"date-day-colors\" data-colors=\"[&quot;#FFFFFF&quot;]\"><\/span>\n\t\t\t\t\t\t\t\t\t\t\t\t\n\t\t\t\t\t<\/div>\n\t\t\t\t<div class=\"eventless em-cal-day em-cal-col-1\">\n\t\t\t\t\t\t\t<div class=\"em-cal-day-date\">\n\t\t\t\t\t<span>14<\/span>\n\t\t\t\t<\/div>\n\t\t\t\t\t<\/div>\n\t\t\t\t<div class=\"eventless em-cal-day em-cal-col-2\">\n\t\t\t\t\t\t\t<div class=\"em-cal-day-date\">\n\t\t\t\t\t<span>15<\/span>\n\t\t\t\t<\/div>\n\t\t\t\t\t<\/div>\n\t\t\t\t<div class=\"eventful em-cal-day em-cal-col-3\">\n\t\t\t\t\t\t\t<div class=\"em-cal-day-date colored\" data-calendar-date=\"1789516800\">\n\t\t\t\t\t<a href=\"https:\/\/unser-quartier.de\/bauchem\/events\/stadtbuecherei-geilenkirchen-bambini-lese-club-mit-voranmeldung-24\/\" title=\"Stadtb\u00fccherei Geilenkirchen: Bambini-Lese-Club ( mit Voranmeldung)\" data-wpel-link=\"internal\">16<\/a>\n\t\t\t\t\t\t\t\t\t<\/div>\n\t\t\t\t\t\t\t\t\t\t<div class=\"em-cal-event\" style=\"--event-background-color:#a8d144;;--event-border-color:#a8d144;;--event-color:#fff;\" data-event-url=\"https:\/\/unser-quartier.de\/bauchem\/events\/stadtbuecherei-geilenkirchen-bambini-lese-club-mit-voranmeldung-24\/\" data-event-id=\"3819\">\n\t\t\t\t\t\t\t<div>16:30 - <a href=\"https:\/\/unser-quartier.de\/bauchem\/events\/stadtbuecherei-geilenkirchen-bambini-lese-club-mit-voranmeldung-24\/\" data-wpel-link=\"internal\">Stadtb\u00fccherei Geilenkirchen: Bambini-Lese-Club ( mit Voranmeldung)<\/a><\/div>\n\t\t\t\t\t\t<\/div>\n\t\t\t\t\t\t\t\t\t\t\t<span class=\"date-day-colors\" data-colors=\"[&quot;#a8d144&quot;]\"><\/span>\n\t\t\t\t\t\t\t\t\t\t\t\t\n\t\t\t\t\t<\/div>\n\t\t\t\t<div class=\"eventful em-cal-day em-cal-col-4\">\n\t\t\t\t\t\t\t<div class=\"em-cal-day-date colored\" data-calendar-date=\"1789603200\">\n\t\t\t\t\t<a href=\"https:\/\/unser-quartier.de\/bauchem\/events\/stadtbuecherei-geilenkirchen-lese-kids-gk-mit-voranmeldung-42\/\" title=\"Stadtb\u00fccherei Geilenkirchen: Lese-Kids-GK (mit Voranmeldung)\" data-wpel-link=\"internal\">17<\/a>\n\t\t\t\t\t\t\t\t\t<\/div>\n\t\t\t\t\t\t\t\t\t\t<div class=\"em-cal-event\" style=\"--event-background-color:#a8d144;;--event-border-color:#a8d144;;--event-color:#fff;\" data-event-url=\"https:\/\/unser-quartier.de\/bauchem\/events\/stadtbuecherei-geilenkirchen-lese-kids-gk-mit-voranmeldung-42\/\" data-event-id=\"3821\">\n\t\t\t\t\t\t\t<div>16:30 - <a href=\"https:\/\/unser-quartier.de\/bauchem\/events\/stadtbuecherei-geilenkirchen-lese-kids-gk-mit-voranmeldung-42\/\" data-wpel-link=\"internal\">Stadtb\u00fccherei Geilenkirchen: Lese-Kids-GK (mit Voranmeldung)<\/a><\/div>\n\t\t\t\t\t\t<\/div>\n\t\t\t\t\t\t\t\t\t\t\t<span class=\"date-day-colors\" data-colors=\"[&quot;#a8d144&quot;]\"><\/span>\n\t\t\t\t\t\t\t\t\t\t\t\t\n\t\t\t\t\t<\/div>\n\t\t\t\t<div class=\"eventful em-cal-day em-cal-col-5\">\n\t\t\t\t\t\t\t<div class=\"em-cal-day-date colored\" data-calendar-date=\"1789689600\">\n\t\t\t\t\t<a href=\"https:\/\/unser-quartier.de\/bauchem\/events\/buergertreff-bingo-4\/\" title=\"B\u00fcrgertreff: Bingo\" data-wpel-link=\"internal\">18<\/a>\n\t\t\t\t\t\t\t\t\t<\/div>\n\t\t\t\t\t\t\t\t\t\t<div class=\"em-cal-event\" style=\"--event-background-color:#a8d144;;--event-border-color:#a8d144;;--event-color:#fff;\" data-event-url=\"https:\/\/unser-quartier.de\/bauchem\/events\/buergertreff-bingo-4\/\" data-event-id=\"3825\">\n\t\t\t\t\t\t\t<div>14:30 - <a href=\"https:\/\/unser-quartier.de\/bauchem\/events\/buergertreff-bingo-4\/\" data-wpel-link=\"internal\">B\u00fcrgertreff: Bingo<\/a><\/div>\n\t\t\t\t\t\t<\/div>\n\t\t\t\t\t\t\t\t\t\t\t<span class=\"date-day-colors\" data-colors=\"[&quot;#a8d144&quot;]\"><\/span>\n\t\t\t\t\t\t\t\t\t\t\t\t\n\t\t\t\t\t<\/div>\n\t\t\t\t<div class=\"eventless em-cal-day em-cal-col-6\">\n\t\t\t\t\t\t\t<div class=\"em-cal-day-date\">\n\t\t\t\t\t<span>19<\/span>\n\t\t\t\t<\/div>\n\t\t\t\t\t<\/div>\n\t\t\t\t<div class=\"eventless em-cal-day em-cal-col-7\">\n\t\t\t\t\t\t\t<div class=\"em-cal-day-date\">\n\t\t\t\t\t<span>20<\/span>\n\t\t\t\t<\/div>\n\t\t\t\t\t<\/div>\n\t\t\t\t<div class=\"eventless em-cal-day em-cal-col-1\">\n\t\t\t\t\t\t\t<div class=\"em-cal-day-date\">\n\t\t\t\t\t<span>21<\/span>\n\t\t\t\t<\/div>\n\t\t\t\t\t<\/div>\n\t\t\t\t<div class=\"eventless em-cal-day em-cal-col-2\">\n\t\t\t\t\t\t\t<div class=\"em-cal-day-date\">\n\t\t\t\t\t<span>22<\/span>\n\t\t\t\t<\/div>\n\t\t\t\t\t<\/div>\n\t\t\t\t<div class=\"eventful em-cal-day em-cal-col-3\">\n\t\t\t\t\t\t\t<div class=\"em-cal-day-date colored\" data-calendar-date=\"1790121600\">\n\t\t\t\t\t<a href=\"https:\/\/unser-quartier.de\/bauchem\/events\/stadtbuecherei-geilenkirchen-kamishibai-mit-voranmeldung-20\/\" title=\"Stadtb\u00fccherei Geilenkirchen:  Kamishibai ( mit Voranmeldung)\" data-wpel-link=\"internal\">23<\/a>\n\t\t\t\t\t\t\t\t\t<\/div>\n\t\t\t\t\t\t\t\t\t\t<div class=\"em-cal-event\" style=\"--event-background-color:#a8d144;;--event-border-color:#a8d144;;--event-color:#fff;\" data-event-url=\"https:\/\/unser-quartier.de\/bauchem\/events\/stadtbuecherei-geilenkirchen-kamishibai-mit-voranmeldung-20\/\" data-event-id=\"3820\">\n\t\t\t\t\t\t\t<div>16:30 - <a href=\"https:\/\/unser-quartier.de\/bauchem\/events\/stadtbuecherei-geilenkirchen-kamishibai-mit-voranmeldung-20\/\" data-wpel-link=\"internal\">Stadtb\u00fccherei Geilenkirchen:  Kamishibai ( mit Voranmeldung)<\/a><\/div>\n\t\t\t\t\t\t<\/div>\n\t\t\t\t\t\t\t\t\t\t\t<span class=\"date-day-colors\" data-colors=\"[&quot;#a8d144&quot;]\"><\/span>\n\t\t\t\t\t\t\t\t\t\t\t\t\n\t\t\t\t\t<\/div>\n\t\t\t\t<div class=\"eventful em-cal-day em-cal-col-4\">\n\t\t\t\t\t\t\t<div class=\"em-cal-day-date colored\" data-calendar-date=\"1790208000\">\n\t\t\t\t\t<a href=\"https:\/\/unser-quartier.de\/bauchem\/veranstaltungen\/liste\/2026-09-24\/\" title=\"B\u00fcrgertreff: Strickgruppe, Stadtb\u00fccherei Geilenkirchen: Autorenlesung mit Bettina Lausen, B\u00fcrgertreff, Philosophischer Gespr\u00e4chskreis\" data-wpel-link=\"internal\">24<\/a>\n\t\t\t\t\t\t\t\t\t<\/div>\n\t\t\t\t\t\t\t\t\t\t<div class=\"em-cal-event\" style=\"--event-background-color:#a8d144;;--event-border-color:#a8d144;;--event-color:#fff;\" data-event-url=\"https:\/\/unser-quartier.de\/bauchem\/events\/buergertreff-strickgruppe-48\/\" data-event-id=\"3827\">\n\t\t\t\t\t\t\t<div>14:30 - <a href=\"https:\/\/unser-quartier.de\/bauchem\/events\/buergertreff-strickgruppe-48\/\" data-wpel-link=\"internal\">B\u00fcrgertreff: Strickgruppe<\/a><\/div>\n\t\t\t\t\t\t<\/div>\n\t\t\t\t\t\t\t\t\t\t\t\t<div class=\"em-cal-event\" style=\"--event-background-color:#a8d144;;--event-border-color:#a8d144;;--event-color:#fff;\" data-event-url=\"https:\/\/unser-quartier.de\/bauchem\/events\/stadtbuecherei-geilenkirchen-autorenlesung-mit-bettina-lausen\/\" data-event-id=\"3817\">\n\t\t\t\t\t\t\t<div>19:30 - <a href=\"https:\/\/unser-quartier.de\/bauchem\/events\/stadtbuecherei-geilenkirchen-autorenlesung-mit-bettina-lausen\/\" data-wpel-link=\"internal\">Stadtb\u00fccherei Geilenkirchen: Autorenlesung mit Bettina Lausen<\/a><\/div>\n\t\t\t\t\t\t<\/div>\n\t\t\t\t\t\t\t\t\t\t\t\t<div class=\"em-cal-event\" style=\"--event-background-color:#a8d144;;--event-border-color:#a8d144;;--event-color:#fff;\" data-event-url=\"https:\/\/unser-quartier.de\/bauchem\/events\/buergertreff-philosophischer-gespraechskreis-30\/\" data-event-id=\"3823\">\n\t\t\t\t\t\t\t<div>19:30 - <a href=\"https:\/\/unser-quartier.de\/bauchem\/events\/buergertreff-philosophischer-gespraechskreis-30\/\" data-wpel-link=\"internal\">B\u00fcrgertreff, Philosophischer Gespr\u00e4chskreis<\/a><\/div>\n\t\t\t\t\t\t<\/div>\n\t\t\t\t\t\t\t\t\t\t\t<span class=\"date-day-colors\" data-colors=\"[&quot;#a8d144&quot;,&quot;#a8d144&quot;,&quot;#a8d144&quot;]\"><\/span>\n\t\t\t\t\t\t\t\t\t\t\t\t\n\t\t\t\t\t<\/div>\n\t\t\t\t<div class=\"eventless em-cal-day em-cal-col-5\">\n\t\t\t\t\t\t\t<div class=\"em-cal-day-date\">\n\t\t\t\t\t<span>25<\/span>\n\t\t\t\t<\/div>\n\t\t\t\t\t<\/div>\n\t\t\t\t<div class=\"eventless em-cal-day em-cal-col-6\">\n\t\t\t\t\t\t\t<div class=\"em-cal-day-date\">\n\t\t\t\t\t<span>26<\/span>\n\t\t\t\t<\/div>\n\t\t\t\t\t<\/div>\n\t\t\t\t<div class=\"eventless em-cal-day em-cal-col-7\">\n\t\t\t\t\t\t\t<div class=\"em-cal-day-date\">\n\t\t\t\t\t<span>27<\/span>\n\t\t\t\t<\/div>\n\t\t\t\t\t<\/div>\n\t\t\t\t<div class=\"eventful em-cal-day em-cal-col-1\">\n\t\t\t\t\t\t\t<div class=\"em-cal-day-date colored\" data-calendar-date=\"1790553600\">\n\t\t\t\t\t<a href=\"https:\/\/unser-quartier.de\/bauchem\/events\/buergertreff-hobbyfotografen-treffen-sich-2-2026-09-28\/\" title=\"B\u00fcrgertreff: Hobbyfotografen treffen sich\" data-wpel-link=\"internal\">28<\/a>\n\t\t\t\t\t\t\t\t\t<\/div>\n\t\t\t\t\t\t\t\t\t\t<div class=\"em-cal-event\" style=\"--event-background-color:#a8d144;;--event-border-color:#a8d144;;--event-color:#fff;\" data-event-url=\"https:\/\/unser-quartier.de\/bauchem\/events\/buergertreff-hobbyfotografen-treffen-sich-2-2026-09-28\/\" data-event-id=\"3695\">\n\t\t\t\t\t\t\t<div>19:30 - <a href=\"https:\/\/unser-quartier.de\/bauchem\/events\/buergertreff-hobbyfotografen-treffen-sich-2-2026-09-28\/\" data-wpel-link=\"internal\">B\u00fcrgertreff: Hobbyfotografen treffen sich<\/a><\/div>\n\t\t\t\t\t\t<\/div>\n\t\t\t\t\t\t\t\t\t\t\t<span class=\"date-day-colors\" data-colors=\"[&quot;#a8d144&quot;]\"><\/span>\n\t\t\t\t\t\t\t\t\t\t\t\t\n\t\t\t\t\t<\/div>\n\t\t\t\t<div class=\"eventless em-cal-day em-cal-col-2\">\n\t\t\t\t\t\t\t<div class=\"em-cal-day-date\">\n\t\t\t\t\t<span>29<\/span>\n\t\t\t\t<\/div>\n\t\t\t\t\t<\/div>\n\t\t\t\t<div class=\"eventless em-cal-day em-cal-col-3\">\n\t\t\t\t\t\t\t<div class=\"em-cal-day-date\">\n\t\t\t\t\t<span>30<\/span>\n\t\t\t\t<\/div>\n\t\t\t\t\t<\/div>\n\t\t\t\t<div class=\"eventful-post em-cal-day em-cal-col-4\">\n\t\t\t\t\t\t\t<div class=\"em-cal-day-date colored\" data-calendar-date=\"1790812800\">\n\t\t\t\t\t<a href=\"https:\/\/unser-quartier.de\/bauchem\/events\/after-work-markt-7\/\" title=\"After Work Markt\" data-wpel-link=\"internal\">1<\/a>\n\t\t\t\t\t\t\t\t\t<\/div>\n\t\t\t\t\t\t\t\t\t\t<div class=\"em-cal-event\" style=\"--event-background-color:#a8d144;;--event-border-color:#a8d144;;--event-color:#fff;\" data-event-url=\"https:\/\/unser-quartier.de\/bauchem\/events\/after-work-markt-7\/\" data-event-id=\"3763\">\n\t\t\t\t\t\t\t<div>16:00 - <a href=\"https:\/\/unser-quartier.de\/bauchem\/events\/after-work-markt-7\/\" data-wpel-link=\"internal\">After Work Markt<\/a><\/div>\n\t\t\t\t\t\t<\/div>\n\t\t\t\t\t\t\t\t\t\t\t<span class=\"date-day-colors\" data-colors=\"[&quot;#a8d144&quot;]\"><\/span>\n\t\t\t\t\t\t\t\t\t\t\t\t\n\t\t\t\t\t<\/div>\n\t\t\t\t<div class=\"eventless-post em-cal-day em-cal-col-5\">\n\t\t\t\t\t\t\t<div class=\"em-cal-day-date\">\n\t\t\t\t\t<span>2<\/span>\n\t\t\t\t<\/div>\n\t\t\t\t\t<\/div>\n\t\t\t\t<div class=\"eventless-post em-cal-day em-cal-col-6\">\n\t\t\t\t\t\t\t<div class=\"em-cal-day-date\">\n\t\t\t\t\t<span>3<\/span>\n\t\t\t\t<\/div>\n\t\t\t\t\t<\/div>\n\t\t\t\t<div class=\"eventful-post em-cal-day em-cal-col-7\">\n\t\t\t\t\t\t\t<div class=\"em-cal-day-date colored\" data-calendar-date=\"1791072000\">\n\t\t\t\t\t<a href=\"https:\/\/unser-quartier.de\/bauchem\/events\/gkkulturgut-konzert-und-lesung\/\" title=\"GKKULTURgut!: Konzert und Lesung\" data-wpel-link=\"internal\">4<\/a>\n\t\t\t\t\t\t\t\t\t<\/div>\n\t\t\t\t\t\t\t\t\t\t<div class=\"em-cal-event\" style=\"--event-background-color:#a8d144;;--event-border-color:#a8d144;;--event-color:#fff;\" data-event-url=\"https:\/\/unser-quartier.de\/bauchem\/events\/gkkulturgut-konzert-und-lesung\/\" data-event-id=\"3814\">\n\t\t\t\t\t\t\t<div>17:00 - <a href=\"https:\/\/unser-quartier.de\/bauchem\/events\/gkkulturgut-konzert-und-lesung\/\" data-wpel-link=\"internal\">GKKULTURgut!: Konzert und Lesung<\/a><\/div>\n\t\t\t\t\t\t<\/div>\n\t\t\t\t\t\t\t\t\t\t\t<span class=\"date-day-colors\" data-colors=\"[&quot;#a8d144&quot;]\"><\/span>\n\t\t\t\t\t\t\t\t\t\t\t\t\n\t\t\t\t\t<\/div>\n\t\t<\/section><section class=\"em-cal-events-content\" id=\"em-cal-events-content-771597028\">\n\t\t\t\t\t\t\t\t<div class=\"em pixelbones em-calendar-preview em-modal em-cal-event-content\" data-event-id=\"3694\" data-parent=\"em-cal-events-content-771597028\">\n\t<div class=\"em-modal-popup\">\n\t\t<header>\n\t\t\t<a class=\"em-close-modal\"><\/a><!-- close modal -->\n\t\t\t<div class=\"em-modal-title\">\n\t\t\t\t<a href=\"https:\/\/unser-quartier.de\/bauchem\/events\/buergertreff-hobbyfotografen-treffen-sich-2-2026-08-31\/\" data-wpel-link=\"internal\">B\u00fcrgertreff: Hobbyfotografen treffen sich<\/a>\t\t\t<\/div>\n\t\t<\/header>\n\t\t<div class=\"em-modal-content\">\n\t\t\t<div class=\"em pixelbones em-calendar-preview em-list em-events-list\">\r\n\t<div class=\"em-event em-item\" style=\"--default-border:#a8d144\">\r\n\t\t<div class=\"em-item-image has-placeholder\">\r\n\t\t\t\r\n\t\t\t\r\n\t\t\t<div class=\"em-item-image-placeholder\">\r\n\t\t\t\t<div class=\"date\">\r\n\t\t\t\t\t<span class=\"day\">31<\/span>\r\n\t\t\t\t\t<span class=\"month\">Aug.<\/span>\r\n\t\t\t\t<\/div>\r\n\t\t\t<\/div>\r\n\t\t\t\r\n\t\t<\/div>\r\n\t\t<div class=\"em-item-info\">\r\n\t\t\t<div class=\"em-event-meta em-item-meta\">\r\n\t\t\t\t<div class=\"em-item-meta-line em-event-date em-event-meta-datetime\">\r\n\t\t\t\t\t<span class=\"em-icon-calendar em-icon\"><\/span>\r\n\t\t\t\t\t31. Aug. 2026\u00a0\u00a0\u00a0\u00a0\r\n\t\t\t\t<\/div>\r\n\t\t\t\t<div class=\"em-item-meta-line em-event-time em-event-meta-datetime\">\r\n\t\t\t\t\t<span class=\"em-icon-clock em-icon\"><\/span>\r\n\t\t\t\t\t19:30 - 21:00\r\n\t\t\t\t<\/div>\r\n\t\t\t\t\r\n\t\t\t\t\r\n\t\t\t\t<div class=\"em-item-meta-line em-event-location\">\r\n\t\t\t\t\t<span class=\"em-icon-location em-icon\"><\/span>\r\n\t\t\t\t\t<a href=\"https:\/\/unser-quartier.de\/bauchem\/orte\/buergertreff\/\" data-wpel-link=\"internal\">B\u00fcrgertreff<\/a>\r\n\t\t\t\t<\/div>\r\n\t\t\t\t\r\n\t\t\t\t\r\n\t\t\t\t\r\n\t\t\t\t<div class=\"em-item-meta-line em-item-taxonomy em-event-categories\">\r\n\t\t\t\t\t<span class=\"em-icon-category em-icon\"><\/span>\r\n\t\t\t\t\t<div>\t<ul class=\"event-categories\">\r\n\t\t\t\t\t<li><a href=\"https:\/\/unser-quartier.de\/bauchem\/events\/kategorien\/kreativitaet\/\" data-wpel-link=\"internal\">Kreativit\u00e4t<\/a><\/li>\r\n\t\t\t\t\t<li><a href=\"https:\/\/unser-quartier.de\/bauchem\/events\/kategorien\/sonstige\/\" data-wpel-link=\"internal\">Sonstige<\/a><\/li>\r\n\t\t\t<\/ul>\r\n\t<\/div>\r\n\t\t\t\t<\/div>\r\n\t\t\t\t\r\n\t\t\t\t\r\n\t\t\t<\/div>\r\n\t\t\t<div class=\"em-item-desc\">\r\n\t\t\t\t\r\n\t\t\t<\/div>\r\n\t\t\t<div class=\"em-item-actions input\">\r\n\t\t\t\t<a class=\"em-item-read-more button\" href=\"https:\/\/unser-quartier.de\/bauchem\/events\/buergertreff-hobbyfotografen-treffen-sich-2-2026-08-31\/\" data-wpel-link=\"internal\">More Info<\/a>\r\n\t\t\t\t\r\n\t\t\t<\/div>\r\n\t\t<\/div>\r\n\t<\/div>\r\n<\/div>\t\t<\/div><!-- content -->\n\t\n\t<\/div><!-- modal -->\n<\/div>\t\t\t\t\t<div class=\"em pixelbones em-calendar-preview em-modal em-cal-event-content\" data-event-id=\"3805\" data-parent=\"em-cal-events-content-771597028\">\n\t<div class=\"em-modal-popup\">\n\t\t<header>\n\t\t\t<a class=\"em-close-modal\"><\/a><!-- close modal -->\n\t\t\t<div class=\"em-modal-title\">\n\t\t\t\t<a href=\"https:\/\/unser-quartier.de\/bauchem\/events\/netzwerk-gk-60-seniorenkino-13\/\" data-wpel-link=\"internal\">Netzwerk GK 60+: Seniorenkino<\/a>\t\t\t<\/div>\n\t\t<\/header>\n\t\t<div class=\"em-modal-content\">\n\t\t\t<div class=\"em pixelbones em-calendar-preview em-list em-events-list\">\r\n\t<div class=\"em-event em-item\" style=\"--default-border:#a8d144\">\r\n\t\t<div class=\"em-item-image has-placeholder\">\r\n\t\t\t\r\n\t\t\t\r\n\t\t\t<div class=\"em-item-image-placeholder\">\r\n\t\t\t\t<div class=\"date\">\r\n\t\t\t\t\t<span class=\"day\">01<\/span>\r\n\t\t\t\t\t<span class=\"month\">Sep.<\/span>\r\n\t\t\t\t<\/div>\r\n\t\t\t<\/div>\r\n\t\t\t\r\n\t\t<\/div>\r\n\t\t<div class=\"em-item-info\">\r\n\t\t\t<div class=\"em-event-meta em-item-meta\">\r\n\t\t\t\t<div class=\"em-item-meta-line em-event-date em-event-meta-datetime\">\r\n\t\t\t\t\t<span class=\"em-icon-calendar em-icon\"><\/span>\r\n\t\t\t\t\t01. Sep. 2026\u00a0\u00a0\u00a0\u00a0\r\n\t\t\t\t<\/div>\r\n\t\t\t\t<div class=\"em-item-meta-line em-event-time em-event-meta-datetime\">\r\n\t\t\t\t\t<span class=\"em-icon-clock em-icon\"><\/span>\r\n\t\t\t\t\t18:00 - 21:00\r\n\t\t\t\t<\/div>\r\n\t\t\t\t\r\n\t\t\t\t\r\n\t\t\t\t<div class=\"em-item-meta-line em-event-location\">\r\n\t\t\t\t\t<span class=\"em-icon-location em-icon\"><\/span>\r\n\t\t\t\t\t<a href=\"https:\/\/unser-quartier.de\/bauchem\/orte\/realschule\/\" data-wpel-link=\"internal\">Realschule<\/a>\r\n\t\t\t\t<\/div>\r\n\t\t\t\t\r\n\t\t\t\t\r\n\t\t\t\t\r\n\t\t\t\t<div class=\"em-item-meta-line em-item-taxonomy em-event-categories\">\r\n\t\t\t\t\t<span class=\"em-icon-category em-icon\"><\/span>\r\n\t\t\t\t\t<div>\t<ul class=\"event-categories\">\r\n\t\t\t\t\t<li><a href=\"https:\/\/unser-quartier.de\/bauchem\/events\/kategorien\/sonstige\/\" data-wpel-link=\"internal\">Sonstige<\/a><\/li>\r\n\t\t\t<\/ul>\r\n\t<\/div>\r\n\t\t\t\t<\/div>\r\n\t\t\t\t\r\n\t\t\t\t\r\n\t\t\t<\/div>\r\n\t\t\t<div class=\"em-item-desc\">\r\n\t\t\t\t\r\n\t\t\t<\/div>\r\n\t\t\t<div class=\"em-item-actions input\">\r\n\t\t\t\t<a class=\"em-item-read-more button\" href=\"https:\/\/unser-quartier.de\/bauchem\/events\/netzwerk-gk-60-seniorenkino-13\/\" data-wpel-link=\"internal\">More Info<\/a>\r\n\t\t\t\t\r\n\t\t\t<\/div>\r\n\t\t<\/div>\r\n\t<\/div>\r\n<\/div>\t\t<\/div><!-- content -->\n\t\n\t<\/div><!-- modal -->\n<\/div>\t\t\t\t\t<div class=\"em pixelbones em-calendar-preview em-modal em-cal-event-content\" data-event-id=\"3824\" data-parent=\"em-cal-events-content-771597028\">\n\t<div class=\"em-modal-popup\">\n\t\t<header>\n\t\t\t<a class=\"em-close-modal\"><\/a><!-- close modal -->\n\t\t\t<div class=\"em-modal-title\">\n\t\t\t\t<a href=\"https:\/\/unser-quartier.de\/bauchem\/events\/buergertreff-bingo-3\/\" data-wpel-link=\"internal\">B\u00fcrgertreff: Bingo<\/a>\t\t\t<\/div>\n\t\t<\/header>\n\t\t<div class=\"em-modal-content\">\n\t\t\t<div class=\"em pixelbones em-calendar-preview em-list em-events-list\">\r\n\t<div class=\"em-event em-item\" style=\"--default-border:#a8d144\">\r\n\t\t<div class=\"em-item-image has-placeholder\">\r\n\t\t\t\r\n\t\t\t\r\n\t\t\t<div class=\"em-item-image-placeholder\">\r\n\t\t\t\t<div class=\"date\">\r\n\t\t\t\t\t<span class=\"day\">04<\/span>\r\n\t\t\t\t\t<span class=\"month\">Sep.<\/span>\r\n\t\t\t\t<\/div>\r\n\t\t\t<\/div>\r\n\t\t\t\r\n\t\t<\/div>\r\n\t\t<div class=\"em-item-info\">\r\n\t\t\t<div class=\"em-event-meta em-item-meta\">\r\n\t\t\t\t<div class=\"em-item-meta-line em-event-date em-event-meta-datetime\">\r\n\t\t\t\t\t<span class=\"em-icon-calendar em-icon\"><\/span>\r\n\t\t\t\t\t04. Sep. 2026\u00a0\u00a0\u00a0\u00a0\r\n\t\t\t\t<\/div>\r\n\t\t\t\t<div class=\"em-item-meta-line em-event-time em-event-meta-datetime\">\r\n\t\t\t\t\t<span class=\"em-icon-clock em-icon\"><\/span>\r\n\t\t\t\t\t14:30 - 17:30\r\n\t\t\t\t<\/div>\r\n\t\t\t\t\r\n\t\t\t\t\r\n\t\t\t\t<div class=\"em-item-meta-line em-event-location\">\r\n\t\t\t\t\t<span class=\"em-icon-location em-icon\"><\/span>\r\n\t\t\t\t\t<a href=\"https:\/\/unser-quartier.de\/bauchem\/orte\/buergertreff\/\" data-wpel-link=\"internal\">B\u00fcrgertreff<\/a>\r\n\t\t\t\t<\/div>\r\n\t\t\t\t\r\n\t\t\t\t\r\n\t\t\t\t\r\n\t\t\t\t<div class=\"em-item-meta-line em-item-taxonomy em-event-categories\">\r\n\t\t\t\t\t<span class=\"em-icon-category em-icon\"><\/span>\r\n\t\t\t\t\t<div>\t<ul class=\"event-categories\">\r\n\t\t\t\t\t<li><a href=\"https:\/\/unser-quartier.de\/bauchem\/events\/kategorien\/sonstige\/\" data-wpel-link=\"internal\">Sonstige<\/a><\/li>\r\n\t\t\t<\/ul>\r\n\t<\/div>\r\n\t\t\t\t<\/div>\r\n\t\t\t\t\r\n\t\t\t\t\r\n\t\t\t<\/div>\r\n\t\t\t<div class=\"em-item-desc\">\r\n\t\t\t\t\r\n\t\t\t<\/div>\r\n\t\t\t<div class=\"em-item-actions input\">\r\n\t\t\t\t<a class=\"em-item-read-more button\" href=\"https:\/\/unser-quartier.de\/bauchem\/events\/buergertreff-bingo-3\/\" data-wpel-link=\"internal\">More Info<\/a>\r\n\t\t\t\t\r\n\t\t\t<\/div>\r\n\t\t<\/div>\r\n\t<\/div>\r\n<\/div>\t\t<\/div><!-- content -->\n\t\n\t<\/div><!-- modal -->\n<\/div>\t\t\t\t\t<div class=\"em pixelbones em-calendar-preview em-modal em-cal-event-content\" data-event-id=\"3815\" data-parent=\"em-cal-events-content-771597028\">\n\t<div class=\"em-modal-popup\">\n\t\t<header>\n\t\t\t<a class=\"em-close-modal\"><\/a><!-- close modal -->\n\t\t\t<div class=\"em-modal-title\">\n\t\t\t\t<a href=\"https:\/\/unser-quartier.de\/bauchem\/events\/weinfest-geilenkirchen-2\/\" data-wpel-link=\"internal\">Weinfest Geilenkirchen<\/a>\t\t\t<\/div>\n\t\t<\/header>\n\t\t<div class=\"em-modal-content\">\n\t\t\t<div class=\"em pixelbones em-calendar-preview em-list em-events-list\">\r\n\t<div class=\"em-event em-item\" style=\"--default-border:#a8d144\">\r\n\t\t<div class=\"em-item-image has-placeholder\">\r\n\t\t\t\r\n\t\t\t\r\n\t\t\t<div class=\"em-item-image-placeholder\">\r\n\t\t\t\t<div class=\"date\">\r\n\t\t\t\t\t<span class=\"day\">04<\/span>\r\n\t\t\t\t\t<span class=\"month\">Sep.<\/span>\r\n\t\t\t\t<\/div>\r\n\t\t\t<\/div>\r\n\t\t\t\r\n\t\t<\/div>\r\n\t\t<div class=\"em-item-info\">\r\n\t\t\t<div class=\"em-event-meta em-item-meta\">\r\n\t\t\t\t<div class=\"em-item-meta-line em-event-date em-event-meta-datetime\">\r\n\t\t\t\t\t<span class=\"em-icon-calendar em-icon\"><\/span>\r\n\t\t\t\t\t04. Sep. 2026 - 06. Sep. 2026\u00a0\u00a0\u00a0\u00a0\r\n\t\t\t\t<\/div>\r\n\t\t\t\t<div class=\"em-item-meta-line em-event-time em-event-meta-datetime\">\r\n\t\t\t\t\t<span class=\"em-icon-clock em-icon\"><\/span>\r\n\t\t\t\t\t18:00 - 19:00\r\n\t\t\t\t<\/div>\r\n\t\t\t\t\r\n\t\t\t\t\r\n\t\t\t\t<div class=\"em-item-meta-line em-event-location\">\r\n\t\t\t\t\t<span class=\"em-icon-location em-icon\"><\/span>\r\n\t\t\t\t\t<a href=\"https:\/\/unser-quartier.de\/bauchem\/orte\/marktplatz\/\" data-wpel-link=\"internal\">Marktplatz<\/a>\r\n\t\t\t\t<\/div>\r\n\t\t\t\t\r\n\t\t\t\t\r\n\t\t\t\t\r\n\t\t\t\t<div class=\"em-item-meta-line em-item-taxonomy em-event-categories\">\r\n\t\t\t\t\t<span class=\"em-icon-category em-icon\"><\/span>\r\n\t\t\t\t\t<div>\t<ul class=\"event-categories\">\r\n\t\t\t\t\t<li><a href=\"https:\/\/unser-quartier.de\/bauchem\/events\/kategorien\/feste\/\" data-wpel-link=\"internal\">Feste<\/a><\/li>\r\n\t\t\t\t\t<li><a href=\"https:\/\/unser-quartier.de\/bauchem\/events\/kategorien\/geselligkeit\/\" data-wpel-link=\"internal\">Geselligkeit<\/a><\/li>\r\n\t\t\t<\/ul>\r\n\t<\/div>\r\n\t\t\t\t<\/div>\r\n\t\t\t\t\r\n\t\t\t\t\r\n\t\t\t<\/div>\r\n\t\t\t<div class=\"em-item-desc\">\r\n\t\t\t\t\r\n\t\t\t<\/div>\r\n\t\t\t<div class=\"em-item-actions input\">\r\n\t\t\t\t<a class=\"em-item-read-more button\" href=\"https:\/\/unser-quartier.de\/bauchem\/events\/weinfest-geilenkirchen-2\/\" data-wpel-link=\"internal\">More Info<\/a>\r\n\t\t\t\t\r\n\t\t\t<\/div>\r\n\t\t<\/div>\r\n\t<\/div>\r\n<\/div>\t\t<\/div><!-- content -->\n\t\n\t<\/div><!-- modal -->\n<\/div>\t\t\t\t\t<div class=\"em pixelbones em-calendar-preview em-modal em-cal-event-content\" data-event-id=\"3818\" data-parent=\"em-cal-events-content-771597028\">\n\t<div class=\"em-modal-popup\">\n\t\t<header>\n\t\t\t<a class=\"em-close-modal\"><\/a><!-- close modal -->\n\t\t\t<div class=\"em-modal-title\">\n\t\t\t\t<a href=\"https:\/\/unser-quartier.de\/bauchem\/events\/stadtbuecherei-geilenkirchen-rappelkiste-mit-voranmeldung-20\/\" data-wpel-link=\"internal\">Stadtb\u00fccherei Geilenkirchen: Rappelkiste (mit Voranmeldung)<\/a>\t\t\t<\/div>\n\t\t<\/header>\n\t\t<div class=\"em-modal-content\">\n\t\t\t<div class=\"em pixelbones em-calendar-preview em-list em-events-list\">\r\n\t<div class=\"em-event em-item\" style=\"--default-border:#a8d144\">\r\n\t\t<div class=\"em-item-image has-placeholder\">\r\n\t\t\t\r\n\t\t\t\r\n\t\t\t<div class=\"em-item-image-placeholder\">\r\n\t\t\t\t<div class=\"date\">\r\n\t\t\t\t\t<span class=\"day\">09<\/span>\r\n\t\t\t\t\t<span class=\"month\">Sep.<\/span>\r\n\t\t\t\t<\/div>\r\n\t\t\t<\/div>\r\n\t\t\t\r\n\t\t<\/div>\r\n\t\t<div class=\"em-item-info\">\r\n\t\t\t<div class=\"em-event-meta em-item-meta\">\r\n\t\t\t\t<div class=\"em-item-meta-line em-event-date em-event-meta-datetime\">\r\n\t\t\t\t\t<span class=\"em-icon-calendar em-icon\"><\/span>\r\n\t\t\t\t\t09. Sep. 2026\u00a0\u00a0\u00a0\u00a0\r\n\t\t\t\t<\/div>\r\n\t\t\t\t<div class=\"em-item-meta-line em-event-time em-event-meta-datetime\">\r\n\t\t\t\t\t<span class=\"em-icon-clock em-icon\"><\/span>\r\n\t\t\t\t\t16:30 - 17:30\r\n\t\t\t\t<\/div>\r\n\t\t\t\t\r\n\t\t\t\t\r\n\t\t\t\t<div class=\"em-item-meta-line em-event-location\">\r\n\t\t\t\t\t<span class=\"em-icon-location em-icon\"><\/span>\r\n\t\t\t\t\t<a href=\"https:\/\/unser-quartier.de\/bauchem\/orte\/stadtbuecherei\/\" data-wpel-link=\"internal\">Stadtb\u00fccherei<\/a>\r\n\t\t\t\t<\/div>\r\n\t\t\t\t\r\n\t\t\t\t\r\n\t\t\t\t\r\n\t\t\t\t<div class=\"em-item-meta-line em-item-taxonomy em-event-categories\">\r\n\t\t\t\t\t<span class=\"em-icon-category em-icon\"><\/span>\r\n\t\t\t\t\t<div>\t<ul class=\"event-categories\">\r\n\t\t\t\t\t<li><a href=\"https:\/\/unser-quartier.de\/bauchem\/events\/kategorien\/gemeinschaft\/\" data-wpel-link=\"internal\">Gemeinschaftliche Aktivit\u00e4ten<\/a><\/li>\r\n\t\t\t\t\t<li><a href=\"https:\/\/unser-quartier.de\/bauchem\/events\/kategorien\/kreativitaet\/\" data-wpel-link=\"internal\">Kreativit\u00e4t<\/a><\/li>\r\n\t\t\t<\/ul>\r\n\t<\/div>\r\n\t\t\t\t<\/div>\r\n\t\t\t\t\r\n\t\t\t\t\r\n\t\t\t<\/div>\r\n\t\t\t<div class=\"em-item-desc\">\r\n\t\t\t\t\r\n\t\t\t<\/div>\r\n\t\t\t<div class=\"em-item-actions input\">\r\n\t\t\t\t<a class=\"em-item-read-more button\" href=\"https:\/\/unser-quartier.de\/bauchem\/events\/stadtbuecherei-geilenkirchen-rappelkiste-mit-voranmeldung-20\/\" data-wpel-link=\"internal\">More Info<\/a>\r\n\t\t\t\t\r\n\t\t\t<\/div>\r\n\t\t<\/div>\r\n\t<\/div>\r\n<\/div>\t\t<\/div><!-- content -->\n\t\n\t<\/div><!-- modal -->\n<\/div>\t\t\t\t\t<div class=\"em pixelbones em-calendar-preview em-modal em-cal-event-content\" data-event-id=\"3826\" data-parent=\"em-cal-events-content-771597028\">\n\t<div class=\"em-modal-popup\">\n\t\t<header>\n\t\t\t<a class=\"em-close-modal\"><\/a><!-- close modal -->\n\t\t\t<div class=\"em-modal-title\">\n\t\t\t\t<a href=\"https:\/\/unser-quartier.de\/bauchem\/events\/buergertreff-strickgruppe-47\/\" data-wpel-link=\"internal\">B\u00fcrgertreff: Strickgruppe<\/a>\t\t\t<\/div>\n\t\t<\/header>\n\t\t<div class=\"em-modal-content\">\n\t\t\t<div class=\"em pixelbones em-calendar-preview em-list em-events-list\">\r\n\t<div class=\"em-event em-item\" style=\"--default-border:#a8d144\">\r\n\t\t<div class=\"em-item-image has-placeholder\">\r\n\t\t\t\r\n\t\t\t\r\n\t\t\t<div class=\"em-item-image-placeholder\">\r\n\t\t\t\t<div class=\"date\">\r\n\t\t\t\t\t<span class=\"day\">10<\/span>\r\n\t\t\t\t\t<span class=\"month\">Sep.<\/span>\r\n\t\t\t\t<\/div>\r\n\t\t\t<\/div>\r\n\t\t\t\r\n\t\t<\/div>\r\n\t\t<div class=\"em-item-info\">\r\n\t\t\t<div class=\"em-event-meta em-item-meta\">\r\n\t\t\t\t<div class=\"em-item-meta-line em-event-date em-event-meta-datetime\">\r\n\t\t\t\t\t<span class=\"em-icon-calendar em-icon\"><\/span>\r\n\t\t\t\t\t10. Sep. 2026\u00a0\u00a0\u00a0\u00a0\r\n\t\t\t\t<\/div>\r\n\t\t\t\t<div class=\"em-item-meta-line em-event-time em-event-meta-datetime\">\r\n\t\t\t\t\t<span class=\"em-icon-clock em-icon\"><\/span>\r\n\t\t\t\t\t14:30 - 18:00\r\n\t\t\t\t<\/div>\r\n\t\t\t\t\r\n\t\t\t\t\r\n\t\t\t\t<div class=\"em-item-meta-line em-event-location\">\r\n\t\t\t\t\t<span class=\"em-icon-location em-icon\"><\/span>\r\n\t\t\t\t\t<a href=\"https:\/\/unser-quartier.de\/bauchem\/orte\/buergertreff\/\" data-wpel-link=\"internal\">B\u00fcrgertreff<\/a>\r\n\t\t\t\t<\/div>\r\n\t\t\t\t\r\n\t\t\t\t\r\n\t\t\t\t\r\n\t\t\t\t<div class=\"em-item-meta-line em-item-taxonomy em-event-categories\">\r\n\t\t\t\t\t<span class=\"em-icon-category em-icon\"><\/span>\r\n\t\t\t\t\t<div>\t<ul class=\"event-categories\">\r\n\t\t\t\t\t<li><a href=\"https:\/\/unser-quartier.de\/bauchem\/events\/kategorien\/kreativitaet\/\" data-wpel-link=\"internal\">Kreativit\u00e4t<\/a><\/li>\r\n\t\t\t\t\t<li><a href=\"https:\/\/unser-quartier.de\/bauchem\/events\/kategorien\/sonstige\/\" data-wpel-link=\"internal\">Sonstige<\/a><\/li>\r\n\t\t\t<\/ul>\r\n\t<\/div>\r\n\t\t\t\t<\/div>\r\n\t\t\t\t\r\n\t\t\t\t\r\n\t\t\t<\/div>\r\n\t\t\t<div class=\"em-item-desc\">\r\n\t\t\t\t\r\n\t\t\t<\/div>\r\n\t\t\t<div class=\"em-item-actions input\">\r\n\t\t\t\t<a class=\"em-item-read-more button\" href=\"https:\/\/unser-quartier.de\/bauchem\/events\/buergertreff-strickgruppe-47\/\" data-wpel-link=\"internal\">More Info<\/a>\r\n\t\t\t\t\r\n\t\t\t<\/div>\r\n\t\t<\/div>\r\n\t<\/div>\r\n<\/div>\t\t<\/div><!-- content -->\n\t\n\t<\/div><!-- modal -->\n<\/div>\t\t\t\t\t<div class=\"em pixelbones em-calendar-preview em-modal em-cal-event-content\" data-event-id=\"3762\" data-parent=\"em-cal-events-content-771597028\">\n\t<div class=\"em-modal-popup\">\n\t\t<header>\n\t\t\t<a class=\"em-close-modal\"><\/a><!-- close modal -->\n\t\t\t<div class=\"em-modal-title\">\n\t\t\t\t<a href=\"https:\/\/unser-quartier.de\/bauchem\/events\/after-work-markt-6\/\" data-wpel-link=\"internal\">After Work Markt<\/a>\t\t\t<\/div>\n\t\t<\/header>\n\t\t<div class=\"em-modal-content\">\n\t\t\t<div class=\"em pixelbones em-calendar-preview em-list em-events-list\">\r\n\t<div class=\"em-event em-item\" style=\"--default-border:#a8d144\">\r\n\t\t<div class=\"em-item-image has-placeholder\">\r\n\t\t\t\r\n\t\t\t\r\n\t\t\t<div class=\"em-item-image-placeholder\">\r\n\t\t\t\t<div class=\"date\">\r\n\t\t\t\t\t<span class=\"day\">10<\/span>\r\n\t\t\t\t\t<span class=\"month\">Sep.<\/span>\r\n\t\t\t\t<\/div>\r\n\t\t\t<\/div>\r\n\t\t\t\r\n\t\t<\/div>\r\n\t\t<div class=\"em-item-info\">\r\n\t\t\t<div class=\"em-event-meta em-item-meta\">\r\n\t\t\t\t<div class=\"em-item-meta-line em-event-date em-event-meta-datetime\">\r\n\t\t\t\t\t<span class=\"em-icon-calendar em-icon\"><\/span>\r\n\t\t\t\t\t10. Sep. 2026\u00a0\u00a0\u00a0\u00a0\r\n\t\t\t\t<\/div>\r\n\t\t\t\t<div class=\"em-item-meta-line em-event-time em-event-meta-datetime\">\r\n\t\t\t\t\t<span class=\"em-icon-clock em-icon\"><\/span>\r\n\t\t\t\t\t16:00 - 21:00\r\n\t\t\t\t<\/div>\r\n\t\t\t\t\r\n\t\t\t\t\r\n\t\t\t\t<div class=\"em-item-meta-line em-event-location\">\r\n\t\t\t\t\t<span class=\"em-icon-location em-icon\"><\/span>\r\n\t\t\t\t\t<a href=\"https:\/\/unser-quartier.de\/bauchem\/orte\/marktplatz\/\" data-wpel-link=\"internal\">Marktplatz<\/a>\r\n\t\t\t\t<\/div>\r\n\t\t\t\t\r\n\t\t\t\t\r\n\t\t\t\t\r\n\t\t\t\t<div class=\"em-item-meta-line em-item-taxonomy em-event-categories\">\r\n\t\t\t\t\t<span class=\"em-icon-category em-icon\"><\/span>\r\n\t\t\t\t\t<div>\t<ul class=\"event-categories\">\r\n\t\t\t\t\t<li><a href=\"https:\/\/unser-quartier.de\/bauchem\/events\/kategorien\/feste\/\" data-wpel-link=\"internal\">Feste<\/a><\/li>\r\n\t\t\t\t\t<li><a href=\"https:\/\/unser-quartier.de\/bauchem\/events\/kategorien\/geselligkeit\/\" data-wpel-link=\"internal\">Geselligkeit<\/a><\/li>\r\n\t\t\t<\/ul>\r\n\t<\/div>\r\n\t\t\t\t<\/div>\r\n\t\t\t\t\r\n\t\t\t\t\r\n\t\t\t<\/div>\r\n\t\t\t<div class=\"em-item-desc\">\r\n\t\t\t\t\r\n\t\t\t<\/div>\r\n\t\t\t<div class=\"em-item-actions input\">\r\n\t\t\t\t<a class=\"em-item-read-more button\" href=\"https:\/\/unser-quartier.de\/bauchem\/events\/after-work-markt-6\/\" data-wpel-link=\"internal\">More Info<\/a>\r\n\t\t\t\t\r\n\t\t\t<\/div>\r\n\t\t<\/div>\r\n\t<\/div>\r\n<\/div>\t\t<\/div><!-- content -->\n\t\n\t<\/div><!-- modal -->\n<\/div>\t\t\t\t\t<div class=\"em pixelbones em-calendar-preview em-modal em-cal-event-content\" data-event-id=\"3785\" data-parent=\"em-cal-events-content-771597028\">\n\t<div class=\"em-modal-popup\">\n\t\t<header>\n\t\t\t<a class=\"em-close-modal\"><\/a><!-- close modal -->\n\t\t\t<div class=\"em-modal-title\">\n\t\t\t\t<a href=\"https:\/\/unser-quartier.de\/bauchem\/events\/gkkulturgut-grenzlandtheater-achtsam-morden-durch-bewusste-ernaehrung\/\" data-wpel-link=\"internal\">GKKULTURgut!:  Grenzlandtheater : Achtsam morden durch bewusste Ern\u00e4hrung<\/a>\t\t\t<\/div>\n\t\t<\/header>\n\t\t<div class=\"em-modal-content\">\n\t\t\t<div class=\"em pixelbones em-calendar-preview em-list em-events-list\">\r\n\t<div class=\"em-event em-item\" style=\"--default-border:#a8d144\">\r\n\t\t<div class=\"em-item-image has-placeholder\">\r\n\t\t\t\r\n\t\t\t\r\n\t\t\t<div class=\"em-item-image-placeholder\">\r\n\t\t\t\t<div class=\"date\">\r\n\t\t\t\t\t<span class=\"day\">10<\/span>\r\n\t\t\t\t\t<span class=\"month\">Sep.<\/span>\r\n\t\t\t\t<\/div>\r\n\t\t\t<\/div>\r\n\t\t\t\r\n\t\t<\/div>\r\n\t\t<div class=\"em-item-info\">\r\n\t\t\t<div class=\"em-event-meta em-item-meta\">\r\n\t\t\t\t<div class=\"em-item-meta-line em-event-date em-event-meta-datetime\">\r\n\t\t\t\t\t<span class=\"em-icon-calendar em-icon\"><\/span>\r\n\t\t\t\t\t10. Sep. 2026\u00a0\u00a0\u00a0\u00a0\r\n\t\t\t\t<\/div>\r\n\t\t\t\t<div class=\"em-item-meta-line em-event-time em-event-meta-datetime\">\r\n\t\t\t\t\t<span class=\"em-icon-clock em-icon\"><\/span>\r\n\t\t\t\t\t20:00 - 22:00\r\n\t\t\t\t<\/div>\r\n\t\t\t\t\r\n\t\t\t\t\r\n\t\t\t\t<div class=\"em-item-meta-line em-event-location\">\r\n\t\t\t\t\t<span class=\"em-icon-location em-icon\"><\/span>\r\n\t\t\t\t\t<a href=\"https:\/\/unser-quartier.de\/bauchem\/orte\/realschule\/\" data-wpel-link=\"internal\">Realschule<\/a>\r\n\t\t\t\t<\/div>\r\n\t\t\t\t\r\n\t\t\t\t\r\n\t\t\t\t\r\n\t\t\t\t<div class=\"em-item-meta-line em-item-taxonomy em-event-categories\">\r\n\t\t\t\t\t<span class=\"em-icon-category em-icon\"><\/span>\r\n\t\t\t\t\t<div>\t<ul class=\"event-categories\">\r\n\t\t\t\t\t<li><a href=\"https:\/\/unser-quartier.de\/bauchem\/events\/kategorien\/theater\/\" data-wpel-link=\"internal\">Theater<\/a><\/li>\r\n\t\t\t<\/ul>\r\n\t<\/div>\r\n\t\t\t\t<\/div>\r\n\t\t\t\t\r\n\t\t\t\t\r\n\t\t\t<\/div>\r\n\t\t\t<div class=\"em-item-desc\">\r\n\t\t\t\t\r\n\t\t\t<\/div>\r\n\t\t\t<div class=\"em-item-actions input\">\r\n\t\t\t\t<a class=\"em-item-read-more button\" href=\"https:\/\/unser-quartier.de\/bauchem\/events\/gkkulturgut-grenzlandtheater-achtsam-morden-durch-bewusste-ernaehrung\/\" data-wpel-link=\"internal\">More Info<\/a>\r\n\t\t\t\t\r\n\t\t\t<\/div>\r\n\t\t<\/div>\r\n\t<\/div>\r\n<\/div>\t\t<\/div><!-- content -->\n\t\n\t<\/div><!-- modal -->\n<\/div>\t\t\t\t\t<div class=\"em pixelbones em-calendar-preview em-modal em-cal-event-content\" data-event-id=\"3657\" data-parent=\"em-cal-events-content-771597028\">\n\t<div class=\"em-modal-popup\">\n\t\t<header>\n\t\t\t<a class=\"em-close-modal\"><\/a><!-- close modal -->\n\t\t\t<div class=\"em-modal-title\">\n\t\t\t\t<a href=\"https:\/\/unser-quartier.de\/bauchem\/events\/buergertreff-repair-cafe-2026-09-12\/\" data-wpel-link=\"internal\">B\u00fcrgertreff: Repair Cafe<\/a>\t\t\t<\/div>\n\t\t<\/header>\n\t\t<div class=\"em-modal-content\">\n\t\t\t<div class=\"em pixelbones em-calendar-preview em-list em-events-list\">\r\n\t<div class=\"em-event em-item\" style=\"--default-border:#a8d144\">\r\n\t\t<div class=\"em-item-image has-placeholder\">\r\n\t\t\t\r\n\t\t\t\r\n\t\t\t<div class=\"em-item-image-placeholder\">\r\n\t\t\t\t<div class=\"date\">\r\n\t\t\t\t\t<span class=\"day\">12<\/span>\r\n\t\t\t\t\t<span class=\"month\">Sep.<\/span>\r\n\t\t\t\t<\/div>\r\n\t\t\t<\/div>\r\n\t\t\t\r\n\t\t<\/div>\r\n\t\t<div class=\"em-item-info\">\r\n\t\t\t<div class=\"em-event-meta em-item-meta\">\r\n\t\t\t\t<div class=\"em-item-meta-line em-event-date em-event-meta-datetime\">\r\n\t\t\t\t\t<span class=\"em-icon-calendar em-icon\"><\/span>\r\n\t\t\t\t\t12. Sep. 2026\u00a0\u00a0\u00a0\u00a0\r\n\t\t\t\t<\/div>\r\n\t\t\t\t<div class=\"em-item-meta-line em-event-time em-event-meta-datetime\">\r\n\t\t\t\t\t<span class=\"em-icon-clock em-icon\"><\/span>\r\n\t\t\t\t\t14:00 - 17:00\r\n\t\t\t\t<\/div>\r\n\t\t\t\t\r\n\t\t\t\t\r\n\t\t\t\t<div class=\"em-item-meta-line em-event-location\">\r\n\t\t\t\t\t<span class=\"em-icon-location em-icon\"><\/span>\r\n\t\t\t\t\t<a href=\"https:\/\/unser-quartier.de\/bauchem\/orte\/buergertreff\/\" data-wpel-link=\"internal\">B\u00fcrgertreff<\/a>\r\n\t\t\t\t<\/div>\r\n\t\t\t\t\r\n\t\t\t\t\r\n\t\t\t\t\r\n\t\t\t\t<div class=\"em-item-meta-line em-item-taxonomy em-event-categories\">\r\n\t\t\t\t\t<span class=\"em-icon-category em-icon\"><\/span>\r\n\t\t\t\t\t<div>\t<ul class=\"event-categories\">\r\n\t\t\t\t\t<li><a href=\"https:\/\/unser-quartier.de\/bauchem\/events\/kategorien\/sonstige\/\" data-wpel-link=\"internal\">Sonstige<\/a><\/li>\r\n\t\t\t<\/ul>\r\n\t<\/div>\r\n\t\t\t\t<\/div>\r\n\t\t\t\t\r\n\t\t\t\t\r\n\t\t\t<\/div>\r\n\t\t\t<div class=\"em-item-desc\">\r\n\t\t\t\t\r\n\t\t\t<\/div>\r\n\t\t\t<div class=\"em-item-actions input\">\r\n\t\t\t\t<a class=\"em-item-read-more button\" href=\"https:\/\/unser-quartier.de\/bauchem\/events\/buergertreff-repair-cafe-2026-09-12\/\" data-wpel-link=\"internal\">More Info<\/a>\r\n\t\t\t\t\r\n\t\t\t<\/div>\r\n\t\t<\/div>\r\n\t<\/div>\r\n<\/div>\t\t<\/div><!-- content -->\n\t\n\t<\/div><!-- modal -->\n<\/div>\t\t\t\t\t<div class=\"em pixelbones em-calendar-preview em-modal em-cal-event-content\" data-event-id=\"3828\" data-parent=\"em-cal-events-content-771597028\">\n\t<div class=\"em-modal-popup\">\n\t\t<header>\n\t\t\t<a class=\"em-close-modal\"><\/a><!-- close modal -->\n\t\t\t<div class=\"em-modal-title\">\n\t\t\t\t<a href=\"https:\/\/unser-quartier.de\/bauchem\/events\/cafe-franz-kaffeeklatsch-13\/\" data-wpel-link=\"internal\">Cafe Franz: Kaffeeklatsch<\/a>\t\t\t<\/div>\n\t\t<\/header>\n\t\t<div class=\"em-modal-content\">\n\t\t\t<div class=\"em pixelbones em-calendar-preview em-list em-events-list\">\r\n\t<div class=\"em-event em-item\" style=\"--default-border:#FFFFFF\">\r\n\t\t<div class=\"em-item-image has-placeholder\">\r\n\t\t\t\r\n\t\t\t\r\n\t\t\t<div class=\"em-item-image-placeholder\">\r\n\t\t\t\t<div class=\"date\">\r\n\t\t\t\t\t<span class=\"day\">13<\/span>\r\n\t\t\t\t\t<span class=\"month\">Sep.<\/span>\r\n\t\t\t\t<\/div>\r\n\t\t\t<\/div>\r\n\t\t\t\r\n\t\t<\/div>\r\n\t\t<div class=\"em-item-info\">\r\n\t\t\t<div class=\"em-event-meta em-item-meta\">\r\n\t\t\t\t<div class=\"em-item-meta-line em-event-date em-event-meta-datetime\">\r\n\t\t\t\t\t<span class=\"em-icon-calendar em-icon\"><\/span>\r\n\t\t\t\t\t13. Sep. 2026\u00a0\u00a0\u00a0\u00a0\r\n\t\t\t\t<\/div>\r\n\t\t\t\t<div class=\"em-item-meta-line em-event-time em-event-meta-datetime\">\r\n\t\t\t\t\t<span class=\"em-icon-clock em-icon\"><\/span>\r\n\t\t\t\t\t14:30 - 16:30\r\n\t\t\t\t<\/div>\r\n\t\t\t\t\r\n\t\t\t\t\r\n\t\t\t\t<div class=\"em-item-meta-line em-event-location\">\r\n\t\t\t\t\t<span class=\"em-icon-location em-icon\"><\/span>\r\n\t\t\t\t\t<a href=\"https:\/\/unser-quartier.de\/bauchem\/orte\/cafe-franz\/\" data-wpel-link=\"internal\">Cafe Franz<\/a>\r\n\t\t\t\t<\/div>\r\n\t\t\t\t\r\n\t\t\t\t\r\n\t\t\t\t\r\n\t\t\t\t<div class=\"em-item-meta-line em-item-taxonomy em-event-categories\">\r\n\t\t\t\t\t<span class=\"em-icon-category em-icon\"><\/span>\r\n\t\t\t\t\t<div>\t<ul class=\"event-categories\">\r\n\t\t\t\t\t<li><a href=\"https:\/\/unser-quartier.de\/bauchem\/events\/kategorien\/geselligkeit\/\" data-wpel-link=\"internal\">Geselligkeit<\/a><\/li>\r\n\t\t\t<\/ul>\r\n\t<\/div>\r\n\t\t\t\t<\/div>\r\n\t\t\t\t\r\n\t\t\t\t\r\n\t\t\t<\/div>\r\n\t\t\t<div class=\"em-item-desc\">\r\n\t\t\t\t\r\n\t\t\t<\/div>\r\n\t\t\t<div class=\"em-item-actions input\">\r\n\t\t\t\t<a class=\"em-item-read-more button\" href=\"https:\/\/unser-quartier.de\/bauchem\/events\/cafe-franz-kaffeeklatsch-13\/\" data-wpel-link=\"internal\">More Info<\/a>\r\n\t\t\t\t\r\n\t\t\t<\/div>\r\n\t\t<\/div>\r\n\t<\/div>\r\n<\/div>\t\t<\/div><!-- content -->\n\t\n\t<\/div><!-- modal -->\n<\/div>\t\t\t\t\t<div class=\"em pixelbones em-calendar-preview em-modal em-cal-event-content\" data-event-id=\"3819\" data-parent=\"em-cal-events-content-771597028\">\n\t<div class=\"em-modal-popup\">\n\t\t<header>\n\t\t\t<a class=\"em-close-modal\"><\/a><!-- close modal -->\n\t\t\t<div class=\"em-modal-title\">\n\t\t\t\t<a href=\"https:\/\/unser-quartier.de\/bauchem\/events\/stadtbuecherei-geilenkirchen-bambini-lese-club-mit-voranmeldung-24\/\" data-wpel-link=\"internal\">Stadtb\u00fccherei Geilenkirchen: Bambini-Lese-Club ( mit Voranmeldung)<\/a>\t\t\t<\/div>\n\t\t<\/header>\n\t\t<div class=\"em-modal-content\">\n\t\t\t<div class=\"em pixelbones em-calendar-preview em-list em-events-list\">\r\n\t<div class=\"em-event em-item\" style=\"--default-border:#a8d144\">\r\n\t\t<div class=\"em-item-image has-placeholder\">\r\n\t\t\t\r\n\t\t\t\r\n\t\t\t<div class=\"em-item-image-placeholder\">\r\n\t\t\t\t<div class=\"date\">\r\n\t\t\t\t\t<span class=\"day\">16<\/span>\r\n\t\t\t\t\t<span class=\"month\">Sep.<\/span>\r\n\t\t\t\t<\/div>\r\n\t\t\t<\/div>\r\n\t\t\t\r\n\t\t<\/div>\r\n\t\t<div class=\"em-item-info\">\r\n\t\t\t<div class=\"em-event-meta em-item-meta\">\r\n\t\t\t\t<div class=\"em-item-meta-line em-event-date em-event-meta-datetime\">\r\n\t\t\t\t\t<span class=\"em-icon-calendar em-icon\"><\/span>\r\n\t\t\t\t\t16. Sep. 2026\u00a0\u00a0\u00a0\u00a0\r\n\t\t\t\t<\/div>\r\n\t\t\t\t<div class=\"em-item-meta-line em-event-time em-event-meta-datetime\">\r\n\t\t\t\t\t<span class=\"em-icon-clock em-icon\"><\/span>\r\n\t\t\t\t\t16:30 - 17:30\r\n\t\t\t\t<\/div>\r\n\t\t\t\t\r\n\t\t\t\t\r\n\t\t\t\t<div class=\"em-item-meta-line em-event-location\">\r\n\t\t\t\t\t<span class=\"em-icon-location em-icon\"><\/span>\r\n\t\t\t\t\t<a href=\"https:\/\/unser-quartier.de\/bauchem\/orte\/stadtbuecherei\/\" data-wpel-link=\"internal\">Stadtb\u00fccherei<\/a>\r\n\t\t\t\t<\/div>\r\n\t\t\t\t\r\n\t\t\t\t\r\n\t\t\t\t\r\n\t\t\t\t<div class=\"em-item-meta-line em-item-taxonomy em-event-categories\">\r\n\t\t\t\t\t<span class=\"em-icon-category em-icon\"><\/span>\r\n\t\t\t\t\t<div>\t<ul class=\"event-categories\">\r\n\t\t\t\t\t<li><a href=\"https:\/\/unser-quartier.de\/bauchem\/events\/kategorien\/gemeinschaft\/\" data-wpel-link=\"internal\">Gemeinschaftliche Aktivit\u00e4ten<\/a><\/li>\r\n\t\t\t<\/ul>\r\n\t<\/div>\r\n\t\t\t\t<\/div>\r\n\t\t\t\t\r\n\t\t\t\t\r\n\t\t\t<\/div>\r\n\t\t\t<div class=\"em-item-desc\">\r\n\t\t\t\t\r\n\t\t\t<\/div>\r\n\t\t\t<div class=\"em-item-actions input\">\r\n\t\t\t\t<a class=\"em-item-read-more button\" href=\"https:\/\/unser-quartier.de\/bauchem\/events\/stadtbuecherei-geilenkirchen-bambini-lese-club-mit-voranmeldung-24\/\" data-wpel-link=\"internal\">More Info<\/a>\r\n\t\t\t\t\r\n\t\t\t<\/div>\r\n\t\t<\/div>\r\n\t<\/div>\r\n<\/div>\t\t<\/div><!-- content -->\n\t\n\t<\/div><!-- modal -->\n<\/div>\t\t\t\t\t<div class=\"em pixelbones em-calendar-preview em-modal em-cal-event-content\" data-event-id=\"3821\" data-parent=\"em-cal-events-content-771597028\">\n\t<div class=\"em-modal-popup\">\n\t\t<header>\n\t\t\t<a class=\"em-close-modal\"><\/a><!-- close modal -->\n\t\t\t<div class=\"em-modal-title\">\n\t\t\t\t<a href=\"https:\/\/unser-quartier.de\/bauchem\/events\/stadtbuecherei-geilenkirchen-lese-kids-gk-mit-voranmeldung-42\/\" data-wpel-link=\"internal\">Stadtb\u00fccherei Geilenkirchen: Lese-Kids-GK (mit Voranmeldung)<\/a>\t\t\t<\/div>\n\t\t<\/header>\n\t\t<div class=\"em-modal-content\">\n\t\t\t<div class=\"em pixelbones em-calendar-preview em-list em-events-list\">\r\n\t<div class=\"em-event em-item\" style=\"--default-border:#a8d144\">\r\n\t\t<div class=\"em-item-image has-placeholder\">\r\n\t\t\t\r\n\t\t\t\r\n\t\t\t<div class=\"em-item-image-placeholder\">\r\n\t\t\t\t<div class=\"date\">\r\n\t\t\t\t\t<span class=\"day\">17<\/span>\r\n\t\t\t\t\t<span class=\"month\">Sep.<\/span>\r\n\t\t\t\t<\/div>\r\n\t\t\t<\/div>\r\n\t\t\t\r\n\t\t<\/div>\r\n\t\t<div class=\"em-item-info\">\r\n\t\t\t<div class=\"em-event-meta em-item-meta\">\r\n\t\t\t\t<div class=\"em-item-meta-line em-event-date em-event-meta-datetime\">\r\n\t\t\t\t\t<span class=\"em-icon-calendar em-icon\"><\/span>\r\n\t\t\t\t\t17. Sep. 2026\u00a0\u00a0\u00a0\u00a0\r\n\t\t\t\t<\/div>\r\n\t\t\t\t<div class=\"em-item-meta-line em-event-time em-event-meta-datetime\">\r\n\t\t\t\t\t<span class=\"em-icon-clock em-icon\"><\/span>\r\n\t\t\t\t\t16:30 - 17:30\r\n\t\t\t\t<\/div>\r\n\t\t\t\t\r\n\t\t\t\t\r\n\t\t\t\t<div class=\"em-item-meta-line em-event-location\">\r\n\t\t\t\t\t<span class=\"em-icon-location em-icon\"><\/span>\r\n\t\t\t\t\t<a href=\"https:\/\/unser-quartier.de\/bauchem\/orte\/stadtbuecherei\/\" data-wpel-link=\"internal\">Stadtb\u00fccherei<\/a>\r\n\t\t\t\t<\/div>\r\n\t\t\t\t\r\n\t\t\t\t\r\n\t\t\t\t\r\n\t\t\t\t<div class=\"em-item-meta-line em-item-taxonomy em-event-categories\">\r\n\t\t\t\t\t<span class=\"em-icon-category em-icon\"><\/span>\r\n\t\t\t\t\t<div>\t<ul class=\"event-categories\">\r\n\t\t\t\t\t<li><a href=\"https:\/\/unser-quartier.de\/bauchem\/events\/kategorien\/gemeinschaft\/\" data-wpel-link=\"internal\">Gemeinschaftliche Aktivit\u00e4ten<\/a><\/li>\r\n\t\t\t<\/ul>\r\n\t<\/div>\r\n\t\t\t\t<\/div>\r\n\t\t\t\t\r\n\t\t\t\t\r\n\t\t\t<\/div>\r\n\t\t\t<div class=\"em-item-desc\">\r\n\t\t\t\t\r\n\t\t\t<\/div>\r\n\t\t\t<div class=\"em-item-actions input\">\r\n\t\t\t\t<a class=\"em-item-read-more button\" href=\"https:\/\/unser-quartier.de\/bauchem\/events\/stadtbuecherei-geilenkirchen-lese-kids-gk-mit-voranmeldung-42\/\" data-wpel-link=\"internal\">More Info<\/a>\r\n\t\t\t\t\r\n\t\t\t<\/div>\r\n\t\t<\/div>\r\n\t<\/div>\r\n<\/div>\t\t<\/div><!-- content -->\n\t\n\t<\/div><!-- modal -->\n<\/div>\t\t\t\t\t<div class=\"em pixelbones em-calendar-preview em-modal em-cal-event-content\" data-event-id=\"3825\" data-parent=\"em-cal-events-content-771597028\">\n\t<div class=\"em-modal-popup\">\n\t\t<header>\n\t\t\t<a class=\"em-close-modal\"><\/a><!-- close modal -->\n\t\t\t<div class=\"em-modal-title\">\n\t\t\t\t<a href=\"https:\/\/unser-quartier.de\/bauchem\/events\/buergertreff-bingo-4\/\" data-wpel-link=\"internal\">B\u00fcrgertreff: Bingo<\/a>\t\t\t<\/div>\n\t\t<\/header>\n\t\t<div class=\"em-modal-content\">\n\t\t\t<div class=\"em pixelbones em-calendar-preview em-list em-events-list\">\r\n\t<div class=\"em-event em-item\" style=\"--default-border:#a8d144\">\r\n\t\t<div class=\"em-item-image has-placeholder\">\r\n\t\t\t\r\n\t\t\t\r\n\t\t\t<div class=\"em-item-image-placeholder\">\r\n\t\t\t\t<div class=\"date\">\r\n\t\t\t\t\t<span class=\"day\">18<\/span>\r\n\t\t\t\t\t<span class=\"month\">Sep.<\/span>\r\n\t\t\t\t<\/div>\r\n\t\t\t<\/div>\r\n\t\t\t\r\n\t\t<\/div>\r\n\t\t<div class=\"em-item-info\">\r\n\t\t\t<div class=\"em-event-meta em-item-meta\">\r\n\t\t\t\t<div class=\"em-item-meta-line em-event-date em-event-meta-datetime\">\r\n\t\t\t\t\t<span class=\"em-icon-calendar em-icon\"><\/span>\r\n\t\t\t\t\t18. Sep. 2026\u00a0\u00a0\u00a0\u00a0\r\n\t\t\t\t<\/div>\r\n\t\t\t\t<div class=\"em-item-meta-line em-event-time em-event-meta-datetime\">\r\n\t\t\t\t\t<span class=\"em-icon-clock em-icon\"><\/span>\r\n\t\t\t\t\t14:30 - 17:30\r\n\t\t\t\t<\/div>\r\n\t\t\t\t\r\n\t\t\t\t\r\n\t\t\t\t<div class=\"em-item-meta-line em-event-location\">\r\n\t\t\t\t\t<span class=\"em-icon-location em-icon\"><\/span>\r\n\t\t\t\t\t<a href=\"https:\/\/unser-quartier.de\/bauchem\/orte\/buergertreff\/\" data-wpel-link=\"internal\">B\u00fcrgertreff<\/a>\r\n\t\t\t\t<\/div>\r\n\t\t\t\t\r\n\t\t\t\t\r\n\t\t\t\t\r\n\t\t\t\t<div class=\"em-item-meta-line em-item-taxonomy em-event-categories\">\r\n\t\t\t\t\t<span class=\"em-icon-category em-icon\"><\/span>\r\n\t\t\t\t\t<div>\t<ul class=\"event-categories\">\r\n\t\t\t\t\t<li><a href=\"https:\/\/unser-quartier.de\/bauchem\/events\/kategorien\/sonstige\/\" data-wpel-link=\"internal\">Sonstige<\/a><\/li>\r\n\t\t\t<\/ul>\r\n\t<\/div>\r\n\t\t\t\t<\/div>\r\n\t\t\t\t\r\n\t\t\t\t\r\n\t\t\t<\/div>\r\n\t\t\t<div class=\"em-item-desc\">\r\n\t\t\t\t\r\n\t\t\t<\/div>\r\n\t\t\t<div class=\"em-item-actions input\">\r\n\t\t\t\t<a class=\"em-item-read-more button\" href=\"https:\/\/unser-quartier.de\/bauchem\/events\/buergertreff-bingo-4\/\" data-wpel-link=\"internal\">More Info<\/a>\r\n\t\t\t\t\r\n\t\t\t<\/div>\r\n\t\t<\/div>\r\n\t<\/div>\r\n<\/div>\t\t<\/div><!-- content -->\n\t\n\t<\/div><!-- modal -->\n<\/div>\t\t\t\t\t<div class=\"em pixelbones em-calendar-preview em-modal em-cal-event-content\" data-event-id=\"3820\" data-parent=\"em-cal-events-content-771597028\">\n\t<div class=\"em-modal-popup\">\n\t\t<header>\n\t\t\t<a class=\"em-close-modal\"><\/a><!-- close modal -->\n\t\t\t<div class=\"em-modal-title\">\n\t\t\t\t<a href=\"https:\/\/unser-quartier.de\/bauchem\/events\/stadtbuecherei-geilenkirchen-kamishibai-mit-voranmeldung-20\/\" data-wpel-link=\"internal\">Stadtb\u00fccherei Geilenkirchen:  Kamishibai ( mit Voranmeldung)<\/a>\t\t\t<\/div>\n\t\t<\/header>\n\t\t<div class=\"em-modal-content\">\n\t\t\t<div class=\"em pixelbones em-calendar-preview em-list em-events-list\">\r\n\t<div class=\"em-event em-item\" style=\"--default-border:#a8d144\">\r\n\t\t<div class=\"em-item-image has-placeholder\">\r\n\t\t\t\r\n\t\t\t\r\n\t\t\t<div class=\"em-item-image-placeholder\">\r\n\t\t\t\t<div class=\"date\">\r\n\t\t\t\t\t<span class=\"day\">23<\/span>\r\n\t\t\t\t\t<span class=\"month\">Sep.<\/span>\r\n\t\t\t\t<\/div>\r\n\t\t\t<\/div>\r\n\t\t\t\r\n\t\t<\/div>\r\n\t\t<div class=\"em-item-info\">\r\n\t\t\t<div class=\"em-event-meta em-item-meta\">\r\n\t\t\t\t<div class=\"em-item-meta-line em-event-date em-event-meta-datetime\">\r\n\t\t\t\t\t<span class=\"em-icon-calendar em-icon\"><\/span>\r\n\t\t\t\t\t23. Sep. 2026\u00a0\u00a0\u00a0\u00a0\r\n\t\t\t\t<\/div>\r\n\t\t\t\t<div class=\"em-item-meta-line em-event-time em-event-meta-datetime\">\r\n\t\t\t\t\t<span class=\"em-icon-clock em-icon\"><\/span>\r\n\t\t\t\t\t16:30 - 17:30\r\n\t\t\t\t<\/div>\r\n\t\t\t\t\r\n\t\t\t\t\r\n\t\t\t\t<div class=\"em-item-meta-line em-event-location\">\r\n\t\t\t\t\t<span class=\"em-icon-location em-icon\"><\/span>\r\n\t\t\t\t\t<a href=\"https:\/\/unser-quartier.de\/bauchem\/orte\/stadtbuecherei\/\" data-wpel-link=\"internal\">Stadtb\u00fccherei<\/a>\r\n\t\t\t\t<\/div>\r\n\t\t\t\t\r\n\t\t\t\t\r\n\t\t\t\t\r\n\t\t\t\t<div class=\"em-item-meta-line em-item-taxonomy em-event-categories\">\r\n\t\t\t\t\t<span class=\"em-icon-category em-icon\"><\/span>\r\n\t\t\t\t\t<div>\t<ul class=\"event-categories\">\r\n\t\t\t\t\t<li><a href=\"https:\/\/unser-quartier.de\/bauchem\/events\/kategorien\/gemeinschaft\/\" data-wpel-link=\"internal\">Gemeinschaftliche Aktivit\u00e4ten<\/a><\/li>\r\n\t\t\t<\/ul>\r\n\t<\/div>\r\n\t\t\t\t<\/div>\r\n\t\t\t\t\r\n\t\t\t\t\r\n\t\t\t<\/div>\r\n\t\t\t<div class=\"em-item-desc\">\r\n\t\t\t\t\r\n\t\t\t<\/div>\r\n\t\t\t<div class=\"em-item-actions input\">\r\n\t\t\t\t<a class=\"em-item-read-more button\" href=\"https:\/\/unser-quartier.de\/bauchem\/events\/stadtbuecherei-geilenkirchen-kamishibai-mit-voranmeldung-20\/\" data-wpel-link=\"internal\">More Info<\/a>\r\n\t\t\t\t\r\n\t\t\t<\/div>\r\n\t\t<\/div>\r\n\t<\/div>\r\n<\/div>\t\t<\/div><!-- content -->\n\t\n\t<\/div><!-- modal -->\n<\/div>\t\t\t\t\t<div class=\"em pixelbones em-calendar-preview em-modal em-cal-event-content\" data-event-id=\"3827\" data-parent=\"em-cal-events-content-771597028\">\n\t<div class=\"em-modal-popup\">\n\t\t<header>\n\t\t\t<a class=\"em-close-modal\"><\/a><!-- close modal -->\n\t\t\t<div class=\"em-modal-title\">\n\t\t\t\t<a href=\"https:\/\/unser-quartier.de\/bauchem\/events\/buergertreff-strickgruppe-48\/\" data-wpel-link=\"internal\">B\u00fcrgertreff: Strickgruppe<\/a>\t\t\t<\/div>\n\t\t<\/header>\n\t\t<div class=\"em-modal-content\">\n\t\t\t<div class=\"em pixelbones em-calendar-preview em-list em-events-list\">\r\n\t<div class=\"em-event em-item\" style=\"--default-border:#a8d144\">\r\n\t\t<div class=\"em-item-image has-placeholder\">\r\n\t\t\t\r\n\t\t\t\r\n\t\t\t<div class=\"em-item-image-placeholder\">\r\n\t\t\t\t<div class=\"date\">\r\n\t\t\t\t\t<span class=\"day\">24<\/span>\r\n\t\t\t\t\t<span class=\"month\">Sep.<\/span>\r\n\t\t\t\t<\/div>\r\n\t\t\t<\/div>\r\n\t\t\t\r\n\t\t<\/div>\r\n\t\t<div class=\"em-item-info\">\r\n\t\t\t<div class=\"em-event-meta em-item-meta\">\r\n\t\t\t\t<div class=\"em-item-meta-line em-event-date em-event-meta-datetime\">\r\n\t\t\t\t\t<span class=\"em-icon-calendar em-icon\"><\/span>\r\n\t\t\t\t\t24. Sep. 2026\u00a0\u00a0\u00a0\u00a0\r\n\t\t\t\t<\/div>\r\n\t\t\t\t<div class=\"em-item-meta-line em-event-time em-event-meta-datetime\">\r\n\t\t\t\t\t<span class=\"em-icon-clock em-icon\"><\/span>\r\n\t\t\t\t\t14:30 - 18:00\r\n\t\t\t\t<\/div>\r\n\t\t\t\t\r\n\t\t\t\t\r\n\t\t\t\t<div class=\"em-item-meta-line em-event-location\">\r\n\t\t\t\t\t<span class=\"em-icon-location em-icon\"><\/span>\r\n\t\t\t\t\t<a href=\"https:\/\/unser-quartier.de\/bauchem\/orte\/buergertreff\/\" data-wpel-link=\"internal\">B\u00fcrgertreff<\/a>\r\n\t\t\t\t<\/div>\r\n\t\t\t\t\r\n\t\t\t\t\r\n\t\t\t\t\r\n\t\t\t\t<div class=\"em-item-meta-line em-item-taxonomy em-event-categories\">\r\n\t\t\t\t\t<span class=\"em-icon-category em-icon\"><\/span>\r\n\t\t\t\t\t<div>\t<ul class=\"event-categories\">\r\n\t\t\t\t\t<li><a href=\"https:\/\/unser-quartier.de\/bauchem\/events\/kategorien\/kreativitaet\/\" data-wpel-link=\"internal\">Kreativit\u00e4t<\/a><\/li>\r\n\t\t\t\t\t<li><a href=\"https:\/\/unser-quartier.de\/bauchem\/events\/kategorien\/sonstige\/\" data-wpel-link=\"internal\">Sonstige<\/a><\/li>\r\n\t\t\t<\/ul>\r\n\t<\/div>\r\n\t\t\t\t<\/div>\r\n\t\t\t\t\r\n\t\t\t\t\r\n\t\t\t<\/div>\r\n\t\t\t<div class=\"em-item-desc\">\r\n\t\t\t\t\r\n\t\t\t<\/div>\r\n\t\t\t<div class=\"em-item-actions input\">\r\n\t\t\t\t<a class=\"em-item-read-more button\" href=\"https:\/\/unser-quartier.de\/bauchem\/events\/buergertreff-strickgruppe-48\/\" data-wpel-link=\"internal\">More Info<\/a>\r\n\t\t\t\t\r\n\t\t\t<\/div>\r\n\t\t<\/div>\r\n\t<\/div>\r\n<\/div>\t\t<\/div><!-- content -->\n\t\n\t<\/div><!-- modal -->\n<\/div>\t\t\t\t\t<div class=\"em pixelbones em-calendar-preview em-modal em-cal-event-content\" data-event-id=\"3817\" data-parent=\"em-cal-events-content-771597028\">\n\t<div class=\"em-modal-popup\">\n\t\t<header>\n\t\t\t<a class=\"em-close-modal\"><\/a><!-- close modal -->\n\t\t\t<div class=\"em-modal-title\">\n\t\t\t\t<a href=\"https:\/\/unser-quartier.de\/bauchem\/events\/stadtbuecherei-geilenkirchen-autorenlesung-mit-bettina-lausen\/\" data-wpel-link=\"internal\">Stadtb\u00fccherei Geilenkirchen: Autorenlesung mit Bettina Lausen<\/a>\t\t\t<\/div>\n\t\t<\/header>\n\t\t<div class=\"em-modal-content\">\n\t\t\t<div class=\"em pixelbones em-calendar-preview em-list em-events-list\">\r\n\t<div class=\"em-event em-item\" style=\"--default-border:#a8d144\">\r\n\t\t<div class=\"em-item-image has-placeholder\">\r\n\t\t\t\r\n\t\t\t\r\n\t\t\t<div class=\"em-item-image-placeholder\">\r\n\t\t\t\t<div class=\"date\">\r\n\t\t\t\t\t<span class=\"day\">24<\/span>\r\n\t\t\t\t\t<span class=\"month\">Sep.<\/span>\r\n\t\t\t\t<\/div>\r\n\t\t\t<\/div>\r\n\t\t\t\r\n\t\t<\/div>\r\n\t\t<div class=\"em-item-info\">\r\n\t\t\t<div class=\"em-event-meta em-item-meta\">\r\n\t\t\t\t<div class=\"em-item-meta-line em-event-date em-event-meta-datetime\">\r\n\t\t\t\t\t<span class=\"em-icon-calendar em-icon\"><\/span>\r\n\t\t\t\t\t24. Sep. 2026\u00a0\u00a0\u00a0\u00a0\r\n\t\t\t\t<\/div>\r\n\t\t\t\t<div class=\"em-item-meta-line em-event-time em-event-meta-datetime\">\r\n\t\t\t\t\t<span class=\"em-icon-clock em-icon\"><\/span>\r\n\t\t\t\t\t19:30 - 21:00\r\n\t\t\t\t<\/div>\r\n\t\t\t\t\r\n\t\t\t\t\r\n\t\t\t\t<div class=\"em-item-meta-line em-event-location\">\r\n\t\t\t\t\t<span class=\"em-icon-location em-icon\"><\/span>\r\n\t\t\t\t\t<a href=\"https:\/\/unser-quartier.de\/bauchem\/orte\/stadtbuecherei\/\" data-wpel-link=\"internal\">Stadtb\u00fccherei<\/a>\r\n\t\t\t\t<\/div>\r\n\t\t\t\t\r\n\t\t\t\t\r\n\t\t\t\t\r\n\t\t\t\t<div class=\"em-item-meta-line em-item-taxonomy em-event-categories\">\r\n\t\t\t\t\t<span class=\"em-icon-category em-icon\"><\/span>\r\n\t\t\t\t\t<div>\t<ul class=\"event-categories\">\r\n\t\t\t\t\t<li><a href=\"https:\/\/unser-quartier.de\/bauchem\/events\/kategorien\/vortraege\/\" data-wpel-link=\"internal\">Vortr\u00e4ge<\/a><\/li>\r\n\t\t\t<\/ul>\r\n\t<\/div>\r\n\t\t\t\t<\/div>\r\n\t\t\t\t\r\n\t\t\t\t\r\n\t\t\t<\/div>\r\n\t\t\t<div class=\"em-item-desc\">\r\n\t\t\t\t\r\n\t\t\t<\/div>\r\n\t\t\t<div class=\"em-item-actions input\">\r\n\t\t\t\t<a class=\"em-item-read-more button\" href=\"https:\/\/unser-quartier.de\/bauchem\/events\/stadtbuecherei-geilenkirchen-autorenlesung-mit-bettina-lausen\/\" data-wpel-link=\"internal\">More Info<\/a>\r\n\t\t\t\t\r\n\t\t\t<\/div>\r\n\t\t<\/div>\r\n\t<\/div>\r\n<\/div>\t\t<\/div><!-- content -->\n\t\n\t<\/div><!-- modal -->\n<\/div>\t\t\t\t\t<div class=\"em pixelbones em-calendar-preview em-modal em-cal-event-content\" data-event-id=\"3823\" data-parent=\"em-cal-events-content-771597028\">\n\t<div class=\"em-modal-popup\">\n\t\t<header>\n\t\t\t<a class=\"em-close-modal\"><\/a><!-- close modal -->\n\t\t\t<div class=\"em-modal-title\">\n\t\t\t\t<a href=\"https:\/\/unser-quartier.de\/bauchem\/events\/buergertreff-philosophischer-gespraechskreis-30\/\" data-wpel-link=\"internal\">B\u00fcrgertreff, Philosophischer Gespr\u00e4chskreis<\/a>\t\t\t<\/div>\n\t\t<\/header>\n\t\t<div class=\"em-modal-content\">\n\t\t\t<div class=\"em pixelbones em-calendar-preview em-list em-events-list\">\r\n\t<div class=\"em-event em-item\" style=\"--default-border:#a8d144\">\r\n\t\t<div class=\"em-item-image has-placeholder\">\r\n\t\t\t\r\n\t\t\t\r\n\t\t\t<div class=\"em-item-image-placeholder\">\r\n\t\t\t\t<div class=\"date\">\r\n\t\t\t\t\t<span class=\"day\">24<\/span>\r\n\t\t\t\t\t<span class=\"month\">Sep.<\/span>\r\n\t\t\t\t<\/div>\r\n\t\t\t<\/div>\r\n\t\t\t\r\n\t\t<\/div>\r\n\t\t<div class=\"em-item-info\">\r\n\t\t\t<div class=\"em-event-meta em-item-meta\">\r\n\t\t\t\t<div class=\"em-item-meta-line em-event-date em-event-meta-datetime\">\r\n\t\t\t\t\t<span class=\"em-icon-calendar em-icon\"><\/span>\r\n\t\t\t\t\t24. Sep. 2026\u00a0\u00a0\u00a0\u00a0\r\n\t\t\t\t<\/div>\r\n\t\t\t\t<div class=\"em-item-meta-line em-event-time em-event-meta-datetime\">\r\n\t\t\t\t\t<span class=\"em-icon-clock em-icon\"><\/span>\r\n\t\t\t\t\t19:30 - 21:00\r\n\t\t\t\t<\/div>\r\n\t\t\t\t\r\n\t\t\t\t\r\n\t\t\t\t<div class=\"em-item-meta-line em-event-location\">\r\n\t\t\t\t\t<span class=\"em-icon-location em-icon\"><\/span>\r\n\t\t\t\t\t<a href=\"https:\/\/unser-quartier.de\/bauchem\/orte\/buergertreff\/\" data-wpel-link=\"internal\">B\u00fcrgertreff<\/a>\r\n\t\t\t\t<\/div>\r\n\t\t\t\t\r\n\t\t\t\t\r\n\t\t\t\t\r\n\t\t\t\t<div class=\"em-item-meta-line em-item-taxonomy em-event-categories\">\r\n\t\t\t\t\t<span class=\"em-icon-category em-icon\"><\/span>\r\n\t\t\t\t\t<div>\t<ul class=\"event-categories\">\r\n\t\t\t\t\t<li><a href=\"https:\/\/unser-quartier.de\/bauchem\/events\/kategorien\/gemeinschaft\/\" data-wpel-link=\"internal\">Gemeinschaftliche Aktivit\u00e4ten<\/a><\/li>\r\n\t\t\t<\/ul>\r\n\t<\/div>\r\n\t\t\t\t<\/div>\r\n\t\t\t\t\r\n\t\t\t\t\r\n\t\t\t<\/div>\r\n\t\t\t<div class=\"em-item-desc\">\r\n\t\t\t\tDer B\u00fcrgertreff befindet sich in der Gerbergasse 23\/Friedlandplatz 6.\r\n\t\t\t<\/div>\r\n\t\t\t<div class=\"em-item-actions input\">\r\n\t\t\t\t<a class=\"em-item-read-more button\" href=\"https:\/\/unser-quartier.de\/bauchem\/events\/buergertreff-philosophischer-gespraechskreis-30\/\" data-wpel-link=\"internal\">More Info<\/a>\r\n\t\t\t\t\r\n\t\t\t<\/div>\r\n\t\t<\/div>\r\n\t<\/div>\r\n<\/div>\t\t<\/div><!-- content -->\n\t\n\t<\/div><!-- modal -->\n<\/div>\t\t\t\t\t<div class=\"em pixelbones em-calendar-preview em-modal em-cal-event-content\" data-event-id=\"3695\" data-parent=\"em-cal-events-content-771597028\">\n\t<div class=\"em-modal-popup\">\n\t\t<header>\n\t\t\t<a class=\"em-close-modal\"><\/a><!-- close modal -->\n\t\t\t<div class=\"em-modal-title\">\n\t\t\t\t<a href=\"https:\/\/unser-quartier.de\/bauchem\/events\/buergertreff-hobbyfotografen-treffen-sich-2-2026-09-28\/\" data-wpel-link=\"internal\">B\u00fcrgertreff: Hobbyfotografen treffen sich<\/a>\t\t\t<\/div>\n\t\t<\/header>\n\t\t<div class=\"em-modal-content\">\n\t\t\t<div class=\"em pixelbones em-calendar-preview em-list em-events-list\">\r\n\t<div class=\"em-event em-item\" style=\"--default-border:#a8d144\">\r\n\t\t<div class=\"em-item-image has-placeholder\">\r\n\t\t\t\r\n\t\t\t\r\n\t\t\t<div class=\"em-item-image-placeholder\">\r\n\t\t\t\t<div class=\"date\">\r\n\t\t\t\t\t<span class=\"day\">28<\/span>\r\n\t\t\t\t\t<span class=\"month\">Sep.<\/span>\r\n\t\t\t\t<\/div>\r\n\t\t\t<\/div>\r\n\t\t\t\r\n\t\t<\/div>\r\n\t\t<div class=\"em-item-info\">\r\n\t\t\t<div class=\"em-event-meta em-item-meta\">\r\n\t\t\t\t<div class=\"em-item-meta-line em-event-date em-event-meta-datetime\">\r\n\t\t\t\t\t<span class=\"em-icon-calendar em-icon\"><\/span>\r\n\t\t\t\t\t28. Sep. 2026\u00a0\u00a0\u00a0\u00a0\r\n\t\t\t\t<\/div>\r\n\t\t\t\t<div class=\"em-item-meta-line em-event-time em-event-meta-datetime\">\r\n\t\t\t\t\t<span class=\"em-icon-clock em-icon\"><\/span>\r\n\t\t\t\t\t19:30 - 21:00\r\n\t\t\t\t<\/div>\r\n\t\t\t\t\r\n\t\t\t\t\r\n\t\t\t\t<div class=\"em-item-meta-line em-event-location\">\r\n\t\t\t\t\t<span class=\"em-icon-location em-icon\"><\/span>\r\n\t\t\t\t\t<a href=\"https:\/\/unser-quartier.de\/bauchem\/orte\/buergertreff\/\" data-wpel-link=\"internal\">B\u00fcrgertreff<\/a>\r\n\t\t\t\t<\/div>\r\n\t\t\t\t\r\n\t\t\t\t\r\n\t\t\t\t\r\n\t\t\t\t<div class=\"em-item-meta-line em-item-taxonomy em-event-categories\">\r\n\t\t\t\t\t<span class=\"em-icon-category em-icon\"><\/span>\r\n\t\t\t\t\t<div>\t<ul class=\"event-categories\">\r\n\t\t\t\t\t<li><a href=\"https:\/\/unser-quartier.de\/bauchem\/events\/kategorien\/kreativitaet\/\" data-wpel-link=\"internal\">Kreativit\u00e4t<\/a><\/li>\r\n\t\t\t\t\t<li><a href=\"https:\/\/unser-quartier.de\/bauchem\/events\/kategorien\/sonstige\/\" data-wpel-link=\"internal\">Sonstige<\/a><\/li>\r\n\t\t\t<\/ul>\r\n\t<\/div>\r\n\t\t\t\t<\/div>\r\n\t\t\t\t\r\n\t\t\t\t\r\n\t\t\t<\/div>\r\n\t\t\t<div class=\"em-item-desc\">\r\n\t\t\t\t\r\n\t\t\t<\/div>\r\n\t\t\t<div class=\"em-item-actions input\">\r\n\t\t\t\t<a class=\"em-item-read-more button\" href=\"https:\/\/unser-quartier.de\/bauchem\/events\/buergertreff-hobbyfotografen-treffen-sich-2-2026-09-28\/\" data-wpel-link=\"internal\">More Info<\/a>\r\n\t\t\t\t\r\n\t\t\t<\/div>\r\n\t\t<\/div>\r\n\t<\/div>\r\n<\/div>\t\t<\/div><!-- content -->\n\t\n\t<\/div><!-- modal -->\n<\/div>\t\t\t\t\t<div class=\"em pixelbones em-calendar-preview em-modal em-cal-event-content\" data-event-id=\"3763\" data-parent=\"em-cal-events-content-771597028\">\n\t<div class=\"em-modal-popup\">\n\t\t<header>\n\t\t\t<a class=\"em-close-modal\"><\/a><!-- close modal -->\n\t\t\t<div class=\"em-modal-title\">\n\t\t\t\t<a href=\"https:\/\/unser-quartier.de\/bauchem\/events\/after-work-markt-7\/\" data-wpel-link=\"internal\">After Work Markt<\/a>\t\t\t<\/div>\n\t\t<\/header>\n\t\t<div class=\"em-modal-content\">\n\t\t\t<div class=\"em pixelbones em-calendar-preview em-list em-events-list\">\r\n\t<div class=\"em-event em-item\" style=\"--default-border:#a8d144\">\r\n\t\t<div class=\"em-item-image has-placeholder\">\r\n\t\t\t\r\n\t\t\t\r\n\t\t\t<div class=\"em-item-image-placeholder\">\r\n\t\t\t\t<div class=\"date\">\r\n\t\t\t\t\t<span class=\"day\">01<\/span>\r\n\t\t\t\t\t<span class=\"month\">Okt.<\/span>\r\n\t\t\t\t<\/div>\r\n\t\t\t<\/div>\r\n\t\t\t\r\n\t\t<\/div>\r\n\t\t<div class=\"em-item-info\">\r\n\t\t\t<div class=\"em-event-meta em-item-meta\">\r\n\t\t\t\t<div class=\"em-item-meta-line em-event-date em-event-meta-datetime\">\r\n\t\t\t\t\t<span class=\"em-icon-calendar em-icon\"><\/span>\r\n\t\t\t\t\t01. Okt. 2026\u00a0\u00a0\u00a0\u00a0\r\n\t\t\t\t<\/div>\r\n\t\t\t\t<div class=\"em-item-meta-line em-event-time em-event-meta-datetime\">\r\n\t\t\t\t\t<span class=\"em-icon-clock em-icon\"><\/span>\r\n\t\t\t\t\t16:00 - 21:00\r\n\t\t\t\t<\/div>\r\n\t\t\t\t\r\n\t\t\t\t\r\n\t\t\t\t<div class=\"em-item-meta-line em-event-location\">\r\n\t\t\t\t\t<span class=\"em-icon-location em-icon\"><\/span>\r\n\t\t\t\t\t<a href=\"https:\/\/unser-quartier.de\/bauchem\/orte\/marktplatz\/\" data-wpel-link=\"internal\">Marktplatz<\/a>\r\n\t\t\t\t<\/div>\r\n\t\t\t\t\r\n\t\t\t\t\r\n\t\t\t\t\r\n\t\t\t\t<div class=\"em-item-meta-line em-item-taxonomy em-event-categories\">\r\n\t\t\t\t\t<span class=\"em-icon-category em-icon\"><\/span>\r\n\t\t\t\t\t<div>\t<ul class=\"event-categories\">\r\n\t\t\t\t\t<li><a href=\"https:\/\/unser-quartier.de\/bauchem\/events\/kategorien\/feste\/\" data-wpel-link=\"internal\">Feste<\/a><\/li>\r\n\t\t\t\t\t<li><a href=\"https:\/\/unser-quartier.de\/bauchem\/events\/kategorien\/geselligkeit\/\" data-wpel-link=\"internal\">Geselligkeit<\/a><\/li>\r\n\t\t\t<\/ul>\r\n\t<\/div>\r\n\t\t\t\t<\/div>\r\n\t\t\t\t\r\n\t\t\t\t\r\n\t\t\t<\/div>\r\n\t\t\t<div class=\"em-item-desc\">\r\n\t\t\t\t\r\n\t\t\t<\/div>\r\n\t\t\t<div class=\"em-item-actions input\">\r\n\t\t\t\t<a class=\"em-item-read-more button\" href=\"https:\/\/unser-quartier.de\/bauchem\/events\/after-work-markt-7\/\" data-wpel-link=\"internal\">More Info<\/a>\r\n\t\t\t\t\r\n\t\t\t<\/div>\r\n\t\t<\/div>\r\n\t<\/div>\r\n<\/div>\t\t<\/div><!-- content -->\n\t\n\t<\/div><!-- modal -->\n<\/div>\t\t\t\t\t<div class=\"em pixelbones em-calendar-preview em-modal em-cal-event-content\" data-event-id=\"3814\" data-parent=\"em-cal-events-content-771597028\">\n\t<div class=\"em-modal-popup\">\n\t\t<header>\n\t\t\t<a class=\"em-close-modal\"><\/a><!-- close modal -->\n\t\t\t<div class=\"em-modal-title\">\n\t\t\t\t<a href=\"https:\/\/unser-quartier.de\/bauchem\/events\/gkkulturgut-konzert-und-lesung\/\" data-wpel-link=\"internal\">GKKULTURgut!: Konzert und Lesung<\/a>\t\t\t<\/div>\n\t\t<\/header>\n\t\t<div class=\"em-modal-content\">\n\t\t\t<div class=\"em pixelbones em-calendar-preview em-list em-events-list\">\r\n\t<div class=\"em-event em-item\" style=\"--default-border:#a8d144\">\r\n\t\t<div class=\"em-item-image has-placeholder\">\r\n\t\t\t\r\n\t\t\t\r\n\t\t\t<div class=\"em-item-image-placeholder\">\r\n\t\t\t\t<div class=\"date\">\r\n\t\t\t\t\t<span class=\"day\">04<\/span>\r\n\t\t\t\t\t<span class=\"month\">Okt.<\/span>\r\n\t\t\t\t<\/div>\r\n\t\t\t<\/div>\r\n\t\t\t\r\n\t\t<\/div>\r\n\t\t<div class=\"em-item-info\">\r\n\t\t\t<div class=\"em-event-meta em-item-meta\">\r\n\t\t\t\t<div class=\"em-item-meta-line em-event-date em-event-meta-datetime\">\r\n\t\t\t\t\t<span class=\"em-icon-calendar em-icon\"><\/span>\r\n\t\t\t\t\t04. Okt. 2026\u00a0\u00a0\u00a0\u00a0\r\n\t\t\t\t<\/div>\r\n\t\t\t\t<div class=\"em-item-meta-line em-event-time em-event-meta-datetime\">\r\n\t\t\t\t\t<span class=\"em-icon-clock em-icon\"><\/span>\r\n\t\t\t\t\t17:00 - 19:00\r\n\t\t\t\t<\/div>\r\n\t\t\t\t\r\n\t\t\t\t\r\n\t\t\t\t<div class=\"em-item-meta-line em-event-location\">\r\n\t\t\t\t\t<span class=\"em-icon-location em-icon\"><\/span>\r\n\t\t\t\t\t<a href=\"https:\/\/unser-quartier.de\/bauchem\/orte\/haus-basten\/\" data-wpel-link=\"internal\">Haus Basten<\/a>\r\n\t\t\t\t<\/div>\r\n\t\t\t\t\r\n\t\t\t\t\r\n\t\t\t\t\r\n\t\t\t\t<div class=\"em-item-meta-line em-item-taxonomy em-event-categories\">\r\n\t\t\t\t\t<span class=\"em-icon-category em-icon\"><\/span>\r\n\t\t\t\t\t<div>\t<ul class=\"event-categories\">\r\n\t\t\t\t\t<li><a href=\"https:\/\/unser-quartier.de\/bauchem\/events\/kategorien\/musik\/\" data-wpel-link=\"internal\">Musik<\/a><\/li>\r\n\t\t\t\t\t<li><a href=\"https:\/\/unser-quartier.de\/bauchem\/events\/kategorien\/theater\/\" data-wpel-link=\"internal\">Theater<\/a><\/li>\r\n\t\t\t<\/ul>\r\n\t<\/div>\r\n\t\t\t\t<\/div>\r\n\t\t\t\t\r\n\t\t\t\t\r\n\t\t\t<\/div>\r\n\t\t\t<div class=\"em-item-desc\">\r\n\t\t\t\t\r\n\t\t\t<\/div>\r\n\t\t\t<div class=\"em-item-actions input\">\r\n\t\t\t\t<a class=\"em-item-read-more button\" href=\"https:\/\/unser-quartier.de\/bauchem\/events\/gkkulturgut-konzert-und-lesung\/\" data-wpel-link=\"internal\">More Info<\/a>\r\n\t\t\t\t\r\n\t\t\t<\/div>\r\n\t\t<\/div>\r\n\t<\/div>\r\n<\/div>\t\t<\/div><!-- content -->\n\t\n\t<\/div><!-- modal -->\n<\/div>\t\t\t\t\t\t\t\t\t\t<div class=\"em pixelbones em-calendar-preview em-modal em-cal-date-content\" data-calendar-date=\"1788134400\" data-parent=\"em-cal-events-content-771597028\">\n\t<div class=\"em-modal-popup\">\n\t\t<header>\n\t\t\t<a class=\"em-close-modal\"><\/a><!-- close modal -->\n\t\t\t<div class=\"em-modal-title\">\n\t\t\t\tEvents on 31. Aug. 2026\t\t\t<\/div>\n\t\t<\/header>\n\t\t<div class=\"em-modal-content em pixelbones em-calendar-preview em-list-widget em-events-widget\">\n\t\t\t\t\t\t\t<div class=\"em-item em-event\" style=\"--default-border:#a8d144\">\r\n\t<div class=\"em-item-image has-placeholder\" style=\"max-width:150px\">\r\n\t\t\r\n\t\t\r\n\t\t<div class=\"em-item-image-placeholder\">\r\n\t\t\t<div class=\"date\">\r\n\t\t\t\t<span class=\"day\">31<\/span>\r\n\t\t\t\t<span class=\"month\">Aug.<\/span>\r\n\t\t\t<\/div>\r\n\t\t<\/div>\r\n\t\t\r\n\t<\/div>\r\n\t<div class=\"em-item-info\">\r\n\t\t<div class=\"em-item-name\"><a href=\"https:\/\/unser-quartier.de\/bauchem\/events\/buergertreff-hobbyfotografen-treffen-sich-2-2026-08-31\/\" data-wpel-link=\"internal\">B\u00fcrgertreff: Hobbyfotografen treffen sich<\/a><\/div>\r\n\t\t<div class=\"em-item-meta\">\r\n\t\t\t<div class=\"em-item-meta-line em-event-date em-event-meta-datetime\">\r\n\t\t\t\t<span class=\"em-icon em-icon-calendar\"><\/span>\r\n\t\t\t\t<span>31 Aug. 26<\/span>\r\n\t\t\t<\/div>\r\n\t\t\t<div class=\"em-item-meta-line em-event-location em-event-meta-location\">\r\n\t\t\t\t<span class=\"em-icon em-icon-location\"><\/span>\r\n\t\t\t\t<span>Geilenkirchen<\/span>\r\n\t\t\t<\/div>\r\n\t\t<\/div>\r\n\t<\/div>\r\n<\/div>\t\t\t\t\t<\/div><!-- content -->\n\t\t\t<\/div><!-- modal -->\n<\/div>\t\t\t\t\t\t\t\t<div class=\"em pixelbones em-calendar-preview em-modal em-cal-date-content\" data-calendar-date=\"1788220800\" data-parent=\"em-cal-events-content-771597028\">\n\t<div class=\"em-modal-popup\">\n\t\t<header>\n\t\t\t<a class=\"em-close-modal\"><\/a><!-- close modal -->\n\t\t\t<div class=\"em-modal-title\">\n\t\t\t\tEvents on 01. Sep. 2026\t\t\t<\/div>\n\t\t<\/header>\n\t\t<div class=\"em-modal-content em pixelbones em-calendar-preview em-list-widget em-events-widget\">\n\t\t\t\t\t\t\t<div class=\"em-item em-event\" style=\"--default-border:#a8d144\">\r\n\t<div class=\"em-item-image has-placeholder\" style=\"max-width:150px\">\r\n\t\t\r\n\t\t\r\n\t\t<div class=\"em-item-image-placeholder\">\r\n\t\t\t<div class=\"date\">\r\n\t\t\t\t<span class=\"day\">01<\/span>\r\n\t\t\t\t<span class=\"month\">Sep.<\/span>\r\n\t\t\t<\/div>\r\n\t\t<\/div>\r\n\t\t\r\n\t<\/div>\r\n\t<div class=\"em-item-info\">\r\n\t\t<div class=\"em-item-name\"><a href=\"https:\/\/unser-quartier.de\/bauchem\/events\/netzwerk-gk-60-seniorenkino-13\/\" data-wpel-link=\"internal\">Netzwerk GK 60+: Seniorenkino<\/a><\/div>\r\n\t\t<div class=\"em-item-meta\">\r\n\t\t\t<div class=\"em-item-meta-line em-event-date em-event-meta-datetime\">\r\n\t\t\t\t<span class=\"em-icon em-icon-calendar\"><\/span>\r\n\t\t\t\t<span>1 Sep. 26<\/span>\r\n\t\t\t<\/div>\r\n\t\t\t<div class=\"em-item-meta-line em-event-location em-event-meta-location\">\r\n\t\t\t\t<span class=\"em-icon em-icon-location\"><\/span>\r\n\t\t\t\t<span>Geilenkirchen<\/span>\r\n\t\t\t<\/div>\r\n\t\t<\/div>\r\n\t<\/div>\r\n<\/div>\t\t\t\t\t<\/div><!-- content -->\n\t\t\t<\/div><!-- modal -->\n<\/div>\t\t\t\t\t\t\t\t\t\t\t\t\t\t<div class=\"em pixelbones em-calendar-preview em-modal em-cal-date-content\" data-calendar-date=\"1788480000\" data-parent=\"em-cal-events-content-771597028\">\n\t<div class=\"em-modal-popup\">\n\t\t<header>\n\t\t\t<a class=\"em-close-modal\"><\/a><!-- close modal -->\n\t\t\t<div class=\"em-modal-title\">\n\t\t\t\tEvents on 04. Sep. 2026\t\t\t<\/div>\n\t\t<\/header>\n\t\t<div class=\"em-modal-content em pixelbones em-calendar-preview em-list-widget em-events-widget\">\n\t\t\t\t\t\t\t<div class=\"em-item em-event\" style=\"--default-border:#a8d144\">\r\n\t<div class=\"em-item-image has-placeholder\" style=\"max-width:150px\">\r\n\t\t\r\n\t\t\r\n\t\t<div class=\"em-item-image-placeholder\">\r\n\t\t\t<div class=\"date\">\r\n\t\t\t\t<span class=\"day\">04<\/span>\r\n\t\t\t\t<span class=\"month\">Sep.<\/span>\r\n\t\t\t<\/div>\r\n\t\t<\/div>\r\n\t\t\r\n\t<\/div>\r\n\t<div class=\"em-item-info\">\r\n\t\t<div class=\"em-item-name\"><a href=\"https:\/\/unser-quartier.de\/bauchem\/events\/buergertreff-bingo-3\/\" data-wpel-link=\"internal\">B\u00fcrgertreff: Bingo<\/a><\/div>\r\n\t\t<div class=\"em-item-meta\">\r\n\t\t\t<div class=\"em-item-meta-line em-event-date em-event-meta-datetime\">\r\n\t\t\t\t<span class=\"em-icon em-icon-calendar\"><\/span>\r\n\t\t\t\t<span>4 Sep. 26<\/span>\r\n\t\t\t<\/div>\r\n\t\t\t<div class=\"em-item-meta-line em-event-location em-event-meta-location\">\r\n\t\t\t\t<span class=\"em-icon em-icon-location\"><\/span>\r\n\t\t\t\t<span>Geilenkirchen<\/span>\r\n\t\t\t<\/div>\r\n\t\t<\/div>\r\n\t<\/div>\r\n<\/div>\t\t\t\t\t\t\t<div class=\"em-item em-event\" style=\"--default-border:#a8d144\">\r\n\t<div class=\"em-item-image has-placeholder\" style=\"max-width:150px\">\r\n\t\t\r\n\t\t\r\n\t\t<div class=\"em-item-image-placeholder\">\r\n\t\t\t<div class=\"date\">\r\n\t\t\t\t<span class=\"day\">04<\/span>\r\n\t\t\t\t<span class=\"month\">Sep.<\/span>\r\n\t\t\t<\/div>\r\n\t\t<\/div>\r\n\t\t\r\n\t<\/div>\r\n\t<div class=\"em-item-info\">\r\n\t\t<div class=\"em-item-name\"><a href=\"https:\/\/unser-quartier.de\/bauchem\/events\/weinfest-geilenkirchen-2\/\" data-wpel-link=\"internal\">Weinfest Geilenkirchen<\/a><\/div>\r\n\t\t<div class=\"em-item-meta\">\r\n\t\t\t<div class=\"em-item-meta-line em-event-date em-event-meta-datetime\">\r\n\t\t\t\t<span class=\"em-icon em-icon-calendar\"><\/span>\r\n\t\t\t\t<span>4 Sep. 26<\/span>\r\n\t\t\t<\/div>\r\n\t\t\t<div class=\"em-item-meta-line em-event-location em-event-meta-location\">\r\n\t\t\t\t<span class=\"em-icon em-icon-location\"><\/span>\r\n\t\t\t\t<span>Geilenkirchen<\/span>\r\n\t\t\t<\/div>\r\n\t\t<\/div>\r\n\t<\/div>\r\n<\/div>\t\t\t\t\t<\/div><!-- content -->\n\t\t\t<\/div><!-- modal -->\n<\/div>\t\t\t\t\t\t\t\t<div class=\"em pixelbones em-calendar-preview em-modal em-cal-date-content\" data-calendar-date=\"1788566400\" data-parent=\"em-cal-events-content-771597028\">\n\t<div class=\"em-modal-popup\">\n\t\t<header>\n\t\t\t<a class=\"em-close-modal\"><\/a><!-- close modal -->\n\t\t\t<div class=\"em-modal-title\">\n\t\t\t\tEvents on 05. Sep. 2026\t\t\t<\/div>\n\t\t<\/header>\n\t\t<div class=\"em-modal-content em pixelbones em-calendar-preview em-list-widget em-events-widget\">\n\t\t\t\t\t\t\t<div class=\"em-item em-event\" style=\"--default-border:#a8d144\">\r\n\t<div class=\"em-item-image has-placeholder\" style=\"max-width:150px\">\r\n\t\t\r\n\t\t\r\n\t\t<div class=\"em-item-image-placeholder\">\r\n\t\t\t<div class=\"date\">\r\n\t\t\t\t<span class=\"day\">04<\/span>\r\n\t\t\t\t<span class=\"month\">Sep.<\/span>\r\n\t\t\t<\/div>\r\n\t\t<\/div>\r\n\t\t\r\n\t<\/div>\r\n\t<div class=\"em-item-info\">\r\n\t\t<div class=\"em-item-name\"><a href=\"https:\/\/unser-quartier.de\/bauchem\/events\/weinfest-geilenkirchen-2\/\" data-wpel-link=\"internal\">Weinfest Geilenkirchen<\/a><\/div>\r\n\t\t<div class=\"em-item-meta\">\r\n\t\t\t<div class=\"em-item-meta-line em-event-date em-event-meta-datetime\">\r\n\t\t\t\t<span class=\"em-icon em-icon-calendar\"><\/span>\r\n\t\t\t\t<span>4 Sep. 26<\/span>\r\n\t\t\t<\/div>\r\n\t\t\t<div class=\"em-item-meta-line em-event-location em-event-meta-location\">\r\n\t\t\t\t<span class=\"em-icon em-icon-location\"><\/span>\r\n\t\t\t\t<span>Geilenkirchen<\/span>\r\n\t\t\t<\/div>\r\n\t\t<\/div>\r\n\t<\/div>\r\n<\/div>\t\t\t\t\t<\/div><!-- content -->\n\t\t\t<\/div><!-- modal -->\n<\/div>\t\t\t\t\t\t\t\t<div class=\"em pixelbones em-calendar-preview em-modal em-cal-date-content\" data-calendar-date=\"1788652800\" data-parent=\"em-cal-events-content-771597028\">\n\t<div class=\"em-modal-popup\">\n\t\t<header>\n\t\t\t<a class=\"em-close-modal\"><\/a><!-- close modal -->\n\t\t\t<div class=\"em-modal-title\">\n\t\t\t\tEvents on 06. Sep. 2026\t\t\t<\/div>\n\t\t<\/header>\n\t\t<div class=\"em-modal-content em pixelbones em-calendar-preview em-list-widget em-events-widget\">\n\t\t\t\t\t\t\t<div class=\"em-item em-event\" style=\"--default-border:#a8d144\">\r\n\t<div class=\"em-item-image has-placeholder\" style=\"max-width:150px\">\r\n\t\t\r\n\t\t\r\n\t\t<div class=\"em-item-image-placeholder\">\r\n\t\t\t<div class=\"date\">\r\n\t\t\t\t<span class=\"day\">04<\/span>\r\n\t\t\t\t<span class=\"month\">Sep.<\/span>\r\n\t\t\t<\/div>\r\n\t\t<\/div>\r\n\t\t\r\n\t<\/div>\r\n\t<div class=\"em-item-info\">\r\n\t\t<div class=\"em-item-name\"><a href=\"https:\/\/unser-quartier.de\/bauchem\/events\/weinfest-geilenkirchen-2\/\" data-wpel-link=\"internal\">Weinfest Geilenkirchen<\/a><\/div>\r\n\t\t<div class=\"em-item-meta\">\r\n\t\t\t<div class=\"em-item-meta-line em-event-date em-event-meta-datetime\">\r\n\t\t\t\t<span class=\"em-icon em-icon-calendar\"><\/span>\r\n\t\t\t\t<span>4 Sep. 26<\/span>\r\n\t\t\t<\/div>\r\n\t\t\t<div class=\"em-item-meta-line em-event-location em-event-meta-location\">\r\n\t\t\t\t<span class=\"em-icon em-icon-location\"><\/span>\r\n\t\t\t\t<span>Geilenkirchen<\/span>\r\n\t\t\t<\/div>\r\n\t\t<\/div>\r\n\t<\/div>\r\n<\/div>\t\t\t\t\t<\/div><!-- content -->\n\t\t\t<\/div><!-- modal -->\n<\/div>\t\t\t\t\t\t\t\t\t\t\t\t\t\t<div class=\"em pixelbones em-calendar-preview em-modal em-cal-date-content\" data-calendar-date=\"1788912000\" data-parent=\"em-cal-events-content-771597028\">\n\t<div class=\"em-modal-popup\">\n\t\t<header>\n\t\t\t<a class=\"em-close-modal\"><\/a><!-- close modal -->\n\t\t\t<div class=\"em-modal-title\">\n\t\t\t\tEvents on 09. Sep. 2026\t\t\t<\/div>\n\t\t<\/header>\n\t\t<div class=\"em-modal-content em pixelbones em-calendar-preview em-list-widget em-events-widget\">\n\t\t\t\t\t\t\t<div class=\"em-item em-event\" style=\"--default-border:#a8d144\">\r\n\t<div class=\"em-item-image has-placeholder\" style=\"max-width:150px\">\r\n\t\t\r\n\t\t\r\n\t\t<div class=\"em-item-image-placeholder\">\r\n\t\t\t<div class=\"date\">\r\n\t\t\t\t<span class=\"day\">09<\/span>\r\n\t\t\t\t<span class=\"month\">Sep.<\/span>\r\n\t\t\t<\/div>\r\n\t\t<\/div>\r\n\t\t\r\n\t<\/div>\r\n\t<div class=\"em-item-info\">\r\n\t\t<div class=\"em-item-name\"><a href=\"https:\/\/unser-quartier.de\/bauchem\/events\/stadtbuecherei-geilenkirchen-rappelkiste-mit-voranmeldung-20\/\" data-wpel-link=\"internal\">Stadtb\u00fccherei Geilenkirchen: Rappelkiste (mit Voranmeldung)<\/a><\/div>\r\n\t\t<div class=\"em-item-meta\">\r\n\t\t\t<div class=\"em-item-meta-line em-event-date em-event-meta-datetime\">\r\n\t\t\t\t<span class=\"em-icon em-icon-calendar\"><\/span>\r\n\t\t\t\t<span>9 Sep. 26<\/span>\r\n\t\t\t<\/div>\r\n\t\t\t<div class=\"em-item-meta-line em-event-location em-event-meta-location\">\r\n\t\t\t\t<span class=\"em-icon em-icon-location\"><\/span>\r\n\t\t\t\t<span>Geilenkirchen<\/span>\r\n\t\t\t<\/div>\r\n\t\t<\/div>\r\n\t<\/div>\r\n<\/div>\t\t\t\t\t<\/div><!-- content -->\n\t\t\t<\/div><!-- modal -->\n<\/div>\t\t\t\t\t\t\t\t<div class=\"em pixelbones em-calendar-preview em-modal em-cal-date-content\" data-calendar-date=\"1788998400\" data-parent=\"em-cal-events-content-771597028\">\n\t<div class=\"em-modal-popup\">\n\t\t<header>\n\t\t\t<a class=\"em-close-modal\"><\/a><!-- close modal -->\n\t\t\t<div class=\"em-modal-title\">\n\t\t\t\tEvents on 10. Sep. 2026\t\t\t<\/div>\n\t\t<\/header>\n\t\t<div class=\"em-modal-content em pixelbones em-calendar-preview em-list-widget em-events-widget\">\n\t\t\t\t\t\t\t<div class=\"em-item em-event\" style=\"--default-border:#a8d144\">\r\n\t<div class=\"em-item-image has-placeholder\" style=\"max-width:150px\">\r\n\t\t\r\n\t\t\r\n\t\t<div class=\"em-item-image-placeholder\">\r\n\t\t\t<div class=\"date\">\r\n\t\t\t\t<span class=\"day\">10<\/span>\r\n\t\t\t\t<span class=\"month\">Sep.<\/span>\r\n\t\t\t<\/div>\r\n\t\t<\/div>\r\n\t\t\r\n\t<\/div>\r\n\t<div class=\"em-item-info\">\r\n\t\t<div class=\"em-item-name\"><a href=\"https:\/\/unser-quartier.de\/bauchem\/events\/buergertreff-strickgruppe-47\/\" data-wpel-link=\"internal\">B\u00fcrgertreff: Strickgruppe<\/a><\/div>\r\n\t\t<div class=\"em-item-meta\">\r\n\t\t\t<div class=\"em-item-meta-line em-event-date em-event-meta-datetime\">\r\n\t\t\t\t<span class=\"em-icon em-icon-calendar\"><\/span>\r\n\t\t\t\t<span>10 Sep. 26<\/span>\r\n\t\t\t<\/div>\r\n\t\t\t<div class=\"em-item-meta-line em-event-location em-event-meta-location\">\r\n\t\t\t\t<span class=\"em-icon em-icon-location\"><\/span>\r\n\t\t\t\t<span>Geilenkirchen<\/span>\r\n\t\t\t<\/div>\r\n\t\t<\/div>\r\n\t<\/div>\r\n<\/div>\t\t\t\t\t\t\t<div class=\"em-item em-event\" style=\"--default-border:#a8d144\">\r\n\t<div class=\"em-item-image has-placeholder\" style=\"max-width:150px\">\r\n\t\t\r\n\t\t\r\n\t\t<div class=\"em-item-image-placeholder\">\r\n\t\t\t<div class=\"date\">\r\n\t\t\t\t<span class=\"day\">10<\/span>\r\n\t\t\t\t<span class=\"month\">Sep.<\/span>\r\n\t\t\t<\/div>\r\n\t\t<\/div>\r\n\t\t\r\n\t<\/div>\r\n\t<div class=\"em-item-info\">\r\n\t\t<div class=\"em-item-name\"><a href=\"https:\/\/unser-quartier.de\/bauchem\/events\/after-work-markt-6\/\" data-wpel-link=\"internal\">After Work Markt<\/a><\/div>\r\n\t\t<div class=\"em-item-meta\">\r\n\t\t\t<div class=\"em-item-meta-line em-event-date em-event-meta-datetime\">\r\n\t\t\t\t<span class=\"em-icon em-icon-calendar\"><\/span>\r\n\t\t\t\t<span>10 Sep. 26<\/span>\r\n\t\t\t<\/div>\r\n\t\t\t<div class=\"em-item-meta-line em-event-location em-event-meta-location\">\r\n\t\t\t\t<span class=\"em-icon em-icon-location\"><\/span>\r\n\t\t\t\t<span>Geilenkirchen<\/span>\r\n\t\t\t<\/div>\r\n\t\t<\/div>\r\n\t<\/div>\r\n<\/div>\t\t\t\t\t\t\t<div class=\"em-item em-event\" style=\"--default-border:#a8d144\">\r\n\t<div class=\"em-item-image has-placeholder\" style=\"max-width:150px\">\r\n\t\t\r\n\t\t\r\n\t\t<div class=\"em-item-image-placeholder\">\r\n\t\t\t<div class=\"date\">\r\n\t\t\t\t<span class=\"day\">10<\/span>\r\n\t\t\t\t<span class=\"month\">Sep.<\/span>\r\n\t\t\t<\/div>\r\n\t\t<\/div>\r\n\t\t\r\n\t<\/div>\r\n\t<div class=\"em-item-info\">\r\n\t\t<div class=\"em-item-name\"><a href=\"https:\/\/unser-quartier.de\/bauchem\/events\/gkkulturgut-grenzlandtheater-achtsam-morden-durch-bewusste-ernaehrung\/\" data-wpel-link=\"internal\">GKKULTURgut!:  Grenzlandtheater : Achtsam morden durch bewusste Ern\u00e4hrung<\/a><\/div>\r\n\t\t<div class=\"em-item-meta\">\r\n\t\t\t<div class=\"em-item-meta-line em-event-date em-event-meta-datetime\">\r\n\t\t\t\t<span class=\"em-icon em-icon-calendar\"><\/span>\r\n\t\t\t\t<span>10 Sep. 26<\/span>\r\n\t\t\t<\/div>\r\n\t\t\t<div class=\"em-item-meta-line em-event-location em-event-meta-location\">\r\n\t\t\t\t<span class=\"em-icon em-icon-location\"><\/span>\r\n\t\t\t\t<span>Geilenkirchen<\/span>\r\n\t\t\t<\/div>\r\n\t\t<\/div>\r\n\t<\/div>\r\n<\/div>\t\t\t\t\t<\/div><!-- content -->\n\t\t\t<\/div><!-- modal -->\n<\/div>\t\t\t\t\t\t\t\t\t\t\t<div class=\"em pixelbones em-calendar-preview em-modal em-cal-date-content\" data-calendar-date=\"1789171200\" data-parent=\"em-cal-events-content-771597028\">\n\t<div class=\"em-modal-popup\">\n\t\t<header>\n\t\t\t<a class=\"em-close-modal\"><\/a><!-- close modal -->\n\t\t\t<div class=\"em-modal-title\">\n\t\t\t\tEvents on 12. Sep. 2026\t\t\t<\/div>\n\t\t<\/header>\n\t\t<div class=\"em-modal-content em pixelbones em-calendar-preview em-list-widget em-events-widget\">\n\t\t\t\t\t\t\t<div class=\"em-item em-event\" style=\"--default-border:#a8d144\">\r\n\t<div class=\"em-item-image has-placeholder\" style=\"max-width:150px\">\r\n\t\t\r\n\t\t\r\n\t\t<div class=\"em-item-image-placeholder\">\r\n\t\t\t<div class=\"date\">\r\n\t\t\t\t<span class=\"day\">12<\/span>\r\n\t\t\t\t<span class=\"month\">Sep.<\/span>\r\n\t\t\t<\/div>\r\n\t\t<\/div>\r\n\t\t\r\n\t<\/div>\r\n\t<div class=\"em-item-info\">\r\n\t\t<div class=\"em-item-name\"><a href=\"https:\/\/unser-quartier.de\/bauchem\/events\/buergertreff-repair-cafe-2026-09-12\/\" data-wpel-link=\"internal\">B\u00fcrgertreff: Repair Cafe<\/a><\/div>\r\n\t\t<div class=\"em-item-meta\">\r\n\t\t\t<div class=\"em-item-meta-line em-event-date em-event-meta-datetime\">\r\n\t\t\t\t<span class=\"em-icon em-icon-calendar\"><\/span>\r\n\t\t\t\t<span>12 Sep. 26<\/span>\r\n\t\t\t<\/div>\r\n\t\t\t<div class=\"em-item-meta-line em-event-location em-event-meta-location\">\r\n\t\t\t\t<span class=\"em-icon em-icon-location\"><\/span>\r\n\t\t\t\t<span>Geilenkirchen<\/span>\r\n\t\t\t<\/div>\r\n\t\t<\/div>\r\n\t<\/div>\r\n<\/div>\t\t\t\t\t<\/div><!-- content -->\n\t\t\t<\/div><!-- modal -->\n<\/div>\t\t\t\t\t\t\t\t<div class=\"em pixelbones em-calendar-preview em-modal em-cal-date-content\" data-calendar-date=\"1789257600\" data-parent=\"em-cal-events-content-771597028\">\n\t<div class=\"em-modal-popup\">\n\t\t<header>\n\t\t\t<a class=\"em-close-modal\"><\/a><!-- close modal -->\n\t\t\t<div class=\"em-modal-title\">\n\t\t\t\tEvents on 13. Sep. 2026\t\t\t<\/div>\n\t\t<\/header>\n\t\t<div class=\"em-modal-content em pixelbones em-calendar-preview em-list-widget em-events-widget\">\n\t\t\t\t\t\t\t<div class=\"em-item em-event\" style=\"--default-border:#FFFFFF\">\r\n\t<div class=\"em-item-image has-placeholder\" style=\"max-width:150px\">\r\n\t\t\r\n\t\t\r\n\t\t<div class=\"em-item-image-placeholder\">\r\n\t\t\t<div class=\"date\">\r\n\t\t\t\t<span class=\"day\">13<\/span>\r\n\t\t\t\t<span class=\"month\">Sep.<\/span>\r\n\t\t\t<\/div>\r\n\t\t<\/div>\r\n\t\t\r\n\t<\/div>\r\n\t<div class=\"em-item-info\">\r\n\t\t<div class=\"em-item-name\"><a href=\"https:\/\/unser-quartier.de\/bauchem\/events\/cafe-franz-kaffeeklatsch-13\/\" data-wpel-link=\"internal\">Cafe Franz: Kaffeeklatsch<\/a><\/div>\r\n\t\t<div class=\"em-item-meta\">\r\n\t\t\t<div class=\"em-item-meta-line em-event-date em-event-meta-datetime\">\r\n\t\t\t\t<span class=\"em-icon em-icon-calendar\"><\/span>\r\n\t\t\t\t<span>13 Sep. 26<\/span>\r\n\t\t\t<\/div>\r\n\t\t\t<div class=\"em-item-meta-line em-event-location em-event-meta-location\">\r\n\t\t\t\t<span class=\"em-icon em-icon-location\"><\/span>\r\n\t\t\t\t<span>Geilenkirchen<\/span>\r\n\t\t\t<\/div>\r\n\t\t<\/div>\r\n\t<\/div>\r\n<\/div>\t\t\t\t\t<\/div><!-- content -->\n\t\t\t<\/div><!-- modal -->\n<\/div>\t\t\t\t\t\t\t\t\t\t\t\t\t\t<div class=\"em pixelbones em-calendar-preview em-modal em-cal-date-content\" data-calendar-date=\"1789516800\" data-parent=\"em-cal-events-content-771597028\">\n\t<div class=\"em-modal-popup\">\n\t\t<header>\n\t\t\t<a class=\"em-close-modal\"><\/a><!-- close modal -->\n\t\t\t<div class=\"em-modal-title\">\n\t\t\t\tEvents on 16. Sep. 2026\t\t\t<\/div>\n\t\t<\/header>\n\t\t<div class=\"em-modal-content em pixelbones em-calendar-preview em-list-widget em-events-widget\">\n\t\t\t\t\t\t\t<div class=\"em-item em-event\" style=\"--default-border:#a8d144\">\r\n\t<div class=\"em-item-image has-placeholder\" style=\"max-width:150px\">\r\n\t\t\r\n\t\t\r\n\t\t<div class=\"em-item-image-placeholder\">\r\n\t\t\t<div class=\"date\">\r\n\t\t\t\t<span class=\"day\">16<\/span>\r\n\t\t\t\t<span class=\"month\">Sep.<\/span>\r\n\t\t\t<\/div>\r\n\t\t<\/div>\r\n\t\t\r\n\t<\/div>\r\n\t<div class=\"em-item-info\">\r\n\t\t<div class=\"em-item-name\"><a href=\"https:\/\/unser-quartier.de\/bauchem\/events\/stadtbuecherei-geilenkirchen-bambini-lese-club-mit-voranmeldung-24\/\" data-wpel-link=\"internal\">Stadtb\u00fccherei Geilenkirchen: Bambini-Lese-Club ( mit Voranmeldung)<\/a><\/div>\r\n\t\t<div class=\"em-item-meta\">\r\n\t\t\t<div class=\"em-item-meta-line em-event-date em-event-meta-datetime\">\r\n\t\t\t\t<span class=\"em-icon em-icon-calendar\"><\/span>\r\n\t\t\t\t<span>16 Sep. 26<\/span>\r\n\t\t\t<\/div>\r\n\t\t\t<div class=\"em-item-meta-line em-event-location em-event-meta-location\">\r\n\t\t\t\t<span class=\"em-icon em-icon-location\"><\/span>\r\n\t\t\t\t<span>Geilenkirchen<\/span>\r\n\t\t\t<\/div>\r\n\t\t<\/div>\r\n\t<\/div>\r\n<\/div>\t\t\t\t\t<\/div><!-- content -->\n\t\t\t<\/div><!-- modal -->\n<\/div>\t\t\t\t\t\t\t\t<div class=\"em pixelbones em-calendar-preview em-modal em-cal-date-content\" data-calendar-date=\"1789603200\" data-parent=\"em-cal-events-content-771597028\">\n\t<div class=\"em-modal-popup\">\n\t\t<header>\n\t\t\t<a class=\"em-close-modal\"><\/a><!-- close modal -->\n\t\t\t<div class=\"em-modal-title\">\n\t\t\t\tEvents on 17. Sep. 2026\t\t\t<\/div>\n\t\t<\/header>\n\t\t<div class=\"em-modal-content em pixelbones em-calendar-preview em-list-widget em-events-widget\">\n\t\t\t\t\t\t\t<div class=\"em-item em-event\" style=\"--default-border:#a8d144\">\r\n\t<div class=\"em-item-image has-placeholder\" style=\"max-width:150px\">\r\n\t\t\r\n\t\t\r\n\t\t<div class=\"em-item-image-placeholder\">\r\n\t\t\t<div class=\"date\">\r\n\t\t\t\t<span class=\"day\">17<\/span>\r\n\t\t\t\t<span class=\"month\">Sep.<\/span>\r\n\t\t\t<\/div>\r\n\t\t<\/div>\r\n\t\t\r\n\t<\/div>\r\n\t<div class=\"em-item-info\">\r\n\t\t<div class=\"em-item-name\"><a href=\"https:\/\/unser-quartier.de\/bauchem\/events\/stadtbuecherei-geilenkirchen-lese-kids-gk-mit-voranmeldung-42\/\" data-wpel-link=\"internal\">Stadtb\u00fccherei Geilenkirchen: Lese-Kids-GK (mit Voranmeldung)<\/a><\/div>\r\n\t\t<div class=\"em-item-meta\">\r\n\t\t\t<div class=\"em-item-meta-line em-event-date em-event-meta-datetime\">\r\n\t\t\t\t<span class=\"em-icon em-icon-calendar\"><\/span>\r\n\t\t\t\t<span>17 Sep. 26<\/span>\r\n\t\t\t<\/div>\r\n\t\t\t<div class=\"em-item-meta-line em-event-location em-event-meta-location\">\r\n\t\t\t\t<span class=\"em-icon em-icon-location\"><\/span>\r\n\t\t\t\t<span>Geilenkirchen<\/span>\r\n\t\t\t<\/div>\r\n\t\t<\/div>\r\n\t<\/div>\r\n<\/div>\t\t\t\t\t<\/div><!-- content -->\n\t\t\t<\/div><!-- modal -->\n<\/div>\t\t\t\t\t\t\t\t<div class=\"em pixelbones em-calendar-preview em-modal em-cal-date-content\" data-calendar-date=\"1789689600\" data-parent=\"em-cal-events-content-771597028\">\n\t<div class=\"em-modal-popup\">\n\t\t<header>\n\t\t\t<a class=\"em-close-modal\"><\/a><!-- close modal -->\n\t\t\t<div class=\"em-modal-title\">\n\t\t\t\tEvents on 18. Sep. 2026\t\t\t<\/div>\n\t\t<\/header>\n\t\t<div class=\"em-modal-content em pixelbones em-calendar-preview em-list-widget em-events-widget\">\n\t\t\t\t\t\t\t<div class=\"em-item em-event\" style=\"--default-border:#a8d144\">\r\n\t<div class=\"em-item-image has-placeholder\" style=\"max-width:150px\">\r\n\t\t\r\n\t\t\r\n\t\t<div class=\"em-item-image-placeholder\">\r\n\t\t\t<div class=\"date\">\r\n\t\t\t\t<span class=\"day\">18<\/span>\r\n\t\t\t\t<span class=\"month\">Sep.<\/span>\r\n\t\t\t<\/div>\r\n\t\t<\/div>\r\n\t\t\r\n\t<\/div>\r\n\t<div class=\"em-item-info\">\r\n\t\t<div class=\"em-item-name\"><a href=\"https:\/\/unser-quartier.de\/bauchem\/events\/buergertreff-bingo-4\/\" data-wpel-link=\"internal\">B\u00fcrgertreff: Bingo<\/a><\/div>\r\n\t\t<div class=\"em-item-meta\">\r\n\t\t\t<div class=\"em-item-meta-line em-event-date em-event-meta-datetime\">\r\n\t\t\t\t<span class=\"em-icon em-icon-calendar\"><\/span>\r\n\t\t\t\t<span>18 Sep. 26<\/span>\r\n\t\t\t<\/div>\r\n\t\t\t<div class=\"em-item-meta-line em-event-location em-event-meta-location\">\r\n\t\t\t\t<span class=\"em-icon em-icon-location\"><\/span>\r\n\t\t\t\t<span>Geilenkirchen<\/span>\r\n\t\t\t<\/div>\r\n\t\t<\/div>\r\n\t<\/div>\r\n<\/div>\t\t\t\t\t<\/div><!-- content -->\n\t\t\t<\/div><!-- modal -->\n<\/div>\t\t\t\t\t\t\t\t\t\t\t\t\t\t\t\t\t\t\t\t<div class=\"em pixelbones em-calendar-preview em-modal em-cal-date-content\" data-calendar-date=\"1790121600\" data-parent=\"em-cal-events-content-771597028\">\n\t<div class=\"em-modal-popup\">\n\t\t<header>\n\t\t\t<a class=\"em-close-modal\"><\/a><!-- close modal -->\n\t\t\t<div class=\"em-modal-title\">\n\t\t\t\tEvents on 23. Sep. 2026\t\t\t<\/div>\n\t\t<\/header>\n\t\t<div class=\"em-modal-content em pixelbones em-calendar-preview em-list-widget em-events-widget\">\n\t\t\t\t\t\t\t<div class=\"em-item em-event\" style=\"--default-border:#a8d144\">\r\n\t<div class=\"em-item-image has-placeholder\" style=\"max-width:150px\">\r\n\t\t\r\n\t\t\r\n\t\t<div class=\"em-item-image-placeholder\">\r\n\t\t\t<div class=\"date\">\r\n\t\t\t\t<span class=\"day\">23<\/span>\r\n\t\t\t\t<span class=\"month\">Sep.<\/span>\r\n\t\t\t<\/div>\r\n\t\t<\/div>\r\n\t\t\r\n\t<\/div>\r\n\t<div class=\"em-item-info\">\r\n\t\t<div class=\"em-item-name\"><a href=\"https:\/\/unser-quartier.de\/bauchem\/events\/stadtbuecherei-geilenkirchen-kamishibai-mit-voranmeldung-20\/\" data-wpel-link=\"internal\">Stadtb\u00fccherei Geilenkirchen:  Kamishibai ( mit Voranmeldung)<\/a><\/div>\r\n\t\t<div class=\"em-item-meta\">\r\n\t\t\t<div class=\"em-item-meta-line em-event-date em-event-meta-datetime\">\r\n\t\t\t\t<span class=\"em-icon em-icon-calendar\"><\/span>\r\n\t\t\t\t<span>23 Sep. 26<\/span>\r\n\t\t\t<\/div>\r\n\t\t\t<div class=\"em-item-meta-line em-event-location em-event-meta-location\">\r\n\t\t\t\t<span class=\"em-icon em-icon-location\"><\/span>\r\n\t\t\t\t<span>Geilenkirchen<\/span>\r\n\t\t\t<\/div>\r\n\t\t<\/div>\r\n\t<\/div>\r\n<\/div>\t\t\t\t\t<\/div><!-- content -->\n\t\t\t<\/div><!-- modal -->\n<\/div>\t\t\t\t\t\t\t\t<div class=\"em pixelbones em-calendar-preview em-modal em-cal-date-content\" data-calendar-date=\"1790208000\" data-parent=\"em-cal-events-content-771597028\">\n\t<div class=\"em-modal-popup\">\n\t\t<header>\n\t\t\t<a class=\"em-close-modal\"><\/a><!-- close modal -->\n\t\t\t<div class=\"em-modal-title\">\n\t\t\t\tEvents on 24. Sep. 2026\t\t\t<\/div>\n\t\t<\/header>\n\t\t<div class=\"em-modal-content em pixelbones em-calendar-preview em-list-widget em-events-widget\">\n\t\t\t\t\t\t\t<div class=\"em-item em-event\" style=\"--default-border:#a8d144\">\r\n\t<div class=\"em-item-image has-placeholder\" style=\"max-width:150px\">\r\n\t\t\r\n\t\t\r\n\t\t<div class=\"em-item-image-placeholder\">\r\n\t\t\t<div class=\"date\">\r\n\t\t\t\t<span class=\"day\">24<\/span>\r\n\t\t\t\t<span class=\"month\">Sep.<\/span>\r\n\t\t\t<\/div>\r\n\t\t<\/div>\r\n\t\t\r\n\t<\/div>\r\n\t<div class=\"em-item-info\">\r\n\t\t<div class=\"em-item-name\"><a href=\"https:\/\/unser-quartier.de\/bauchem\/events\/buergertreff-strickgruppe-48\/\" data-wpel-link=\"internal\">B\u00fcrgertreff: Strickgruppe<\/a><\/div>\r\n\t\t<div class=\"em-item-meta\">\r\n\t\t\t<div class=\"em-item-meta-line em-event-date em-event-meta-datetime\">\r\n\t\t\t\t<span class=\"em-icon em-icon-calendar\"><\/span>\r\n\t\t\t\t<span>24 Sep. 26<\/span>\r\n\t\t\t<\/div>\r\n\t\t\t<div class=\"em-item-meta-line em-event-location em-event-meta-location\">\r\n\t\t\t\t<span class=\"em-icon em-icon-location\"><\/span>\r\n\t\t\t\t<span>Geilenkirchen<\/span>\r\n\t\t\t<\/div>\r\n\t\t<\/div>\r\n\t<\/div>\r\n<\/div>\t\t\t\t\t\t\t<div class=\"em-item em-event\" style=\"--default-border:#a8d144\">\r\n\t<div class=\"em-item-image has-placeholder\" style=\"max-width:150px\">\r\n\t\t\r\n\t\t\r\n\t\t<div class=\"em-item-image-placeholder\">\r\n\t\t\t<div class=\"date\">\r\n\t\t\t\t<span class=\"day\">24<\/span>\r\n\t\t\t\t<span class=\"month\">Sep.<\/span>\r\n\t\t\t<\/div>\r\n\t\t<\/div>\r\n\t\t\r\n\t<\/div>\r\n\t<div class=\"em-item-info\">\r\n\t\t<div class=\"em-item-name\"><a href=\"https:\/\/unser-quartier.de\/bauchem\/events\/stadtbuecherei-geilenkirchen-autorenlesung-mit-bettina-lausen\/\" data-wpel-link=\"internal\">Stadtb\u00fccherei Geilenkirchen: Autorenlesung mit Bettina Lausen<\/a><\/div>\r\n\t\t<div class=\"em-item-meta\">\r\n\t\t\t<div class=\"em-item-meta-line em-event-date em-event-meta-datetime\">\r\n\t\t\t\t<span class=\"em-icon em-icon-calendar\"><\/span>\r\n\t\t\t\t<span>24 Sep. 26<\/span>\r\n\t\t\t<\/div>\r\n\t\t\t<div class=\"em-item-meta-line em-event-location em-event-meta-location\">\r\n\t\t\t\t<span class=\"em-icon em-icon-location\"><\/span>\r\n\t\t\t\t<span>Geilenkirchen<\/span>\r\n\t\t\t<\/div>\r\n\t\t<\/div>\r\n\t<\/div>\r\n<\/div>\t\t\t\t\t\t\t<div class=\"em-item em-event\" style=\"--default-border:#a8d144\">\r\n\t<div class=\"em-item-image has-placeholder\" style=\"max-width:150px\">\r\n\t\t\r\n\t\t\r\n\t\t<div class=\"em-item-image-placeholder\">\r\n\t\t\t<div class=\"date\">\r\n\t\t\t\t<span class=\"day\">24<\/span>\r\n\t\t\t\t<span class=\"month\">Sep.<\/span>\r\n\t\t\t<\/div>\r\n\t\t<\/div>\r\n\t\t\r\n\t<\/div>\r\n\t<div class=\"em-item-info\">\r\n\t\t<div class=\"em-item-name\"><a href=\"https:\/\/unser-quartier.de\/bauchem\/events\/buergertreff-philosophischer-gespraechskreis-30\/\" data-wpel-link=\"internal\">B\u00fcrgertreff, Philosophischer Gespr\u00e4chskreis<\/a><\/div>\r\n\t\t<div class=\"em-item-meta\">\r\n\t\t\t<div class=\"em-item-meta-line em-event-date em-event-meta-datetime\">\r\n\t\t\t\t<span class=\"em-icon em-icon-calendar\"><\/span>\r\n\t\t\t\t<span>24 Sep. 26<\/span>\r\n\t\t\t<\/div>\r\n\t\t\t<div class=\"em-item-meta-line em-event-location em-event-meta-location\">\r\n\t\t\t\t<span class=\"em-icon em-icon-location\"><\/span>\r\n\t\t\t\t<span>Geilenkirchen<\/span>\r\n\t\t\t<\/div>\r\n\t\t<\/div>\r\n\t<\/div>\r\n<\/div>\t\t\t\t\t<\/div><!-- content -->\n\t\t\t<\/div><!-- modal -->\n<\/div>\t\t\t\t\t\t\t\t\t\t\t\t\t\t\t\t\t<div class=\"em pixelbones em-calendar-preview em-modal em-cal-date-content\" data-calendar-date=\"1790553600\" data-parent=\"em-cal-events-content-771597028\">\n\t<div class=\"em-modal-popup\">\n\t\t<header>\n\t\t\t<a class=\"em-close-modal\"><\/a><!-- close modal -->\n\t\t\t<div class=\"em-modal-title\">\n\t\t\t\tEvents on 28. Sep. 2026\t\t\t<\/div>\n\t\t<\/header>\n\t\t<div class=\"em-modal-content em pixelbones em-calendar-preview em-list-widget em-events-widget\">\n\t\t\t\t\t\t\t<div class=\"em-item em-event\" style=\"--default-border:#a8d144\">\r\n\t<div class=\"em-item-image has-placeholder\" style=\"max-width:150px\">\r\n\t\t\r\n\t\t\r\n\t\t<div class=\"em-item-image-placeholder\">\r\n\t\t\t<div class=\"date\">\r\n\t\t\t\t<span class=\"day\">28<\/span>\r\n\t\t\t\t<span class=\"month\">Sep.<\/span>\r\n\t\t\t<\/div>\r\n\t\t<\/div>\r\n\t\t\r\n\t<\/div>\r\n\t<div class=\"em-item-info\">\r\n\t\t<div class=\"em-item-name\"><a href=\"https:\/\/unser-quartier.de\/bauchem\/events\/buergertreff-hobbyfotografen-treffen-sich-2-2026-09-28\/\" data-wpel-link=\"internal\">B\u00fcrgertreff: Hobbyfotografen treffen sich<\/a><\/div>\r\n\t\t<div class=\"em-item-meta\">\r\n\t\t\t<div class=\"em-item-meta-line em-event-date em-event-meta-datetime\">\r\n\t\t\t\t<span class=\"em-icon em-icon-calendar\"><\/span>\r\n\t\t\t\t<span>28 Sep. 26<\/span>\r\n\t\t\t<\/div>\r\n\t\t\t<div class=\"em-item-meta-line em-event-location em-event-meta-location\">\r\n\t\t\t\t<span class=\"em-icon em-icon-location\"><\/span>\r\n\t\t\t\t<span>Geilenkirchen<\/span>\r\n\t\t\t<\/div>\r\n\t\t<\/div>\r\n\t<\/div>\r\n<\/div>\t\t\t\t\t<\/div><!-- content -->\n\t\t\t<\/div><!-- modal -->\n<\/div>\t\t\t\t\t\t\t\t\t\t\t\t\t\t<div class=\"em pixelbones em-calendar-preview em-modal em-cal-date-content\" data-calendar-date=\"1790812800\" data-parent=\"em-cal-events-content-771597028\">\n\t<div class=\"em-modal-popup\">\n\t\t<header>\n\t\t\t<a class=\"em-close-modal\"><\/a><!-- close modal -->\n\t\t\t<div class=\"em-modal-title\">\n\t\t\t\tEvents on 01. Okt. 2026\t\t\t<\/div>\n\t\t<\/header>\n\t\t<div class=\"em-modal-content em pixelbones em-calendar-preview em-list-widget em-events-widget\">\n\t\t\t\t\t\t\t<div class=\"em-item em-event\" style=\"--default-border:#a8d144\">\r\n\t<div class=\"em-item-image has-placeholder\" style=\"max-width:150px\">\r\n\t\t\r\n\t\t\r\n\t\t<div class=\"em-item-image-placeholder\">\r\n\t\t\t<div class=\"date\">\r\n\t\t\t\t<span class=\"day\">01<\/span>\r\n\t\t\t\t<span class=\"month\">Okt.<\/span>\r\n\t\t\t<\/div>\r\n\t\t<\/div>\r\n\t\t\r\n\t<\/div>\r\n\t<div class=\"em-item-info\">\r\n\t\t<div class=\"em-item-name\"><a href=\"https:\/\/unser-quartier.de\/bauchem\/events\/after-work-markt-7\/\" data-wpel-link=\"internal\">After Work Markt<\/a><\/div>\r\n\t\t<div class=\"em-item-meta\">\r\n\t\t\t<div class=\"em-item-meta-line em-event-date em-event-meta-datetime\">\r\n\t\t\t\t<span class=\"em-icon em-icon-calendar\"><\/span>\r\n\t\t\t\t<span>1 Okt. 26<\/span>\r\n\t\t\t<\/div>\r\n\t\t\t<div class=\"em-item-meta-line em-event-location em-event-meta-location\">\r\n\t\t\t\t<span class=\"em-icon em-icon-location\"><\/span>\r\n\t\t\t\t<span>Geilenkirchen<\/span>\r\n\t\t\t<\/div>\r\n\t\t<\/div>\r\n\t<\/div>\r\n<\/div>\t\t\t\t\t<\/div><!-- content -->\n\t\t\t<\/div><!-- modal -->\n<\/div>\t\t\t\t\t\t\t\t\t\t\t\t\t\t<div class=\"em pixelbones em-calendar-preview em-modal em-cal-date-content\" data-calendar-date=\"1791072000\" data-parent=\"em-cal-events-content-771597028\">\n\t<div class=\"em-modal-popup\">\n\t\t<header>\n\t\t\t<a class=\"em-close-modal\"><\/a><!-- close modal -->\n\t\t\t<div class=\"em-modal-title\">\n\t\t\t\tEvents on 04. Okt. 2026\t\t\t<\/div>\n\t\t<\/header>\n\t\t<div class=\"em-modal-content em pixelbones em-calendar-preview em-list-widget em-events-widget\">\n\t\t\t\t\t\t\t<div class=\"em-item em-event\" style=\"--default-border:#a8d144\">\r\n\t<div class=\"em-item-image has-placeholder\" style=\"max-width:150px\">\r\n\t\t\r\n\t\t\r\n\t\t<div class=\"em-item-image-placeholder\">\r\n\t\t\t<div class=\"date\">\r\n\t\t\t\t<span class=\"day\">04<\/span>\r\n\t\t\t\t<span class=\"month\">Okt.<\/span>\r\n\t\t\t<\/div>\r\n\t\t<\/div>\r\n\t\t\r\n\t<\/div>\r\n\t<div class=\"em-item-info\">\r\n\t\t<div class=\"em-item-name\"><a href=\"https:\/\/unser-quartier.de\/bauchem\/events\/gkkulturgut-konzert-und-lesung\/\" data-wpel-link=\"internal\">GKKULTURgut!: Konzert und Lesung<\/a><\/div>\r\n\t\t<div class=\"em-item-meta\">\r\n\t\t\t<div class=\"em-item-meta-line em-event-date em-event-meta-datetime\">\r\n\t\t\t\t<span class=\"em-icon em-icon-calendar\"><\/span>\r\n\t\t\t\t<span>4 Okt. 26<\/span>\r\n\t\t\t<\/div>\r\n\t\t\t<div class=\"em-item-meta-line em-event-location em-event-meta-location\">\r\n\t\t\t\t<span class=\"em-icon em-icon-location\"><\/span>\r\n\t\t\t\t<span>Geilenkirchen<\/span>\r\n\t\t\t<\/div>\r\n\t\t<\/div>\r\n\t<\/div>\r\n<\/div>\t\t\t\t\t<\/div><!-- content -->\n\t\t\t<\/div><!-- modal -->\n<\/div>\t\t\t<\/section><\/div>\n<script>\n\t{\n\t\tlet el = document.getElementById('em-calendar-771597028').querySelector('.em-cal-body');\n\t\tlet width = el.firstElementChild.getBoundingClientRect().width;\n\t\tif (width > 0) {\n\t\t\tel.style.setProperty('--grid-auto-rows', 'minmax(' + width + 'px, auto)');\n\t\t}\n\t}\n<\/script>\t\t\t<div class=\"em-view-custom-data\" id=\"em-view-custom-data-771597028\">\r\n\t\t\t\t\t\t\t\t<form class=\"em-view-custom-data-search\" id=\"em-view-custom-data-search-771597028\">\r\n\t\t\t\t\t\t\t\t\t\t<input type=\"hidden\" name=\"css\" value=\"1\">\r\n\t\t\t\t\t\t\t\t\t\t<input type=\"hidden\" name=\"search_action\" value=\"search_events\">\r\n\t\t\t\t\t\t\t\t\t\t<input type=\"hidden\" name=\"search_advanced_text\" value=\"Erweiterte Suche anzeigen\">\r\n\t\t\t\t\t\t\t\t\t\t<input type=\"hidden\" name=\"search_text_show\" value=\"Erweiterte Suche anzeigen\">\r\n\t\t\t\t\t\t\t\t\t\t<input type=\"hidden\" name=\"search_text_hide\" value=\"Erweiterte Suche verbergen\">\r\n\t\t\t\t\t\t\t\t\t\t<input type=\"hidden\" name=\"search_button\" value=\"Suche\">\r\n\t\t\t\t\t\t\t\t\t\t<input type=\"hidden\" name=\"saved_searches\" value=\"\">\r\n\t\t\t\t\t\t\t\t\t\t<input type=\"hidden\" name=\"search_advanced_style\" value=\"accordion\">\r\n\t\t\t\t\t\t\t\t\t\t<input type=\"hidden\" name=\"search_multiselect_style\" value=\"always-open\">\r\n\t\t\t\t\t\t\t\t\t\t<input type=\"hidden\" name=\"sorting\" value=\"0\">\r\n\t\t\t\t\t\t\t\t\t\t<input type=\"hidden\" name=\"search_term_main\" value=\"1\">\r\n\t\t\t\t\t\t\t\t\t\t<input type=\"hidden\" name=\"search_term\" value=\"1\">\r\n\t\t\t\t\t\t\t\t\t\t<input type=\"hidden\" name=\"search_term_label\" value=\"Suche\">\r\n\t\t\t\t\t\t\t\t\t\t<input type=\"hidden\" name=\"search_term_advanced\" value=\"1\">\r\n\t\t\t\t\t\t\t\t\t\t<input type=\"hidden\" name=\"search_term_label_advanced\" value=\"Suche\">\r\n\t\t\t\t\t\t\t\t\t\t<input type=\"hidden\" name=\"search_geo\" value=\"1\">\r\n\t\t\t\t\t\t\t\t\t\t<input type=\"hidden\" name=\"geo_label\" value=\"Nahe...\">\r\n\t\t\t\t\t\t\t\t\t\t<input type=\"hidden\" name=\"search_geo_advanced\" value=\"1\">\r\n\t\t\t\t\t\t\t\t\t\t<input type=\"hidden\" name=\"geo_label_advanced\" value=\"Nahe...\">\r\n\t\t\t\t\t\t\t\t\t\t<input type=\"hidden\" name=\"search_geo_units\" value=\"1\">\r\n\t\t\t\t\t\t\t\t\t\t<input type=\"hidden\" name=\"geo_units_label\" value=\"Innerhalb\">\r\n\t\t\t\t\t\t\t\t\t\t<input type=\"hidden\" name=\"geo_distance_values\" value=\"5,10,25,50,100\">\r\n\t\t\t\t\t\t\t\t\t\t<input type=\"hidden\" name=\"search_scope\" value=\"1\">\r\n\t\t\t\t\t\t\t\t\t\t<input type=\"hidden\" name=\"scope_label\" value=\"Datum\">\r\n\t\t\t\t\t\t\t\t\t\t<input type=\"hidden\" name=\"scope_seperator\" value=\"und\">\r\n\t\t\t\t\t\t\t\t\t\t<input type=\"hidden\" name=\"scope_format\" value=\"M j\">\r\n\t\t\t\t\t\t\t\t\t\t<input type=\"hidden\" name=\"search_scope_advanced\" value=\"1\">\r\n\t\t\t\t\t\t\t\t\t\t<input type=\"hidden\" name=\"scope_label_advanced\" value=\"Datum\">\r\n\t\t\t\t\t\t\t\t\t\t<input type=\"hidden\" name=\"scope_seperator_advanced\" value=\"und\">\r\n\t\t\t\t\t\t\t\t\t\t<input type=\"hidden\" name=\"scope_format_advanced\" value=\"M j\">\r\n\t\t\t\t\t\t\t\t\t\t<input type=\"hidden\" name=\"search_eventful_main\" value=\"0\">\r\n\t\t\t\t\t\t\t\t\t\t<input type=\"hidden\" name=\"search_eventful\" value=\"0\">\r\n\t\t\t\t\t\t\t\t\t\t<input type=\"hidden\" name=\"search_eventful_locations_label\" value=\"Orte mit vielen Veranstaltungen?\">\r\n\t\t\t\t\t\t\t\t\t\t<input type=\"hidden\" name=\"search_eventful_locations_tooltip\" value=\"Nur Orte mit bevorstehenden Veranstaltungen anzeigen.\">\r\n\t\t\t\t\t\t\t\t\t\t<input type=\"hidden\" name=\"search_categories\" value=\"1\">\r\n\t\t\t\t\t\t\t\t\t\t<input type=\"hidden\" name=\"category_label\" value=\"Kategorie\">\r\n\t\t\t\t\t\t\t\t\t\t<input type=\"hidden\" name=\"categories_label\" value=\"Alle Kategorien\">\r\n\t\t\t\t\t\t\t\t\t\t<input type=\"hidden\" name=\"categories_placeholder\" value=\"Suche Kategorien\">\r\n\t\t\t\t\t\t\t\t\t\t<input type=\"hidden\" name=\"categories_clear_text\" value=\"Clear Selected\">\r\n\t\t\t\t\t\t\t\t\t\t<input type=\"hidden\" name=\"categories_count_text\" value=\"%d Selected\">\r\n\t\t\t\t\t\t\t\t\t\t<input type=\"hidden\" name=\"categories_include\" value=\"\">\r\n\t\t\t\t\t\t\t\t\t\t<input type=\"hidden\" name=\"categories_exclude\" value=\"\">\r\n\t\t\t\t\t\t\t\t\t\t<input type=\"hidden\" name=\"search_tags\" value=\"0\">\r\n\t\t\t\t\t\t\t\t\t\t<input type=\"hidden\" name=\"tag_label\" value=\"Schlagw\u00f6rter\">\r\n\t\t\t\t\t\t\t\t\t\t<input type=\"hidden\" name=\"tags_label\" value=\"All Tags\">\r\n\t\t\t\t\t\t\t\t\t\t<input type=\"hidden\" name=\"tags_placeholder\" value=\"Suche Schlagw\u00f6rter\">\r\n\t\t\t\t\t\t\t\t\t\t<input type=\"hidden\" name=\"tags_clear_text\" value=\"Clear Selected\">\r\n\t\t\t\t\t\t\t\t\t\t<input type=\"hidden\" name=\"tags_count_text\" value=\"%d Selected\">\r\n\t\t\t\t\t\t\t\t\t\t<input type=\"hidden\" name=\"tags_include\" value=\"\">\r\n\t\t\t\t\t\t\t\t\t\t<input type=\"hidden\" name=\"tags_exclude\" value=\"\">\r\n\t\t\t\t\t\t\t\t\t\t<input type=\"hidden\" name=\"search_countries\" value=\"0\">\r\n\t\t\t\t\t\t\t\t\t\t<input type=\"hidden\" name=\"country_label\" value=\"Land\">\r\n\t\t\t\t\t\t\t\t\t\t<input type=\"hidden\" name=\"countries_label\" value=\"Alle L\u00e4nder\">\r\n\t\t\t\t\t\t\t\t\t\t<input type=\"hidden\" name=\"search_regions\" value=\"0\">\r\n\t\t\t\t\t\t\t\t\t\t<input type=\"hidden\" name=\"region_label\" value=\"Region\">\r\n\t\t\t\t\t\t\t\t\t\t<input type=\"hidden\" name=\"search_states\" value=\"0\">\r\n\t\t\t\t\t\t\t\t\t\t<input type=\"hidden\" name=\"state_label\" value=\"Bundesland\">\r\n\t\t\t\t\t\t\t\t\t\t<input type=\"hidden\" name=\"search_towns\" value=\"1\">\r\n\t\t\t\t\t\t\t\t\t\t<input type=\"hidden\" name=\"town_label\" value=\"Ort\">\r\n\t\t\t\t\t\t\t\t\t\t<input type=\"hidden\" name=\"show_main\" value=\"1\">\r\n\t\t\t\t\t\t\t\t\t\t<input type=\"hidden\" name=\"show_advanced\" value=\"1\">\r\n\t\t\t\t\t\t\t\t\t\t<input type=\"hidden\" name=\"advanced_mode\" value=\"modal\">\r\n\t\t\t\t\t\t\t\t\t\t<input type=\"hidden\" name=\"advanced_hidden\" value=\"1\">\r\n\t\t\t\t\t\t\t\t\t\t<input type=\"hidden\" name=\"advanced_trigger\" value=\"1\">\r\n\t\t\t\t\t\t\t\t\t\t<input type=\"hidden\" name=\"main_classes\" value=\"css-search,em-search-legacy,has-search-term,has-search-geo,has-search-main,has-advanced,advanced-hidden\">\r\n\t\t\t\t\t\t\t\t\t\t<input type=\"hidden\" name=\"css_classes_advanced\" value=\"\">\r\n\t\t\t\t\t\t\t\t\t\t<input type=\"hidden\" name=\"id\" value=\"771597028\">\r\n\t\t\t\t\t\t\t\t\t\t<input type=\"hidden\" name=\"scope\" value=\"all\">\r\n\t\t\t\t\t\t\t\t\t\t<input type=\"hidden\" name=\"calendar_size\" value=\"\">\r\n\t\t\t\t\t\t\t\t\t\t<input type=\"hidden\" name=\"has_advanced_trigger\" value=\"0\">\r\n\t\t\t\t\t\t\t\t\t<\/form>\r\n\t\t\t\t<form class=\"em-view-custom-data-calendar\" id=\"em-view-custom-data-calendar-771597028\">\r\n\t\t\t\t\t\t\t\t\t\t\t<input type=\"hidden\" name=\"long_events\" value=\"1\">\r\n\t\t\t\t\t\t\t\t\t\t\t<input type=\"hidden\" name=\"full\" value=\"1\">\r\n\t\t\t\t\t\t\t\t\t\t\t<input type=\"hidden\" name=\"id\" value=\"771597028\">\r\n\t\t\t\t\t\t\t\t\t\t\t<input type=\"hidden\" name=\"scope\" value=\"all\">\r\n\t\t\t\t\t\t\t\t\t\t\t<input type=\"hidden\" name=\"calendar_size\" value=\"\">\r\n\t\t\t\t\t\t\t\t\t\t\t<input type=\"hidden\" name=\"has_advanced_trigger\" value=\"0\">\r\n\t\t\t\t\t\t\t\t\t<\/form>\r\n\t\t\t<\/div>\r\n\t\t<\/div>\r\n\t\t\n","protected":false},"excerpt":{"rendered":"<p>Auf dieser Seite finden Sie unsere Veranstaltungen in kalendarischer Darstellung. Klicken Sie in der Kalendernavigation um zwischen den einzelnen Monaten hin und her zu wechseln.<\/p>\n","protected":false},"author":398,"featured_media":0,"parent":3,"menu_order":2,"comment_status":"closed","ping_status":"closed","template":"","meta":{"ngg_post_thumbnail":0,"generate_page_header":"","footnotes":""},"class_list":["post-1070","page","type-page","status-publish"],"_links":{"self":[{"href":"https:\/\/unser-quartier.de\/bauchem\/wp-json\/wp\/v2\/pages\/1070","targetHints":{"allow":["GET"]}}],"collection":[{"href":"https:\/\/unser-quartier.de\/bauchem\/wp-json\/wp\/v2\/pages"}],"about":[{"href":"https:\/\/unser-quartier.de\/bauchem\/wp-json\/wp\/v2\/types\/page"}],"author":[{"embeddable":true,"href":"https:\/\/unser-quartier.de\/bauchem\/wp-json\/wp\/v2\/users\/398"}],"replies":[{"embeddable":true,"href":"https:\/\/unser-quartier.de\/bauchem\/wp-json\/wp\/v2\/comments?post=1070"}],"version-history":[{"count":0,"href":"https:\/\/unser-quartier.de\/bauchem\/wp-json\/wp\/v2\/pages\/1070\/revisions"}],"up":[{"embeddable":true,"href":"https:\/\/unser-quartier.de\/bauchem\/wp-json\/wp\/v2\/pages\/3"}],"wp:attachment":[{"href":"https:\/\/unser-quartier.de\/bauchem\/wp-json\/wp\/v2\/media?parent=1070"}],"curies":[{"name":"wp","href":"https:\/\/api.w.org\/{rel}","templated":true}]}}