{"id":5492,"date":"2025-02-25T18:02:03","date_gmt":"2025-02-25T17:02:03","guid":{"rendered":"https:\/\/unser-quartier.de\/emsdeich-skulpturen\/?page_id=5492"},"modified":"2025-05-09T21:24:23","modified_gmt":"2025-05-09T19:24:23","slug":"wolkenfabrik-4","status":"publish","type":"page","link":"https:\/\/unser-quartier.de\/emsdeich-skulpturen\/wolkenfabrik-4\/","title":{"rendered":"WOLKENfabrik"},"content":{"rendered":"<p><strong><span style=\"font-family: arial, helvetica, sans-serif; font-size: 14pt;\">1. Name, Vita, evtl. Link zur Homepage<\/span><\/strong><\/p>\n<p style=\"padding-left: 40px;\"><span style=\"font-family: arial, helvetica, sans-serif;\">\u2022 Anna Arnsk\u00f6tter<\/span><img loading=\"lazy\" decoding=\"async\" class=\"wpa-warning wpa-image-missing-alt  wp-image-5618 alignright\" src=\"https:\/\/unser-quartier.de\/emsdeich-skulpturen\/files\/2025\/05\/Anna_Arnskoetter_F-300x366.png\" alt=\"\" width=\"134\" height=\"163\" data-warning=\"Missing alt text\" srcset=\"https:\/\/unser-quartier.de\/emsdeich-skulpturen\/files\/2025\/05\/Anna_Arnskoetter_F-300x366.png 300w, https:\/\/unser-quartier.de\/emsdeich-skulpturen\/files\/2025\/05\/Anna_Arnskoetter_F-150x183.png 150w, https:\/\/unser-quartier.de\/emsdeich-skulpturen\/files\/2025\/05\/Anna_Arnskoetter_F.png 336w\" sizes=\"auto, (max-width: 134px) 100vw, 134px\" \/><br \/>\n<span style=\"font-family: arial, helvetica, sans-serif;\">Geboren 1961 in Greven<br \/>\n<\/span><span style=\"font-family: arial, helvetica, sans-serif;\">1980 \u2013 1984 Studium der Bildhauerei an der Freien Akademie N\u00fcrtingen<\/span><br \/>\n<span style=\"font-family: arial, helvetica, sans-serif;\">1993 Kunsthochaschule Weissensee Berlin<\/span><br \/>\n<span style=\"font-family: arial, helvetica, sans-serif;\">1995 3. Bildhauerinnen Symposium Pr\u00f6sitz<\/span><br \/>\n<span style=\"font-family: arial, helvetica, sans-serif;\">1998 Internationale Schneeskulpturenwettbewerb Nuuk, Gr\u00f6nland<\/span><br \/>\n<span style=\"font-family: arial, helvetica, sans-serif;\">2000 F\u00f6rderpreis der Darmst\u00e4dter Sezession, <\/span><span style=\"font-family: arial, helvetica, sans-serif;\">4. Symposium Kulmbach<\/span><br \/>\n<span style=\"font-family: arial, helvetica, sans-serif;\">2002 Stipendium Sommeratelier Kunstverein Greven<\/span><br \/>\n<span style=\"font-family: arial, helvetica, sans-serif;\">2003 Stipendium der K\u00e4the-Dorsch Stiftung, Berlin<\/span><br \/>\n<span style=\"font-family: arial, helvetica, sans-serif;\">2003 Translokationen, Architektur der Nomaden, <\/span><span style=\"font-family: arial, helvetica, sans-serif;\">Symposium, Potsdam<\/span><br \/>\n<span style=\"font-family: arial, helvetica, sans-serif;\">2006 2. Preistr\u00e4ger Kreiselkunstwettbewerb Greven<\/span><br \/>\n<span style=\"font-family: arial, helvetica, sans-serif;\">seit 2012 Mitglied bei Xylon, Deutschland<\/span><br \/>\n<span style=\"font-family: arial, helvetica, sans-serif;\">2013 3. Vogtl\u00e4ndisches Grafiksymposium<\/span><br \/>\n<span style=\"font-family: arial, helvetica, sans-serif;\">2014 Realisierung einer Bank aus Beton f\u00fcr Fehrbellin<\/span><br \/>\n<span style=\"font-family: arial, helvetica, sans-serif;\">Lebt und arbeitet in Lentzke, Brandenburg<br \/>\n<\/span><br \/>\n<span style=\"font-family: arial, helvetica, sans-serif;\">\u2022 Anna Arnsk\u00f6tter erschafft mit ihren Keramiken besondere Orte, die scheinbar losgel\u00f6st von einer Umgebung existieren. Sie ziehen irrlichternde Gedanken magisch an, geben ihnen einen Schutzraum, einen Platz wo sie hingeh\u00f6ren und sich sammeln k\u00f6nnen. Es sind Antworten; Zufluchtsst\u00e4tten f\u00fcr geistige Inhalte, die gemeinhin keine Heimat haben.<br \/>\n<\/span><br \/>\n<span style=\"font-family: arial, helvetica, sans-serif;\">\u2022 <a href=\"https:\/\/www.galerie-tobias-schrade.de\/kuenstler\/anna-arnskoetter\/\">Anna Arnsk\u00f6tter<\/a><\/span><\/p>\n<p><strong><span style=\"font-family: arial, helvetica, sans-serif; font-size: 14pt;\">2. Allgemeines\/Schwerpunkte des individuellen k\u00fcnstlerischen Schaffens<\/span><\/strong><\/p>\n<p style=\"padding-left: 40px;\"><span style=\"font-family: arial, helvetica, sans-serif;\">\u2022 Skulpturen \/ Keramik<\/span><\/p>\n<p><strong><span style=\"font-family: arial, helvetica, sans-serif; font-size: 14pt;\">3. Aussagen zum Kunstwerk<\/span><\/strong><\/p>\n<p style=\"padding-left: 40px;\"><strong><span style=\"font-family: arial, helvetica, sans-serif;\">a) WOLKENfabrik<\/span><\/strong><br \/>\n<span style=\"font-family: arial, helvetica, sans-serif;\">Die rauchenden Fabrikschlote der Textilstadt sind erloschen, werden verwandelt in einen Turm, der die Fabrik tr\u00e4gt. Die Wolke umh\u00fcllt die Fabrik, der Wind treibt sie zum Meer hin, wo die Ems in die Nordsee m\u00fcndet. <\/span><br \/>\n<span style=\"font-family: arial, helvetica, sans-serif;\">Und der Schornstein wird zum Leuchtturm. <\/span><br \/>\n<strong><span style=\"font-family: arial, helvetica, sans-serif;\">b) Erg\u00e4nzungen zum bisherigen Schildtext<\/span><\/strong><br \/>\n<span style=\"font-family: arial, helvetica, sans-serif;\">Auf einer 3m hohen Stele in Form eines Fabrikschornsteins steht ein Geb\u00e4ude, welches exemplarisch f\u00fcr die Industriearchitektur des 19. Jahrhunderts steht.Auf ihm ruht oder lastet eine grosse Wolke, es k\u00f6nnte auch Rauch sein, und sie umh\u00fcllt den kleinen Schornstein des Geb\u00e4udes. <\/span><br \/>\n<span style=\"font-family: arial, helvetica, sans-serif;\">Greven, die Textilstadt an der Ems, war einst eine Stadt mit vielen rauchenden Schornsteinen. Gro\u00dfe Teile der Bev\u00f6lkerung waren in der Textilindustrie besch\u00e4ftigt. Die Schornsteine sind lange schon versiegt, die Grevener Baumwollspinnerei ist mittlerweile ein Kulturzentrum geworden. In meinem Entwurf verwandeln sich die Fabrikschlote in Kunst, werden Teil einer Skulptur, der Schornstein tr\u00e4gt die Fabrik und die Wolke tr\u00e4gt den Schornstein. Der Wind weht zum Meer hin, wo die Ems in die Nordsee m\u00fcndet. Und der Schornstein wird zum Leuchtturm.<\/span><br \/>\n<strong><span style=\"font-family: arial, helvetica, sans-serif;\">c) Technisches zum Werk: z.B. H\u00f6he, Material, Gewicht<\/span><\/strong><br \/>\n<span style=\"font-family: arial, helvetica, sans-serif;\">2021 Stadt Greven, auf dem Emsdeich in Greven, <\/span><br \/>\n<span style=\"font-family: arial, helvetica, sans-serif;\">Ziegel, Keramik, Kunststoff <\/span><br \/>\n<span style=\"font-family: arial, helvetica, sans-serif;\">Material Schornstein: Keramik hochgebrannt, versehen mit Stahlrohr<\/span><br \/>\n<span style=\"font-family: arial, helvetica, sans-serif;\">und verf\u00fcllt mit Beton Ma\u00dfe: 300x50x50 cm<\/span><br \/>\n<span style=\"font-family: arial, helvetica, sans-serif;\">Material Fabrikgeb\u00e4ude: Cortenstahl 170x60x60 cm<\/span><br \/>\n<span style=\"font-family: arial, helvetica, sans-serif;\">Material Wolke: Carbonfaser (Polyester) \u00fcber Eisenskelett <\/span><br \/>\n<span style=\"font-family: arial, helvetica, sans-serif;\">mit Fabrik verbunden ca. 55x134x85 cm<\/span><br \/>\n<span style=\"font-family: arial, helvetica, sans-serif;\">H\u00f6he gesamt: 470 cm<br \/>\n<strong>d) Gef\u00f6rdert durch<br \/>\n<\/strong><\/span><img loading=\"lazy\" decoding=\"async\" class=\"wpa-warning wpa-image-missing-alt alignnone  wp-image-5620\" src=\"https:\/\/unser-quartier.de\/emsdeich-skulpturen\/files\/2025\/05\/Arnskoetter_2-300x128.jpg\" alt=\"\" width=\"267\" height=\"114\" data-warning=\"Missing alt text\" srcset=\"https:\/\/unser-quartier.de\/emsdeich-skulpturen\/files\/2025\/05\/Arnskoetter_2-300x128.jpg 300w, https:\/\/unser-quartier.de\/emsdeich-skulpturen\/files\/2025\/05\/Arnskoetter_2-150x64.jpg 150w, https:\/\/unser-quartier.de\/emsdeich-skulpturen\/files\/2025\/05\/Arnskoetter_2.jpg 308w\" sizes=\"auto, (max-width: 267px) 100vw, 267px\" \/>\u00a0 \u00a0 \u00a0 \u00a0 <img loading=\"lazy\" decoding=\"async\" class=\"wpa-warning wpa-image-missing-alt  wp-image-5619 alignnone\" src=\"https:\/\/unser-quartier.de\/emsdeich-skulpturen\/files\/2025\/05\/Arnskoetter_1.jpg\" alt=\"\" width=\"135\" height=\"158\" data-warning=\"Missing alt text\" srcset=\"https:\/\/unser-quartier.de\/emsdeich-skulpturen\/files\/2025\/05\/Arnskoetter_1.jpg 202w, https:\/\/unser-quartier.de\/emsdeich-skulpturen\/files\/2025\/05\/Arnskoetter_1-150x175.jpg 150w\" sizes=\"auto, (max-width: 135px) 100vw, 135px\" \/>\u00a0 \u00a0 \u00a0<span style=\"font-family: arial, helvetica, sans-serif;\">und andere Sponsoren<\/span><\/p>\n<div class=\"wp-block-image\"><\/div>\n<div class=\"wp-block-image\"><\/div>\n<p style=\"padding-left: 40px;\"><span style=\"font-family: arial, helvetica, sans-serif;\"><strong>e) Fotos, wenn m\u00f6glich: Entstehung, Transport, Aufbau, evtl. Einweihung<\/strong><\/span><\/p>\n<div id='gallery-2' class='gallery galleryid-5492 gallery-columns-3 gallery-size-thumbnail'><figure class='gallery-item'>\n\t\t\t<div class='gallery-icon portrait'>\n\t\t\t\t<a href='https:\/\/unser-quartier.de\/emsdeich-skulpturen\/files\/2025\/02\/Wolkenfabrik-Skizze.jpg'><img loading=\"lazy\" decoding=\"async\" width=\"150\" height=\"362\" src=\"https:\/\/unser-quartier.de\/emsdeich-skulpturen\/files\/2025\/02\/Wolkenfabrik-Skizze-150x362.jpg\" class=\"attachment-thumbnail size-thumbnail\" alt=\"\" aria-describedby=\"gallery-2-5502\" srcset=\"https:\/\/unser-quartier.de\/emsdeich-skulpturen\/files\/2025\/02\/Wolkenfabrik-Skizze-150x362.jpg 150w, https:\/\/unser-quartier.de\/emsdeich-skulpturen\/files\/2025\/02\/Wolkenfabrik-Skizze-300x724.jpg 300w, https:\/\/unser-quartier.de\/emsdeich-skulpturen\/files\/2025\/02\/Wolkenfabrik-Skizze-424x1024.jpg 424w, https:\/\/unser-quartier.de\/emsdeich-skulpturen\/files\/2025\/02\/Wolkenfabrik-Skizze.jpg 497w\" sizes=\"auto, (max-width: 150px) 100vw, 150px\" \/><\/a>\n\t\t\t<\/div>\n\t\t\t\t<figcaption class='wp-caption-text gallery-caption' id='gallery-2-5502'>\n\t\t\t\tModell WOLKENfabrik\n\t\t\t\t<\/figcaption><\/figure><figure class='gallery-item'>\n\t\t\t<div class='gallery-icon portrait'>\n\t\t\t\t<a href='https:\/\/unser-quartier.de\/emsdeich-skulpturen\/files\/2025\/02\/IMG-20200926-WA0001.jpg'><img loading=\"lazy\" decoding=\"async\" width=\"150\" height=\"200\" src=\"https:\/\/unser-quartier.de\/emsdeich-skulpturen\/files\/2025\/02\/IMG-20200926-WA0001-150x200.jpg\" class=\"attachment-thumbnail size-thumbnail\" alt=\"\" aria-describedby=\"gallery-2-5496\" srcset=\"https:\/\/unser-quartier.de\/emsdeich-skulpturen\/files\/2025\/02\/IMG-20200926-WA0001-150x200.jpg 150w, https:\/\/unser-quartier.de\/emsdeich-skulpturen\/files\/2025\/02\/IMG-20200926-WA0001-300x400.jpg 300w, https:\/\/unser-quartier.de\/emsdeich-skulpturen\/files\/2025\/02\/IMG-20200926-WA0001-768x1023.jpg 768w, https:\/\/unser-quartier.de\/emsdeich-skulpturen\/files\/2025\/02\/IMG-20200926-WA0001-1153x1536.jpg 1153w, https:\/\/unser-quartier.de\/emsdeich-skulpturen\/files\/2025\/02\/IMG-20200926-WA0001.jpg 1200w\" sizes=\"auto, (max-width: 150px) 100vw, 150px\" \/><\/a>\n\t\t\t<\/div>\n\t\t\t\t<figcaption class='wp-caption-text gallery-caption' id='gallery-2-5496'>\n\t\t\t\tStandortsuche ..\n\t\t\t\t<\/figcaption><\/figure><figure class='gallery-item'>\n\t\t\t<div class='gallery-icon portrait'>\n\t\t\t\t<a href='https:\/\/unser-quartier.de\/emsdeich-skulpturen\/files\/2025\/02\/IMG-20200901-WA0004.jpg'><img loading=\"lazy\" decoding=\"async\" width=\"150\" height=\"200\" src=\"https:\/\/unser-quartier.de\/emsdeich-skulpturen\/files\/2025\/02\/IMG-20200901-WA0004-150x200.jpg\" class=\"attachment-thumbnail size-thumbnail\" alt=\"\" aria-describedby=\"gallery-2-5495\" srcset=\"https:\/\/unser-quartier.de\/emsdeich-skulpturen\/files\/2025\/02\/IMG-20200901-WA0004-150x200.jpg 150w, https:\/\/unser-quartier.de\/emsdeich-skulpturen\/files\/2025\/02\/IMG-20200901-WA0004-300x400.jpg 300w, https:\/\/unser-quartier.de\/emsdeich-skulpturen\/files\/2025\/02\/IMG-20200901-WA0004-768x1024.jpg 768w, https:\/\/unser-quartier.de\/emsdeich-skulpturen\/files\/2025\/02\/IMG-20200901-WA0004-1152x1536.jpg 1152w, https:\/\/unser-quartier.de\/emsdeich-skulpturen\/files\/2025\/02\/IMG-20200901-WA0004.jpg 1200w\" sizes=\"auto, (max-width: 150px) 100vw, 150px\" \/><\/a>\n\t\t\t<\/div>\n\t\t\t\t<figcaption class='wp-caption-text gallery-caption' id='gallery-2-5495'>\n\t\t\t\t&#8230; geht weiter\n\t\t\t\t<\/figcaption><\/figure><figure class='gallery-item'>\n\t\t\t<div class='gallery-icon portrait'>\n\t\t\t\t<a href='https:\/\/unser-quartier.de\/emsdeich-skulpturen\/files\/2025\/02\/IMG-20210602-WA0004.jpg'><img loading=\"lazy\" decoding=\"async\" width=\"150\" height=\"200\" src=\"https:\/\/unser-quartier.de\/emsdeich-skulpturen\/files\/2025\/02\/IMG-20210602-WA0004-150x200.jpg\" class=\"attachment-thumbnail size-thumbnail\" alt=\"\" aria-describedby=\"gallery-2-5497\" srcset=\"https:\/\/unser-quartier.de\/emsdeich-skulpturen\/files\/2025\/02\/IMG-20210602-WA0004-150x200.jpg 150w, https:\/\/unser-quartier.de\/emsdeich-skulpturen\/files\/2025\/02\/IMG-20210602-WA0004-300x400.jpg 300w, https:\/\/unser-quartier.de\/emsdeich-skulpturen\/files\/2025\/02\/IMG-20210602-WA0004-769x1024.jpg 769w, https:\/\/unser-quartier.de\/emsdeich-skulpturen\/files\/2025\/02\/IMG-20210602-WA0004-768x1023.jpg 768w, https:\/\/unser-quartier.de\/emsdeich-skulpturen\/files\/2025\/02\/IMG-20210602-WA0004.jpg 901w\" sizes=\"auto, (max-width: 150px) 100vw, 150px\" \/><\/a>\n\t\t\t<\/div>\n\t\t\t\t<figcaption class='wp-caption-text gallery-caption' id='gallery-2-5497'>\n\t\t\t\tder Schornstein wird gemauert\n\t\t\t\t<\/figcaption><\/figure><figure class='gallery-item'>\n\t\t\t<div class='gallery-icon portrait'>\n\t\t\t\t<a href='https:\/\/unser-quartier.de\/emsdeich-skulpturen\/files\/2025\/02\/20210623_173128.jpg'><img loading=\"lazy\" decoding=\"async\" width=\"150\" height=\"267\" src=\"https:\/\/unser-quartier.de\/emsdeich-skulpturen\/files\/2025\/02\/20210623_173128-150x267.jpg\" class=\"attachment-thumbnail size-thumbnail\" alt=\"\" aria-describedby=\"gallery-2-5493\" srcset=\"https:\/\/unser-quartier.de\/emsdeich-skulpturen\/files\/2025\/02\/20210623_173128-150x267.jpg 150w, https:\/\/unser-quartier.de\/emsdeich-skulpturen\/files\/2025\/02\/20210623_173128-300x533.jpg 300w, https:\/\/unser-quartier.de\/emsdeich-skulpturen\/files\/2025\/02\/20210623_173128-576x1024.jpg 576w, https:\/\/unser-quartier.de\/emsdeich-skulpturen\/files\/2025\/02\/20210623_173128.jpg 675w\" sizes=\"auto, (max-width: 150px) 100vw, 150px\" \/><\/a>\n\t\t\t<\/div>\n\t\t\t\t<figcaption class='wp-caption-text gallery-caption' id='gallery-2-5493'>\n\t\t\t\t..fast fertig\n\t\t\t\t<\/figcaption><\/figure><figure class='gallery-item'>\n\t\t\t<div class='gallery-icon portrait'>\n\t\t\t\t<a href='https:\/\/unser-quartier.de\/emsdeich-skulpturen\/files\/2025\/02\/P1000299.jpg'><img loading=\"lazy\" decoding=\"async\" width=\"150\" height=\"225\" src=\"https:\/\/unser-quartier.de\/emsdeich-skulpturen\/files\/2025\/02\/P1000299-150x225.jpg\" class=\"attachment-thumbnail size-thumbnail\" alt=\"\" aria-describedby=\"gallery-2-5498\" srcset=\"https:\/\/unser-quartier.de\/emsdeich-skulpturen\/files\/2025\/02\/P1000299-150x225.jpg 150w, https:\/\/unser-quartier.de\/emsdeich-skulpturen\/files\/2025\/02\/P1000299-300x450.jpg 300w, https:\/\/unser-quartier.de\/emsdeich-skulpturen\/files\/2025\/02\/P1000299-683x1024.jpg 683w, https:\/\/unser-quartier.de\/emsdeich-skulpturen\/files\/2025\/02\/P1000299-768x1152.jpg 768w, https:\/\/unser-quartier.de\/emsdeich-skulpturen\/files\/2025\/02\/P1000299.jpg 800w\" sizes=\"auto, (max-width: 150px) 100vw, 150px\" \/><\/a>\n\t\t\t<\/div>\n\t\t\t\t<figcaption class='wp-caption-text gallery-caption' id='gallery-2-5498'>\n\t\t\t\tTag der \u00dcbergabe\n\t\t\t\t<\/figcaption><\/figure><figure class='gallery-item'>\n\t\t\t<div class='gallery-icon portrait'>\n\t\t\t\t<a href='https:\/\/unser-quartier.de\/emsdeich-skulpturen\/files\/2025\/02\/P1000307.jpg'><img loading=\"lazy\" decoding=\"async\" width=\"150\" height=\"225\" src=\"https:\/\/unser-quartier.de\/emsdeich-skulpturen\/files\/2025\/02\/P1000307-150x225.jpg\" class=\"attachment-thumbnail size-thumbnail\" alt=\"\" aria-describedby=\"gallery-2-5499\" srcset=\"https:\/\/unser-quartier.de\/emsdeich-skulpturen\/files\/2025\/02\/P1000307-150x225.jpg 150w, https:\/\/unser-quartier.de\/emsdeich-skulpturen\/files\/2025\/02\/P1000307-300x450.jpg 300w, https:\/\/unser-quartier.de\/emsdeich-skulpturen\/files\/2025\/02\/P1000307-683x1024.jpg 683w, https:\/\/unser-quartier.de\/emsdeich-skulpturen\/files\/2025\/02\/P1000307-768x1152.jpg 768w, https:\/\/unser-quartier.de\/emsdeich-skulpturen\/files\/2025\/02\/P1000307.jpg 800w\" sizes=\"auto, (max-width: 150px) 100vw, 150px\" \/><\/a>\n\t\t\t<\/div>\n\t\t\t\t<figcaption class='wp-caption-text gallery-caption' id='gallery-2-5499'>\n\t\t\t\tdie K\u00fcnstlerin\n\t\t\t\t<\/figcaption><\/figure><figure class='gallery-item'>\n\t\t\t<div class='gallery-icon landscape'>\n\t\t\t\t<a href='https:\/\/unser-quartier.de\/emsdeich-skulpturen\/files\/2025\/02\/WN_14-07-2021_Titel.jpg'><img loading=\"lazy\" decoding=\"async\" width=\"150\" height=\"100\" src=\"https:\/\/unser-quartier.de\/emsdeich-skulpturen\/files\/2025\/02\/WN_14-07-2021_Titel-150x100.jpg\" class=\"attachment-thumbnail size-thumbnail\" alt=\"\" aria-describedby=\"gallery-2-5501\" srcset=\"https:\/\/unser-quartier.de\/emsdeich-skulpturen\/files\/2025\/02\/WN_14-07-2021_Titel-150x100.jpg 150w, https:\/\/unser-quartier.de\/emsdeich-skulpturen\/files\/2025\/02\/WN_14-07-2021_Titel-300x200.jpg 300w, https:\/\/unser-quartier.de\/emsdeich-skulpturen\/files\/2025\/02\/WN_14-07-2021_Titel.jpg 708w\" sizes=\"auto, (max-width: 150px) 100vw, 150px\" \/><\/a>\n\t\t\t<\/div>\n\t\t\t\t<figcaption class='wp-caption-text gallery-caption' id='gallery-2-5501'>\n\t\t\t\t..zieht auch selbst den Knoten auf\n\t\t\t\t<\/figcaption><\/figure><figure class='gallery-item'>\n\t\t\t<div class='gallery-icon portrait'>\n\t\t\t\t<a href='https:\/\/unser-quartier.de\/emsdeich-skulpturen\/files\/2025\/02\/Wolkenfabrik_30062021.jpg'><img loading=\"lazy\" decoding=\"async\" width=\"150\" height=\"196\" src=\"https:\/\/unser-quartier.de\/emsdeich-skulpturen\/files\/2025\/02\/Wolkenfabrik_30062021-150x196.jpg\" class=\"attachment-thumbnail size-thumbnail\" alt=\"\" srcset=\"https:\/\/unser-quartier.de\/emsdeich-skulpturen\/files\/2025\/02\/Wolkenfabrik_30062021-150x196.jpg 150w, https:\/\/unser-quartier.de\/emsdeich-skulpturen\/files\/2025\/02\/Wolkenfabrik_30062021-300x392.jpg 300w, https:\/\/unser-quartier.de\/emsdeich-skulpturen\/files\/2025\/02\/Wolkenfabrik_30062021.jpg 601w\" sizes=\"auto, (max-width: 150px) 100vw, 150px\" \/><\/a>\n\t\t\t<\/div><\/figure><figure class='gallery-item'>\n\t\t\t<div class='gallery-icon portrait'>\n\t\t\t\t<a href='https:\/\/unser-quartier.de\/emsdeich-skulpturen\/files\/2025\/02\/20231112_130532.jpg'><img loading=\"lazy\" decoding=\"async\" width=\"150\" height=\"333\" src=\"https:\/\/unser-quartier.de\/emsdeich-skulpturen\/files\/2025\/02\/20231112_130532-150x333.jpg\" class=\"attachment-thumbnail size-thumbnail\" alt=\"\" aria-describedby=\"gallery-2-5494\" srcset=\"https:\/\/unser-quartier.de\/emsdeich-skulpturen\/files\/2025\/02\/20231112_130532-150x333.jpg 150w, https:\/\/unser-quartier.de\/emsdeich-skulpturen\/files\/2025\/02\/20231112_130532-300x667.jpg 300w, https:\/\/unser-quartier.de\/emsdeich-skulpturen\/files\/2025\/02\/20231112_130532-461x1024.jpg 461w, https:\/\/unser-quartier.de\/emsdeich-skulpturen\/files\/2025\/02\/20231112_130532.jpg 540w\" sizes=\"auto, (max-width: 150px) 100vw, 150px\" \/><\/a>\n\t\t\t<\/div>\n\t\t\t\t<figcaption class='wp-caption-text gallery-caption' id='gallery-2-5494'>\n\t\t\t\tWOLKENfabrik am Emsdeich\n\t\t\t\t<\/figcaption><\/figure>\n\t\t<\/div>\n\n","protected":false},"excerpt":{"rendered":"<p>1. Name, Vita, evtl. Link zur Homepage \u2022 Anna Arnsk\u00f6tter Geboren 1961 in Greven 1980 \u2013 1984 Studium der Bildhauerei an der Freien Akademie N\u00fcrtingen &#8230; <a title=\"WOLKENfabrik\" class=\"read-more\" href=\"https:\/\/unser-quartier.de\/emsdeich-skulpturen\/wolkenfabrik-4\/\" aria-label=\"Mehr Informationen \u00fcber WOLKENfabrik\">weiterlesen &#8230;<\/a><\/p>\n","protected":false},"author":301,"featured_media":5500,"parent":0,"menu_order":0,"comment_status":"closed","ping_status":"closed","template":"","meta":{"generate_page_header":"","footnotes":""},"class_list":{"0":"post-5492","1":"page","2":"type-page","3":"status-publish","4":"has-post-thumbnail","6":"infinite-scroll-item","7":"resize-featured-image"},"_links":{"self":[{"href":"https:\/\/unser-quartier.de\/emsdeich-skulpturen\/wp-json\/wp\/v2\/pages\/5492","targetHints":{"allow":["GET"]}}],"collection":[{"href":"https:\/\/unser-quartier.de\/emsdeich-skulpturen\/wp-json\/wp\/v2\/pages"}],"about":[{"href":"https:\/\/unser-quartier.de\/emsdeich-skulpturen\/wp-json\/wp\/v2\/types\/page"}],"author":[{"embeddable":true,"href":"https:\/\/unser-quartier.de\/emsdeich-skulpturen\/wp-json\/wp\/v2\/users\/301"}],"replies":[{"embeddable":true,"href":"https:\/\/unser-quartier.de\/emsdeich-skulpturen\/wp-json\/wp\/v2\/comments?post=5492"}],"version-history":[{"count":2,"href":"https:\/\/unser-quartier.de\/emsdeich-skulpturen\/wp-json\/wp\/v2\/pages\/5492\/revisions"}],"predecessor-version":[{"id":5621,"href":"https:\/\/unser-quartier.de\/emsdeich-skulpturen\/wp-json\/wp\/v2\/pages\/5492\/revisions\/5621"}],"wp:featuredmedia":[{"embeddable":true,"href":"https:\/\/unser-quartier.de\/emsdeich-skulpturen\/wp-json\/wp\/v2\/media\/5500"}],"wp:attachment":[{"href":"https:\/\/unser-quartier.de\/emsdeich-skulpturen\/wp-json\/wp\/v2\/media?parent=5492"}],"curies":[{"name":"wp","href":"https:\/\/api.w.org\/{rel}","templated":true}]}}