{"id":5506,"date":"2025-02-25T21:41:24","date_gmt":"2025-02-25T20:41:24","guid":{"rendered":"https:\/\/unser-quartier.de\/emsdeich-skulpturen\/?page_id=5506"},"modified":"2025-07-20T10:59:50","modified_gmt":"2025-07-20T08:59:50","slug":"kopfhand-2","status":"publish","type":"page","link":"https:\/\/unser-quartier.de\/emsdeich-skulpturen\/kopfhand-2\/","title":{"rendered":"Kopfhand"},"content":{"rendered":"<p><strong><span style=\"font-family: arial, helvetica, sans-serif; font-size: 14pt;\">1. Name, Vita, evtl. Link zur Homepage<\/span><\/strong><\/p>\n<div class=\"wp-block-image\"><img loading=\"lazy\" decoding=\"async\" class=\"wpa-warning wpa-image-missing-alt alignright wp-image-5636 \" src=\"https:\/\/unser-quartier.de\/emsdeich-skulpturen\/files\/2025\/05\/Ernie-300x442.jpg\" alt=\"Ernie Huesmann\" width=\"128\" height=\"188\" data-warning=\"Missing alt text\" srcset=\"https:\/\/unser-quartier.de\/emsdeich-skulpturen\/files\/2025\/05\/Ernie-300x442.jpg 300w, https:\/\/unser-quartier.de\/emsdeich-skulpturen\/files\/2025\/05\/Ernie-150x221.jpg 150w, https:\/\/unser-quartier.de\/emsdeich-skulpturen\/files\/2025\/05\/Ernie.jpg 410w\" sizes=\"auto, (max-width: 128px) 100vw, 128px\" \/><\/div>\n<p style=\"padding-left: 40px;\"><span style=\"font-family: arial, helvetica, sans-serif;\">\u2022 Ernie Huesmann, Greven<br \/>\n<\/span><span style=\"font-family: arial, helvetica, sans-serif;\">in der Region durch die Gestaltung von Kreisverkehrsinseln bekannt geworden <\/span><span style=\"font-family: arial, helvetica, sans-serif;\">Kunst im \u00f6ffentlichen Raum? Ernie Huesmann hat da in Greven so seine Erfahrung. Der V\u00f6lkerball , Kreiselkunst Nummer eins, vor 17 Jahren kontrovers debattiert zwischen Kunstexperten, ist f\u00fcr den gelernten Grafik-Designer heute unumstritten: \u201eDas ist Kunst.\u201c Kreisel-Objekt Nummer zwei: P\u00fcnte am Hallenbad. Da schwillt dem Grevener der Kamm. \u201eErstens ist das keine P\u00fcnte, sondern ein Schiff.\u201c Zweitens habe das nie Kunst sein sollen. Jetzt plant Huesmann seinen dritten prominenten Aufschlag. Mit seiner Kunststoffskulptur \u201e Kopfhand \u201c schafft er eine Station am Skulpturenpfad auf dem Emsdeich.<\/span><br \/>\n<a href=\"https:\/\/www.muensterschezeitung.de\/lokales\/staedte\/greven\/der-kopf-der-die-hand-steuert-1552340\"><span style=\"font-family: arial, helvetica, sans-serif;\">Artikel<\/span> <span style=\"font-family: arial, helvetica, sans-serif;\">aus der M\u00fcnsterschen Zeitung<\/span><\/a><br \/>\n<span style=\"font-family: arial, helvetica, sans-serif;\">\u2022 <a href=\"http:\/\/www.ernie-design.de\/\">http:\/\/www.ernie-design.de\/<\/a><\/span><\/p>\n<div class=\"wp-block-image\"><\/div>\n<p><strong><span style=\"font-family: arial, helvetica, sans-serif; font-size: 14pt;\">2. Allgemeines\/Schwerpunkte des individuellen k\u00fcnstlerischen Schaffens<\/span><\/strong><\/p>\n<ul style=\"list-style-type: disc;\">\n<li><span style=\"font-family: arial, helvetica, sans-serif;\">Objekte und Plastiken werden dreidimensional skizziert, entworfen, geformt.<br \/>\nDie Modelle sind Vorlagen f\u00fcr die Umsetzung in gr\u00f6\u00dferem Ma\u00dfstab.<br \/>\nDer erfolgt in aufwendigen Techniken.<\/span><\/li>\n<li><span style=\"font-family: arial, helvetica, sans-serif;\">Plastische Objekte im \u00f6ffentlichen Raum:<\/span>\n<ul style=\"list-style-type: square;\">\n<li><span style=\"font-family: arial, helvetica, sans-serif;\">V\u00f6lkerball: Alle Menschen sind ein Volk, 2001<\/span><\/li>\n<li><span style=\"font-family: arial, helvetica, sans-serif;\">Hallenbad-Kreisel: Stadtwappen-Objekt, 2009<\/span><\/li>\n<li><span style=\"font-family: arial, helvetica, sans-serif;\">Erinnerung: JKR-Fassaden-Relief, 2017<\/span><\/li>\n<li><span style=\"font-family: arial, helvetica, sans-serif;\">Kopf-Hand: \u201eDenken\u201c erst dann \u201eHandeln\u201c, 2019<\/span><\/li>\n<li><span style=\"font-family: arial, helvetica, sans-serif;\">F\u00fcllhorn: \u2026 steht f\u00fcr den Wohlstand in unserer Gesellschaft, 2021<\/span><\/li>\n<\/ul>\n<\/li>\n<\/ul>\n<p><strong><span style=\"font-family: arial, helvetica, sans-serif; font-size: 14pt;\">3. Aussagen zum Kunstwerk<\/span><\/strong><\/p>\n<p style=\"padding-left: 40px;\"><strong><span style=\"font-family: arial, helvetica, sans-serif;\">a) Schildtext<\/span><\/strong><br \/>\n<span style=\"font-family: arial, helvetica, sans-serif;\">Das Objekt ist Kopf und Hand:<\/span><br \/>\n<span style=\"font-family: arial, helvetica, sans-serif;\">\u201eGedanken in die Tat umsetzen\u201c \u2013<\/span><br \/>\n<span style=\"font-family: arial, helvetica, sans-serif;\">\u201eErst Denken \u2013 dann Handeln\u201c,<\/span><br \/>\n<span style=\"font-family: arial, helvetica, sans-serif;\">in Einklang mit der Natur.<\/span><br \/>\n<span style=\"font-family: arial, helvetica, sans-serif;\">Deshalb zeigt die Figur fast immer in Windrichtung.<\/span><\/p>\n<p style=\"padding-left: 40px;\"><strong><span style=\"font-family: arial, helvetica, sans-serif;\">b) Erg\u00e4nzungen zum bisherigen Schildtext<\/span><\/strong><br \/>\n<span style=\"font-family: arial, helvetica, sans-serif;\">In der Mythologie werden Obelisken auch als \u201eWeltachsen\u201c bezeichnet;<\/span><br \/>\n<span style=\"font-family: arial, helvetica, sans-serif;\">sie stehen f\u00fcr die \u201eversteinerten Strahlen des Sonnengottes\u201c.<\/span><br \/>\n<span style=\"font-family: arial, helvetica, sans-serif;\">Kopf-Hand \u2013 ist Kopf und Hand.<\/span><br \/>\n<span style=\"font-family: arial, helvetica, sans-serif;\">Ein Zeichen daf\u00fcr, dass Absichten nachhaltig in die Realit\u00e4t umgesetzt werden.&#8217;<\/span><br \/>\n<span style=\"font-family: arial, helvetica, sans-serif;\">\u201eErst \u00fcberlegen\u201c und dann \u201ehandeln\u201c \u2013 im Einklang mit der Natur.<\/span><br \/>\n<span style=\"font-family: arial, helvetica, sans-serif;\">Deshalb bewegt sich die Kopf-Hand-Figur in die Richtung des Windes.<\/span><br \/>\n<span style=\"font-family: arial, helvetica, sans-serif;\">Eine zuk\u00fcnftige Herausforderung f\u00fcr die Gesellschaft.<\/span><br \/>\n<span style=\"font-family: arial, helvetica, sans-serif;\">Wir brauchen die Natur \u2013 die Natur braucht uns aber nicht.<\/span><\/p>\n<p style=\"padding-left: 40px;\"><strong><span style=\"font-family: arial, helvetica, sans-serif;\">c) Technisches zum Werk: z.B. H\u00f6he, Material, Gewicht<\/span><\/strong><br \/>\n<span style=\"font-family: arial, helvetica, sans-serif;\">2019 Stadt Greven, auf dem Emsdeich in Greven, <\/span><br \/>\n<span style=\"font-family: arial, helvetica, sans-serif;\">Beton, Stahlblech, Stahlwelle, Epoxidharz, Karbonfasern, Farben.<\/span><br \/>\n<span style=\"font-family: arial, helvetica, sans-serif;\">H\u00f6he 8,3 Meter <\/span><\/p>\n<p style=\"padding-left: 40px;\"><strong><span style=\"font-family: arial, helvetica, sans-serif;\">d) Gef\u00f6rdert durch<\/span><\/strong> <img loading=\"lazy\" decoding=\"async\" class=\"wpa-warning wpa-image-missing-alt wp-image-5610 aligncenter\" src=\"https:\/\/unser-quartier.de\/emsdeich-skulpturen\/files\/2025\/05\/KSK-Steinfurt-185x70_300Dpi_rote_Schrift-300x114.jpg\" alt=\"\" width=\"250\" height=\"95\" data-warning=\"Missing alt text\" srcset=\"https:\/\/unser-quartier.de\/emsdeich-skulpturen\/files\/2025\/05\/KSK-Steinfurt-185x70_300Dpi_rote_Schrift-300x114.jpg 300w, https:\/\/unser-quartier.de\/emsdeich-skulpturen\/files\/2025\/05\/KSK-Steinfurt-185x70_300Dpi_rote_Schrift-150x57.jpg 150w, https:\/\/unser-quartier.de\/emsdeich-skulpturen\/files\/2025\/05\/KSK-Steinfurt-185x70_300Dpi_rote_Schrift-768x291.jpg 768w, https:\/\/unser-quartier.de\/emsdeich-skulpturen\/files\/2025\/05\/KSK-Steinfurt-185x70_300Dpi_rote_Schrift.jpg 1200w\" sizes=\"auto, (max-width: 250px) 100vw, 250px\" \/><\/p>\n<p style=\"padding-left: 40px;\"><strong><span style=\"font-family: arial, helvetica, sans-serif;\">e) Fotos: Entstehung, Transport, Aufbau, evtl. Einweihung<\/span><\/strong><\/p>\n<div id='gallery-2' class='gallery galleryid-5506 gallery-columns-3 gallery-size-thumbnail'><figure class='gallery-item'>\n\t\t\t<div class='gallery-icon portrait'>\n\t\t\t\t<a href='https:\/\/unser-quartier.de\/emsdeich-skulpturen\/files\/2025\/02\/P1140225.jpg'><img loading=\"lazy\" decoding=\"async\" width=\"150\" height=\"200\" src=\"https:\/\/unser-quartier.de\/emsdeich-skulpturen\/files\/2025\/02\/P1140225-150x200.jpg\" class=\"attachment-thumbnail size-thumbnail\" alt=\"\" aria-describedby=\"gallery-2-5515\" srcset=\"https:\/\/unser-quartier.de\/emsdeich-skulpturen\/files\/2025\/02\/P1140225-150x200.jpg 150w, https:\/\/unser-quartier.de\/emsdeich-skulpturen\/files\/2025\/02\/P1140225-300x400.jpg 300w, https:\/\/unser-quartier.de\/emsdeich-skulpturen\/files\/2025\/02\/P1140225-768x1024.jpg 768w, https:\/\/unser-quartier.de\/emsdeich-skulpturen\/files\/2025\/02\/P1140225.jpg 900w\" sizes=\"auto, (max-width: 150px) 100vw, 150px\" \/><\/a>\n\t\t\t<\/div>\n\t\t\t\t<figcaption class='wp-caption-text gallery-caption' id='gallery-2-5515'>\n\t\t\t\tModell Kopfhand\n\t\t\t\t<\/figcaption><\/figure><figure class='gallery-item'>\n\t\t\t<div class='gallery-icon portrait'>\n\t\t\t\t<a href='https:\/\/unser-quartier.de\/emsdeich-skulpturen\/files\/2025\/02\/P1070574.jpg'><img loading=\"lazy\" decoding=\"async\" width=\"150\" height=\"200\" src=\"https:\/\/unser-quartier.de\/emsdeich-skulpturen\/files\/2025\/02\/P1070574-150x200.jpg\" class=\"attachment-thumbnail size-thumbnail\" alt=\"\" aria-describedby=\"gallery-2-5514\" srcset=\"https:\/\/unser-quartier.de\/emsdeich-skulpturen\/files\/2025\/02\/P1070574-150x200.jpg 150w, https:\/\/unser-quartier.de\/emsdeich-skulpturen\/files\/2025\/02\/P1070574-300x400.jpg 300w, https:\/\/unser-quartier.de\/emsdeich-skulpturen\/files\/2025\/02\/P1070574-768x1024.jpg 768w, https:\/\/unser-quartier.de\/emsdeich-skulpturen\/files\/2025\/02\/P1070574.jpg 900w\" sizes=\"auto, (max-width: 150px) 100vw, 150px\" \/><\/a>\n\t\t\t<\/div>\n\t\t\t\t<figcaption class='wp-caption-text gallery-caption' id='gallery-2-5514'>\n\t\t\t\tStandortsuche\n\t\t\t\t<\/figcaption><\/figure><figure class='gallery-item'>\n\t\t\t<div class='gallery-icon landscape'>\n\t\t\t\t<a href='https:\/\/unser-quartier.de\/emsdeich-skulpturen\/files\/2025\/02\/P1170972.jpg'><img loading=\"lazy\" decoding=\"async\" width=\"150\" height=\"113\" src=\"https:\/\/unser-quartier.de\/emsdeich-skulpturen\/files\/2025\/02\/P1170972-150x113.jpg\" class=\"attachment-thumbnail size-thumbnail\" alt=\"\" aria-describedby=\"gallery-2-5516\" srcset=\"https:\/\/unser-quartier.de\/emsdeich-skulpturen\/files\/2025\/02\/P1170972-150x113.jpg 150w, https:\/\/unser-quartier.de\/emsdeich-skulpturen\/files\/2025\/02\/P1170972-300x225.jpg 300w, https:\/\/unser-quartier.de\/emsdeich-skulpturen\/files\/2025\/02\/P1170972-768x576.jpg 768w, https:\/\/unser-quartier.de\/emsdeich-skulpturen\/files\/2025\/02\/P1170972.jpg 1200w\" sizes=\"auto, (max-width: 150px) 100vw, 150px\" \/><\/a>\n\t\t\t<\/div>\n\t\t\t\t<figcaption class='wp-caption-text gallery-caption' id='gallery-2-5516'>\n\t\t\t\tFundament\n\t\t\t\t<\/figcaption><\/figure><figure class='gallery-item'>\n\t\t\t<div class='gallery-icon landscape'>\n\t\t\t\t<a href='https:\/\/unser-quartier.de\/emsdeich-skulpturen\/files\/2025\/02\/P1020874.jpg'><img loading=\"lazy\" decoding=\"async\" width=\"150\" height=\"100\" src=\"https:\/\/unser-quartier.de\/emsdeich-skulpturen\/files\/2025\/02\/P1020874-150x100.jpg\" class=\"attachment-thumbnail size-thumbnail\" alt=\"\" aria-describedby=\"gallery-2-5511\" srcset=\"https:\/\/unser-quartier.de\/emsdeich-skulpturen\/files\/2025\/02\/P1020874-150x100.jpg 150w, https:\/\/unser-quartier.de\/emsdeich-skulpturen\/files\/2025\/02\/P1020874-300x200.jpg 300w, https:\/\/unser-quartier.de\/emsdeich-skulpturen\/files\/2025\/02\/P1020874-768x512.jpg 768w, https:\/\/unser-quartier.de\/emsdeich-skulpturen\/files\/2025\/02\/P1020874.jpg 1200w\" sizes=\"auto, (max-width: 150px) 100vw, 150px\" \/><\/a>\n\t\t\t<\/div>\n\t\t\t\t<figcaption class='wp-caption-text gallery-caption' id='gallery-2-5511'>\n\t\t\t\t\u00dcbergabe bei Regen&#8230;\n\t\t\t\t<\/figcaption><\/figure><figure class='gallery-item'>\n\t\t\t<div class='gallery-icon landscape'>\n\t\t\t\t<a href='https:\/\/unser-quartier.de\/emsdeich-skulpturen\/files\/2025\/02\/20190424_092320.jpg'><img loading=\"lazy\" decoding=\"async\" width=\"150\" height=\"113\" src=\"https:\/\/unser-quartier.de\/emsdeich-skulpturen\/files\/2025\/02\/20190424_092320-150x113.jpg\" class=\"attachment-thumbnail size-thumbnail\" alt=\"\" aria-describedby=\"gallery-2-5507\" srcset=\"https:\/\/unser-quartier.de\/emsdeich-skulpturen\/files\/2025\/02\/20190424_092320-150x113.jpg 150w, https:\/\/unser-quartier.de\/emsdeich-skulpturen\/files\/2025\/02\/20190424_092320-300x225.jpg 300w, https:\/\/unser-quartier.de\/emsdeich-skulpturen\/files\/2025\/02\/20190424_092320-768x576.jpg 768w, https:\/\/unser-quartier.de\/emsdeich-skulpturen\/files\/2025\/02\/20190424_092320.jpg 1200w\" sizes=\"auto, (max-width: 150px) 100vw, 150px\" \/><\/a>\n\t\t\t<\/div>\n\t\t\t\t<figcaption class='wp-caption-text gallery-caption' id='gallery-2-5507'>\n\t\t\t\t..aber mit Zirkuszelt\n\t\t\t\t<\/figcaption><\/figure><figure class='gallery-item'>\n\t\t\t<div class='gallery-icon landscape'>\n\t\t\t\t<a href='https:\/\/unser-quartier.de\/emsdeich-skulpturen\/files\/2025\/02\/P1020883.jpg'><img loading=\"lazy\" decoding=\"async\" width=\"150\" height=\"84\" src=\"https:\/\/unser-quartier.de\/emsdeich-skulpturen\/files\/2025\/02\/P1020883-150x84.jpg\" class=\"attachment-thumbnail size-thumbnail\" alt=\"\" aria-describedby=\"gallery-2-5512\" srcset=\"https:\/\/unser-quartier.de\/emsdeich-skulpturen\/files\/2025\/02\/P1020883-150x84.jpg 150w, https:\/\/unser-quartier.de\/emsdeich-skulpturen\/files\/2025\/02\/P1020883-300x169.jpg 300w, https:\/\/unser-quartier.de\/emsdeich-skulpturen\/files\/2025\/02\/P1020883-768x432.jpg 768w, https:\/\/unser-quartier.de\/emsdeich-skulpturen\/files\/2025\/02\/P1020883.jpg 1200w\" sizes=\"auto, (max-width: 150px) 100vw, 150px\" \/><\/a>\n\t\t\t<\/div>\n\t\t\t\t<figcaption class='wp-caption-text gallery-caption' id='gallery-2-5512'>\n\t\t\t\tArtisten am Werk\n\t\t\t\t<\/figcaption><\/figure><figure class='gallery-item'>\n\t\t\t<div class='gallery-icon portrait'>\n\t\t\t\t<a href='https:\/\/unser-quartier.de\/emsdeich-skulpturen\/files\/2025\/02\/P1020888.jpg'><img loading=\"lazy\" decoding=\"async\" width=\"150\" height=\"267\" src=\"https:\/\/unser-quartier.de\/emsdeich-skulpturen\/files\/2025\/02\/P1020888-150x267.jpg\" class=\"attachment-thumbnail size-thumbnail\" alt=\"\" aria-describedby=\"gallery-2-5513\" srcset=\"https:\/\/unser-quartier.de\/emsdeich-skulpturen\/files\/2025\/02\/P1020888-150x267.jpg 150w, https:\/\/unser-quartier.de\/emsdeich-skulpturen\/files\/2025\/02\/P1020888-300x533.jpg 300w, https:\/\/unser-quartier.de\/emsdeich-skulpturen\/files\/2025\/02\/P1020888-576x1024.jpg 576w, https:\/\/unser-quartier.de\/emsdeich-skulpturen\/files\/2025\/02\/P1020888.jpg 675w\" sizes=\"auto, (max-width: 150px) 100vw, 150px\" \/><\/a>\n\t\t\t<\/div>\n\t\t\t\t<figcaption class='wp-caption-text gallery-caption' id='gallery-2-5513'>\n\t\t\t\tSkulpturengruppe\n\t\t\t\t<\/figcaption><\/figure><figure class='gallery-item'>\n\t\t\t<div class='gallery-icon portrait'>\n\t\t\t\t<a href='https:\/\/unser-quartier.de\/emsdeich-skulpturen\/files\/2025\/02\/1571751047257.c88c36b1-04ba-4517-9ca3-e8f770738a7b.jpg'><img loading=\"lazy\" decoding=\"async\" width=\"150\" height=\"200\" src=\"https:\/\/unser-quartier.de\/emsdeich-skulpturen\/files\/2025\/02\/1571751047257.c88c36b1-04ba-4517-9ca3-e8f770738a7b-150x200.jpg\" class=\"attachment-thumbnail size-thumbnail\" alt=\"\" srcset=\"https:\/\/unser-quartier.de\/emsdeich-skulpturen\/files\/2025\/02\/1571751047257.c88c36b1-04ba-4517-9ca3-e8f770738a7b-150x200.jpg 150w, https:\/\/unser-quartier.de\/emsdeich-skulpturen\/files\/2025\/02\/1571751047257.c88c36b1-04ba-4517-9ca3-e8f770738a7b-300x400.jpg 300w, https:\/\/unser-quartier.de\/emsdeich-skulpturen\/files\/2025\/02\/1571751047257.c88c36b1-04ba-4517-9ca3-e8f770738a7b-768x1024.jpg 768w, https:\/\/unser-quartier.de\/emsdeich-skulpturen\/files\/2025\/02\/1571751047257.c88c36b1-04ba-4517-9ca3-e8f770738a7b.jpg 900w\" sizes=\"auto, (max-width: 150px) 100vw, 150px\" \/><\/a>\n\t\t\t<\/div><\/figure><figure class='gallery-item'>\n\t\t\t<div class='gallery-icon portrait'>\n\t\t\t\t<a href='https:\/\/unser-quartier.de\/emsdeich-skulpturen\/files\/2025\/02\/20200514_095508.jpg'><img loading=\"lazy\" decoding=\"async\" width=\"150\" height=\"200\" src=\"https:\/\/unser-quartier.de\/emsdeich-skulpturen\/files\/2025\/02\/20200514_095508-150x200.jpg\" class=\"attachment-thumbnail size-thumbnail\" alt=\"\" srcset=\"https:\/\/unser-quartier.de\/emsdeich-skulpturen\/files\/2025\/02\/20200514_095508-150x200.jpg 150w, https:\/\/unser-quartier.de\/emsdeich-skulpturen\/files\/2025\/02\/20200514_095508-300x400.jpg 300w, https:\/\/unser-quartier.de\/emsdeich-skulpturen\/files\/2025\/02\/20200514_095508-768x1024.jpg 768w, https:\/\/unser-quartier.de\/emsdeich-skulpturen\/files\/2025\/02\/20200514_095508.jpg 900w\" sizes=\"auto, (max-width: 150px) 100vw, 150px\" \/><\/a>\n\t\t\t<\/div><\/figure><figure class='gallery-item'>\n\t\t\t<div class='gallery-icon portrait'>\n\t\t\t\t<a href='https:\/\/unser-quartier.de\/emsdeich-skulpturen\/files\/2025\/02\/IMG-20190607-WA0003.jpg'><img loading=\"lazy\" decoding=\"async\" width=\"150\" height=\"200\" src=\"https:\/\/unser-quartier.de\/emsdeich-skulpturen\/files\/2025\/02\/IMG-20190607-WA0003-150x200.jpg\" class=\"attachment-thumbnail size-thumbnail\" alt=\"\" srcset=\"https:\/\/unser-quartier.de\/emsdeich-skulpturen\/files\/2025\/02\/IMG-20190607-WA0003-150x200.jpg 150w, https:\/\/unser-quartier.de\/emsdeich-skulpturen\/files\/2025\/02\/IMG-20190607-WA0003-300x400.jpg 300w, https:\/\/unser-quartier.de\/emsdeich-skulpturen\/files\/2025\/02\/IMG-20190607-WA0003.jpg 768w\" sizes=\"auto, (max-width: 150px) 100vw, 150px\" \/><\/a>\n\t\t\t<\/div><\/figure>\n\t\t<\/div>\n\n","protected":false},"excerpt":{"rendered":"<p>1. Name, Vita, evtl. Link zur Homepage \u2022 Ernie Huesmann, Greven in der Region durch die Gestaltung von Kreisverkehrsinseln bekannt geworden Kunst im \u00f6ffentlichen Raum? &#8230; <a title=\"Kopfhand\" class=\"read-more\" href=\"https:\/\/unser-quartier.de\/emsdeich-skulpturen\/kopfhand-2\/\" aria-label=\"Mehr Informationen \u00fcber Kopfhand\">weiterlesen &#8230;<\/a><\/p>\n","protected":false},"author":301,"featured_media":5517,"parent":0,"menu_order":0,"comment_status":"closed","ping_status":"closed","template":"","meta":{"generate_page_header":"","footnotes":""},"class_list":{"0":"post-5506","1":"page","2":"type-page","3":"status-publish","4":"has-post-thumbnail","6":"infinite-scroll-item","7":"resize-featured-image"},"_links":{"self":[{"href":"https:\/\/unser-quartier.de\/emsdeich-skulpturen\/wp-json\/wp\/v2\/pages\/5506","targetHints":{"allow":["GET"]}}],"collection":[{"href":"https:\/\/unser-quartier.de\/emsdeich-skulpturen\/wp-json\/wp\/v2\/pages"}],"about":[{"href":"https:\/\/unser-quartier.de\/emsdeich-skulpturen\/wp-json\/wp\/v2\/types\/page"}],"author":[{"embeddable":true,"href":"https:\/\/unser-quartier.de\/emsdeich-skulpturen\/wp-json\/wp\/v2\/users\/301"}],"replies":[{"embeddable":true,"href":"https:\/\/unser-quartier.de\/emsdeich-skulpturen\/wp-json\/wp\/v2\/comments?post=5506"}],"version-history":[{"count":3,"href":"https:\/\/unser-quartier.de\/emsdeich-skulpturen\/wp-json\/wp\/v2\/pages\/5506\/revisions"}],"predecessor-version":[{"id":5720,"href":"https:\/\/unser-quartier.de\/emsdeich-skulpturen\/wp-json\/wp\/v2\/pages\/5506\/revisions\/5720"}],"wp:featuredmedia":[{"embeddable":true,"href":"https:\/\/unser-quartier.de\/emsdeich-skulpturen\/wp-json\/wp\/v2\/media\/5517"}],"wp:attachment":[{"href":"https:\/\/unser-quartier.de\/emsdeich-skulpturen\/wp-json\/wp\/v2\/media?parent=5506"}],"curies":[{"name":"wp","href":"https:\/\/api.w.org\/{rel}","templated":true}]}}