{"id":1093,"date":"2016-01-20T12:58:42","date_gmt":"2016-01-20T11:58:42","guid":{"rendered":"http:\/\/unser-quartier.de\/hagelkreuz\/?page_id=1093"},"modified":"2023-11-20T10:39:46","modified_gmt":"2023-11-20T10:39:46","slug":"links","status":"publish","type":"page","link":"https:\/\/unser-quartier.de\/hagelkreuz\/links\/","title":{"rendered":"Links"},"content":{"rendered":"<p>Wichtige Links auf unsere Partner und Organisationen sowie Themen rund um das Alter:<!--more--><\/p>\n<h2>Beh\u00f6rden und kommunale Dienste<\/h2>\n<p><a href=\"http:\/\/kempen.de\/\" data-wpel-link=\"external\" target=\"_self\" rel=\"nofollow external noopener noreferrer\" title=\"Externer Link: \" class=\"ext-link wpel-icon-right\">Stadt Kempen<span class=\"wpel-icon wpel-image wpel-icon-6\"><\/span><\/a><br \/>\nB\u00fcrgerportal, Zug\u00e4nge zu Beh\u00f6rden und Verkerhrsinformationen<\/p>\n<p><a href=\"http:\/\/kempen.de\/de\/inhalt\/kultur-amp-bildung\/\" data-wpel-link=\"external\" target=\"_self\" rel=\"nofollow external noopener noreferrer\" title=\"Externer Link: \" class=\"ext-link wpel-icon-right\">Kulturamt der Stadt Kempen<span class=\"wpel-icon wpel-image wpel-icon-6\"><\/span><\/a><br \/>\nVielfalt des kulturellen Lebens in Kempen<\/p>\n<p><a href=\"http:\/\/www.lvr.de\" data-wpel-link=\"external\" target=\"_self\" rel=\"nofollow external noopener noreferrer\" title=\"Externer Link: \" class=\"ext-link wpel-icon-right\">Landschaftsverband Rheinland <br \/>\n<span class=\"wpel-icon wpel-image wpel-icon-6\"><\/span><\/a>Zust\u00e4ndig f\u00fcr Soziales und Intergration, Jugend, Psychiatrie und Heilp\u00e4dagogik<\/p>\n<h2>Soziales<\/h2>\n<h3>Beratungsangebote<\/h3>\n<p><a href=\"http:\/\/kempen.de\/de\/dienstleistungen\/pflegestuetzpunkte\/\" data-wpel-link=\"external\" target=\"_self\" rel=\"nofollow external noopener noreferrer\" title=\"Externer Link: \" class=\"ext-link wpel-icon-right\">Senioren- und Pflegeberatung der Stadt Kempen<span class=\"wpel-icon wpel-image wpel-icon-6\"><\/span><\/a><br \/>\nBeratung rund um das Thema Alter und Pflegebed\u00fcrftigkeit<\/p>\n<p><a href=\"http:\/\/www.klinik-viersen.lvr.de\/de\/nav_main\/fachgebiete___behandlungsangebote\/gerontopsychiatrie\/gerontopsychiatrische_beratung\/gerontopsychiatrische_beratung_1.html\" data-wpel-link=\"external\" target=\"_self\" rel=\"nofollow external noopener noreferrer\" title=\"Externer Link: \" class=\"ext-link wpel-icon-right\">Gerontopsychiatrische Beratungstelle LVR-Klinik Viersen<br \/>\n<span class=\"wpel-icon wpel-image wpel-icon-6\"><\/span><\/a>Beratung f\u00fcr gerontopsychiatrisch ver\u00e4nderte Menschen,<abbr title=\"zum Beispiel\">z.B.:<\/abbr> bei demenziellen Erkrankungen<\/p>\n<p><a href=\"http:\/\/www.kempen.de\/de\/inhalt\/soziale-hilfen-fuer-senioren\/\" data-wpel-link=\"external\" target=\"_self\" rel=\"nofollow external noopener noreferrer\" title=\"Externer Link: \" class=\"ext-link wpel-icon-right\">Soziale Hilfen f\u00fcr Senioren in Kempen<br \/>\n<span class=\"wpel-icon wpel-image wpel-icon-6\"><\/span><\/a>Infos zu alltagspraktischen Unterst\u00fctzungsangeboten, wie <abbr title=\"zum Beispiel\">z.B.:<\/abbr> Essen auf R\u00e4dern<\/p>\n<p><a href=\"http:\/\/www.kempen.de\/de\/dienstleistungen\/wohnberatung-fuer-senioren-und-behinderte-menschen\/\" data-wpel-link=\"external\" target=\"_self\" rel=\"nofollow external noopener noreferrer\" title=\"Externer Link: \" class=\"ext-link wpel-icon-right\">Wohnberatung Kempen\/Grefrath<br \/>\n<span class=\"wpel-icon wpel-image wpel-icon-6\"><\/span><\/a>Fragen rund um barrierearmes Wohnen, Unterst\u00fctzung bei Antragstellung f\u00fcr Wohnraumanpassung, <abbr title=\"zum Beispiel\">z.B.:<\/abbr> Umbau Badezimmer<\/p>\n<p><a href=\"https:\/\/www.kempen.de\/de\/dienstleistungen\/rentenangelegenheiten\/\" data-wpel-link=\"external\" target=\"_self\" rel=\"nofollow external noopener noreferrer\" title=\"Externer Link: \" class=\"ext-link wpel-icon-right\">Rentenangelegenheiten<br \/>\n<span class=\"wpel-icon wpel-image wpel-icon-6\"><\/span><\/a>Beratung <abbr title=\"zum Beispiel\">z.B.:<\/abbr> bei Kontenkl\u00e4rung von Rentenversicherungskonten<\/p>\n<p><a href=\"https:\/\/www.vdk.de\/ov-kempen-toenisvorst\/ID0\" data-wpel-link=\"external\" target=\"_self\" rel=\"nofollow external noopener noreferrer\" title=\"Externer Link: \" class=\"ext-link wpel-icon-right\">Sozialverband VdK<span class=\"wpel-icon wpel-image wpel-icon-6\"><\/span><\/a><br \/>\nBeratung zu Schwerbehinderung<\/p>\n<h3>Demenz<\/h3>\n<p><a href=\"https:\/\/alter-pflege-demenz-nrw.de\/regionalbueros\/region-niederrhein\/\" data-wpel-link=\"external\" target=\"_self\" rel=\"nofollow external noopener noreferrer\" title=\"Externer Link: \" class=\"ext-link wpel-icon-right\">Regionalb\u00fcro Alter, Pflege und Demenz der Region Niederrhein<span class=\"wpel-icon wpel-image wpel-icon-6\"><\/span><\/a><br \/>\nInfos und Beratung zum Thema Alter, Pflege und Demenz<\/p>\n<p><a href=\"https:\/\/www.kreis-viersen.de\/forum-demenz\" data-wpel-link=\"external\" target=\"_self\" rel=\"nofollow external noopener noreferrer\" title=\"Externer Link: \" class=\"ext-link wpel-icon-right\">Forum Demenz Kreis Viersen<br \/>\n<span class=\"wpel-icon wpel-image wpel-icon-6\"><\/span><\/a>Infoportal zum Thema Demenz im Kreis Viersen<\/p>\n<h3>Engagement<\/h3>\n<p><a href=\"https:\/\/www.caritas.de\/adressen\/sozialdienst-kath.-frauen-e.v.-betreuungsverein\/47906-kempen\/97755\" data-wpel-link=\"external\" target=\"_self\" rel=\"nofollow external noopener noreferrer\" title=\"Externer Link: \" class=\"ext-link wpel-icon-right\">Familienpatenschaften<br \/>\n<span class=\"wpel-icon wpel-image wpel-icon-6\"><\/span><\/a>Ehrenamtliche Unterst\u00fctzung f\u00fcr belastete Familien bei Entwicklungs, Erziehungs- und Verhaltensprobleme der Kinder<\/p>\n<p><a href=\"http:\/\/www.kempenhilft.de\/\" data-wpel-link=\"external\" target=\"_self\" rel=\"nofollow external noopener noreferrer\" title=\"Externer Link: \" class=\"ext-link wpel-icon-right\">Fl\u00fcchtlingshilfe &#8222;Kempen Hilft&#8220;<br \/>\n<span class=\"wpel-icon wpel-image wpel-icon-6\"><\/span><\/a>Informationen \u00fcber ehrenamtliches Engagement, Spenden und weitere Fragen zur Fl\u00fcchtlingshilfe<\/p>\n<p><a href=\"http:\/\/www.kempen.de\/de\/inhalt\/freiwilligenagentur-kempen\/\" data-wpel-link=\"external\" target=\"_self\" rel=\"nofollow external noopener noreferrer\" title=\"Externer Link: \" class=\"ext-link wpel-icon-right\">Freiwilligenagentur Kempen<br \/>\n<span class=\"wpel-icon wpel-image wpel-icon-6\"><\/span><\/a>Vermittelt Ehrenamtliche in sozialcaritative T\u00e4tigkeitsfelder<\/p>\n<p><a href=\"http:\/\/www.hagelkreuz-kempen.de\" data-wpel-link=\"external\" target=\"_self\" rel=\"nofollow external noopener noreferrer\" title=\"Externer Link: \" class=\"ext-link wpel-icon-right\">Quartiersprojekt Hagelkreuz<br \/>\n<span class=\"wpel-icon wpel-image wpel-icon-6\"><\/span><\/a>Informationen, Beratung und Aktivit\u00e4ten f\u00fcr ein generationengerechtes Hagelkreuz<\/p>\n<h2>Lernen und Bildung<\/h2>\n<p><a href=\"http:\/\/kempen.de\/de\/inhalt\/stadtbibliothek-kempen\/\" data-wpel-link=\"external\" target=\"_self\" rel=\"nofollow external noopener noreferrer\" title=\"Externer Link: \" class=\"ext-link wpel-icon-right\">Stadtbibliothek Kempen im Kulturforum Franziskanerkloster<span class=\"wpel-icon wpel-image wpel-icon-6\"><\/span><\/a><br \/>\nVielf\u00e4ltiges Angebot von Literatur und modernen Medien<\/p>\n<p><a href=\"http:\/\/www.kreis-viersen-vhs.de\/index.php?id=25\" data-wpel-link=\"external\" target=\"_self\" rel=\"nofollow external noopener noreferrer\" title=\"Externer Link: \" class=\"ext-link wpel-icon-right\">Kreisvolkshochschule Kreis Viersen<br \/>\n<span class=\"wpel-icon wpel-image wpel-icon-6\"><\/span><\/a>Bildung f\u00fcr B\u00fcrgerinnen und B\u00fcrger im Kreis Viersen<\/p>\n<h2>Reisen<\/h2>\n<p><a href=\"http:\/\/www.altenhilfe-kempen.de\/\" data-wpel-link=\"external\" target=\"_self\" rel=\"nofollow external noopener noreferrer\" title=\"Externer Link: \" class=\"ext-link wpel-icon-right\">Senioren-Initiative Altenhilfe Kempen e.V.<span class=\"wpel-icon wpel-image wpel-icon-6\"><\/span><\/a><br \/>\nTagesreisen, St\u00e4dtetouren, Studienreisen<\/p>\n<h2>Partner<\/h2>\n<p><a href=\"http:\/\/buergervereinkempenhagelkreuz.de\/\" data-wpel-link=\"external\" target=\"_self\" rel=\"nofollow external noopener noreferrer\" title=\"Externer Link: \" class=\"ext-link wpel-icon-right\">B\u00fcrgerverein Hagelkreuz <abbr title=\"eingetragener Verein\">e.V.<\/abbr><br \/>\n<span class=\"wpel-icon wpel-image wpel-icon-6\"><\/span><\/a>Interessenvertretung f\u00fcr B\u00fcrgerinnen und B\u00fcrger im Hagelkreuz<\/p>\n<p><a href=\"http:\/\/www.altenhilfe-kempen.de\/\" data-wpel-link=\"external\" target=\"_self\" rel=\"nofollow external noopener noreferrer\" title=\"Externer Link: \" class=\"ext-link wpel-icon-right\">Senioren-Initiative Kempen <abbr title=\"eingetragener Verein\">e.V.<\/abbr><br \/>\n<span class=\"wpel-icon wpel-image wpel-icon-6\"><\/span><\/a>Interessenvertretung und Angebote rund um das Alter<\/p>\n<p><a href=\"http:\/\/www.thomaskirche-kempen.ekir.de\/home.php\" data-wpel-link=\"external\" target=\"_self\" rel=\"nofollow external noopener noreferrer\" title=\"Externer Link: \" class=\"ext-link wpel-icon-right\">Evangelische Kirche<span class=\"wpel-icon wpel-image wpel-icon-6\"><\/span><\/a><br \/>\nGottesdienste und Seelsorge sowie Beteiligung und Durchf\u00fchrung von sozialen Projekten<\/p>\n<p><a href=\"http:\/\/www.st-mariae-geburt-kempen.de\/unsere-kirchen\/christ-koenig.html\" data-wpel-link=\"external\" target=\"_self\" rel=\"nofollow external noopener noreferrer\" title=\"Externer Link: \" class=\"ext-link wpel-icon-right\">Katholische Kirche<br \/>\n<span class=\"wpel-icon wpel-image wpel-icon-6\"><\/span><\/a>Gottesdienste und Seelsorge sowie Beteiligung und Durchf\u00fchrung von sozialen Projekten<\/p>\n<h2>Unterst\u00fctzungsangebote<\/h2>\n<p><a href=\"http:\/\/www.hpz-krefeld-viersen.de\" data-wpel-link=\"external\" target=\"_self\" rel=\"nofollow external noopener noreferrer\" title=\"Externer Link: \" class=\"ext-link wpel-icon-right\">Heilp\u00e4dagogisches Zentrum<span class=\"wpel-icon wpel-image wpel-icon-6\"><\/span><\/a><br \/>\nErledigung von Gartenarbeiten.<\/p>\n<p><a href=\"https:\/\/www.malteser.de\/standorte\/kempen\/dienstleistungen.html\" data-wpel-link=\"external\" target=\"_self\" rel=\"nofollow external noopener noreferrer\" title=\"Externer Link: \" class=\"ext-link wpel-icon-right\">Malteser Hilfsdienst<span class=\"wpel-icon wpel-image wpel-icon-6\"><\/span><\/a><br \/>\nMobiler Einkaufswagen und weitere Dienstleistungen<\/p>\n<h2>Wohnen<\/h2>\n<p><a href=\"http:\/\/www.aq-nrw.de\/service\/nuetzliches-und-informationen\/downloads\/innovative-wohnformen\/\" data-wpel-link=\"external\" target=\"_self\" rel=\"nofollow external noopener noreferrer\" title=\"Externer Link: \" class=\"ext-link wpel-icon-right\">Innovative Wohnformen<span class=\"wpel-icon wpel-image wpel-icon-6\"><\/span><\/a><br \/>\nInformationen zu alternativen Wohnformen<\/p>\n<p><a href=\"http:\/\/www.nawodo.de\" data-wpel-link=\"external\" target=\"_self\" rel=\"nofollow external noopener noreferrer\" title=\"Externer Link: \" class=\"ext-link wpel-icon-right\">NaWoDo<span class=\"wpel-icon wpel-image wpel-icon-6\"><\/span><\/a><br \/>\nNachbarschaftschaftlich Wohnen Dormagen ist ein generations\u00fcbergreifendes Wohnprojekt<\/p>\n<p><a href=\"http:\/\/www.besser-gemeinsam-wohnen.de\/\" data-wpel-link=\"external\" target=\"_self\" rel=\"nofollow external noopener noreferrer\" title=\"Externer Link: \" class=\"ext-link wpel-icon-right\">Besser Gemeinsam Wohnen<span class=\"wpel-icon wpel-image wpel-icon-6\"><\/span><\/a><br \/>\nKreuzkapelle &#8211; Mehrgenerationenprojekt in Kempen<\/p>\n","protected":false},"excerpt":{"rendered":"<p>Wichtige Links auf unsere Partner und Organisationen sowie Themen rund um das Alter:<\/p>\n","protected":false},"author":391,"featured_media":0,"parent":0,"menu_order":16,"comment_status":"closed","ping_status":"closed","template":"","meta":{"generate_page_header":"","footnotes":""},"class_list":["post-1093","page","type-page","status-publish"],"_links":{"self":[{"href":"https:\/\/unser-quartier.de\/hagelkreuz\/wp-json\/wp\/v2\/pages\/1093","targetHints":{"allow":["GET"]}}],"collection":[{"href":"https:\/\/unser-quartier.de\/hagelkreuz\/wp-json\/wp\/v2\/pages"}],"about":[{"href":"https:\/\/unser-quartier.de\/hagelkreuz\/wp-json\/wp\/v2\/types\/page"}],"author":[{"embeddable":true,"href":"https:\/\/unser-quartier.de\/hagelkreuz\/wp-json\/wp\/v2\/users\/391"}],"replies":[{"embeddable":true,"href":"https:\/\/unser-quartier.de\/hagelkreuz\/wp-json\/wp\/v2\/comments?post=1093"}],"version-history":[{"count":3,"href":"https:\/\/unser-quartier.de\/hagelkreuz\/wp-json\/wp\/v2\/pages\/1093\/revisions"}],"predecessor-version":[{"id":17978,"href":"https:\/\/unser-quartier.de\/hagelkreuz\/wp-json\/wp\/v2\/pages\/1093\/revisions\/17978"}],"wp:attachment":[{"href":"https:\/\/unser-quartier.de\/hagelkreuz\/wp-json\/wp\/v2\/media?parent=1093"}],"curies":[{"name":"wp","href":"https:\/\/api.w.org\/{rel}","templated":true}]}}