{"id":443,"date":"2016-06-07T14:35:22","date_gmt":"2016-06-07T12:35:22","guid":{"rendered":"https:\/\/unser-quartier.de\/haus-herbstzeitlos-siegen\/?page_id=443"},"modified":"2023-11-13T14:48:05","modified_gmt":"2023-11-13T13:48:05","slug":"senioren-in-siegen","status":"publish","type":"page","link":"https:\/\/unser-quartier.de\/haus-herbstzeitlos-siegen\/senioren-in-siegen\/","title":{"rendered":"Senioren in Siegen"},"content":{"rendered":"<p><strong>Graue Haare &#8211; Buntes Leben &#8230;<\/strong><\/p>\n<p align=\"justify\">Rund 30.000 Menschen im Alter \u00fcber 58 Jahre leben in Siegen. Die Anzahl der \u00c4lteren und auch deren Anteil an der Gesamtbev\u00f6lkerung wird in den n\u00e4chsten Jahren weiter steigen. Insbesondere die Zahl der Hochbetagten wird sich deutlich erh\u00f6hen und auch f\u00fcr Siegen eine Herausforderung hinsichtlich des Versorgungssystems \u00e4lterer pflegebed\u00fcrftiger Menschen darstellen. Zum 1. Juli 2006 ist daher innerhalb der Stadtverwaltung Siegen eine neue Organisationsstruktur in Form der\u00a0 <a href=\"http:\/\/www.siegen.de\/ols\/bereiche-institute\/?tx_ricools_showorgaeinheit%5Borgaeinheit%5D=95&amp;tx_ricools_showorgaeinheit%5Baction%5D=show&amp;tx_ricools_showorgaeinheit%5Bcontroller%5D=Orgaeinheit&amp;cHash=2828013a7f0d8d3f299543c72be64f22\">&#8222;Regiestelle Leben im Alter&#8220;<\/a> eingerichtet worden. Sie versteht sich als Anlauf- und Vermittlungsstelle f\u00fcr Beratung, Begleitung und Betreuung im Einzelfall, aber auch f\u00fcr die strukturelle Angebotsvernetzung und -verbesserung im gesamten Stadtgebiet.<\/p>\n<p align=\"justify\">Dass \u00e4lter werden nicht gleichbedeutend mit Einsamkeit und Hilfebed\u00fcrftigkeit ist, zeigen die vielen Initiativen und Aktivit\u00e4ten, Selbsthilfegruppen und Teilhabemodelle \u00e4lterer Menschen in Siegen. Bereits seit 1997 existiert ein direkt gew\u00e4hlter <a href=\"http:\/\/www.siegen.de\/ols\/dienstleistungen-a-bis-z\/?tx_ricools_showtasks%5Baufgabe%5D=560&amp;tx_ricools_showtasks%5Baction%5D=show&amp;tx_ricools_showtasks%5Bcontroller%5D=Aufgabe&amp;cHash=882d90a2569b2d1ce553fc31abe22ef7\">Seniorenbeirat<\/a>, der sich als Interessenvertretung \u00c4lterer und als Bindeglied zu Rat und Verwaltung versteht. Ebenfalls seit 1997 betreibt die Stadt Siegen das selbstverwaltete Senioren- und Begegnungszentrum <a href=\"https:\/\/unser-quartier.de\/haus-herbstzeitlos-siegen\/senioren-in-siegen\" target=\"_blank\" rel=\"noopener\">&#8222;Haus Herbstzeitlos&#8220;<\/a>. Unter dem Motto &#8222;Graue Haare &#8211; buntes Leben&#8220; finden hier eine Vielzahl von Projekten und Veranstaltungen statt, die \u00c4ltere f\u00fcr \u00c4ltere initiieren und durchf\u00fchren. Der monatlich erscheinende Veranstaltungskalender gibt dar\u00fcber Auskunft.<\/p>\n<p><strong>Die Fachberatungsstelle Leben im Alter<\/strong><\/p>\n<p align=\"justify\">Die &#8222;Fachberatung Leben im Alter&#8220; (vormals Regiestelle) dient als Anlauf- und Leitstelle f\u00fcr ein vernetztes T\u00e4tigkeitsfeld mit unterschiedlichen Zug\u00e4ngen (Sozialgesetzbuch Zw\u00f6lftes Buch (SGB XII)\/Grundsicherung, Versicherungsamt\/ Rentenangelegenheiten, Leistungen f\u00fcr Behinderte, Fachstelle f\u00fcr Wohnungsnotf\u00e4lle, Aufgaben nach dem Betreuungsgesetz, Allgemeiner Sozialdienst).<\/p>\n<p><a name=\"_GoBack\"><\/a><\/p>\n","protected":false},"excerpt":{"rendered":"<p>Graue Haare &#8211; Buntes Leben &#8230; Rund 30.000 Menschen im Alter \u00fcber 58 Jahre leben in Siegen. Die Anzahl der \u00c4lteren und auch deren Anteil an der Gesamtbev\u00f6lkerung wird in den n\u00e4chsten Jahren weiter steigen. Insbesondere die Zahl der Hochbetagten &hellip; <a href=\"https:\/\/unser-quartier.de\/haus-herbstzeitlos-siegen\/senioren-in-siegen\/\">Weiterlesen <span class=\"meta-nav\">&rarr;<\/span><\/a><\/p>\n","protected":false},"author":66,"featured_media":0,"parent":0,"menu_order":0,"comment_status":"closed","ping_status":"closed","template":"","meta":{"footnotes":""},"class_list":["post-443","page","type-page","status-publish","hentry"],"_links":{"self":[{"href":"https:\/\/unser-quartier.de\/haus-herbstzeitlos-siegen\/wp-json\/wp\/v2\/pages\/443","targetHints":{"allow":["GET"]}}],"collection":[{"href":"https:\/\/unser-quartier.de\/haus-herbstzeitlos-siegen\/wp-json\/wp\/v2\/pages"}],"about":[{"href":"https:\/\/unser-quartier.de\/haus-herbstzeitlos-siegen\/wp-json\/wp\/v2\/types\/page"}],"author":[{"embeddable":true,"href":"https:\/\/unser-quartier.de\/haus-herbstzeitlos-siegen\/wp-json\/wp\/v2\/users\/66"}],"replies":[{"embeddable":true,"href":"https:\/\/unser-quartier.de\/haus-herbstzeitlos-siegen\/wp-json\/wp\/v2\/comments?post=443"}],"version-history":[{"count":1,"href":"https:\/\/unser-quartier.de\/haus-herbstzeitlos-siegen\/wp-json\/wp\/v2\/pages\/443\/revisions"}],"predecessor-version":[{"id":10360,"href":"https:\/\/unser-quartier.de\/haus-herbstzeitlos-siegen\/wp-json\/wp\/v2\/pages\/443\/revisions\/10360"}],"wp:attachment":[{"href":"https:\/\/unser-quartier.de\/haus-herbstzeitlos-siegen\/wp-json\/wp\/v2\/media?parent=443"}],"curies":[{"name":"wp","href":"https:\/\/api.w.org\/{rel}","templated":true}]}}