{"id":1977,"date":"2017-11-13T18:39:39","date_gmt":"2017-11-13T17:39:39","guid":{"rendered":"https:\/\/unser-quartier.de\/koeln-widdersdorf\/?page_id=1977"},"modified":"2023-11-25T10:13:22","modified_gmt":"2023-11-25T09:13:22","slug":"unterstuetzung-im-alltag","status":"publish","type":"page","link":"https:\/\/unser-quartier.de\/koeln-widdersdorf\/unterstuetzung-im-alltag\/","title":{"rendered":"Unterst\u00fctzung im Alltag"},"content":{"rendered":"\n<h3><strong>Beratung<\/strong><\/h3>\n<p><strong>Seniorenberatung der Stadt K\u00f6ln<\/strong><br \/>\nDiakonie<br \/>\nChristian &#8211; Gau Str. 51<br \/>\n50933 K\u00f6ln<br \/>\nKontakt Frau Prenzel<br \/>\n0221 \/\u00a0 28581810<\/p>\n<p><strong>Seniorenberatung der Stadt K\u00f6ln<\/strong><br \/>\nCaritas<br \/>\nBachemer Str. 29 &#8211; 33<br \/>\n0221 \/ 94102989<\/p>\n<p><strong>Seniorenberatung der Stadt K\u00f6ln<\/strong><br \/>\nArbeiter &#8211; Samariter &#8211; Bund (im Amt f\u00fcr Soziales und Senioren)<br \/>\nAachener Str. 220<br \/>\nKontakt: Frau Knelangen<br \/>\n0221 \/ 22193225<\/p>\n<p><strong>Seniorenberatung der Stadt K\u00f6ln<\/strong><br \/>\nASB K\u00f6ln<br \/>\nGotteswegs 85a<br \/>\n50969 K\u00f6ln<br \/>\nKontakt: Frau Cammann und Frau Schwarz<br \/>\n0221 \/ 66007195<\/p>\n<p><strong>Amt f\u00fcr\u00a0 Soziales und Senioren<br \/>\n<\/strong>Zentrales Beratungstelefon\u00a0f\u00fcr Senioren und Menschen mit Behinderung<br \/>\n0221 \/ 27400<\/p>\n<p><strong>Fachberatung Demenz und andere psychische Erkrankungen im Alter<br \/>\nin L\u00f6venich<br \/>\n<\/strong>in der Hausarztpraxis<br \/>\nWiddersdorfer Land Str. 4-6<br \/>\n50858 K\u00f6ln<br \/>\njeden 2. Freitag im Monat<br \/>\nTerminvereinbarung \u00fcber Frau Trump (Fachberaterin)\u00a0<br \/>\n02203 \/ 3691 &#8211; 13176<strong><br \/>\n<\/strong><\/p>\n<p><strong>Fachberatung Demenz<\/strong> <strong>in Weiden<\/strong><br \/>\nin der Hausarztpraxis<br \/>\nGoethestr. 35<br \/>\n50858 K\u00f6ln<br \/>\njeden 2. Montag eines Monats<br \/>\n02234 \/ 369113176<\/p>\n<p><strong>Gerontopsychiatrische Fachberatung (Demenz)<br \/>\n<\/strong>Alexianer K\u00f6ln GmbH<br \/>\nNonnenwerther Str. 76<br \/>\n50937 K\u00f6ln<br \/>\n02203 \/ 3691 &#8211; 13176<\/p>\n<p><strong>wohn mobil<br \/>\n<\/strong>Beratung f\u00fcr Wohnraumanpassung und Wohnungswechsel<br \/>\nMauritiussteinweg 36a<br \/>\n50676 K\u00f6ln<br \/>\n0221 \/ 56034-0<\/p>\n<h3><strong>Tagespflege<\/strong><\/h3>\n<p><strong><a href=\"http:\/\/www.clarenbachwerk.de\" data-wpel-link=\"external\" target=\"_self\" rel=\"nofollow external noopener noreferrer\" title=\"Externer Link: Clarenbachwerk K\u00f6ln gGmbH\" class=\"ext-link wpel-icon-right\">Clarenbachwerk K\u00f6ln gGmbH<span class=\"wpel-icon wpel-image wpel-icon-6\"><\/span><\/a><\/strong><br \/>\nTagespflege Heinrich P\u00fcschel Haus<br \/>\nNeuer Gr\u00fcner Weg 25<br \/>\n50933 K\u00f6ln<br \/>\nTel: 0221-49858070<\/p>\n<h3><strong>Unterst\u00fctzung<\/strong><\/h3>\n<p><strong>H\u00e4usliche Unterst\u00fctzung &#8222;Gemeinsam&#8220; &#8211; f\u00fcr Menschen mit Demenz<\/strong> <br \/>\nStolberger Str. 319 50933 <br \/>\nK\u00f6ln 0221 \/ 94976014<\/p>\n<p><strong>Gespr\u00e4chskreis f\u00fcr Angeh\u00f6rige von Menschen mit Demenz<\/strong><br \/>\nin der Weidenhof Residenz<br \/>\nKronst\u00e4tter Str. 87<br \/>\n50858 K\u00f6ln (Weiden)<br \/>\n02234 \/ 97 90 12<\/p>\n<p>Der Gespr\u00e4chskreis trifft sich jeden 2. Donnerstag im Monat um 17:30 Uhr in der Bibliothek der Weidenhof-Residenz.<\/p>\n<p><a href=\"https:\/\/www.koelschhaetz-im-veedel.de\/start\/\" data-wpel-link=\"external\" target=\"_self\" rel=\"nofollow external noopener noreferrer\" title=\"Externer Link: &lt;strong&gt;Nachbarschaftshilfe K\u00f6lsch H\u00e4tz&lt;\/strong&gt;\" class=\"ext-link wpel-icon-right\"><strong>Nachbarschaftshilfe K\u00f6lsch H\u00e4tz<\/strong><span class=\"wpel-icon wpel-image wpel-icon-6\"><\/span><\/a> <br \/>\nWeiden \/ L\u00f6venich \/ Widdersdorf<br \/>\nGoethe Str. 76<br \/>\n50858 K\u00f6ln<br \/>\n02234 \/ 200 40 42<\/p>\n<p class=\"western\"><strong>Taschengeldb\u00f6rse<\/strong><br \/>\nTr\u00e4ger: Caritasverband f\u00fcr die Stadt K\u00f6ln e.V.<br \/>\nCaritas-Zentrum K\u00f6ln Ehrenfeld<br \/>\nLeitung Leistungsbereich Netzwerke und Senioren<br \/>\nGeisselstra\u00dfe 1<br \/>\n50823 K\u00f6ln<br \/>\nTel.: 0221 \/ 569578 20<br \/>\n<a href=\"https:\/\/unser-quartier.de\/koeln-widdersdorf\/2018\/04\/taschengeldboerse\/\" data-wpel-link=\"internal\">Beitrag \u00fcber die Taschengeldb\u00f6rse<\/a><\/p>\n<p class=\"western\"><strong><a href=\"https:\/\/www.stadt-koeln.de\/service\/produkte\/01098\/index.html\" data-wpel-link=\"external\" target=\"_self\" rel=\"nofollow external noopener noreferrer\" title=\"Externer Link: \u201eMobile Hilfe\u201c &#8211; Stadt K\u00f6ln\" class=\"ext-link wpel-icon-right\">\u201eMobile Hilfe\u201c &#8211; Stadt K\u00f6ln<span class=\"wpel-icon wpel-image wpel-icon-6\"><\/span><\/a> <br \/>\nAllgemeiner Sozialer Dienst (ASD)<\/strong><br \/>\nWer stundenweise Hilfe z.B. bei hauswirtschaftlichen T\u00e4tigkeiten, beim Einkaufen, der Begleitung zum Arzt, zur Therapie oder bei der Wahrnehmung anderer Termine ben\u00f6tigt, kann sich an den Mobilen Sozialen Hilfsdienst wenden. Notwendig ist das Vorliegen eines \u00e4rztlichen Attestes \u00fcber die Notwendigkeit der Hilfe. Kosten: ca. 10 \u20ac \/Std.Ludwigstra\u00dfe 8<br \/>\n5066 K\u00f6ln<br \/>\n0221 \/ 221-91277, 0221 \/ 221-91361<\/p>\n<p><strong>Wohnen f\u00fcr Hilfe<\/strong><br \/>\n<a href=\"https:\/\/unser-quartier.de\/koeln-widdersdorf\/2018\/04\/wohnen-fuer-hilfe\/\" data-wpel-link=\"internal\">Beitrag \u00fcber &#8222;Wohnen f\u00fcr Hilfe&#8220;<\/a><\/p>\n<h3><strong>Rollatoren<\/strong><\/h3>\n<p>Bei eingeschr\u00e4nkter Mobilit\u00e4t nach einem Unfall, durch eine Erkrankung oder mit zunehmendem Alter kann ein Rollator eine sinnvolle Hilfe sein, um mobil zu bleiben. Die Entscheidung f\u00fcr einen Rollator f\u00e4llt vielfach schwer und sollte auch nicht ohne die Beratung vom Hausarzt, einer Pflegefachkraft oder einem Physiotherapeuten erfolgen und ebenso sollte eine fachgerechte und individuelle Einweisung in Anspruch genommen werden.<\/p>\n<p>Der kostenlose <a href=\"https:\/\/www.zqp.de\/ratgeber\/\" data-wpel-link=\"external\" target=\"_self\" rel=\"nofollow external noopener noreferrer\" title=\"Externer Link: Ratgeber\" class=\"ext-link wpel-icon-right\">Ratgeber<span class=\"wpel-icon wpel-image wpel-icon-6\"><\/span><\/a>, des Zentrums f\u00fcr Qualit\u00e4t in der Pflege (ZQP), der auch als <a href=\"https:\/\/www.zqp.de\/wp-content\/uploads\/ZQP_Ratgeber_Rollator.pdf\" class=\"mtli_attachment mtli_pdf ext-link wpel-icon-right\" data-wpel-link=\"external\" target=\"_self\" rel=\"nofollow external noopener noreferrer\" title=\"Externer Link: PDF-Datei\">PDF-Datei<span class=\"wpel-icon wpel-image wpel-icon-6\"><\/span><\/a> heruntergeladen werden kann, hilft beim richtigen Umgang mit der Gehhilfe.<\/p>\n<h3><strong>Der Pflegegrad 1<\/strong><\/h3>\n<p>Heute ist es etwas leichter als fr\u00fcher, Unterst\u00fctzung durch die Pflegeversicherung zu erhalten. Die unterste Stufe ist der neue Pflegegrad 1. Auf ihn kann man zum Beispiel Anspruch haben, wenn man nur noch eingeschr\u00e4nkt mobil ist oder sich nicht mehr komplett selbst versorgen kann.<br \/>\nWenn der medizinische Dienst den Pflegegrad 1 feststellt, bekommt der Betroffene bis zu 125 Euro f\u00fcr so genannte niedrigschwellige Entlastungsangebote. Das kann etwa Haushalts- oder Einkaufshilfe sein oder auch stundenweise Betreuung f\u00fcr einen Demenzkranken.<br \/>\nAllerdings m\u00fcssen die Anbieter solcher Dienste bestimmte Voraussetzungen erf\u00fcllen, damit die Kosten erstattet werden. Informationen dazu bietet die Verbraucherzentrale NRW, entweder telefonisch unter 0800 4040044 oder im <a href=\"https:\/\/www.pflegewegweiser-nrw.de\/\" data-wpel-link=\"external\" target=\"_self\" rel=\"nofollow external noopener noreferrer\" title=\"Externer Link: Internet \" class=\"ext-link wpel-icon-right\">Internet <span class=\"wpel-icon wpel-image wpel-icon-6\"><\/span><\/a>.<\/p>\n<p>Verordnungen durch den Hausarzt<br \/>\nAuch wer noch \u00fcberwiegend alleine klar kommt, st\u00f6\u00dft oft auf Probleme. Etwa wenn die H\u00e4nde zu sehr zittern, um\u00a0Medikamente einzunehmen. Oder man es ohne Hilfe nicht mehr schafft, die Kompressionsstr\u00fcmpfe anzuziehen. In solchen F\u00e4llen kann der Hausarzt Hilfe durch einen Pflegedienst verordnen, auch ohne dass ein Pflegegrad vorliegt.<\/p>\n","protected":false},"excerpt":{"rendered":"<p>Beratung Seniorenberatung der Stadt K\u00f6ln Diakonie Christian &#8211; Gau Str. 51 50933 K\u00f6ln Kontakt Frau Prenzel 0221 \/\u00a0 28581810 Seniorenberatung der Stadt K\u00f6ln Caritas Bachemer Str. 29 &#8211; 33 0221&hellip; <a class=\"continue\" href=\"https:\/\/unser-quartier.de\/koeln-widdersdorf\/unterstuetzung-im-alltag\/\" data-wpel-link=\"internal\"> \u00bb weiterlesen: <span> Unterst\u00fctzung im Alltag<\/span><\/a><\/p>\n","protected":false},"author":531,"featured_media":0,"parent":0,"menu_order":4,"comment_status":"closed","ping_status":"closed","template":"","meta":{"generate_page_header":"","footnotes":""},"class_list":["post-1977","page","type-page","status-publish"],"_links":{"self":[{"href":"https:\/\/unser-quartier.de\/koeln-widdersdorf\/wp-json\/wp\/v2\/pages\/1977","targetHints":{"allow":["GET"]}}],"collection":[{"href":"https:\/\/unser-quartier.de\/koeln-widdersdorf\/wp-json\/wp\/v2\/pages"}],"about":[{"href":"https:\/\/unser-quartier.de\/koeln-widdersdorf\/wp-json\/wp\/v2\/types\/page"}],"author":[{"embeddable":true,"href":"https:\/\/unser-quartier.de\/koeln-widdersdorf\/wp-json\/wp\/v2\/users\/531"}],"replies":[{"embeddable":true,"href":"https:\/\/unser-quartier.de\/koeln-widdersdorf\/wp-json\/wp\/v2\/comments?post=1977"}],"version-history":[{"count":3,"href":"https:\/\/unser-quartier.de\/koeln-widdersdorf\/wp-json\/wp\/v2\/pages\/1977\/revisions"}],"predecessor-version":[{"id":9742,"href":"https:\/\/unser-quartier.de\/koeln-widdersdorf\/wp-json\/wp\/v2\/pages\/1977\/revisions\/9742"}],"wp:attachment":[{"href":"https:\/\/unser-quartier.de\/koeln-widdersdorf\/wp-json\/wp\/v2\/media?parent=1977"}],"curies":[{"name":"wp","href":"https:\/\/api.w.org\/{rel}","templated":true}]}}