{"id":2004,"date":"2017-11-14T08:29:24","date_gmt":"2017-11-14T07:29:24","guid":{"rendered":"https:\/\/unser-quartier.de\/koeln-widdersdorf\/?page_id=2004"},"modified":"2023-11-24T18:38:24","modified_gmt":"2023-11-24T17:38:24","slug":"pflege","status":"publish","type":"page","link":"https:\/\/unser-quartier.de\/koeln-widdersdorf\/pflege\/","title":{"rendered":"Pflege"},"content":{"rendered":"\n<h3><strong>Ratgeber zur Pflege<\/strong><\/h3>\n<p>Die Brosch\u00fcre &#8222;Ratgeber zur Pflege &#8211; Alles, was Sie zum Thema Pflege und zu den Pflegest\u00e4rkungsgesetzen wissen m\u00fcssen&#8220; kann kostenlos beim Publikationsversand der Bundesregierung bestellt werden:<br \/>\nTel.: 030-182722721<br \/>\nE-Mail: <a href=\"mailto:publikationen@bundesregierung.de\">publikationen@bundesregierung.de<\/a><\/p>\n<p>Publikationen des <a href=\"https:\/\/www.bundesgesundheitsministerium.de\/service\/publikationen\/pflege\/details.html?bmg%5Bpubid%5D=13\" data-wpel-link=\"external\" target=\"_self\" rel=\"nofollow external noopener noreferrer\" title=\"Externer Link: Bundesgesundheitsministerium\" class=\"ext-link wpel-icon-right\">Bundesgesundheitsministerium<span class=\"wpel-icon wpel-image wpel-icon-6\"><\/span><\/a><\/p>\n<h3><strong>Essen und Trinken bei pflegebed\u00fcrftigen Menschen<\/strong><\/h3>\n<p><strong>Praxishinweise f\u00fcr den Pflegealltag<\/strong><\/p>\n<p>Essen und Trinken sind ein Leben lang hochbedeutsam f\u00fcr K\u00f6rper und Seele. Allerdings kann es im Alter und besonders bei Pflegebed\u00fcrftigkeit h\u00e4ufig zu Problemen wie Appetitmangel, Kau- oder Schluckst\u00f6rungen und dadurch zu Mangelern\u00e4hrung kommen. Um Angeh\u00f6rige im Pflegealltag zu unterst\u00fctzen, hat das ZQP seinen Ratgeber mit praktischen Tipps zum Thema Essen und Trinken \u00fcberarbeitet. Alle Informationen gr\u00fcnden auf aktuellen wissenschaftlichen Erkenntnissen, sind von ausgewiesenen Experten qualit\u00e4tsgesichert und \u00fcbersichtlich sowie leicht verst\u00e4ndlich aufbereitet.<\/p>\n<p>Das <a href=\"https:\/\/www.zqp.de\/essen-trinken-pflegebeduerftige\/\" data-wpel-link=\"external\" target=\"_self\" rel=\"nofollow external noopener noreferrer\" title=\"Externer Link: Zentrum f\u00fcr Qualit\u00e4t in der Pflege\" class=\"ext-link wpel-icon-right\">Zentrum f\u00fcr Qualit\u00e4t in der Pflege<span class=\"wpel-icon wpel-image wpel-icon-6\"><\/span><\/a> (ZQP) bietet qualit\u00e4tsgesicherte, kostenlose und unterschiedlich komplexe Informationen zu vielen verschiedenen Aspekten von Pflege und Versorgung alter hilfebed\u00fcrftiger Menschen.<\/p>\n<h3><strong>Kontaktb\u00fcro Pflegeselbsthilfe<\/strong><\/h3>\n<p>Pflegende Angeh\u00f6rige stehen oft vor gro\u00dfen Herausforderungen und tragen eine gro\u00dfe Verantwortung. Selbsthilfegruppen, in denen Erfahrungen und Probleme ausgetauscht werden k\u00f6nnen, sind da eine gro\u00dfe Hilfe, um mit den Belastungen und Herausforderungen besser umgehen zu k\u00f6nnen.<\/p>\n<p>In Kontaktb\u00fcros Pflegeselbsthilfe (KoPs), die das Land NRW und die Landesverb\u00e4nde der Pflegekassen f\u00f6rdern, werden pflegende Angeh\u00f6rige \u00fcber bestehende Selbsthilfegruppe f\u00fcr pflegende Angeh\u00f6rige informiert, begleitet bzw. bei der Gr\u00fcndung und dem Aufbau neuer Selbsthilfegruppen unterst\u00fctzt.<\/p>\n<p>Kontaktb\u00fcro Pflegeselbsthilfe\u00a0 &#8211; Hilfen f\u00fcr pflegende Angeh\u00f6rige in K\u00f6ln<br \/>\nKontaktperson: Elisabeth Ingelmund-Schmidt<br \/>\nSprechzeiten: Mittwochs von 10.00-12.00 Uhr<br \/>\nTel.: 0221-95 15 42-33<br \/>\neMail:<a href=\"mailto:pflegeselbsthilfe-koeln@paritaet-nrw.org\">pflegeselbsthilfe-koeln@paritaet-nrw.org<\/a><br \/>\n<a href=\"https:\/\/www.selbsthilfekoeln.de\/content\/e2591\/index_ger.html\" data-wpel-link=\"external\" target=\"_self\" rel=\"nofollow external noopener noreferrer\" title=\"Externer Link: https:\/\/www.selbsthilfekoeln.de\/content\/e2591\/index_ger.html\" class=\"ext-link wpel-icon-right\">https:\/\/www.selbsthilfekoeln.de\/content\/e2591\/index_ger.html<span class=\"wpel-icon wpel-image wpel-icon-6\"><\/span><\/a><\/p>\n<h3><strong>Pflegedienste<\/strong><\/h3>\n<p><strong>PR \u2013 Pflegedienst<\/strong> <strong>Widdersdorf<br \/>\n<\/strong>Hauptstra\u00dfe 27; 50859 K\u00f6ln; Tel: 0221 \/ 50 28 55 25<br \/>\n<a href=\"https:\/\/www.pr-pflegedienst.de\" data-wpel-link=\"external\" target=\"_self\" rel=\"nofollow external noopener noreferrer\" title=\"Externer Link: Homepage\" class=\"ext-link wpel-icon-right\">Homepage<span class=\"wpel-icon wpel-image wpel-icon-6\"><\/span><\/a><br \/>\n<a href=\"mailto:info@pr-pflegedienst.de\">E-Mail senden<\/a><\/p>\n<p><strong>Caritas Sozialstation Ehrenfeld<br \/>\n<\/strong>Bartholom\u00e4us-Schink-Str. 6 50825 K\u00f6ln 0221 \/ 94394 &#8211; 13<br \/>\n<a href=\"https:\/\/www.caritas-koeln.de\/ambulante-pflege\/unsere-standorte\/uebersicht\/\" data-wpel-link=\"external\" target=\"_self\" rel=\"nofollow external noopener noreferrer\" title=\"Externer Link: Homepage\" class=\"ext-link wpel-icon-right\">Homepage<span class=\"wpel-icon wpel-image wpel-icon-6\"><\/span><\/a><br \/>\n<a href=\"mailto:soz-stat-ehrenfeld@caritas-koeln.de\">E-Mail senden<\/a><\/p>\n<p><strong>H\u00e4uslicher Pflegedienst Birgit Muhtz<br \/>\n<\/strong>Kirchweg 5 50858 K\u00f6ln (Junkersdorf) 0221 \/ 48 43 89<\/p>\n<p><strong>Cito-Hauskrankenpflege<\/strong><br \/>\nBunzlauer Str. 3 50858 K\u00f6ln (Weiden) 02234 \/ 43 59 831<\/p>\n<p><strong>Pflegedienst Geller GmbH<br \/>\n<\/strong> Aachener Str. 1377 50859 K\u00f6ln (Weiden) 02234 \/ 99 39 520<\/p>\n<p><strong>Pflegedienst Con-Vita<\/strong><br \/>\nWiddersdorfer Landstr. 4 50859 K\u00f6ln 02234 \/ 917090<br \/>\n<a href=\"http:\/\/www.con-vita-ihr-pflegeteam.de\/\" data-wpel-link=\"external\" target=\"_self\" rel=\"nofollow external noopener noreferrer\" title=\"Externer Link: Homepage\" class=\"ext-link wpel-icon-right\">Homepage<span class=\"wpel-icon wpel-image wpel-icon-6\"><\/span><\/a><br \/>\n<a href=\"mailto:koeln@con-vita.de\">E-Mail senden<\/a><\/p>\n<p><strong>Ambulanter Palliativdienst <\/strong>der Universit\u00e4t zu K\u00f6ln<br \/>\nKerperner Str. 62 50937 K\u00f6ln 0221 \/ 478 &#8211; 5339<br \/>\n<a href=\"https:\/\/palliativzentrum.uk-koeln.de\/zentrum\/ambulante-versorgung\/spezialisierte-ambulante-palliativversorgung-sapv\/\" data-wpel-link=\"external\" target=\"_self\" rel=\"nofollow external noopener noreferrer\" title=\"Externer Link: Homepage\" class=\"ext-link wpel-icon-right\">Homepage<span class=\"wpel-icon wpel-image wpel-icon-6\"><\/span><\/a><br \/>\n<a href=\"mailto:palliatvzentrum-sapv@uk-koeln.de\">E-Mail senden<\/a><\/p>\n<h3><strong>Pflegewegweiser NRW\u00a0<\/strong><\/h3>\n<p>Der Pflegewegweiser NRW hilft Ratsuchenden, eine Beratung zu finden, die auf die pers\u00f6nliche Situation zugeschnitten ist. Im Internetportal <a href=\"https:\/\/www.pflegewegweiser-nrw.de\" data-wpel-link=\"external\" target=\"_self\" rel=\"nofollow external noopener noreferrer\" title=\"Externer Link: www.pflegewegweiser-nrw.de\" class=\"ext-link wpel-icon-right\">www.pflegewegweiser-nrw.de<span class=\"wpel-icon wpel-image wpel-icon-6\"><\/span><\/a> k\u00f6nnen sich Betroffene schnell einen \u00dcberblick \u00fcber passende Beratungs- und Hilfsangebote in der N\u00e4he Ihres Wohnorts verschaffen. Angeboten wird der Pflegewegweiser NRW von der Verbraucherzentrale NRW.<\/p>\n<p>Unter der Rufnummer 0800 4040044 k\u00f6nnen Ratsuchende ab sofort montags, dienstags, mittwochs und freitags von 9\u00a0 bis 12 Uhr sowie donnerstags von 14 bis 17 Uhr geb\u00fchrenfrei anrufen. Das Team am anderen Ende der Leitung lotst Anruferinnen und Anrufer zu den Ansprechpartnern beim passenden Pflegeberatungsangebot und bei individuell ben\u00f6tigten Hilfeleisten.<\/p>\n<p>&#8222;Online und telefonisch gibt der Pflegewegweiser allen Ratsuchenden schnell und kostenlos einen Gesamt\u00fcberblick \u00fcber dringend ben\u00f6tigte Versorgungs- und Betreuungsangebote&#8220;, informiert Charlotte Dahlheim vom Pflegewegweiser bei der Verbraucherzentrale NRW.<\/p>\n<p>Um Pflegebed\u00fcrftige und pflegende Angeh\u00f6rige zu unterst\u00fctzen und zu entlasten, wurden au\u00dferdem sogenannte &#8222;Kontaktb\u00fcros Pflegeselbsthilfe&#8220; (KoPS) eingerichtet, die den Austausch mit Menschen in einer vergleichbaren Situation erm\u00f6glichen. Pflegende Angeh\u00f6rige k\u00f6nnen \u00fcber die Online-Suchfunktion ein nahe gelegenes Kontaktb\u00fcro zur Pflegeselbsthilfe suchen. Dar\u00fcber hinaus bietet die Plattform viele wertvolle Informationen und Tipps rund um das Thema Pflege &#8211; von der Beantragung eines Pflegegrads bis hin zu verschiedenen Entlastungsm\u00f6glichkeiten f\u00fcr Betroffene und Angeh\u00f6rige.<\/p>\n","protected":false},"excerpt":{"rendered":"<p>Ratgeber zur Pflege Die Brosch\u00fcre &#8222;Ratgeber zur Pflege &#8211; Alles, was Sie zum Thema Pflege und zu den Pflegest\u00e4rkungsgesetzen wissen m\u00fcssen&#8220; kann kostenlos beim Publikationsversand der Bundesregierung bestellt werden: Tel.:&hellip; <a class=\"continue\" href=\"https:\/\/unser-quartier.de\/koeln-widdersdorf\/pflege\/\" data-wpel-link=\"internal\"> \u00bb weiterlesen: <span> Pflege<\/span><\/a><\/p>\n","protected":false},"author":635,"featured_media":0,"parent":0,"menu_order":2,"comment_status":"closed","ping_status":"closed","template":"","meta":{"generate_page_header":"","footnotes":""},"class_list":["post-2004","page","type-page","status-publish"],"_links":{"self":[{"href":"https:\/\/unser-quartier.de\/koeln-widdersdorf\/wp-json\/wp\/v2\/pages\/2004","targetHints":{"allow":["GET"]}}],"collection":[{"href":"https:\/\/unser-quartier.de\/koeln-widdersdorf\/wp-json\/wp\/v2\/pages"}],"about":[{"href":"https:\/\/unser-quartier.de\/koeln-widdersdorf\/wp-json\/wp\/v2\/types\/page"}],"author":[{"embeddable":true,"href":"https:\/\/unser-quartier.de\/koeln-widdersdorf\/wp-json\/wp\/v2\/users\/635"}],"replies":[{"embeddable":true,"href":"https:\/\/unser-quartier.de\/koeln-widdersdorf\/wp-json\/wp\/v2\/comments?post=2004"}],"version-history":[{"count":1,"href":"https:\/\/unser-quartier.de\/koeln-widdersdorf\/wp-json\/wp\/v2\/pages\/2004\/revisions"}],"predecessor-version":[{"id":9718,"href":"https:\/\/unser-quartier.de\/koeln-widdersdorf\/wp-json\/wp\/v2\/pages\/2004\/revisions\/9718"}],"wp:attachment":[{"href":"https:\/\/unser-quartier.de\/koeln-widdersdorf\/wp-json\/wp\/v2\/media?parent=2004"}],"curies":[{"name":"wp","href":"https:\/\/api.w.org\/{rel}","templated":true}]}}