{"id":11125,"date":"2020-05-26T17:35:18","date_gmt":"2020-05-26T15:35:18","guid":{"rendered":"https:\/\/unser-quartier.de\/oberhausen\/?page_id=11125"},"modified":"2021-02-26T12:54:05","modified_gmt":"2021-02-26T11:54:05","slug":"dortmund","status":"publish","type":"page","link":"https:\/\/unser-quartier.de\/oberhausen\/senioren-in-den-kommunen\/dortmund\/","title":{"rendered":"Dortmund"},"content":{"rendered":"<header>\n<blockquote>\n<p><strong>ehemalige Brauerei und Montanstadt<\/strong><\/p>\n<\/blockquote>\n\n<p>&nbsp;<\/p>\n<h2>\u00dcber 280 Angebote, Dienste und Einrichtungen<\/h2>\n<p>sowie Infos f\u00fcr Senioren und Angeh\u00f6rige finden sich auf der Website von <a href=\"https:\/\/www.seniorendo.de\/unsere-angebote.html\" target=\"_blank\" rel=\"noopener noreferrer nofollow external\" data-wpel-link=\"external\" title=\"Externer Link: SeniorenDO\" class=\"ext-link wpel-icon-right\">SeniorenDO<span class=\"wpel-icon wpel-image wpel-icon-6\"><\/span><\/a>.<\/p>\n<\/header>\n<h2 class=\"dode-border headline-detail col-paddingTop-2x col-paddingBottom-2x\"><a href=\"https:\/\/www.dortmund.de\/de\/rathaus_und_buergerservice\/lokalpolitik\/rat_und_ausschuesse\/beiraete\/rat_seniorenbeirat\/start_seniorenbeirat\/index.html\" target=\"_blank\" rel=\"noopener noreferrer nofollow external\" data-wpel-link=\"external\" title=\"Externer Link: Seniorenbeirat\" class=\"ext-link wpel-icon-right\">Seniorenbeirat<span class=\"wpel-icon wpel-image wpel-icon-6\"><\/span><\/a> der Stadt Dortmund<\/h2>\n<p>besteht aus 27 Beir\u00e4ten in Urwahl, am 6.3.2020, gew\u00e4hlten Vertreter*Innen, bei 48 Kandidaten.<\/p>\n<p>Die Arbeit ist in 4 Arbeitskreise aufgeteilt.<\/p>\n<p><a href=\"https:\/\/www.dortmund.de\/de\/rathaus_und_buergerservice\/lokalpolitik\/rat_und_ausschuesse\/beiraete\/rat_seniorenbeirat\/sitzungen\/index.html\" target=\"_blank\" rel=\"noopener noreferrer nofollow external\" data-wpel-link=\"external\" title=\"Externer Link: Sitzung\" class=\"ext-link wpel-icon-right\">Sitzung<span class=\"wpel-icon wpel-image wpel-icon-6\"><\/span><\/a> jeden zweiten geraden Monat<\/p>\n<h2>Bezirke der Stadt Dortmund<\/h2>\n<table style=\"width: 47.0303%;\" border=\"0\" cellspacing=\"0\" cellpadding=\"2\">\n<tbody>\n<tr valign=\"top\" bgcolor=\"#EFEFEF\">\n<td style=\"width: 89.7172%;\" colspan=\"3\" nowrap=\"nowrap\"><b><span style=\"color: #000080; font-size: small;\">Bezirksvertretung Aplerbeck<\/span><\/b><\/td>\n<td style=\"width: 10.3175%;\">1<\/td>\n<\/tr>\n<tr valign=\"top\">\n<td style=\"width: 89.7172%;\" colspan=\"3\" nowrap=\"nowrap\"><a href=\"https:\/\/dosys01.digistadtdo.de\/dosys\/gremniedweb1.nsf\/NiederschriftenWeb?OpenView&amp;Start=1&amp;Count=30&amp;Expand=21#21\" target=\"_self\" rel=\"noopener noreferrer nofollow external\" data-wpel-link=\"external\" title=\"Externer Link: &lt;img decoding=&quot;async&quot; src=&quot;https:\/\/dosys01.digistadtdo.de\/dosys\/gremniedweb1.nsf\/$PlusMinus?OpenImageResource&amp;ImgIndex=0&quot; alt=&quot;Details anzeigen f\u00fcr Bezirksvertretung Brackel&quot; border=&quot;0&quot; \/&gt;\" class=\"ext-link\"><img decoding=\"async\" src=\"https:\/\/dosys01.digistadtdo.de\/dosys\/gremniedweb1.nsf\/$PlusMinus?OpenImageResource&amp;ImgIndex=0\" alt=\"Details anzeigen f\u00fcr Bezirksvertretung Brackel\" border=\"0\" \/><\/a><b><span style=\"color: #000080; font-size: small;\">Bezirksvertretung Brackel<\/span><\/b><\/td>\n<td style=\"width: 10.3175%;\">2<\/td>\n<\/tr>\n<tr valign=\"top\" bgcolor=\"#EFEFEF\">\n<td style=\"width: 89.7172%;\" colspan=\"3\" nowrap=\"nowrap\"><a href=\"https:\/\/dosys01.digistadtdo.de\/dosys\/gremniedweb1.nsf\/NiederschriftenWeb?OpenView&amp;Start=1&amp;Count=30&amp;Expand=22#22\" target=\"_self\" rel=\"noopener noreferrer nofollow external\" data-wpel-link=\"external\" title=\"Externer Link: &lt;img decoding=&quot;async&quot; src=&quot;https:\/\/dosys01.digistadtdo.de\/dosys\/gremniedweb1.nsf\/$PlusMinus?OpenImageResource&amp;ImgIndex=0&quot; alt=&quot;Details anzeigen f\u00fcr Bezirksvertretung Eving&quot; border=&quot;0&quot; \/&gt;\" class=\"ext-link\"><img decoding=\"async\" src=\"https:\/\/dosys01.digistadtdo.de\/dosys\/gremniedweb1.nsf\/$PlusMinus?OpenImageResource&amp;ImgIndex=0\" alt=\"Details anzeigen f\u00fcr Bezirksvertretung Eving\" border=\"0\" \/><\/a><b><span style=\"color: #000080; font-size: small;\">Bezirksvertretung Eving<\/span><\/b><\/td>\n<td style=\"width: 10.3175%;\">3<\/td>\n<\/tr>\n<tr valign=\"top\">\n<td style=\"width: 89.7172%;\" colspan=\"3\" nowrap=\"nowrap\"><a href=\"https:\/\/dosys01.digistadtdo.de\/dosys\/gremniedweb1.nsf\/NiederschriftenWeb?OpenView&amp;Start=1&amp;Count=30&amp;Expand=23#23\" target=\"_self\" rel=\"noopener noreferrer nofollow external\" data-wpel-link=\"external\" title=\"Externer Link: &lt;img decoding=&quot;async&quot; src=&quot;https:\/\/dosys01.digistadtdo.de\/dosys\/gremniedweb1.nsf\/$PlusMinus?OpenImageResource&amp;ImgIndex=0&quot; alt=&quot;Details anzeigen f\u00fcr Bezirksvertretung H\u00f6rde&quot; border=&quot;0&quot; \/&gt;\" class=\"ext-link\"><img decoding=\"async\" src=\"https:\/\/dosys01.digistadtdo.de\/dosys\/gremniedweb1.nsf\/$PlusMinus?OpenImageResource&amp;ImgIndex=0\" alt=\"Details anzeigen f\u00fcr Bezirksvertretung H\u00f6rde\" border=\"0\" \/><\/a><b><span style=\"color: #000080; font-size: small;\">Bezirksvertretung H\u00f6rde<\/span><\/b><\/td>\n<td style=\"width: 10.3175%;\">4<\/td>\n<\/tr>\n<tr valign=\"top\" bgcolor=\"#EFEFEF\">\n<td style=\"width: 89.7172%;\" colspan=\"3\" nowrap=\"nowrap\"><a href=\"https:\/\/dosys01.digistadtdo.de\/dosys\/gremniedweb1.nsf\/NiederschriftenWeb?OpenView&amp;Start=1&amp;Count=30&amp;Expand=24#24\" target=\"_self\" rel=\"noopener noreferrer nofollow external\" data-wpel-link=\"external\" title=\"Externer Link: &lt;img decoding=&quot;async&quot; src=&quot;https:\/\/dosys01.digistadtdo.de\/dosys\/gremniedweb1.nsf\/$PlusMinus?OpenImageResource&amp;ImgIndex=0&quot; alt=&quot;Details anzeigen f\u00fcr Bezirksvertretung Hombruch&quot; border=&quot;0&quot; \/&gt;\" class=\"ext-link\"><img decoding=\"async\" src=\"https:\/\/dosys01.digistadtdo.de\/dosys\/gremniedweb1.nsf\/$PlusMinus?OpenImageResource&amp;ImgIndex=0\" alt=\"Details anzeigen f\u00fcr Bezirksvertretung Hombruch\" border=\"0\" \/><\/a><b><span style=\"color: #000080; font-size: small;\">Bezirksvertretung Hombruch<\/span><\/b><\/td>\n<td style=\"width: 10.3175%;\">5<\/td>\n<\/tr>\n<tr valign=\"top\">\n<td style=\"width: 89.7172%;\" colspan=\"3\" nowrap=\"nowrap\"><a href=\"https:\/\/dosys01.digistadtdo.de\/dosys\/gremniedweb1.nsf\/NiederschriftenWeb?OpenView&amp;Start=1&amp;Count=30&amp;Expand=25#25\" target=\"_self\" rel=\"noopener noreferrer nofollow external\" data-wpel-link=\"external\" title=\"Externer Link: &lt;img decoding=&quot;async&quot; src=&quot;https:\/\/dosys01.digistadtdo.de\/dosys\/gremniedweb1.nsf\/$PlusMinus?OpenImageResource&amp;ImgIndex=0&quot; alt=&quot;Details anzeigen f\u00fcr Bezirksvertretung Huckarde&quot; border=&quot;0&quot; \/&gt;\" class=\"ext-link\"><img decoding=\"async\" src=\"https:\/\/dosys01.digistadtdo.de\/dosys\/gremniedweb1.nsf\/$PlusMinus?OpenImageResource&amp;ImgIndex=0\" alt=\"Details anzeigen f\u00fcr Bezirksvertretung Huckarde\" border=\"0\" \/><\/a><b><span style=\"color: #000080; font-size: small;\">Bezirksvertretung Huckarde<\/span><\/b><\/td>\n<td style=\"width: 10.3175%;\">6<\/td>\n<\/tr>\n<tr valign=\"top\" bgcolor=\"#EFEFEF\">\n<td style=\"width: 89.7172%;\" colspan=\"3\" nowrap=\"nowrap\"><a href=\"https:\/\/dosys01.digistadtdo.de\/dosys\/gremniedweb1.nsf\/NiederschriftenWeb?OpenView&amp;Start=1&amp;Count=30&amp;Expand=26#26\" target=\"_self\" rel=\"noopener noreferrer nofollow external\" data-wpel-link=\"external\" title=\"Externer Link: &lt;img decoding=&quot;async&quot; src=&quot;https:\/\/dosys01.digistadtdo.de\/dosys\/gremniedweb1.nsf\/$PlusMinus?OpenImageResource&amp;ImgIndex=0&quot; alt=&quot;Details anzeigen f\u00fcr Bezirksvertretung Innenstadt-Nord&quot; border=&quot;0&quot; \/&gt;\" class=\"ext-link\"><img decoding=\"async\" src=\"https:\/\/dosys01.digistadtdo.de\/dosys\/gremniedweb1.nsf\/$PlusMinus?OpenImageResource&amp;ImgIndex=0\" alt=\"Details anzeigen f\u00fcr Bezirksvertretung Innenstadt-Nord\" border=\"0\" \/><\/a><b><span style=\"color: #000080; font-size: small;\">Bezirksvertretung Innenstadt-Nord<\/span><\/b><\/td>\n<td style=\"width: 10.3175%;\">7<\/td>\n<\/tr>\n<tr valign=\"top\">\n<td style=\"width: 89.7172%;\" colspan=\"3\" nowrap=\"nowrap\"><a href=\"https:\/\/dosys01.digistadtdo.de\/dosys\/gremniedweb1.nsf\/NiederschriftenWeb?OpenView&amp;Start=1&amp;Count=30&amp;Expand=27#27\" target=\"_self\" rel=\"noopener noreferrer nofollow external\" data-wpel-link=\"external\" title=\"Externer Link: &lt;img decoding=&quot;async&quot; src=&quot;https:\/\/dosys01.digistadtdo.de\/dosys\/gremniedweb1.nsf\/$PlusMinus?OpenImageResource&amp;ImgIndex=0&quot; alt=&quot;Details anzeigen f\u00fcr Bezirksvertretung Innenstadt-Ost&quot; border=&quot;0&quot; \/&gt;\" class=\"ext-link\"><img decoding=\"async\" src=\"https:\/\/dosys01.digistadtdo.de\/dosys\/gremniedweb1.nsf\/$PlusMinus?OpenImageResource&amp;ImgIndex=0\" alt=\"Details anzeigen f\u00fcr Bezirksvertretung Innenstadt-Ost\" border=\"0\" \/><\/a><b><span style=\"color: #000080; font-size: small;\">Bezirksvertretung Innenstadt-Ost<\/span><\/b><\/td>\n<td style=\"width: 10.3175%;\">8<\/td>\n<\/tr>\n<tr valign=\"top\" bgcolor=\"#EFEFEF\">\n<td style=\"width: 89.7172%;\" colspan=\"3\" nowrap=\"nowrap\"><a href=\"https:\/\/dosys01.digistadtdo.de\/dosys\/gremniedweb1.nsf\/NiederschriftenWeb?OpenView&amp;Start=1&amp;Count=30&amp;Expand=28#28\" target=\"_self\" rel=\"noopener noreferrer nofollow external\" data-wpel-link=\"external\" title=\"Externer Link: &lt;img decoding=&quot;async&quot; src=&quot;https:\/\/dosys01.digistadtdo.de\/dosys\/gremniedweb1.nsf\/$PlusMinus?OpenImageResource&amp;ImgIndex=0&quot; alt=&quot;Details anzeigen f\u00fcr Bezirksvertretung Innenstadt-West&quot; border=&quot;0&quot; \/&gt;\" class=\"ext-link\"><img decoding=\"async\" src=\"https:\/\/dosys01.digistadtdo.de\/dosys\/gremniedweb1.nsf\/$PlusMinus?OpenImageResource&amp;ImgIndex=0\" alt=\"Details anzeigen f\u00fcr Bezirksvertretung Innenstadt-West\" border=\"0\" \/><\/a><b><span style=\"color: #000080; font-size: small;\">Bezirksvertretung Innenstadt-West<\/span><\/b><\/td>\n<td style=\"width: 10.3175%;\">9<\/td>\n<\/tr>\n<tr valign=\"top\">\n<td style=\"width: 89.7172%;\" colspan=\"3\" nowrap=\"nowrap\"><a href=\"https:\/\/dosys01.digistadtdo.de\/dosys\/gremniedweb1.nsf\/NiederschriftenWeb?OpenView&amp;Start=1&amp;Count=30&amp;Expand=29#29\" target=\"_self\" rel=\"noopener noreferrer nofollow external\" data-wpel-link=\"external\" title=\"Externer Link: &lt;img decoding=&quot;async&quot; src=&quot;https:\/\/dosys01.digistadtdo.de\/dosys\/gremniedweb1.nsf\/$PlusMinus?OpenImageResource&amp;ImgIndex=0&quot; alt=&quot;Details anzeigen f\u00fcr Bezirksvertretung L\u00fctgendortmund&quot; border=&quot;0&quot; \/&gt;\" class=\"ext-link\"><img decoding=\"async\" src=\"https:\/\/dosys01.digistadtdo.de\/dosys\/gremniedweb1.nsf\/$PlusMinus?OpenImageResource&amp;ImgIndex=0\" alt=\"Details anzeigen f\u00fcr Bezirksvertretung L\u00fctgendortmund\" border=\"0\" \/><\/a><b><span style=\"color: #000080; font-size: small;\">Bezirksvertretung L\u00fctgendortmund<\/span><\/b><\/td>\n<td style=\"width: 10.3175%;\">10<\/td>\n<\/tr>\n<tr valign=\"top\" bgcolor=\"#EFEFEF\">\n<td style=\"width: 89.7172%;\" colspan=\"3\" nowrap=\"nowrap\"><a href=\"https:\/\/dosys01.digistadtdo.de\/dosys\/gremniedweb1.nsf\/NiederschriftenWeb?OpenView&amp;Start=30&amp;Count=30&amp;Expand=30#30\" target=\"_self\" rel=\"noopener noreferrer nofollow external\" data-wpel-link=\"external\" title=\"Externer Link: &lt;img decoding=&quot;async&quot; src=&quot;https:\/\/dosys01.digistadtdo.de\/dosys\/gremniedweb1.nsf\/$PlusMinus?OpenImageResource&amp;ImgIndex=0&quot; alt=&quot;Details anzeigen f\u00fcr Bezirksvertretung Mengede&quot; border=&quot;0&quot; \/&gt;\" class=\"ext-link\"><img decoding=\"async\" src=\"https:\/\/dosys01.digistadtdo.de\/dosys\/gremniedweb1.nsf\/$PlusMinus?OpenImageResource&amp;ImgIndex=0\" alt=\"Details anzeigen f\u00fcr Bezirksvertretung Mengede\" border=\"0\" \/><\/a><b><span style=\"color: #000080; font-size: small;\">Bezirksvertretung Mengede<\/span><\/b><\/td>\n<\/tr>\n<\/tbody>\n<\/table>\n<h2>Pflege- und Behinderten-Einrichtungen 31.12.2018<\/h2>\n<table style=\"width: 61.2121%;\">\n<tbody>\n<tr>\n<td style=\"width: 32.2424%;\" width=\"160\">\n<p>Einrichtungsart<\/p>\n<\/td>\n<td style=\"width: 16.7273%;\" width=\"57\">\n<p>Anzahl<\/p>\n<\/td>\n<td style=\"width: 12%;\" width=\"94\">\n<p>Bettpl\u00e4tze<\/p>\n<\/td>\n<\/tr>\n<tr>\n<td style=\"width: 32.2424%;\" width=\"160\">\n<p>Pflege<\/p>\n<\/td>\n<td style=\"width: 16.7273%; text-align: center;\" width=\"57\">\n<p>61<\/p>\n<\/td>\n<td style=\"width: 12%; text-align: center;\" width=\"94\">\n<p>5.512<\/p>\n<\/td>\n<\/tr>\n<tr>\n<td style=\"width: 32.2424%;\" width=\"160\">\n<p>Behindertenhilfe<\/p>\n<\/td>\n<td style=\"width: 16.7273%; text-align: center;\" width=\"57\">\n<p>38<\/p>\n<\/td>\n<td style=\"width: 12%; text-align: center;\" width=\"94\">\n<p>877<\/p>\n<\/td>\n<\/tr>\n<tr>\n<td style=\"width: 32.2424%;\" width=\"160\">\n<p>Hospize<\/p>\n<\/td>\n<td style=\"width: 16.7273%; text-align: center;\" width=\"57\">\n<p>3<\/p>\n<\/td>\n<td style=\"width: 12%; text-align: center;\" width=\"94\">\n<p>29<\/p>\n<\/td>\n<\/tr>\n<tr>\n<td style=\"width: 32.2424%;\" width=\"160\">\n<p>Kurzzeit<\/p>\n<\/td>\n<td style=\"width: 16.7273%; text-align: center;\" width=\"57\">\n<p>3<\/p>\n<\/td>\n<td style=\"width: 12%; text-align: center;\" width=\"94\">\n<p>41<\/p>\n<\/td>\n<\/tr>\n<tr>\n<td style=\"width: 32.2424%;\" width=\"160\">\n<p>Tagespflege<\/p>\n<\/td>\n<td style=\"width: 16.7273%; text-align: center;\" width=\"57\">\n<p>20<\/p>\n<\/td>\n<td style=\"width: 12%; text-align: center;\" width=\"94\">\n<p>321<\/p>\n<\/td>\n<\/tr>\n<tr>\n<td style=\"width: 32.2424%;\" width=\"160\">\n<p><strong><b>Gesamt<\/b><\/strong><\/p>\n<\/td>\n<td style=\"width: 16.7273%; text-align: center;\" width=\"57\">\n<p><strong><b>125<\/b><\/strong><\/p>\n<\/td>\n<td style=\"width: 12%; text-align: center;\" width=\"94\">\n<p><strong><b>6.780<\/b><\/strong><\/p>\n<\/td>\n<\/tr>\n<\/tbody>\n<\/table>\n<p><strong><b>Wohngemeinschaften <\/b><\/strong><\/p>\n<p>Bei den Wohngemeinschaften unterscheidet der Gesetzgeber zwischen selbstverantworteten und anbieterverantworteten Wohngemeinschaften. Beide Wohnformen werden in Dortmund sowohl f\u00fcr den Bereich der Pflegebed\u00fcrftigen als auch f\u00fcr Menschen mit Behinderungen vorgehalten.<\/p>\n<p>Pflegewohngemeinschaften 31.12.2018<\/p>\n<table style=\"width: 60.9697%;\">\n<tbody>\n<tr>\n<td style=\"width: 32.6061%;\" width=\"141\">\n<p>Art<\/p>\n<\/td>\n<td style=\"width: 15.7576%;\" width=\"76\">\n<p>Anzahl<\/p>\n<\/td>\n<td style=\"width: 12.3637%;\" width=\"94\">\n<p>Pl\u00e4tze<\/p>\n<\/td>\n<\/tr>\n<tr>\n<td style=\"width: 32.6061%;\" width=\"141\">\n<p>anbieterverantwortet<\/p>\n<\/td>\n<td style=\"width: 15.7576%; text-align: center;\" width=\"76\">\n<p>24<\/p>\n<\/td>\n<td style=\"width: 12.3637%; text-align: center;\" width=\"94\">\n<p>282<\/p>\n<\/td>\n<\/tr>\n<tr>\n<td style=\"width: 32.6061%;\" width=\"141\">\n<p>selbstverantwortet<\/p>\n<\/td>\n<td style=\"width: 15.7576%; text-align: center;\" width=\"76\">\n<p>11<\/p>\n<\/td>\n<td style=\"width: 12.3637%; text-align: center;\" width=\"94\">\n<p>92<\/p>\n<\/td>\n<\/tr>\n<tr>\n<td style=\"width: 32.6061%;\" width=\"141\">\n<p><strong><b>Gesamt<\/b><\/strong><\/p>\n<\/td>\n<td style=\"width: 15.7576%; text-align: center;\" width=\"76\">\n<p><strong><b>35<\/b><\/strong><\/p>\n<\/td>\n<td style=\"width: 12.3637%; text-align: center;\" width=\"94\">\n<p><strong><b>374<\/b><\/strong><\/p>\n<\/td>\n<\/tr>\n<\/tbody>\n<\/table>\n<h2>Pflegebed\u00fcrftige\u00a0<\/h2>\n<p>31.12.2017\u00a0 waren es 22.595\u00a0<\/p>\n<p>31.12.2019 waren es 29.679 damit 29,27 % mehr anerkannte Pflegebed\u00fcrftige. 24.168 mussten zu Hause gepflegt werden. F\u00fcr 81,43 % stand kein Pflegeplatz zur Verf\u00fcgung. Die Situation wurde erkannt.<\/p>\n<h2>Altenhilfe- und Pflegekonferenz 2020<\/h2>\n<p>besch\u00e4ftigt sich mit Buurtzorg, das niederl\u00e4ndische Wort f\u00fcr Nachbarschaftspflege. Dieses Pflegekonzept stellt, in den Niederlanden 2006\/2007 eingef\u00fchrt, den Patienten in den Mittelpunkt und will die Selbst\u00e4ndigkeit des zu Pflegenden erhalten. Die Pflegeteams bestehen aus max. 10 \u2013 12 Leuten, die selbstorganisiert und hierarchiefrei arbeiten.<\/p>\n<p>\u00a0Das System in den Niederlanden ist anders. Durch die Sicherheit der Refinanzierung haben sie die Freiheit, anders zu arbeiten. Die Frage stellt sich, ob das deutsche System der Pflegeversicherung mit der Refinanzierung \u00fcber die Pflegeversicherung und der Krankenkassen nicht ein Verhinderungssystem ist. Wenn es gelinge, das Sozialversicherungssystem so zu ver\u00e4ndern, den bestehenden Misstrauensansatz, dass man Geld f\u00fcr etwas bek\u00e4me, was man vielleicht nicht tue, tats\u00e4chlich bei Seite zu stellt, die Leute ordentlich bezahlt w\u00fcrden mit einer Verg\u00fctung, die zeitabh\u00e4ngig sei und mit der Freiheit zu entscheiden, was dort passiere, vielleicht auch unter dem Aspekt nicht noch wieder Geld zu sparen, dann h\u00e4tte man die Chance, solch ein System einzuf\u00fchren.<\/p>\n<h2><a href=\"https:\/\/www.dortmund.de\/de\/leben_in_dortmund\/familie_und_soziales\/seniorenportal\/seniorenbueros_senioren\/index.html\" target=\"_blank\" rel=\"noopener noreferrer nofollow external\" data-wpel-link=\"external\" title=\"Externer Link: Seniorenb\u00fcros\" class=\"ext-link wpel-icon-right\">Seniorenb\u00fcros<span class=\"wpel-icon wpel-image wpel-icon-6\"><\/span><\/a><\/h2>\n<p>In Dortmund bestehen seit 2006 insgesamt 12 hauptamtlich gef\u00fchrte Seniorenb\u00fcros\u00a0 in den Stadtbezirk mit den <strong>Aufgaben<\/strong> Beratung, Aufbau von \u00f6rtlicher Netzwerkarbeit f\u00fcr Senioren, F\u00f6rderung des b\u00fcrgerschaftlichen Engagements, Care- und CaseManagement im Einzelfall. In der Corona-Pandemie organisieren die Seniorenb\u00fcros in allen Stadtteilen nachbarschaftliche Alltagshilfen.<\/p>\n<p><strong>Zur\u00fcck<\/strong> zu \u201e<a href=\"https:\/\/wp.me\/P91Zz0-2yu\" data-wpel-link=\"external\" target=\"_self\" rel=\"nofollow external noopener noreferrer\" title=\"Externer Link: Senioren in Kommunen\" class=\"ext-link wpel-icon-right\">Senioren in Kommunen<span class=\"wpel-icon wpel-image wpel-icon-6\"><\/span><\/a>\u201c<\/p>\n","protected":false},"excerpt":{"rendered":"<p>ehemalige Brauerei und Montanstadt &nbsp; \u00dcber 280 Angebote, Dienste und Einrichtungen sowie Infos f\u00fcr Senioren und Angeh\u00f6rige finden sich auf der Website von SeniorenDO. Seniorenbeirat der Stadt Dortmund besteht aus 27 Beir\u00e4ten in Urwahl, am 6.3.2020, gew\u00e4hlten Vertreter*Innen, bei 48 Kandidaten. Die Arbeit ist in 4 Arbeitskreise aufgeteilt. Sitzung jeden zweiten geraden Monat Bezirke der&hellip; <a class=\"continue\" href=\"https:\/\/unser-quartier.de\/oberhausen\/senioren-in-den-kommunen\/dortmund\/\" data-wpel-link=\"internal\"> \u00bb weiterlesen: <span> Dortmund<\/span><\/a><\/p>\n","protected":false},"author":612,"featured_media":0,"parent":9826,"menu_order":21,"comment_status":"closed","ping_status":"closed","template":"","meta":{"_monsterinsights_skip_tracking":false,"_monsterinsights_sitenote_active":false,"_monsterinsights_sitenote_note":"","_monsterinsights_sitenote_category":0,"generate_page_header":"","footnotes":""},"class_list":["post-11125","page","type-page","status-publish"],"_links":{"self":[{"href":"https:\/\/unser-quartier.de\/oberhausen\/wp-json\/wp\/v2\/pages\/11125","targetHints":{"allow":["GET"]}}],"collection":[{"href":"https:\/\/unser-quartier.de\/oberhausen\/wp-json\/wp\/v2\/pages"}],"about":[{"href":"https:\/\/unser-quartier.de\/oberhausen\/wp-json\/wp\/v2\/types\/page"}],"author":[{"embeddable":true,"href":"https:\/\/unser-quartier.de\/oberhausen\/wp-json\/wp\/v2\/users\/612"}],"replies":[{"embeddable":true,"href":"https:\/\/unser-quartier.de\/oberhausen\/wp-json\/wp\/v2\/comments?post=11125"}],"version-history":[{"count":0,"href":"https:\/\/unser-quartier.de\/oberhausen\/wp-json\/wp\/v2\/pages\/11125\/revisions"}],"up":[{"embeddable":true,"href":"https:\/\/unser-quartier.de\/oberhausen\/wp-json\/wp\/v2\/pages\/9826"}],"wp:attachment":[{"href":"https:\/\/unser-quartier.de\/oberhausen\/wp-json\/wp\/v2\/media?parent=11125"}],"curies":[{"name":"wp","href":"https:\/\/api.w.org\/{rel}","templated":true}]}}