{"id":9296,"date":"2018-08-25T09:56:31","date_gmt":"2018-08-25T07:56:31","guid":{"rendered":"https:\/\/unser-quartier.de\/roehlinghausen\/?page_id=9296"},"modified":"2021-07-30T07:29:45","modified_gmt":"2021-07-30T05:29:45","slug":"traktor-fahren","status":"publish","type":"page","link":"https:\/\/unser-quartier.de\/roehlinghausen\/zwar\/top-veranstaltungen\/in-2018\/traktor-fahren\/","title":{"rendered":"Traktor fahren"},"content":{"rendered":"<h2>Freie Fahrt durch Wanne-Eickel am 19.08.2018<\/h2>\n<div id='gallery-1' class='gallery galleryid-9296 gallery-columns-3 gallery-size-thumbnail'><figure class='gallery-item'>\n\t\t\t<div class='gallery-icon landscape'>\n\t\t\t\t<a href=\"https:\/\/unser-quartier.de\/roehlinghausen\/zwar\/top-veranstaltungen\/in-2018\/traktor-fahren\/treckerfreunde6\/#main\" data-wpel-link=\"internal\"><img loading=\"lazy\" decoding=\"async\" width=\"150\" height=\"84\" src=\"https:\/\/unser-quartier.de\/roehlinghausen\/files\/2018\/08\/Treckerfreunde6-150x84.jpg\" class=\"attachment-thumbnail size-thumbnail\" alt=\"Trecker fahren\" aria-describedby=\"gallery-1-9301\" srcset=\"https:\/\/unser-quartier.de\/roehlinghausen\/files\/2018\/08\/Treckerfreunde6-150x84.jpg 150w, https:\/\/unser-quartier.de\/roehlinghausen\/files\/2018\/08\/Treckerfreunde6-300x169.jpg 300w, https:\/\/unser-quartier.de\/roehlinghausen\/files\/2018\/08\/Treckerfreunde6-768x431.jpg 768w, https:\/\/unser-quartier.de\/roehlinghausen\/files\/2018\/08\/Treckerfreunde6-1024x575.jpg 1024w, https:\/\/unser-quartier.de\/roehlinghausen\/files\/2018\/08\/Treckerfreunde6.jpg 1200w\" sizes=\"auto, (max-width: 150px) 100vw, 150px\" \/><\/a>\n\t\t\t<\/div>\n\t\t\t\t<figcaption class='wp-caption-text gallery-caption' id='gallery-1-9301'>\n\t\t\t\tdie Trecker stehen bereit\n\t\t\t\t<\/figcaption><\/figure><figure class='gallery-item'>\n\t\t\t<div class='gallery-icon landscape'>\n\t\t\t\t<a href=\"https:\/\/unser-quartier.de\/roehlinghausen\/zwar\/top-veranstaltungen\/in-2018\/traktor-fahren\/treckerfreunde5\/#main\" data-wpel-link=\"internal\"><img loading=\"lazy\" decoding=\"async\" width=\"150\" height=\"84\" src=\"https:\/\/unser-quartier.de\/roehlinghausen\/files\/2018\/08\/Treckerfreunde5-150x84.jpg\" class=\"attachment-thumbnail size-thumbnail\" alt=\"Trecker fahren\" aria-describedby=\"gallery-1-9300\" srcset=\"https:\/\/unser-quartier.de\/roehlinghausen\/files\/2018\/08\/Treckerfreunde5-150x84.jpg 150w, https:\/\/unser-quartier.de\/roehlinghausen\/files\/2018\/08\/Treckerfreunde5-300x169.jpg 300w, https:\/\/unser-quartier.de\/roehlinghausen\/files\/2018\/08\/Treckerfreunde5-768x431.jpg 768w, https:\/\/unser-quartier.de\/roehlinghausen\/files\/2018\/08\/Treckerfreunde5-1024x575.jpg 1024w, https:\/\/unser-quartier.de\/roehlinghausen\/files\/2018\/08\/Treckerfreunde5.jpg 1200w\" sizes=\"auto, (max-width: 150px) 100vw, 150px\" \/><\/a>\n\t\t\t<\/div>\n\t\t\t\t<figcaption class='wp-caption-text gallery-caption' id='gallery-1-9300'>\n\t\t\t\techte Frauen auch\n\t\t\t\t<\/figcaption><\/figure><figure class='gallery-item'>\n\t\t\t<div class='gallery-icon landscape'>\n\t\t\t\t<a href=\"https:\/\/unser-quartier.de\/roehlinghausen\/zwar\/top-veranstaltungen\/in-2018\/traktor-fahren\/treckerfreunde2\/#main\" data-wpel-link=\"internal\"><img loading=\"lazy\" decoding=\"async\" width=\"150\" height=\"84\" src=\"https:\/\/unser-quartier.de\/roehlinghausen\/files\/2018\/08\/Treckerfreunde2-150x84.jpg\" class=\"attachment-thumbnail size-thumbnail\" alt=\"Trecker fahren\" aria-describedby=\"gallery-1-9298\" srcset=\"https:\/\/unser-quartier.de\/roehlinghausen\/files\/2018\/08\/Treckerfreunde2-150x84.jpg 150w, https:\/\/unser-quartier.de\/roehlinghausen\/files\/2018\/08\/Treckerfreunde2-300x169.jpg 300w, https:\/\/unser-quartier.de\/roehlinghausen\/files\/2018\/08\/Treckerfreunde2-768x431.jpg 768w, https:\/\/unser-quartier.de\/roehlinghausen\/files\/2018\/08\/Treckerfreunde2-1024x575.jpg 1024w, https:\/\/unser-quartier.de\/roehlinghausen\/files\/2018\/08\/Treckerfreunde2.jpg 1200w\" sizes=\"auto, (max-width: 150px) 100vw, 150px\" \/><\/a>\n\t\t\t<\/div>\n\t\t\t\t<figcaption class='wp-caption-text gallery-caption' id='gallery-1-9298'>\n\t\t\t\tder mit der grossen Ladeschaufel\n\t\t\t\t<\/figcaption><\/figure><figure class='gallery-item'>\n\t\t\t<div class='gallery-icon landscape'>\n\t\t\t\t<a href=\"https:\/\/unser-quartier.de\/roehlinghausen\/zwar\/top-veranstaltungen\/in-2018\/traktor-fahren\/treckerfreunde4\/#main\" data-wpel-link=\"internal\"><img loading=\"lazy\" decoding=\"async\" width=\"150\" height=\"84\" src=\"https:\/\/unser-quartier.de\/roehlinghausen\/files\/2018\/08\/Treckerfreunde4-150x84.jpg\" class=\"attachment-thumbnail size-thumbnail\" alt=\"Trecker fahren\" aria-describedby=\"gallery-1-9299\" srcset=\"https:\/\/unser-quartier.de\/roehlinghausen\/files\/2018\/08\/Treckerfreunde4-150x84.jpg 150w, https:\/\/unser-quartier.de\/roehlinghausen\/files\/2018\/08\/Treckerfreunde4-300x169.jpg 300w, https:\/\/unser-quartier.de\/roehlinghausen\/files\/2018\/08\/Treckerfreunde4-768x431.jpg 768w, https:\/\/unser-quartier.de\/roehlinghausen\/files\/2018\/08\/Treckerfreunde4-1024x575.jpg 1024w, https:\/\/unser-quartier.de\/roehlinghausen\/files\/2018\/08\/Treckerfreunde4.jpg 1200w\" sizes=\"auto, (max-width: 150px) 100vw, 150px\" \/><\/a>\n\t\t\t<\/div>\n\t\t\t\t<figcaption class='wp-caption-text gallery-caption' id='gallery-1-9299'>\n\t\t\t\tein sch\u00f6nes \u00dcbungsgel\u00e4nde\n\t\t\t\t<\/figcaption><\/figure><figure class='gallery-item'>\n\t\t\t<div class='gallery-icon landscape'>\n\t\t\t\t<a href=\"https:\/\/unser-quartier.de\/roehlinghausen\/zwar\/top-veranstaltungen\/in-2018\/traktor-fahren\/treckerfreunde11\/#main\" data-wpel-link=\"internal\"><img loading=\"lazy\" decoding=\"async\" width=\"150\" height=\"84\" src=\"https:\/\/unser-quartier.de\/roehlinghausen\/files\/2018\/08\/Treckerfreunde11-150x84.jpg\" class=\"attachment-thumbnail size-thumbnail\" alt=\"Trecker fahren\" aria-describedby=\"gallery-1-9304\" srcset=\"https:\/\/unser-quartier.de\/roehlinghausen\/files\/2018\/08\/Treckerfreunde11-150x84.jpg 150w, https:\/\/unser-quartier.de\/roehlinghausen\/files\/2018\/08\/Treckerfreunde11-300x169.jpg 300w, https:\/\/unser-quartier.de\/roehlinghausen\/files\/2018\/08\/Treckerfreunde11-768x431.jpg 768w, https:\/\/unser-quartier.de\/roehlinghausen\/files\/2018\/08\/Treckerfreunde11-1024x575.jpg 1024w, https:\/\/unser-quartier.de\/roehlinghausen\/files\/2018\/08\/Treckerfreunde11.jpg 1200w\" sizes=\"auto, (max-width: 150px) 100vw, 150px\" \/><\/a>\n\t\t\t<\/div>\n\t\t\t\t<figcaption class='wp-caption-text gallery-caption' id='gallery-1-9304'>\n\t\t\t\tdie ersten Einweisungen\n\t\t\t\t<\/figcaption><\/figure><figure class='gallery-item'>\n\t\t\t<div class='gallery-icon landscape'>\n\t\t\t\t<a href=\"https:\/\/unser-quartier.de\/roehlinghausen\/zwar\/top-veranstaltungen\/in-2018\/traktor-fahren\/treckerfreunde12\/#main\" data-wpel-link=\"internal\"><img loading=\"lazy\" decoding=\"async\" width=\"150\" height=\"84\" src=\"https:\/\/unser-quartier.de\/roehlinghausen\/files\/2018\/08\/Treckerfreunde12-150x84.jpg\" class=\"attachment-thumbnail size-thumbnail\" alt=\"Trecker fahren\" aria-describedby=\"gallery-1-9305\" srcset=\"https:\/\/unser-quartier.de\/roehlinghausen\/files\/2018\/08\/Treckerfreunde12-150x84.jpg 150w, https:\/\/unser-quartier.de\/roehlinghausen\/files\/2018\/08\/Treckerfreunde12-300x169.jpg 300w, https:\/\/unser-quartier.de\/roehlinghausen\/files\/2018\/08\/Treckerfreunde12-768x431.jpg 768w, https:\/\/unser-quartier.de\/roehlinghausen\/files\/2018\/08\/Treckerfreunde12-1024x575.jpg 1024w, https:\/\/unser-quartier.de\/roehlinghausen\/files\/2018\/08\/Treckerfreunde12.jpg 1200w\" sizes=\"auto, (max-width: 150px) 100vw, 150px\" \/><\/a>\n\t\t\t<\/div>\n\t\t\t\t<figcaption class='wp-caption-text gallery-caption' id='gallery-1-9305'>\n\t\t\t\tElke und Friedrich\n\t\t\t\t<\/figcaption><\/figure><figure class='gallery-item'>\n\t\t\t<div class='gallery-icon landscape'>\n\t\t\t\t<a href=\"https:\/\/unser-quartier.de\/roehlinghausen\/zwar\/top-veranstaltungen\/in-2018\/traktor-fahren\/treckerfreunde9-2\/#main\" data-wpel-link=\"internal\"><img loading=\"lazy\" decoding=\"async\" width=\"150\" height=\"84\" src=\"https:\/\/unser-quartier.de\/roehlinghausen\/files\/2018\/08\/Treckerfreunde9-1-150x84.jpg\" class=\"attachment-thumbnail size-thumbnail\" alt=\"Trecker fahren\" aria-describedby=\"gallery-1-9317\" srcset=\"https:\/\/unser-quartier.de\/roehlinghausen\/files\/2018\/08\/Treckerfreunde9-1-150x84.jpg 150w, https:\/\/unser-quartier.de\/roehlinghausen\/files\/2018\/08\/Treckerfreunde9-1-300x169.jpg 300w, https:\/\/unser-quartier.de\/roehlinghausen\/files\/2018\/08\/Treckerfreunde9-1-768x431.jpg 768w, https:\/\/unser-quartier.de\/roehlinghausen\/files\/2018\/08\/Treckerfreunde9-1-1024x575.jpg 1024w, https:\/\/unser-quartier.de\/roehlinghausen\/files\/2018\/08\/Treckerfreunde9-1.jpg 1200w\" sizes=\"auto, (max-width: 150px) 100vw, 150px\" \/><\/a>\n\t\t\t<\/div>\n\t\t\t\t<figcaption class='wp-caption-text gallery-caption' id='gallery-1-9317'>\n\t\t\t\tVolker\n\t\t\t\t<\/figcaption><\/figure><figure class='gallery-item'>\n\t\t\t<div class='gallery-icon landscape'>\n\t\t\t\t<a href=\"https:\/\/unser-quartier.de\/roehlinghausen\/zwar\/top-veranstaltungen\/in-2018\/traktor-fahren\/treckerfreunde10\/#main\" data-wpel-link=\"internal\"><img loading=\"lazy\" decoding=\"async\" width=\"150\" height=\"84\" src=\"https:\/\/unser-quartier.de\/roehlinghausen\/files\/2018\/08\/Treckerfreunde10-150x84.jpg\" class=\"attachment-thumbnail size-thumbnail\" alt=\"Trecker fahren\" aria-describedby=\"gallery-1-9303\" srcset=\"https:\/\/unser-quartier.de\/roehlinghausen\/files\/2018\/08\/Treckerfreunde10-150x84.jpg 150w, https:\/\/unser-quartier.de\/roehlinghausen\/files\/2018\/08\/Treckerfreunde10-300x169.jpg 300w, https:\/\/unser-quartier.de\/roehlinghausen\/files\/2018\/08\/Treckerfreunde10-768x431.jpg 768w, https:\/\/unser-quartier.de\/roehlinghausen\/files\/2018\/08\/Treckerfreunde10-1024x575.jpg 1024w, https:\/\/unser-quartier.de\/roehlinghausen\/files\/2018\/08\/Treckerfreunde10.jpg 1200w\" sizes=\"auto, (max-width: 150px) 100vw, 150px\" \/><\/a>\n\t\t\t<\/div>\n\t\t\t\t<figcaption class='wp-caption-text gallery-caption' id='gallery-1-9303'>\n\t\t\t\tEdeltraut\n\t\t\t\t<\/figcaption><\/figure><figure class='gallery-item'>\n\t\t\t<div class='gallery-icon portrait'>\n\t\t\t\t<a href=\"https:\/\/unser-quartier.de\/roehlinghausen\/zwar\/top-veranstaltungen\/in-2018\/traktor-fahren\/treckerfreunde13\/#main\" data-wpel-link=\"internal\"><img loading=\"lazy\" decoding=\"async\" width=\"150\" height=\"267\" src=\"https:\/\/unser-quartier.de\/roehlinghausen\/files\/2018\/08\/Treckerfreunde13-150x267.jpg\" class=\"attachment-thumbnail size-thumbnail\" alt=\"Trecker fahren\" aria-describedby=\"gallery-1-9306\" srcset=\"https:\/\/unser-quartier.de\/roehlinghausen\/files\/2018\/08\/Treckerfreunde13-150x267.jpg 150w, https:\/\/unser-quartier.de\/roehlinghausen\/files\/2018\/08\/Treckerfreunde13-300x534.jpg 300w, https:\/\/unser-quartier.de\/roehlinghausen\/files\/2018\/08\/Treckerfreunde13-575x1024.jpg 575w, https:\/\/unser-quartier.de\/roehlinghausen\/files\/2018\/08\/Treckerfreunde13.jpg 674w\" sizes=\"auto, (max-width: 150px) 100vw, 150px\" \/><\/a>\n\t\t\t<\/div>\n\t\t\t\t<figcaption class='wp-caption-text gallery-caption' id='gallery-1-9306'>\n\t\t\t\tgleich fahre ich auch&#8230;\n\t\t\t\t<\/figcaption><\/figure><figure class='gallery-item'>\n\t\t\t<div class='gallery-icon portrait'>\n\t\t\t\t<a href=\"https:\/\/unser-quartier.de\/roehlinghausen\/zwar\/top-veranstaltungen\/in-2018\/traktor-fahren\/treckerfreunde26\/#main\" data-wpel-link=\"internal\"><img loading=\"lazy\" decoding=\"async\" width=\"150\" height=\"200\" src=\"https:\/\/unser-quartier.de\/roehlinghausen\/files\/2018\/08\/treckerfreunde26-150x200.jpg\" class=\"attachment-thumbnail size-thumbnail\" alt=\"Trecker fahren\" aria-describedby=\"gallery-1-9320\" srcset=\"https:\/\/unser-quartier.de\/roehlinghausen\/files\/2018\/08\/treckerfreunde26-150x200.jpg 150w, https:\/\/unser-quartier.de\/roehlinghausen\/files\/2018\/08\/treckerfreunde26-300x400.jpg 300w, https:\/\/unser-quartier.de\/roehlinghausen\/files\/2018\/08\/treckerfreunde26.jpg 768w\" sizes=\"auto, (max-width: 150px) 100vw, 150px\" \/><\/a>\n\t\t\t<\/div>\n\t\t\t\t<figcaption class='wp-caption-text gallery-caption' id='gallery-1-9320'>\n\t\t\t\thintereinander durch die Stadt\n\t\t\t\t<\/figcaption><\/figure><figure class='gallery-item'>\n\t\t\t<div class='gallery-icon landscape'>\n\t\t\t\t<a href=\"https:\/\/unser-quartier.de\/roehlinghausen\/zwar\/top-veranstaltungen\/in-2018\/traktor-fahren\/treckerfreunde17\/#main\" data-wpel-link=\"internal\"><img loading=\"lazy\" decoding=\"async\" width=\"150\" height=\"84\" src=\"https:\/\/unser-quartier.de\/roehlinghausen\/files\/2018\/08\/Treckerfreunde17-150x84.jpg\" class=\"attachment-thumbnail size-thumbnail\" alt=\"Trecker fahren\" aria-describedby=\"gallery-1-9308\" srcset=\"https:\/\/unser-quartier.de\/roehlinghausen\/files\/2018\/08\/Treckerfreunde17-150x84.jpg 150w, https:\/\/unser-quartier.de\/roehlinghausen\/files\/2018\/08\/Treckerfreunde17-300x169.jpg 300w, https:\/\/unser-quartier.de\/roehlinghausen\/files\/2018\/08\/Treckerfreunde17-768x431.jpg 768w, https:\/\/unser-quartier.de\/roehlinghausen\/files\/2018\/08\/Treckerfreunde17-1024x575.jpg 1024w, https:\/\/unser-quartier.de\/roehlinghausen\/files\/2018\/08\/Treckerfreunde17.jpg 1200w\" sizes=\"auto, (max-width: 150px) 100vw, 150px\" \/><\/a>\n\t\t\t<\/div>\n\t\t\t\t<figcaption class='wp-caption-text gallery-caption' id='gallery-1-9308'>\n\t\t\t\tkommem alle mit?\n\t\t\t\t<\/figcaption><\/figure><figure class='gallery-item'>\n\t\t\t<div class='gallery-icon landscape'>\n\t\t\t\t<a href=\"https:\/\/unser-quartier.de\/roehlinghausen\/zwar\/top-veranstaltungen\/in-2018\/traktor-fahren\/treckerfreunde21\/#main\" data-wpel-link=\"internal\"><img loading=\"lazy\" decoding=\"async\" width=\"150\" height=\"84\" src=\"https:\/\/unser-quartier.de\/roehlinghausen\/files\/2018\/08\/Treckerfreunde21-150x84.jpg\" class=\"attachment-thumbnail size-thumbnail\" alt=\"Trecker fahren\" aria-describedby=\"gallery-1-9311\" srcset=\"https:\/\/unser-quartier.de\/roehlinghausen\/files\/2018\/08\/Treckerfreunde21-150x84.jpg 150w, https:\/\/unser-quartier.de\/roehlinghausen\/files\/2018\/08\/Treckerfreunde21-300x169.jpg 300w, https:\/\/unser-quartier.de\/roehlinghausen\/files\/2018\/08\/Treckerfreunde21-768x431.jpg 768w, https:\/\/unser-quartier.de\/roehlinghausen\/files\/2018\/08\/Treckerfreunde21-1024x575.jpg 1024w, https:\/\/unser-quartier.de\/roehlinghausen\/files\/2018\/08\/Treckerfreunde21.jpg 1200w\" sizes=\"auto, (max-width: 150px) 100vw, 150px\" \/><\/a>\n\t\t\t<\/div>\n\t\t\t\t<figcaption class='wp-caption-text gallery-caption' id='gallery-1-9311'>\n\t\t\t\tCool, auch als Beifahrerin\n\t\t\t\t<\/figcaption><\/figure><figure class='gallery-item'>\n\t\t\t<div class='gallery-icon portrait'>\n\t\t\t\t<a href=\"https:\/\/unser-quartier.de\/roehlinghausen\/zwar\/top-veranstaltungen\/in-2018\/traktor-fahren\/treckerfreunde28\/#main\" data-wpel-link=\"internal\"><img loading=\"lazy\" decoding=\"async\" width=\"150\" height=\"200\" src=\"https:\/\/unser-quartier.de\/roehlinghausen\/files\/2018\/08\/treckerfreunde28-150x200.jpg\" class=\"attachment-thumbnail size-thumbnail\" alt=\"Trecker fahren\" aria-describedby=\"gallery-1-9322\" srcset=\"https:\/\/unser-quartier.de\/roehlinghausen\/files\/2018\/08\/treckerfreunde28-150x200.jpg 150w, https:\/\/unser-quartier.de\/roehlinghausen\/files\/2018\/08\/treckerfreunde28-300x400.jpg 300w, https:\/\/unser-quartier.de\/roehlinghausen\/files\/2018\/08\/treckerfreunde28.jpg 611w\" sizes=\"auto, (max-width: 150px) 100vw, 150px\" \/><\/a>\n\t\t\t<\/div>\n\t\t\t\t<figcaption class='wp-caption-text gallery-caption' id='gallery-1-9322'>\n\t\t\t\tPause&#8230;\n\t\t\t\t<\/figcaption><\/figure><figure class='gallery-item'>\n\t\t\t<div class='gallery-icon portrait'>\n\t\t\t\t<a href=\"https:\/\/unser-quartier.de\/roehlinghausen\/zwar\/top-veranstaltungen\/in-2018\/traktor-fahren\/treckerfreunde27\/#main\" data-wpel-link=\"internal\"><img loading=\"lazy\" decoding=\"async\" width=\"150\" height=\"200\" src=\"https:\/\/unser-quartier.de\/roehlinghausen\/files\/2018\/08\/treckerfreunde27-150x200.jpg\" class=\"attachment-thumbnail size-thumbnail\" alt=\"Trecker fahren\" aria-describedby=\"gallery-1-9321\" srcset=\"https:\/\/unser-quartier.de\/roehlinghausen\/files\/2018\/08\/treckerfreunde27-150x200.jpg 150w, https:\/\/unser-quartier.de\/roehlinghausen\/files\/2018\/08\/treckerfreunde27-300x400.jpg 300w, https:\/\/unser-quartier.de\/roehlinghausen\/files\/2018\/08\/treckerfreunde27.jpg 624w\" sizes=\"auto, (max-width: 150px) 100vw, 150px\" \/><\/a>\n\t\t\t<\/div>\n\t\t\t\t<figcaption class='wp-caption-text gallery-caption' id='gallery-1-9321'>\n\t\t\t\tIna und Edeltraut\n\t\t\t\t<\/figcaption><\/figure><figure class='gallery-item'>\n\t\t\t<div class='gallery-icon landscape'>\n\t\t\t\t<a href=\"https:\/\/unser-quartier.de\/roehlinghausen\/2018\/08\/traktor-erlebnis\/treckerfreunde25\/#main\" data-wpel-link=\"internal\"><img loading=\"lazy\" decoding=\"async\" width=\"150\" height=\"84\" src=\"https:\/\/unser-quartier.de\/roehlinghausen\/files\/2018\/08\/Treckerfreunde25-150x84.jpg\" class=\"attachment-thumbnail size-thumbnail\" alt=\"Trecker fahren\" aria-describedby=\"gallery-1-9280\" srcset=\"https:\/\/unser-quartier.de\/roehlinghausen\/files\/2018\/08\/Treckerfreunde25-150x84.jpg 150w, https:\/\/unser-quartier.de\/roehlinghausen\/files\/2018\/08\/Treckerfreunde25-300x169.jpg 300w, https:\/\/unser-quartier.de\/roehlinghausen\/files\/2018\/08\/Treckerfreunde25-768x431.jpg 768w, https:\/\/unser-quartier.de\/roehlinghausen\/files\/2018\/08\/Treckerfreunde25-1024x575.jpg 1024w, https:\/\/unser-quartier.de\/roehlinghausen\/files\/2018\/08\/Treckerfreunde25.jpg 1200w\" sizes=\"auto, (max-width: 150px) 100vw, 150px\" \/><\/a>\n\t\t\t<\/div>\n\t\t\t\t<figcaption class='wp-caption-text gallery-caption' id='gallery-1-9280'>\n\t\t\t\tPorsche Oldtimer Traktor\n\t\t\t\t<\/figcaption><\/figure><figure class='gallery-item'>\n\t\t\t<div class='gallery-icon landscape'>\n\t\t\t\t<a href=\"https:\/\/unser-quartier.de\/roehlinghausen\/zwar\/top-veranstaltungen\/in-2018\/traktor-fahren\/treckerfreunde19\/#main\" data-wpel-link=\"internal\"><img loading=\"lazy\" decoding=\"async\" width=\"150\" height=\"84\" src=\"https:\/\/unser-quartier.de\/roehlinghausen\/files\/2018\/08\/Treckerfreunde19-150x84.jpg\" class=\"attachment-thumbnail size-thumbnail\" alt=\"Trecker fahren\" aria-describedby=\"gallery-1-9310\" srcset=\"https:\/\/unser-quartier.de\/roehlinghausen\/files\/2018\/08\/Treckerfreunde19-150x84.jpg 150w, https:\/\/unser-quartier.de\/roehlinghausen\/files\/2018\/08\/Treckerfreunde19-300x169.jpg 300w, https:\/\/unser-quartier.de\/roehlinghausen\/files\/2018\/08\/Treckerfreunde19-768x431.jpg 768w, https:\/\/unser-quartier.de\/roehlinghausen\/files\/2018\/08\/Treckerfreunde19-1024x575.jpg 1024w, https:\/\/unser-quartier.de\/roehlinghausen\/files\/2018\/08\/Treckerfreunde19.jpg 1200w\" sizes=\"auto, (max-width: 150px) 100vw, 150px\" \/><\/a>\n\t\t\t<\/div>\n\t\t\t\t<figcaption class='wp-caption-text gallery-caption' id='gallery-1-9310'>\n\t\t\t\tGut Steinhausen&#8230;\n\t\t\t\t<\/figcaption><\/figure><figure class='gallery-item'>\n\t\t\t<div class='gallery-icon landscape'>\n\t\t\t\t<a href=\"https:\/\/unser-quartier.de\/roehlinghausen\/zwar\/top-veranstaltungen\/in-2018\/traktor-fahren\/treckerfreunde18\/#main\" data-wpel-link=\"internal\"><img loading=\"lazy\" decoding=\"async\" width=\"150\" height=\"84\" src=\"https:\/\/unser-quartier.de\/roehlinghausen\/files\/2018\/08\/Treckerfreunde18-150x84.jpg\" class=\"attachment-thumbnail size-thumbnail\" alt=\"Trecker fahren\" aria-describedby=\"gallery-1-9309\" srcset=\"https:\/\/unser-quartier.de\/roehlinghausen\/files\/2018\/08\/Treckerfreunde18-150x84.jpg 150w, https:\/\/unser-quartier.de\/roehlinghausen\/files\/2018\/08\/Treckerfreunde18-300x169.jpg 300w, https:\/\/unser-quartier.de\/roehlinghausen\/files\/2018\/08\/Treckerfreunde18-768x431.jpg 768w, https:\/\/unser-quartier.de\/roehlinghausen\/files\/2018\/08\/Treckerfreunde18-1024x575.jpg 1024w, https:\/\/unser-quartier.de\/roehlinghausen\/files\/2018\/08\/Treckerfreunde18.jpg 1200w\" sizes=\"auto, (max-width: 150px) 100vw, 150px\" \/><\/a>\n\t\t\t<\/div>\n\t\t\t\t<figcaption class='wp-caption-text gallery-caption' id='gallery-1-9309'>\n\t\t\t\tdiese Route ist geschafft\n\t\t\t\t<\/figcaption><\/figure><figure class='gallery-item'>\n\t\t\t<div class='gallery-icon landscape'>\n\t\t\t\t<a href=\"https:\/\/unser-quartier.de\/roehlinghausen\/zwar\/top-veranstaltungen\/in-2018\/traktor-fahren\/treckerfreunde23-2\/#main\" data-wpel-link=\"internal\"><img loading=\"lazy\" decoding=\"async\" width=\"150\" height=\"84\" src=\"https:\/\/unser-quartier.de\/roehlinghausen\/files\/2018\/08\/Treckerfreunde23-1-150x84.jpg\" class=\"attachment-thumbnail size-thumbnail\" alt=\"Trecker fahren\" aria-describedby=\"gallery-1-9313\" srcset=\"https:\/\/unser-quartier.de\/roehlinghausen\/files\/2018\/08\/Treckerfreunde23-1-150x84.jpg 150w, https:\/\/unser-quartier.de\/roehlinghausen\/files\/2018\/08\/Treckerfreunde23-1-300x169.jpg 300w, https:\/\/unser-quartier.de\/roehlinghausen\/files\/2018\/08\/Treckerfreunde23-1-768x431.jpg 768w, https:\/\/unser-quartier.de\/roehlinghausen\/files\/2018\/08\/Treckerfreunde23-1-1024x575.jpg 1024w, https:\/\/unser-quartier.de\/roehlinghausen\/files\/2018\/08\/Treckerfreunde23-1.jpg 1200w\" sizes=\"auto, (max-width: 150px) 100vw, 150px\" \/><\/a>\n\t\t\t<\/div>\n\t\t\t\t<figcaption class='wp-caption-text gallery-caption' id='gallery-1-9313'>\n\t\t\t\tGruppenbild\n\t\t\t\t<\/figcaption><\/figure>\n\t\t<\/div>\n\n","protected":false},"excerpt":{"rendered":"<p>Freie Fahrt durch Wanne-Eickel am 19.08.2018<\/p>\n","protected":false},"author":441,"featured_media":0,"parent":23160,"menu_order":3,"comment_status":"closed","ping_status":"closed","template":"","meta":{"generate_page_header":"","footnotes":""},"class_list":["post-9296","page","type-page","status-publish"],"_links":{"self":[{"href":"https:\/\/unser-quartier.de\/roehlinghausen\/wp-json\/wp\/v2\/pages\/9296","targetHints":{"allow":["GET"]}}],"collection":[{"href":"https:\/\/unser-quartier.de\/roehlinghausen\/wp-json\/wp\/v2\/pages"}],"about":[{"href":"https:\/\/unser-quartier.de\/roehlinghausen\/wp-json\/wp\/v2\/types\/page"}],"author":[{"embeddable":true,"href":"https:\/\/unser-quartier.de\/roehlinghausen\/wp-json\/wp\/v2\/users\/441"}],"replies":[{"embeddable":true,"href":"https:\/\/unser-quartier.de\/roehlinghausen\/wp-json\/wp\/v2\/comments?post=9296"}],"version-history":[{"count":0,"href":"https:\/\/unser-quartier.de\/roehlinghausen\/wp-json\/wp\/v2\/pages\/9296\/revisions"}],"up":[{"embeddable":true,"href":"https:\/\/unser-quartier.de\/roehlinghausen\/wp-json\/wp\/v2\/pages\/23160"}],"wp:attachment":[{"href":"https:\/\/unser-quartier.de\/roehlinghausen\/wp-json\/wp\/v2\/media?parent=9296"}],"curies":[{"name":"wp","href":"https:\/\/api.w.org\/{rel}","templated":true}]}}