{"id":12,"date":"2012-05-05T09:33:04","date_gmt":"2012-05-05T09:33:04","guid":{"rendered":"http:\/\/unser-quartier.de\/tmp-musterblog\/?page_id=12"},"modified":"2024-04-25T07:55:32","modified_gmt":"2024-04-25T05:55:32","slug":"kontakt","status":"publish","type":"page","link":"https:\/\/unser-quartier.de\/stadt-bergheim\/kontakt\/","title":{"rendered":"Impressum"},"content":{"rendered":"<p><span style=\"font-size: 20px; font-family: arial, helvetica, sans-serif; color: #000080;\"><span style=\"float: none; background-color: transparent; color: #4a474b; cursor: text; font-family: 'Lato',sans-serif; font-size: 16px; font-style: normal; font-variant: normal; font-weight: 400; letter-spacing: normal; text-align: left; text-decoration: none; text-indent: 0px;\"><button id=\"listenButton1\" class=\"responsivevoice-button\" type=\"button\" value=\"Play\" title=\"ResponsiveVoice Tap to Start\/Stop Speech\"><span>&#128266; Impressum vorlesen lassen<\/span><\/button>\n        <script>\n            listenButton1.onclick = function(){\n                if(responsiveVoice.isPlaying()){\n                    responsiveVoice.cancel();\n                }else{\n                    responsiveVoice.speak(\"Impressum Angaben gem\u00e4\u00df \u00a7 5 TMG: Kreisstadt Bergheim -Der B\u00fcrgermeister - Vertreten durch und Ansprechpartner im Rathaus: Kreisstadt Bergheim -Der B\u00fcrgermeister \u2013 Vertreten durch Elke Friedt Fachbereich 7: Soziales und Integration Abteilung 7.2 Inklusion und Teilhabe Integration Bethlehemerstra\u00dfe 9-11, 50126 Bergheim Tel: (02271) 89 - 570 E-Mail:\u00a0elke.friedt@bergheim.de \u00a0Verantwortlich f\u00fcr den Inhalt nach \u00a7 55 Abs. 2 RStV: Elke Friedt, Kreisstadt Bergheim Hans-J\u00fcrgen Knabben , 50126 Bergheim (Ehrenamtlicher Koordinator) Andrea Flo\u00df, 50129 Glessen (Ehrenamtliche Redakteurin Kontakt: Ansprechpartnerin der Fachstelle \u00c4lterwerden ist: Frau Marion Eckart Bethlehemerstra\u00dfe 9-11, 50126 Bergheim Tel: (02271) 89 -709 E-Mail: aelterwerden@bergheim.de Kontaktformular \u00a0Verantwortlich f\u00fcr den Inhalt nach \u00a7 55 Abs. 2 RStV: Elkje Friedt Stadt Bergheim Hans-J\u00fcrgen Knabben , 50126 Bergheim (Ehrenamtlicher Koordinator) Andrea Flo\u00df, 50129 Glessen (Ehrenamtliche Redakteurin . Streitschlichtung Die Europ\u00e4ische Kommission stellt eine Plattform zur Online-Streitbeilegung (OS) bereit: https:\/\/ec.europa.eu\/consumers\/odr Unsere E-Mail-Adresse finden Sie oben im Impressum. Wir sind nicht bereit oder verpflichtet, an Streitbeilegungsverfahren vor einer Verbraucherschlichtungsstelle teilzunehmen. Haftung f\u00fcr Inhalte Als Diensteanbieter sind wir gem\u00e4\u00df \u00a7 7 Abs.1 TMG f\u00fcr eigene Inhalte auf diesen Seiten nach den allgemeinen Gesetzen verantwortlich. Nach \u00a7\u00a7 8 bis 10 TMG sind wir als Diensteanbieter jedoch nicht verpflichtet, \u00fcbermittelte oder gespeicherte fremde Informationen zu \u00fcberwachen oder nach Umst\u00e4nden zu forschen, die auf eine rechtswidrige T\u00e4tigkeit hinweisen. Verpflichtungen zur Entfernung oder Sperrung der Nutzung von Informationen nach den allgemeinen Gesetzen bleiben hiervon unber\u00fchrt. Eine diesbez\u00fcgliche Haftung ist jedoch erst ab dem Zeitpunkt der Kenntnis einer konkreten Rechtsverletzung m\u00f6glich. Bei Bekanntwerden von entsprechenden Rechtsverletzungen werden wir diese Inhalte umgehend entfernen. Haftung f\u00fcr Links Unser Angebot enth\u00e4lt Links zu externen Websites Dritter, auf deren Inhalte wir keinen Einfluss haben. Deshalb k\u00f6nnen wir f\u00fcr diese fremden Inhalte auch keine Gew\u00e4hr \u00fcbernehmen. F\u00fcr die Inhalte der verlinkten Seiten ist stets der jeweilige Anbieter oder Betreiber der Seiten verantwortlich. Die verlinkten Seiten wurden zum Zeitpunkt der Verlinkung auf m\u00f6gliche Rechtsverst\u00f6\u00dfe \u00fcberpr\u00fcft. Rechtswidrige Inhalte waren zum Zeitpunkt der Verlinkung nicht erkennbar. Eine permanente inhaltliche Kontrolle der verlinkten Seiten ist jedoch ohne konkrete Anhaltspunkte einer Rechtsverletzung nicht zumutbar. Bei Bekanntwerden von Rechtsverletzungen werden wir derartige Links umgehend entfernen. Urheberrecht Die durch die Seitenbetreiber erstellten Inhalte und Werke auf diesen Seiten unterliegen dem deutschen Urheberrecht. Die Vervielf\u00e4ltigung, Bearbeitung, Verbreitung und jede Art der Verwertung au\u00dferhalb der Grenzen des Urheberrechtes bed\u00fcrfen der schriftlichen Zustimmung des jeweiligen Autors bzw. Erstellers. Downloads und Kopien dieser Seite sind nur f\u00fcr den privaten, nicht kommerziellen Gebrauch gestattet. Soweit die Inhalte auf dieser Seite nicht vom Betreiber erstellt wurden, werden die Urheberrechte Dritter beachtet. Insbesondere werden Inhalte Dritter als solche gekennzeichnet. Sollten Sie trotzdem auf eine Urheberrechtsverletzung aufmerksam werden, bitten wir um einen entsprechenden Hinweis. Bei Bekanntwerden von Rechtsverletzungen werden wir derartige Inhalte umgehend entfernen. Quelle: https:\/\/www.e-recht24.de\/impressum-generator.html \u00a0 \u00a0\", \"Deutsch Female\");\n                }\n            };\n        <\/script>\n    <\/span><\/span><\/p>\n<p><strong><span style=\"font-family: arial, helvetica, sans-serif; font-size: 20px;\">Impressum<\/span><\/strong><\/p>\n<p><span style=\"font-size: 20px; font-family: arial, helvetica, sans-serif; color: #000080;\">Angaben gem\u00e4\u00df \u00a7 5 TMG:<\/span><\/p>\n<p><span style=\"font-size: 20px;\"><strong><span style=\"color: #000000; font-family: arial, helvetica, sans-serif;\">Kreisstadt Bergheim<\/span><\/strong><\/span><\/p>\n<p><span style=\"font-size: 20px;\"><strong><span style=\"color: #000000; font-family: arial, helvetica, sans-serif;\">-Der B\u00fcrgermeister &#8211;<\/span><\/strong><\/span><\/p>\n<p><span style=\"color: #000080;\"><strong><span style=\"font-size: 20px; font-family: arial, helvetica, sans-serif;\">Vertreten durch und<\/span><span style=\"font-family: arial, helvetica, sans-serif; font-size: 20px;\"> Ansprechpartner im Rathaus:<\/span><\/strong><\/span><\/p>\n<p><span style=\"font-family: Times New Roman, serif;\"><span style=\"font-size: medium;\"><strong><span style=\"color: #000000;\"><span style=\"font-family: Arial, serif;\"><span style=\"font-size: large;\">Kreisstadt Bergheim<\/span><\/span><\/span><\/strong><\/span><\/span><\/p>\n<p><span style=\"font-family: Times New Roman, serif;\"><span style=\"font-size: medium;\"><strong><span style=\"color: #000000;\"><span style=\"font-family: Arial, serif;\"><span style=\"font-size: large;\">-Der B\u00fcrgermeister \u2013<\/span><\/span><\/span><\/strong><\/span><\/span><\/p>\n<p><span style=\"font-family: Times New Roman, serif;\"><span style=\"font-size: medium;\"><strong><span style=\"color: #000080;\"><span style=\"font-family: Arial, serif;\"><span style=\"font-size: large;\">Vertreten durch <\/span><\/span><\/span><\/strong><\/span><\/span><\/p>\n<p><strong><span style=\"font-family: Times New Roman, serif; font-size: 20px;\"><span style=\"color: #000000;\"><span style=\"font-family: Arial, serif;\">Elke Friedt<\/span><\/span> <\/span><\/strong><\/p>\n<p><span style=\"font-family: Times New Roman, serif; font-size: 20px;\"><span style=\"color: #000000;\"><span style=\"font-family: Arial, serif;\">Fachbereich 7: Soziales und Integration<br \/>\nAbteilung 7.2 Inklusion und Teilhabe Integration<\/span><\/span><\/span><\/p>\n<p><span style=\"font-family: Times New Roman, serif; font-size: 20px;\"><span style=\"color: #000000;\"><span style=\"font-family: Arial, serif;\">Bethlehemerstra\u00dfe 9-11, 50126 Bergheim<br \/>\nTel: (02271) 89 &#8211; 570<\/span><\/span><\/span><\/p>\n<p><span style=\"font-size: 20px;\"><span style=\"color: #000000;\"><span style=\"font-family: Arial, serif;\">E-Mail:\u00a0<\/span><\/span><span style=\"color: #0000ff;\"><u><a href=\"mailto:elke.friedt@bergheim.de\"><span style=\"font-family: Arial, serif;\">elke.friedt@bergheim.de<\/span><\/a><\/u><\/span><\/span><\/p>\n<p><span style=\"color: #000000;\">\u00a0<\/span><span style=\"font-family: Times New Roman, serif;\"><span style=\"font-size: medium;\"><span style=\"color: #000080;\"><span style=\"font-family: Arial, serif;\"><span style=\"font-size: large;\">Verantwortlich f\u00fcr den Inhalt nach \u00a7 55 Abs. 2 RStV:<\/span><\/span><\/span><\/span><\/span><\/p>\n<p style=\"text-align: left;\"><span style=\"font-family: Times New Roman, serif;\"><span style=\"font-size: medium;\"><strong><span style=\"color: #000000;\"><span style=\"font-family: Arial, serif;\">Elke Friedt, Kreisstadt Bergheim<\/span><\/span><\/strong><span style=\"color: #000000;\"><span style=\"font-family: Arial, serif;\"><b><br \/>\n<\/b><\/span><\/span><strong><span style=\"color: #000000;\"><span style=\"font-family: Arial, serif;\">Hans-J\u00fcrgen Knabben , 50126 Bergheim (Ehrenamtlicher Koordinator)<\/span><\/span><\/strong><span style=\"color: #000000;\"><span style=\"font-family: Arial, serif;\"><br \/>\n<\/span><\/span><strong><span style=\"color: #000000;\"><span style=\"font-family: Arial, serif;\">Andrea Flo\u00df, 50129 Glessen (Ehrenamtliche Redakteurin<\/span><\/span><\/strong><\/span><\/span><\/p>\n<p>&nbsp;<\/p>\n<p><span style=\"font-family: arial, helvetica, sans-serif; font-size: 20px; color: #000000;\">Kontakt:<\/span><\/p>\n<p><span style=\"font-family: arial, helvetica, sans-serif; font-size: 20px;\">Ansprechpartnerin der Fachstelle \u00c4lterwerden ist:<\/span><\/p>\n<p><strong><span style=\"font-family: arial, helvetica, sans-serif; font-size: 20px;\">Frau Marion Eckart<\/span><\/strong><\/p>\n<p><span style=\"font-family: arial, helvetica, sans-serif; font-size: 20px;\">Bethlehemerstra\u00dfe 9-11, <\/span><\/p>\n<p><span style=\"font-family: arial, helvetica, sans-serif; font-size: 20px;\">50126 Bergheim<\/span><br \/>\n<span style=\"font-size: medium;\"><span style=\"font-family: arial, helvetica, sans-serif; font-size: 20px;\"> Tel: (02271) 89 -709<\/span><\/span><\/p>\n<p><span style=\"font-size: medium;\"><span style=\"font-family: arial, helvetica, sans-serif; font-size: 20px;\">E-Mail: <a href=\"mailto:aelterwerden@bergheim.de\">aelterwerden@bergheim.de<\/a><\/span><br \/>\n<\/span><\/p>\n<p><span style=\"color: #000080; font-family: arial, helvetica, sans-serif; font-size: 20px;\">Kontaktformular<\/span><\/p>\n<div data-test='contact-form' id='contact-form-12' class='wp-block-jetpack-contact-form-container '>\n<form action='https:\/\/unser-quartier.de\/stadt-bergheim\/kontakt\/#contact-form-12' method='post' class='contact-form commentsblock' aria-label=\"Impressum\" novalidate>\n\n<div style=\"\" class='grunion-field-name-wrap grunion-field-wrap'  >\n<label\n\t\t\t\tfor='g12-name'\n\t\t\t\tclass='grunion-field-label name'>Name<span class=\"grunion-label-required\" aria-hidden=\"true\">(erforderlich)<\/span><\/label>\n<input\n\t\t\t\t\ttype='text'\n\t\t\t\t\tname='g12-name'\n\t\t\t\t\tid='g12-name'\n\t\t\t\t\tvalue=''\n\t\t\t\t\tclass='name  grunion-field' \n\t\t\t\t\trequired aria-required='true' \/>\n\t<\/div>\n\n<div style=\"\" class='grunion-field-email-wrap grunion-field-wrap'  >\n<label\n\t\t\t\tfor='g12-email'\n\t\t\t\tclass='grunion-field-label email'>E-Mail<span class=\"grunion-label-required\" aria-hidden=\"true\">(erforderlich)<\/span><\/label>\n<input\n\t\t\t\t\ttype='email'\n\t\t\t\t\tname='g12-email'\n\t\t\t\t\tid='g12-email'\n\t\t\t\t\tvalue=''\n\t\t\t\t\tclass='email  grunion-field' \n\t\t\t\t\trequired aria-required='true' \/>\n\t<\/div>\n\n<div style=\"\" class='grunion-field-url-wrap grunion-field-wrap'  >\n<label\n\t\t\t\tfor='g12-webseite'\n\t\t\t\tclass='grunion-field-label url'>Webseite<\/label>\n<input\n\t\t\t\t\ttype='text'\n\t\t\t\t\tname='g12-webseite'\n\t\t\t\t\tid='g12-webseite'\n\t\t\t\t\tvalue=''\n\t\t\t\t\tclass='url  grunion-field' \n\t\t\t\t\ttitle=\"Bitte gib eine g\u00fcltige URL ein\u00a0\u2013 https:\/\/www.example.com\" oninvalid=\"setCustomValidity(&quot;Bitte gib eine g\u00fcltige URL ein\u00a0\u2013 https:\/\/www.example.com&quot;)\" oninput=\"setCustomValidity(&quot;&quot;)\" pattern=\"(([:\\\/a-zA-Z0-9_\\-]+)?(\\.[a-zA-Z0-9_\\-\\\/]+)+)\" data-type-override=\"url\"  \/>\n\t<\/div>\n\n<div style=\"\" class='grunion-field-textarea-wrap grunion-field-wrap'  >\n<label\n\t\t\t\tfor='contact-form-comment-g12-mitteilung'\n\t\t\t\tclass='grunion-field-label textarea'>Mitteilung<span class=\"grunion-label-required\" aria-hidden=\"true\">(erforderlich)<\/span><\/label>\n<textarea\n\t\t                style=''\n\t\t                name='g12-mitteilung'\n\t\t                id='contact-form-comment-g12-mitteilung'\n\t\t                rows='20' class='textarea  grunion-field'  required aria-required='true'><\/textarea>\n\t<\/div>\n\n<div style=\"\" class='grunion-field-checkbox-multiple-wrap grunion-field-wrap'  >\n<fieldset id=\"g12-mitdernutzungdiesesformularserklrensiesichmitderspeicherungundverarbeitungihrerdatendurchdiesewebsiteeinverstanden-label\" class=\"grunion-checkbox-multiple-options\"data-required><legend\n\t\t\t\tclass='grunion-field-label'>Mit der Nutzung dieses Formulars erkl\u00e4ren sie sich mit der Speicherung und Verarbeitung ihrer Daten durch diese WebSite einverstanden.<span class=\"grunion-label-required\">(erforderlich)<\/span><\/legend>\n<p class='contact-form-field'><input\n\t\t\t\t\t\t\t\t\tid='g12-mitdernutzungdiesesformularserklrensiesichmitderspeicherungundverarbeitungihrerdatendurchdiesewebsiteeinverstanden-Sie stimmen zu!'\n\t\t\t\t\t\t\t\t\ttype='checkbox'\n\t\t\t\t\t\t\t\t\tname='g12-mitdernutzungdiesesformularserklrensiesichmitderspeicherungundverarbeitungihrerdatendurchdiesewebsiteeinverstanden[]'\n\t\t\t\t\t\t\t\t\tvalue='Sie stimmen zu!' class='checkbox-multiple  grunion-field'  \/> <label for='g12-mitdernutzungdiesesformularserklrensiesichmitderspeicherungundverarbeitungihrerdatendurchdiesewebsiteeinverstanden-Sie stimmen zu!' style=\"\" class='grunion-checkbox-multiple-label checkbox-multiple '><span class='grunion-field-text'>Sie stimmen zu!<\/span><\/label>\n<\/p><\/fieldset>\t<\/div>\n\t<p class='contact-submit'>\n\t\t<button type='submit' class='pushbutton-wide'>Senden<\/button>\t\t<input type='hidden' name='contact-form-id' value='12' \/>\n\t\t<input type='hidden' name='action' value='grunion-contact-form' \/>\n\t\t<input type='hidden' name='contact-form-hash' value='7286baecfb69487a662ac70c5b438ef9f36d7e87' \/>\n\t<\/p>\n<p style=\"display: none !important;\" class=\"akismet-fields-container\" data-prefix=\"ak_\"><label>&#916;<textarea name=\"ak_hp_textarea\" cols=\"45\" rows=\"8\" maxlength=\"100\"><\/textarea><\/label><input type=\"hidden\" id=\"ak_js_1\" name=\"ak_js\" value=\"3\"\/><script>document.getElementById( \"ak_js_1\" ).setAttribute( \"value\", ( new Date() ).getTime() );<\/script><\/p><\/form>\n<\/div>\n<p><span style=\"font-size: medium;\">\u00a0<span style=\"font-size: 20px; font-family: arial, helvetica, sans-serif; color: #000080;\">Verantwortlich f\u00fcr den Inhalt nach \u00a7 55 Abs. 2 RStV:<\/span><\/span><\/p>\n<p><span style=\"font-size: 16px; font-family: arial, helvetica, sans-serif;\"><strong><span style=\"color: #000000;\">Elkje Friedt <\/span><\/strong><\/span><strong style=\"font-family: arial, helvetica, sans-serif; -webkit-text-size-adjust: 100%;\"><span style=\"color: #000000;\">Stadt Bergheim<br \/>\n<\/span><\/strong><span style=\"font-size: 16px; font-family: arial, helvetica, sans-serif;\"><strong><span style=\"color: #000000;\">Hans-J\u00fcrgen Knabben , 50126 Bergheim (Ehrenamtlicher Koordinator)<\/span><\/strong><\/span><br \/>\n<span style=\"color: #000000;\"><span style=\"font-size: 16px; font-family: arial, helvetica, sans-serif;\"><strong>Andrea Flo\u00df, 50129 Glessen (Ehrenamtliche Redakteurin<\/strong><\/span><br \/>\n.<br \/>\n<\/span><\/p>\n<p><strong><span style=\"font-family: arial, helvetica, sans-serif; font-size: 20px;\">Streitschlichtung<\/span><\/strong><br \/>\n<span style=\"font-family: arial, helvetica, sans-serif; font-size: 20px;\">Die Europ\u00e4ische Kommission stellt eine Plattform zur Online-Streitbeilegung (OS) bereit: https:\/\/ec.europa.eu\/consumers\/odr<br \/>\n<strong>Unsere E-Mail-Adresse finden Sie oben im Impressum.<\/strong><\/span><br \/>\n<span style=\"font-family: arial, helvetica, sans-serif; font-size: 20px;\">Wir sind nicht bereit oder verpflichtet, an Streitbeilegungsverfahren vor einer Verbraucherschlichtungsstelle teilzunehmen.<\/span><\/p>\n<p><strong><span style=\"font-family: arial, helvetica, sans-serif; font-size: 20px;\">Haftung f\u00fcr Inhalte<\/span><\/strong><br \/>\n<span style=\"font-family: arial, helvetica, sans-serif; font-size: 20px;\">Als Diensteanbieter sind wir gem\u00e4\u00df \u00a7 7 Abs.1 TMG f\u00fcr eigene Inhalte auf diesen Seiten nach den allgemeinen Gesetzen verantwortlich. Nach \u00a7\u00a7 8 bis 10 TMG sind wir als Diensteanbieter jedoch nicht verpflichtet, \u00fcbermittelte oder gespeicherte fremde Informationen zu \u00fcberwachen oder nach Umst\u00e4nden zu forschen, die auf eine rechtswidrige T\u00e4tigkeit hinweisen.<\/span><br \/>\n<span style=\"font-family: arial, helvetica, sans-serif; font-size: 20px;\">Verpflichtungen zur Entfernung oder Sperrung der Nutzung von Informationen nach den allgemeinen Gesetzen bleiben hiervon unber\u00fchrt. Eine diesbez\u00fcgliche Haftung ist jedoch erst ab dem Zeitpunkt der Kenntnis einer konkreten Rechtsverletzung m\u00f6glich. Bei Bekanntwerden von entsprechenden Rechtsverletzungen werden wir diese Inhalte umgehend entfernen.<br \/>\n<\/span><br \/>\n<strong><span style=\"font-family: arial, helvetica, sans-serif; font-size: 20px;\">Haftung f\u00fcr Links<\/span><\/strong><br \/>\n<span style=\"font-family: arial, helvetica, sans-serif; font-size: 20px;\">Unser Angebot enth\u00e4lt Links zu externen Websites Dritter, auf deren Inhalte wir keinen Einfluss haben. Deshalb k\u00f6nnen wir f\u00fcr diese fremden Inhalte auch keine Gew\u00e4hr \u00fcbernehmen. F\u00fcr die Inhalte der verlinkten Seiten ist stets der jeweilige Anbieter oder Betreiber der Seiten verantwortlich. Die verlinkten Seiten wurden zum Zeitpunkt der Verlinkung auf m\u00f6gliche Rechtsverst\u00f6\u00dfe \u00fcberpr\u00fcft. Rechtswidrige Inhalte waren zum Zeitpunkt der Verlinkung nicht erkennbar.<\/span><br \/>\n<span style=\"font-family: arial, helvetica, sans-serif; font-size: 20px;\">Eine permanente inhaltliche Kontrolle der verlinkten Seiten ist jedoch ohne konkrete Anhaltspunkte einer Rechtsverletzung nicht zumutbar. <strong>Bei Bekanntwerden von Rechtsverletzungen werden wir derartige Links umgehend entfernen.<\/strong><br \/>\n<\/span><br \/>\n<strong><span style=\"font-family: arial, helvetica, sans-serif; font-size: 20px;\">Urheberrecht<\/span><\/strong><br \/>\n<span style=\"font-family: arial, helvetica, sans-serif; font-size: 20px;\">Die durch die Seitenbetreiber erstellten Inhalte und Werke auf diesen Seiten unterliegen dem deutschen Urheberrecht. Die Vervielf\u00e4ltigung, Bearbeitung, Verbreitung und jede Art der Verwertung au\u00dferhalb der Grenzen des Urheberrechtes bed\u00fcrfen der schriftlichen Zustimmung des jeweiligen Autors bzw. Erstellers. Downloads und Kopien dieser Seite sind nur f\u00fcr den privaten, nicht kommerziellen Gebrauch gestattet.<\/span><br \/>\n<span style=\"font-family: arial, helvetica, sans-serif; font-size: 20px;\">Soweit die Inhalte auf dieser Seite nicht vom Betreiber erstellt wurden, werden die Urheberrechte Dritter beachtet. Insbesondere werden Inhalte Dritter als solche gekennzeichnet. Sollten Sie trotzdem auf eine Urheberrechtsverletzung aufmerksam werden, bitten wir um einen entsprechenden Hinweis. <strong>Bei Bekanntwerden von Rechtsverletzungen werden wir derartige Inhalte umgehend entfernen.<br \/>\n<\/strong><\/span><br \/>\n<span style=\"font-family: arial, helvetica, sans-serif; font-size: 20px;\">Quelle: https:\/\/www.e-recht24.de\/impressum-generator.html<\/span><\/p>\n<p>&nbsp;<\/p>\n<p>&nbsp;<\/p>\n<p><span style=\"color: #000080; font-family: arial, helvetica, sans-serif; font-size: 20px;\">\u00a0<\/span><\/p>\n<p>&nbsp;<\/p>\n<p><span style=\"font-size: medium;\">\u00a0<\/span><\/p>\n","protected":false},"excerpt":{"rendered":"<\/p>\n<p><strong>Impressum<\/strong><\/p>\n<p>Angaben gem\u00e4\u00df \u00a7 5 TMG:<\/p>\n<p><strong>Kreisstadt Bergheim<\/strong><\/p>\n<p><strong>-Der B\u00fcrgermeister &#8211;<\/strong><\/p>\n<p><strong>Vertreten durch und Ansprechpartner im Rathaus:<\/strong><\/p>\n<p><strong>Kreisstadt Bergheim<\/strong><\/p>\n<p><strong>-Der B\u00fcrgermeister \u2013<\/strong><\/p>\n<p><strong>Vertreten durch <\/strong><\/p>\n<p><strong>Elke Friedt <\/strong><\/p>\n<p>Fachbereich 7: Soziales und Integration Abteilung 7.2 Inklusion und Teilhabe Integration<\/p>\n<p>Bethlehemerstra\u00dfe 9-11, 50126 Bergheim Tel: (02271) 89 &#8211; 570<\/p>\n<p>E-Mail:\u00a0elke.friedt@bergheim.de<\/p>\n<p>\u00a0Verantwortlich f\u00fcr den Inhalt nach &hellip; <\/p>\n<p><a class=\"more-link btn\" href=\"https:\/\/unser-quartier.de\/stadt-bergheim\/kontakt\/\">Weiterlesen<\/a><\/p>\n","protected":false},"author":48,"featured_media":0,"parent":0,"menu_order":15,"comment_status":"closed","ping_status":"closed","template":"template-onecolumn.php","meta":{"_bbp_topic_count":0,"_bbp_reply_count":0,"_bbp_total_topic_count":0,"_bbp_total_reply_count":0,"_bbp_voice_count":0,"_bbp_anonymous_reply_count":0,"_bbp_topic_count_hidden":0,"_bbp_reply_count_hidden":0,"_bbp_forum_subforum_count":0,"jetpack_post_was_ever_published":false,"footnotes":""},"class_list":["post-12","page","type-page","status-publish","hentry","nodate","item-wrap"],"jetpack_sharing_enabled":true,"jetpack_shortlink":"https:\/\/wp.me\/P3vhfJ-c","jetpack_likes_enabled":true,"_links":{"self":[{"href":"https:\/\/unser-quartier.de\/stadt-bergheim\/wp-json\/wp\/v2\/pages\/12","targetHints":{"allow":["GET"]}}],"collection":[{"href":"https:\/\/unser-quartier.de\/stadt-bergheim\/wp-json\/wp\/v2\/pages"}],"about":[{"href":"https:\/\/unser-quartier.de\/stadt-bergheim\/wp-json\/wp\/v2\/types\/page"}],"author":[{"embeddable":true,"href":"https:\/\/unser-quartier.de\/stadt-bergheim\/wp-json\/wp\/v2\/users\/48"}],"replies":[{"embeddable":true,"href":"https:\/\/unser-quartier.de\/stadt-bergheim\/wp-json\/wp\/v2\/comments?post=12"}],"version-history":[{"count":1,"href":"https:\/\/unser-quartier.de\/stadt-bergheim\/wp-json\/wp\/v2\/pages\/12\/revisions"}],"predecessor-version":[{"id":34624,"href":"https:\/\/unser-quartier.de\/stadt-bergheim\/wp-json\/wp\/v2\/pages\/12\/revisions\/34624"}],"wp:attachment":[{"href":"https:\/\/unser-quartier.de\/stadt-bergheim\/wp-json\/wp\/v2\/media?parent=12"}],"curies":[{"name":"wp","href":"https:\/\/api.w.org\/{rel}","templated":true}]}}