{"id":18283,"date":"2017-10-23T18:24:37","date_gmt":"2017-10-23T16:24:37","guid":{"rendered":"https:\/\/unser-quartier.de\/stadt-bergheim\/?page_id=18283"},"modified":"2018-05-04T15:51:56","modified_gmt":"2018-05-04T13:51:56","slug":"demenz","status":"publish","type":"page","link":"https:\/\/unser-quartier.de\/stadt-bergheim\/infothek\/demenz\/","title":{"rendered":"Demenz"},"content":{"rendered":"<p>Hier finden Sie alles \u00a0\u00fcber Demenz &#8230;<\/p>\n<p>Immer mehr Menschen erreichen ein hohes Alter. Neben der k\u00f6rperlichen Leistung nehmen auch die geistigen F\u00e4higkeiten ab.\u00a0 Demenz oder Alzheimer ist die Krankheit, die am h\u00e4ufigsten auftritt. Die Betroffenen sind in unterschiedlichem Ma\u00df desorientiert und haben zunehmend Ged\u00e4chtnisprobleme. Doch wo h\u00f6rt Vergesslichkeit auf und f\u00e4ngt Demenz an? Die Diagnose stellt besonders die Angeh\u00f6rigen vor gro\u00dfe Herausforderungen, gerade bei der Pflege zu Hause. Es ist schwer mitanzusehen, wie sich der geliebte Mensch zusehends ver\u00e4ndert und selbst einfache Dinge wie Anziehen, Essen oder Z\u00e4hneputzen\u00a0nicht mehr allein kann. Unruhe, Weglaufen, Vorw\u00fcrfe und Aggression wechseln sich ab mit Antriebslosigkeit und v\u00f6lliger Passivit\u00e4t. Durch eine fr\u00fchzeitige Behandlung l\u00e4sst sich der Krankheitsverlauf verz\u00f6gern. Medikamente und Therapien k\u00f6nnen leichte Besserung bringen. Training hilft dem Ged\u00e4chtnis auf die Spr\u00fcnge und hilft, Alltagsverrichtungen nicht zu verlernen. Bei allen Bem\u00fchungen um eine gute Betreuung sollten die Angeh\u00f6rigen ihre eigenen Bed\u00fcrfnisse nicht vergessen. Lassen Sie sich von erfahrenen Pflegediensten helfen oder nehmen Sie eine Tages- oder Kurzzeitpflege f\u00fcr eine Auszeit in Anspruch.<\/p>\n<p>Was kann man tun?<\/p>\n<p><a href=\"https:\/\/unser-quartier.de\/stadt-bergheim\/infothek\/demenz\/demenz-3\/\" rel=\"attachment wp-att-18317\"><img data-recalc-dims=\"1\" loading=\"lazy\" decoding=\"async\" data-attachment-id=\"18317\" data-permalink=\"https:\/\/unser-quartier.de\/stadt-bergheim\/infothek\/demenz\/demenz-3\/\" data-orig-file=\"https:\/\/i0.wp.com\/unser-quartier.de\/stadt-bergheim\/files\/2017\/10\/Demenz-1.jpg?fit=665%2C843&amp;ssl=1\" data-orig-size=\"665,843\" data-comments-opened=\"0\" data-image-meta=\"{&quot;aperture&quot;:&quot;0&quot;,&quot;credit&quot;:&quot;&quot;,&quot;camera&quot;:&quot;&quot;,&quot;caption&quot;:&quot;&quot;,&quot;created_timestamp&quot;:&quot;0&quot;,&quot;copyright&quot;:&quot;&quot;,&quot;focal_length&quot;:&quot;0&quot;,&quot;iso&quot;:&quot;0&quot;,&quot;shutter_speed&quot;:&quot;0&quot;,&quot;title&quot;:&quot;&quot;,&quot;orientation&quot;:&quot;0&quot;}\" data-image-title=\"Demenz\" data-image-description=\"\" data-image-caption=\"\" data-medium-file=\"https:\/\/i0.wp.com\/unser-quartier.de\/stadt-bergheim\/files\/2017\/10\/Demenz-1.jpg?fit=237%2C300&amp;ssl=1\" data-large-file=\"https:\/\/i0.wp.com\/unser-quartier.de\/stadt-bergheim\/files\/2017\/10\/Demenz-1.jpg?fit=665%2C843&amp;ssl=1\" class=\"alignnone wp-image-18317 size-full\" src=\"https:\/\/i0.wp.com\/unser-quartier.de\/stadt-bergheim\/files\/2017\/10\/Demenz-1.jpg?resize=665%2C843&#038;ssl=1\" alt=\"\" width=\"665\" height=\"843\" srcset=\"https:\/\/i0.wp.com\/unser-quartier.de\/stadt-bergheim\/files\/2017\/10\/Demenz-1.jpg?w=665&amp;ssl=1 665w, https:\/\/i0.wp.com\/unser-quartier.de\/stadt-bergheim\/files\/2017\/10\/Demenz-1.jpg?resize=118%2C150&amp;ssl=1 118w, https:\/\/i0.wp.com\/unser-quartier.de\/stadt-bergheim\/files\/2017\/10\/Demenz-1.jpg?resize=237%2C300&amp;ssl=1 237w\" sizes=\"auto, (max-width: 665px) 100vw, 665px\" \/><\/a><\/p>\n<p>&nbsp;<\/p>\n","protected":false},"excerpt":{"rendered":"<p>Hier finden Sie alles \u00a0\u00fcber Demenz &#8230;<\/p>\n<p>Immer mehr Menschen erreichen ein hohes Alter. Neben der k\u00f6rperlichen Leistung nehmen auch die geistigen F\u00e4higkeiten ab.\u00a0 Demenz oder Alzheimer ist die Krankheit, die am h\u00e4ufigsten auftritt. Die Betroffenen sind in unterschiedlichem Ma\u00df desorientiert und haben zunehmend Ged\u00e4chtnisprobleme. Doch wo h\u00f6rt Vergesslichkeit auf und f\u00e4ngt Demenz an? Die &hellip; <\/p>\n<p><a class=\"more-link btn\" href=\"https:\/\/unser-quartier.de\/stadt-bergheim\/infothek\/demenz\/\">Weiterlesen<\/a><\/p>\n","protected":false},"author":48,"featured_media":0,"parent":18254,"menu_order":3,"comment_status":"closed","ping_status":"closed","template":"","meta":{"_bbp_topic_count":0,"_bbp_reply_count":0,"_bbp_total_topic_count":0,"_bbp_total_reply_count":0,"_bbp_voice_count":0,"_bbp_anonymous_reply_count":0,"_bbp_topic_count_hidden":0,"_bbp_reply_count_hidden":0,"_bbp_forum_subforum_count":0,"jetpack_post_was_ever_published":false,"footnotes":""},"class_list":["post-18283","page","type-page","status-publish","hentry","nodate","item-wrap"],"jetpack_sharing_enabled":true,"jetpack_shortlink":"https:\/\/wp.me\/P3vhfJ-4KT","jetpack_likes_enabled":true,"_links":{"self":[{"href":"https:\/\/unser-quartier.de\/stadt-bergheim\/wp-json\/wp\/v2\/pages\/18283","targetHints":{"allow":["GET"]}}],"collection":[{"href":"https:\/\/unser-quartier.de\/stadt-bergheim\/wp-json\/wp\/v2\/pages"}],"about":[{"href":"https:\/\/unser-quartier.de\/stadt-bergheim\/wp-json\/wp\/v2\/types\/page"}],"author":[{"embeddable":true,"href":"https:\/\/unser-quartier.de\/stadt-bergheim\/wp-json\/wp\/v2\/users\/48"}],"replies":[{"embeddable":true,"href":"https:\/\/unser-quartier.de\/stadt-bergheim\/wp-json\/wp\/v2\/comments?post=18283"}],"version-history":[{"count":0,"href":"https:\/\/unser-quartier.de\/stadt-bergheim\/wp-json\/wp\/v2\/pages\/18283\/revisions"}],"up":[{"embeddable":true,"href":"https:\/\/unser-quartier.de\/stadt-bergheim\/wp-json\/wp\/v2\/pages\/18254"}],"wp:attachment":[{"href":"https:\/\/unser-quartier.de\/stadt-bergheim\/wp-json\/wp\/v2\/media?parent=18283"}],"curies":[{"name":"wp","href":"https:\/\/api.w.org\/{rel}","templated":true}]}}