{"id":26208,"date":"2018-12-05T18:45:56","date_gmt":"2018-12-05T17:45:56","guid":{"rendered":"https:\/\/unser-quartier.de\/stadt-bergheim\/?page_id=26208"},"modified":"2018-12-05T18:54:15","modified_gmt":"2018-12-05T17:54:15","slug":"tuerchen-6","status":"publish","type":"page","link":"https:\/\/unser-quartier.de\/stadt-bergheim\/tuerchen-6\/","title":{"rendered":"T\u00fcrchen 6"},"content":{"rendered":"<p><a href=\"https:\/\/unser-quartier.de\/stadt-bergheim\/tuerchen-6\/48157664-0553-4bf4-a3a2-d09378ce75f7\/\" rel=\"attachment wp-att-26210\"><img data-recalc-dims=\"1\" loading=\"lazy\" decoding=\"async\" data-attachment-id=\"26210\" data-permalink=\"https:\/\/unser-quartier.de\/stadt-bergheim\/tuerchen-6\/48157664-0553-4bf4-a3a2-d09378ce75f7\/\" data-orig-file=\"https:\/\/i0.wp.com\/unser-quartier.de\/stadt-bergheim\/files\/2018\/11\/48157664-0553-4BF4-A3A2-D09378CE75F7.jpeg?fit=750%2C493&amp;ssl=1\" data-orig-size=\"750,493\" data-comments-opened=\"0\" data-image-meta=\"{&quot;aperture&quot;:&quot;0&quot;,&quot;credit&quot;:&quot;&quot;,&quot;camera&quot;:&quot;&quot;,&quot;caption&quot;:&quot;&quot;,&quot;created_timestamp&quot;:&quot;0&quot;,&quot;copyright&quot;:&quot;&quot;,&quot;focal_length&quot;:&quot;0&quot;,&quot;iso&quot;:&quot;0&quot;,&quot;shutter_speed&quot;:&quot;0&quot;,&quot;title&quot;:&quot;&quot;,&quot;orientation&quot;:&quot;0&quot;}\" data-image-title=\"48157664-0553-4BF4-A3A2-D09378CE75F7\" data-image-description=\"\" data-image-caption=\"\" data-medium-file=\"https:\/\/i0.wp.com\/unser-quartier.de\/stadt-bergheim\/files\/2018\/11\/48157664-0553-4BF4-A3A2-D09378CE75F7.jpeg?fit=300%2C197&amp;ssl=1\" data-large-file=\"https:\/\/i0.wp.com\/unser-quartier.de\/stadt-bergheim\/files\/2018\/11\/48157664-0553-4BF4-A3A2-D09378CE75F7.jpeg?fit=750%2C493&amp;ssl=1\" class=\"alignnone wp-image-26210 size-medium\" src=\"https:\/\/i0.wp.com\/unser-quartier.de\/stadt-bergheim\/files\/2018\/11\/48157664-0553-4BF4-A3A2-D09378CE75F7.jpeg?resize=300%2C197&#038;ssl=1\" alt=\"\" width=\"300\" height=\"197\" srcset=\"https:\/\/i0.wp.com\/unser-quartier.de\/stadt-bergheim\/files\/2018\/11\/48157664-0553-4BF4-A3A2-D09378CE75F7.jpeg?resize=300%2C197&amp;ssl=1 300w, https:\/\/i0.wp.com\/unser-quartier.de\/stadt-bergheim\/files\/2018\/11\/48157664-0553-4BF4-A3A2-D09378CE75F7.jpeg?resize=150%2C99&amp;ssl=1 150w, https:\/\/i0.wp.com\/unser-quartier.de\/stadt-bergheim\/files\/2018\/11\/48157664-0553-4BF4-A3A2-D09378CE75F7.jpeg?w=750&amp;ssl=1 750w\" sizes=\"auto, (max-width: 300px) 100vw, 300px\" \/><\/a><\/p>\n<p><span style=\"font-size: 20px; font-family: arial, helvetica, sans-serif;\">Sankt Nikolaus<\/span><\/p>\n<p><span style=\"font-size: 20px; font-family: arial, helvetica, sans-serif;\">Die Legende vom heiligen Nikolaus beruht wohl auf dem Leben eines Bischofs, der in der ersten H\u00e4lfte des 4. Jahrhunderts in der kleinasiatischen Region Lykien, der heutigen T\u00fcrkei, lebte. <\/span><\/p>\n<p><span style=\"font-size: 20px; font-family: arial, helvetica, sans-serif;\">Er starb am 6. Dezember 352.<\/span><\/p>\n<p><a href=\"https:\/\/unser-quartier.de\/stadt-bergheim\/tuerchen-6\/4a712852-3077-4daf-b529-5b6828c43105\/\" rel=\"attachment wp-att-26212\"><img data-recalc-dims=\"1\" loading=\"lazy\" decoding=\"async\" data-attachment-id=\"26212\" data-permalink=\"https:\/\/unser-quartier.de\/stadt-bergheim\/tuerchen-6\/4a712852-3077-4daf-b529-5b6828c43105\/\" data-orig-file=\"https:\/\/i0.wp.com\/unser-quartier.de\/stadt-bergheim\/files\/2018\/11\/4A712852-3077-4DAF-B529-5B6828C43105.jpeg?fit=638%2C427&amp;ssl=1\" data-orig-size=\"638,427\" data-comments-opened=\"0\" data-image-meta=\"{&quot;aperture&quot;:&quot;0&quot;,&quot;credit&quot;:&quot;&quot;,&quot;camera&quot;:&quot;&quot;,&quot;caption&quot;:&quot;&quot;,&quot;created_timestamp&quot;:&quot;0&quot;,&quot;copyright&quot;:&quot;&quot;,&quot;focal_length&quot;:&quot;0&quot;,&quot;iso&quot;:&quot;0&quot;,&quot;shutter_speed&quot;:&quot;0&quot;,&quot;title&quot;:&quot;&quot;,&quot;orientation&quot;:&quot;0&quot;}\" data-image-title=\"4A712852-3077-4DAF-B529-5B6828C43105\" data-image-description=\"\" data-image-caption=\"\" data-medium-file=\"https:\/\/i0.wp.com\/unser-quartier.de\/stadt-bergheim\/files\/2018\/11\/4A712852-3077-4DAF-B529-5B6828C43105.jpeg?fit=300%2C201&amp;ssl=1\" data-large-file=\"https:\/\/i0.wp.com\/unser-quartier.de\/stadt-bergheim\/files\/2018\/11\/4A712852-3077-4DAF-B529-5B6828C43105.jpeg?fit=638%2C427&amp;ssl=1\" class=\"alignnone wp-image-26212 size-medium\" src=\"https:\/\/i0.wp.com\/unser-quartier.de\/stadt-bergheim\/files\/2018\/11\/4A712852-3077-4DAF-B529-5B6828C43105.jpeg?resize=300%2C201&#038;ssl=1\" alt=\"\" width=\"300\" height=\"201\" srcset=\"https:\/\/i0.wp.com\/unser-quartier.de\/stadt-bergheim\/files\/2018\/11\/4A712852-3077-4DAF-B529-5B6828C43105.jpeg?resize=300%2C201&amp;ssl=1 300w, https:\/\/i0.wp.com\/unser-quartier.de\/stadt-bergheim\/files\/2018\/11\/4A712852-3077-4DAF-B529-5B6828C43105.jpeg?resize=150%2C100&amp;ssl=1 150w, https:\/\/i0.wp.com\/unser-quartier.de\/stadt-bergheim\/files\/2018\/11\/4A712852-3077-4DAF-B529-5B6828C43105.jpeg?w=638&amp;ssl=1 638w\" sizes=\"auto, (max-width: 300px) 100vw, 300px\" \/><\/a><\/p>\n<p><span style=\"font-size: 20px; font-family: arial, helvetica, sans-serif;\">Bereits im 10. Jahrhundert nach Christi wird in Deutschland die Verehrung des sowohl im Morgen- als auch im Abendland bekannten \u201eNikolaus von Myra\u201c festgestellt. Damit ist er eine der \u00e4ltesten dokumentierten Heiligengestalten unseres Weihnachtsfestes.\u00a0<\/span><span style=\"font-size: 20px; font-family: arial, helvetica, sans-serif;\">Nikolaus war der Schutzpatron vieler Berufsgruppen, beispielsweise der Kaufleute, B\u00e4cker, Seeleute und sp\u00e4ter der Sch\u00fcler, die ihn am 6. Dezember feierten.\u00a0<\/span><span style=\"font-size: 20px; font-family: arial, helvetica, sans-serif;\">Seit dem 17. Jahrhundert gibt es Aufzeichnungen, nach denen Nikolaus als alter Mann mit Bart verkleidet am Vorabend seines Festtages, also am 5. Dezember, oder in der Nacht zum 6. Dezember in den H\u00e4usern erscheint, um die braven Kinder zu beschenken und die unartigen mit der Rute zu bestrafen.\u00a0<\/span><\/p>\n<p><span style=\"font-size: 20px; font-family: arial, helvetica, sans-serif;\">Inzwischen ist die urspr\u00fcngliche Bedeutung dieses Brauches \u2013 wie so vieles im Brauchtum \u2013 etwas verlorengegangen, denn eigentlich war der Streich mit der Rute keine Bestrafung. Vielmehr sollte bei der Ber\u00fchrung mit dem gr\u00fcnen Zweig (der Rute) die Lebenskraft der Pflanze auf den Betroffenen \u00fcbergehen.\u00a0<\/span><\/p>\n<p><span style=\"font-size: 20px; font-family: arial, helvetica, sans-serif;\">Auch heute noch wird der Nikolaus entweder als g\u00fctiger Greis oder w\u00fcrdevoller Bischof mit Krummstab und Mitra als Zeichen seiner Bischofsw\u00fcrde dargestellt.<\/span><\/p>\n<p><span style=\"font-size: 20px; font-family: arial, helvetica, sans-serif;\">Wahrscheinlich wird der Name des heiligen Nikolaus noch lange fortleben in dem Kinderfest, bei dem die Kinder am Vorabend des Nikolaustages vor dem Schlafengehen die Schuhe vor die T\u00fcr stellen oder ihre Str\u00fcmpfe aufh\u00e4ngen, damit der Nikolaus \u00fcber Nacht seine Gaben darin unterbringen kann, oder auch dort, wo der Nikolaus noch pers\u00f6nlich erscheint, um in seinem gro\u00dfen Goldenen Buchnachzulesen, ob es sich um ein braves oder ein unartiges Kind handelt.<\/span><\/p>\n<p><span style=\"font-family: arial,helvetica,sans-serif; font-size: 20px;\">Und hier ein Gedicht von Ingrid Herta Drewing<\/span><\/p>\n<p><img data-recalc-dims=\"1\" loading=\"lazy\" decoding=\"async\" data-attachment-id=\"26976\" data-permalink=\"https:\/\/unser-quartier.de\/stadt-bergheim\/tuerchen-6\/nikolaus1\/\" data-orig-file=\"https:\/\/i0.wp.com\/unser-quartier.de\/stadt-bergheim\/files\/2018\/12\/Nikolaus1.jpg?fit=871%2C919&amp;ssl=1\" data-orig-size=\"871,919\" data-comments-opened=\"0\" data-image-meta=\"{&quot;aperture&quot;:&quot;0&quot;,&quot;credit&quot;:&quot;&quot;,&quot;camera&quot;:&quot;&quot;,&quot;caption&quot;:&quot;&quot;,&quot;created_timestamp&quot;:&quot;0&quot;,&quot;copyright&quot;:&quot;&quot;,&quot;focal_length&quot;:&quot;0&quot;,&quot;iso&quot;:&quot;0&quot;,&quot;shutter_speed&quot;:&quot;0&quot;,&quot;title&quot;:&quot;&quot;,&quot;orientation&quot;:&quot;0&quot;}\" data-image-title=\"Nikolaus1\" data-image-description=\"\" data-image-caption=\"\" data-medium-file=\"https:\/\/i0.wp.com\/unser-quartier.de\/stadt-bergheim\/files\/2018\/12\/Nikolaus1.jpg?fit=284%2C300&amp;ssl=1\" data-large-file=\"https:\/\/i0.wp.com\/unser-quartier.de\/stadt-bergheim\/files\/2018\/12\/Nikolaus1.jpg?fit=770%2C812&amp;ssl=1\" class=\"alignnone size-medium wp-image-26976\" src=\"https:\/\/i0.wp.com\/unser-quartier.de\/stadt-bergheim\/files\/2018\/12\/Nikolaus1.jpg?resize=284%2C300&#038;ssl=1\" alt=\"\" width=\"284\" height=\"300\" srcset=\"https:\/\/i0.wp.com\/unser-quartier.de\/stadt-bergheim\/files\/2018\/12\/Nikolaus1.jpg?resize=284%2C300&amp;ssl=1 284w, https:\/\/i0.wp.com\/unser-quartier.de\/stadt-bergheim\/files\/2018\/12\/Nikolaus1.jpg?resize=142%2C150&amp;ssl=1 142w, https:\/\/i0.wp.com\/unser-quartier.de\/stadt-bergheim\/files\/2018\/12\/Nikolaus1.jpg?resize=768%2C810&amp;ssl=1 768w, https:\/\/i0.wp.com\/unser-quartier.de\/stadt-bergheim\/files\/2018\/12\/Nikolaus1.jpg?w=871&amp;ssl=1 871w\" sizes=\"auto, (max-width: 284px) 100vw, 284px\" \/><\/p>\n<p><span style=\"font-family: arial,helvetica,sans-serif; font-size: 20px;\">W\u00fcnsche an den Nikolaus<\/span><\/p>\n<p><span style=\"font-family: arial,helvetica,sans-serif; font-size: 20px;\">Sankt Nikolaus hat\u2019s heute schwer,<\/span><br \/>\n<span style=\"font-family: arial,helvetica,sans-serif; font-size: 20px;\">wo nimmt er nur die Mittel her<\/span><br \/>\n<span style=\"font-family: arial,helvetica,sans-serif; font-size: 20px;\">f\u00fcr das, was Kinder von ihm wollen<\/span><br \/>\n<span style=\"font-family: arial,helvetica,sans-serif; font-size: 20px;\">und w\u00fcnschen, greifen in die Vollen.<\/span><\/p>\n<p><span style=\"font-family: arial,helvetica,sans-serif; font-size: 20px;\">Es k\u00fcmmert ihn doch manchmal sehr,<\/span><br \/>\n<span style=\"font-family: arial,helvetica,sans-serif; font-size: 20px;\">geht\u2019s um der Kinder Wunsch, Begehr.<\/span><br \/>\n<span style=\"font-family: arial,helvetica,sans-serif; font-size: 20px;\">Sie sch\u00e4tzen kaum noch \u00c4pfel, N\u00fcsse,<\/span><br \/>\n<span style=\"font-family: arial,helvetica,sans-serif; font-size: 20px;\">auch Pl\u00e4tzchen fehlen als Gen\u00fcsse.<\/span><\/p>\n<p><span style=\"font-family: arial,helvetica,sans-serif; font-size: 20px;\">Die Kids von heute, modern, trendy,<\/span><br \/>\n<span style=\"font-family: arial,helvetica,sans-serif; font-size: 20px;\">erwarten Laptop oder Handy.<\/span><br \/>\n<span style=\"font-family: arial,helvetica,sans-serif; font-size: 20px;\">Sogar die Marke manche nennen,<\/span><br \/>\n<span style=\"font-family: arial,helvetica,sans-serif; font-size: 20px;\">die sollt\u2018 dann Niklas nicht verkennen.<\/span><\/p>\n<p><span style=\"font-family: arial,helvetica,sans-serif; font-size: 20px;\">Nur die ganz Kleinen, noch bescheiden,<\/span><br \/>\n<span style=\"font-family: arial,helvetica,sans-serif; font-size: 20px;\">nicht unter Label-Anspruch leiden.<\/span><br \/>\n<span style=\"font-family: arial,helvetica,sans-serif; font-size: 20px;\">Sie freut \u2019s, wenn P\u00fcppchen, B\u00e4renkind<\/span><br \/>\n<span style=\"font-family: arial,helvetica,sans-serif; font-size: 20px;\">Sankt Niklas ihnen schenkt ganz lind.<\/span><\/p>\n<p><span style=\"font-family: arial,helvetica,sans-serif; font-size: 20px;\">\u00a9 Foto u. Text \/ Ingrid Herta Drewing,2018<\/span><\/p>\n","protected":false},"excerpt":{"rendered":"<\/p>\n<p>Sankt Nikolaus<\/p>\n<p>Die Legende vom heiligen Nikolaus beruht wohl auf dem Leben eines Bischofs, der in der ersten H\u00e4lfte des 4. Jahrhunderts in der kleinasiatischen Region Lykien, der heutigen T\u00fcrkei, lebte. <\/p>\n<p>Er starb am 6. Dezember 352.<\/p>\n<\/p>\n<p>Bereits im 10. Jahrhundert nach Christi wird in Deutschland die Verehrung des sowohl im Morgen- &hellip; <\/p>\n<p><a class=\"more-link btn\" href=\"https:\/\/unser-quartier.de\/stadt-bergheim\/tuerchen-6\/\">Weiterlesen<\/a><\/p>\n","protected":false},"author":48,"featured_media":0,"parent":0,"menu_order":0,"comment_status":"closed","ping_status":"closed","template":"","meta":{"_bbp_topic_count":0,"_bbp_reply_count":0,"_bbp_total_topic_count":0,"_bbp_total_reply_count":0,"_bbp_voice_count":0,"_bbp_anonymous_reply_count":0,"_bbp_topic_count_hidden":0,"_bbp_reply_count_hidden":0,"_bbp_forum_subforum_count":0,"jetpack_post_was_ever_published":false,"footnotes":""},"class_list":["post-26208","page","type-page","status-publish","hentry","nodate","item-wrap"],"jetpack_sharing_enabled":true,"jetpack_shortlink":"https:\/\/wp.me\/P3vhfJ-6OI","jetpack_likes_enabled":true,"_links":{"self":[{"href":"https:\/\/unser-quartier.de\/stadt-bergheim\/wp-json\/wp\/v2\/pages\/26208","targetHints":{"allow":["GET"]}}],"collection":[{"href":"https:\/\/unser-quartier.de\/stadt-bergheim\/wp-json\/wp\/v2\/pages"}],"about":[{"href":"https:\/\/unser-quartier.de\/stadt-bergheim\/wp-json\/wp\/v2\/types\/page"}],"author":[{"embeddable":true,"href":"https:\/\/unser-quartier.de\/stadt-bergheim\/wp-json\/wp\/v2\/users\/48"}],"replies":[{"embeddable":true,"href":"https:\/\/unser-quartier.de\/stadt-bergheim\/wp-json\/wp\/v2\/comments?post=26208"}],"version-history":[{"count":0,"href":"https:\/\/unser-quartier.de\/stadt-bergheim\/wp-json\/wp\/v2\/pages\/26208\/revisions"}],"wp:attachment":[{"href":"https:\/\/unser-quartier.de\/stadt-bergheim\/wp-json\/wp\/v2\/media?parent=26208"}],"curies":[{"name":"wp","href":"https:\/\/api.w.org\/{rel}","templated":true}]}}