{"id":2646,"date":"2014-05-18T00:43:50","date_gmt":"2014-05-17T22:43:50","guid":{"rendered":"http:\/\/unser-quartier.de\/stadt-bergheim\/?page_id=2646"},"modified":"2017-12-05T10:57:20","modified_gmt":"2017-12-05T09:57:20","slug":"buergerbus-fliesteden","status":"publish","type":"page","link":"https:\/\/unser-quartier.de\/stadt-bergheim\/informationen\/untermenue-1\/buergerbus-fliesteden\/","title":{"rendered":"B\u00fcrgerBus Fliesteden"},"content":{"rendered":"<p style=\"margin-bottom: 0cm\"><span style=\"font-family: Arial, serif;font-size: 12pt\"><b>B\u00fcrger fahren f\u00fcr B\u00fcrger <img data-recalc-dims=\"1\" loading=\"lazy\" decoding=\"async\" data-attachment-id=\"2663\" data-permalink=\"https:\/\/unser-quartier.de\/stadt-bergheim\/startseite\/was-ist-das-fachforum-seniorenarbeit-fase\/zitate-zu-fase\/buergerbus\/\" data-orig-file=\"https:\/\/i0.wp.com\/unser-quartier.de\/stadt-bergheim\/files\/2014\/05\/B%C3%BCrgerbus.jpg?fit=3264%2C2448&amp;ssl=1\" data-orig-size=\"3264,2448\" data-comments-opened=\"0\" data-image-meta=\"{&quot;aperture&quot;:&quot;2.65&quot;,&quot;credit&quot;:&quot;&quot;,&quot;camera&quot;:&quot;GT-I9100&quot;,&quot;caption&quot;:&quot;&quot;,&quot;created_timestamp&quot;:&quot;1377103093&quot;,&quot;copyright&quot;:&quot;&quot;,&quot;focal_length&quot;:&quot;3.97&quot;,&quot;iso&quot;:&quot;32&quot;,&quot;shutter_speed&quot;:&quot;0.00089206066012489&quot;,&quot;title&quot;:&quot;&quot;}\" data-image-title=\"B\u00fcrgerbus\" data-image-description=\"\" data-image-caption=\"\" data-medium-file=\"https:\/\/i0.wp.com\/unser-quartier.de\/stadt-bergheim\/files\/2014\/05\/B%C3%BCrgerbus.jpg?fit=300%2C225&amp;ssl=1\" data-large-file=\"https:\/\/i0.wp.com\/unser-quartier.de\/stadt-bergheim\/files\/2014\/05\/B%C3%BCrgerbus.jpg?fit=770%2C578&amp;ssl=1\" class=\"alignleft wp-image-2663 \" src=\"https:\/\/i0.wp.com\/unser-quartier.de\/stadt-bergheim\/files\/2014\/05\/B%C3%BCrgerbus.jpg?resize=207%2C155&#038;ssl=1\" alt=\"B\u00fcrgerbus\" width=\"207\" height=\"155\" srcset=\"https:\/\/i0.wp.com\/unser-quartier.de\/stadt-bergheim\/files\/2014\/05\/B%C3%BCrgerbus.jpg?resize=150%2C112&amp;ssl=1 150w, https:\/\/i0.wp.com\/unser-quartier.de\/stadt-bergheim\/files\/2014\/05\/B%C3%BCrgerbus.jpg?resize=300%2C225&amp;ssl=1 300w, https:\/\/i0.wp.com\/unser-quartier.de\/stadt-bergheim\/files\/2014\/05\/B%C3%BCrgerbus.jpg?resize=1024%2C768&amp;ssl=1 1024w, https:\/\/i0.wp.com\/unser-quartier.de\/stadt-bergheim\/files\/2014\/05\/B%C3%BCrgerbus.jpg?w=1540&amp;ssl=1 1540w, https:\/\/i0.wp.com\/unser-quartier.de\/stadt-bergheim\/files\/2014\/05\/B%C3%BCrgerbus.jpg?w=2310&amp;ssl=1 2310w\" sizes=\"auto, (max-width: 207px) 100vw, 207px\" \/><\/b><\/span><\/p>\n<p style=\"margin-bottom: 0cm\"><span style=\"font-family: Arial, serif;font-size: 12pt\">Die Idee mit dem B\u00fcrgerbus ist vor 29 Jahren von den Niederlanden nach Deutschland \u00fcbergeschwappt. Seitdem haben sich allein in Nordrhein Westfalen \u00fcber 100 Vereine etabliert.<br \/>\nDer B\u00fcrgerbus ist ein Kleinbus mit acht Fahrgastpl\u00e4tzen und kann da eingesetzt werden, wo regul\u00e4rer Linienverkehr wirtschaftlich nicht mehr tragbar ist. Dadurch kann er auch in nachfrageschwachen R\u00e4umen oder Zeiten Mobilit\u00e4t gew\u00e4hrleisten.<\/p>\n<p><\/span><\/p>\n<p style=\"margin-bottom: 0cm\"><span style=\"font-family: Arial, serif;font-size: 12pt\">Der B\u00fcrgerbusverein Fliesteden ist seit dem Jahr 2000 mit dabei. Engagierte B\u00fcrger aus Fliesteden, Glessen, B\u00fcsdorf und Oberau\u00dfem haben sich zusammen getan, um den \u00f6rtlichen Personennahverkehr in die eigenen H\u00e4nde zu nehmen. So halten wir zum Beispiel werktags von Montag bis Freitag t\u00e4glich 7x die Verbindung von Fliesteden nach Bahnhof Pulheim-Stommeln.<br \/>\nDie Kinder der Offenen Ganztagsschule Glessen werden von uns 2x t\u00e4glich nach Fliesteden und B\u00fcsdorf gebracht. <\/span><\/p>\n<p style=\"margin-bottom: 0cm\"><span style=\"font-family: Arial, serif;font-size: 12pt\"><b>Fahrer gesucht<img data-recalc-dims=\"1\" loading=\"lazy\" decoding=\"async\" data-attachment-id=\"2664\" data-permalink=\"https:\/\/unser-quartier.de\/stadt-bergheim\/startseite\/was-ist-das-fachforum-seniorenarbeit-fase\/zitate-zu-fase\/buergerbus2\/\" data-orig-file=\"https:\/\/i0.wp.com\/unser-quartier.de\/stadt-bergheim\/files\/2014\/05\/B%C3%BCrgerbus2.jpg?fit=4416%2C3312&amp;ssl=1\" data-orig-size=\"4416,3312\" data-comments-opened=\"0\" data-image-meta=\"{&quot;aperture&quot;:&quot;2.8&quot;,&quot;credit&quot;:&quot;&quot;,&quot;camera&quot;:&quot;Canon PowerShot G10&quot;,&quot;caption&quot;:&quot;&quot;,&quot;created_timestamp&quot;:&quot;1390069681&quot;,&quot;copyright&quot;:&quot;&quot;,&quot;focal_length&quot;:&quot;6.1&quot;,&quot;iso&quot;:&quot;250&quot;,&quot;shutter_speed&quot;:&quot;0.016666666666667&quot;,&quot;title&quot;:&quot;&quot;}\" data-image-title=\"B\u00fcrgerbus2\" data-image-description=\"\" data-image-caption=\"\" data-medium-file=\"https:\/\/i0.wp.com\/unser-quartier.de\/stadt-bergheim\/files\/2014\/05\/B%C3%BCrgerbus2.jpg?fit=300%2C225&amp;ssl=1\" data-large-file=\"https:\/\/i0.wp.com\/unser-quartier.de\/stadt-bergheim\/files\/2014\/05\/B%C3%BCrgerbus2.jpg?fit=770%2C578&amp;ssl=1\" class=\"alignleft wp-image-2664 \" src=\"https:\/\/i0.wp.com\/unser-quartier.de\/stadt-bergheim\/files\/2014\/05\/B%C3%BCrgerbus2.jpg?resize=211%2C158&#038;ssl=1\" alt=\"B\u00fcrgerbus2\" width=\"211\" height=\"158\" srcset=\"https:\/\/i0.wp.com\/unser-quartier.de\/stadt-bergheim\/files\/2014\/05\/B%C3%BCrgerbus2.jpg?resize=150%2C112&amp;ssl=1 150w, https:\/\/i0.wp.com\/unser-quartier.de\/stadt-bergheim\/files\/2014\/05\/B%C3%BCrgerbus2.jpg?resize=300%2C225&amp;ssl=1 300w, https:\/\/i0.wp.com\/unser-quartier.de\/stadt-bergheim\/files\/2014\/05\/B%C3%BCrgerbus2.jpg?resize=1024%2C768&amp;ssl=1 1024w, https:\/\/i0.wp.com\/unser-quartier.de\/stadt-bergheim\/files\/2014\/05\/B%C3%BCrgerbus2.jpg?w=1540&amp;ssl=1 1540w, https:\/\/i0.wp.com\/unser-quartier.de\/stadt-bergheim\/files\/2014\/05\/B%C3%BCrgerbus2.jpg?w=2310&amp;ssl=1 2310w\" sizes=\"auto, (max-width: 211px) 100vw, 211px\" \/><\/b><\/span><\/p>\n<p><span style=\"font-size: 12pt\"><span style=\"font-family: Arial, serif\">Sie haben Zeit, fahren gern Auto und sind gern unter Menschen?\u00a0 Wir suchen noch ehrenamtliche Fahrerinnen und Fahrer. <\/span><span style=\"font-family: Arial, serif\">Einen B\u00fcrgerbus kann jeder fahren, der mindestens 21 Jahre alt ist, einen PKW-F\u00fchrerschein hat und \u00fcber mindestens 2 Jahre Fahrpraxis verf\u00fcgt. <\/span><span style=\"font-family: Arial, serif\">Die anfallenden Kosten f\u00fcr den Erwerb des Personenbef\u00f6rderungsscheines werden vom Verein \u00fcbernommen. <\/span><\/span><span style=\"font-family: Arial, serif;font-size: 12pt\">Neugierig geworden?<\/p>\n<p><\/span><span style=\"font-size: 12pt\">Besuchen Sie unsere Seite im Internet und erfahren Sie mehr. Zur Website:<\/span><\/p>\n<p style=\"margin-bottom: 0cm\">\n<p>&nbsp;<\/p>\n<p>&nbsp;<\/p>\n<p>&nbsp;<\/p>\n<p>&nbsp;<\/p>\n<p>&nbsp;<\/p>\n","protected":false},"excerpt":{"rendered":"<p style=\"margin-bottom: 0cm\">B\u00fcrger fahren f\u00fcr B\u00fcrger <\/p>\n<p style=\"margin-bottom: 0cm\">Die Idee mit dem B\u00fcrgerbus ist vor 29 Jahren von den Niederlanden nach Deutschland \u00fcbergeschwappt. Seitdem haben sich allein in Nordrhein Westfalen \u00fcber 100 Vereine etabliert. Der B\u00fcrgerbus ist ein Kleinbus mit acht Fahrgastpl\u00e4tzen und kann da eingesetzt werden, wo regul\u00e4rer Linienverkehr wirtschaftlich nicht mehr tragbar &hellip; <\/p>\n<p><a class=\"more-link btn\" href=\"https:\/\/unser-quartier.de\/stadt-bergheim\/informationen\/untermenue-1\/buergerbus-fliesteden\/\">Weiterlesen<\/a><\/p>\n","protected":false},"author":48,"featured_media":0,"parent":3330,"menu_order":6,"comment_status":"open","ping_status":"open","template":"","meta":{"_bbp_topic_count":0,"_bbp_reply_count":0,"_bbp_total_topic_count":0,"_bbp_total_reply_count":0,"_bbp_voice_count":0,"_bbp_anonymous_reply_count":0,"_bbp_topic_count_hidden":0,"_bbp_reply_count_hidden":0,"_bbp_forum_subforum_count":0,"jetpack_post_was_ever_published":false,"footnotes":""},"class_list":["post-2646","page","type-page","status-publish","hentry","nodate","item-wrap"],"jetpack_sharing_enabled":true,"jetpack_shortlink":"https:\/\/wp.me\/P3vhfJ-GG","jetpack_likes_enabled":true,"_links":{"self":[{"href":"https:\/\/unser-quartier.de\/stadt-bergheim\/wp-json\/wp\/v2\/pages\/2646","targetHints":{"allow":["GET"]}}],"collection":[{"href":"https:\/\/unser-quartier.de\/stadt-bergheim\/wp-json\/wp\/v2\/pages"}],"about":[{"href":"https:\/\/unser-quartier.de\/stadt-bergheim\/wp-json\/wp\/v2\/types\/page"}],"author":[{"embeddable":true,"href":"https:\/\/unser-quartier.de\/stadt-bergheim\/wp-json\/wp\/v2\/users\/48"}],"replies":[{"embeddable":true,"href":"https:\/\/unser-quartier.de\/stadt-bergheim\/wp-json\/wp\/v2\/comments?post=2646"}],"version-history":[{"count":0,"href":"https:\/\/unser-quartier.de\/stadt-bergheim\/wp-json\/wp\/v2\/pages\/2646\/revisions"}],"up":[{"embeddable":true,"href":"https:\/\/unser-quartier.de\/stadt-bergheim\/wp-json\/wp\/v2\/pages\/3330"}],"wp:attachment":[{"href":"https:\/\/unser-quartier.de\/stadt-bergheim\/wp-json\/wp\/v2\/media?parent=2646"}],"curies":[{"name":"wp","href":"https:\/\/api.w.org\/{rel}","templated":true}]}}