{"id":26746,"date":"2018-12-20T21:45:59","date_gmt":"2018-12-20T20:45:59","guid":{"rendered":"https:\/\/unser-quartier.de\/stadt-bergheim\/?page_id=26746"},"modified":"2018-12-20T21:50:56","modified_gmt":"2018-12-20T20:50:56","slug":"tuerchen-24","status":"publish","type":"page","link":"https:\/\/unser-quartier.de\/stadt-bergheim\/tuerchen-24\/","title":{"rendered":"T\u00fcrchen 24"},"content":{"rendered":"<p><strong><span style=\"font-family: arial, helvetica, sans-serif; font-size: 20px;\">Das T\u00fcrchen 24 ist ge\u00f6ffnet! Heiliger Abend!<\/span><\/strong><\/p>\n<p class=\"s3\"><strong><span class=\"s2\" style=\"font-family: arial, helvetica, sans-serif; font-size: 20px;\"><span class=\"bumpedFont20\">Perfekte Weihnachten 2<\/span><\/span><\/strong><\/p>\n<p class=\"s3\"><span style=\"font-size: 20px; font-family: arial, helvetica, sans-serif;\"><span class=\"s2\" style=\"-webkit-text-size-adjust: 100%;\"><span class=\"bumpedFont20\">Stefan hat keinen Schl\u00fcssel. Wir stehen mit der versammelten Familie drau\u00dfen vor dem Haus. Da geht nebenan die T\u00fcr auf. Frau L\u00fcdtke sieht uns und fragt: \u201eIst alles <\/span><\/span><span class=\"s2\" style=\"-webkit-text-size-adjust: 100%;\"><span class=\"bumpedFont20\">in Ordnung<\/span><\/span><span class=\"s2\" style=\"-webkit-text-size-adjust: 100%;\"><span class=\"bumpedFont20\">?\u201c Ein bisschen zaghaft frage ich, ob ich telefonieren d\u00fcrfe, wir h\u00e4tten den Schl\u00fcssel vergessen und ich m\u00fcsste einen Schl\u00fcsseldienst anrufen. \u201eDann kommen Sie erst einmal rein\u201c, meint Frau <\/span><\/span><span class=\"s2\" style=\"-webkit-text-size-adjust: 100%;\"><span class=\"bumpedFont20\">L\u00fctdke<\/span><\/span><span class=\"s2\" style=\"-webkit-text-size-adjust: 100%;\"><span class=\"bumpedFont20\">. \u201eDas geht doch nicht\u201c, antworte ich, \u201ees ist doch Weihnachten\u201c. \u201eDas geht, das geht\u201c, sagt Frau <\/span><\/span><span class=\"s2\" style=\"-webkit-text-size-adjust: 100%;\"><span class=\"bumpedFont20\">L\u00fctdke<\/span><\/span><span class=\"s2\" style=\"-webkit-text-size-adjust: 100%;\"><span class=\"bumpedFont20\">, \u201eSie st\u00f6ren nicht\u201c. Wir gehen also rein und ich sehe sofort, wir st\u00f6ren doch. Hier ist wirklich nichts perfekt. Am Weihnachtsbaum werkeln Herr <\/span><\/span><span class=\"s2\" style=\"-webkit-text-size-adjust: 100%;\"><span class=\"bumpedFont20\">L\u00fctdke<\/span><\/span><span class=\"s2\" style=\"-webkit-text-size-adjust: 100%;\"><span class=\"bumpedFont20\"> und ein alter Mann, wahrscheinlich ihr Vater. Der Baum ist krumm, die Lichterkette h\u00e4ngt alles andere als akkurat, der meiste Baumschmuck h\u00e4ngt ganz unten. Sieht das denn niemand? Ach so, Frau L\u00fcdtkes Sohn ist wohl daf\u00fcr verantwortlich, und er ist noch ziemlich klein. Und was ist das \u00fcberhaupt f\u00fcr Baumschmuck? Strohsterne und kleine P\u00e4ckchen, auch Glanzpapiergirlanden, alles ist ein bisschen schief. Und warum l\u00e4cheln sie alle? Sehr merkw\u00fcrdig. Frau L\u00fcdtkes Tochter kommt aus der K\u00fcche. Sie ist gar nicht weihnachtlich angezogen, in ihrem Gesicht ist Mehl und sie tr\u00e4gt einen Teller mit Keksen. Sollen <\/span><\/span><span class=\"s2\" style=\"-webkit-text-size-adjust: 100%;\"><span class=\"bumpedFont20\">das<\/span><\/span><span class=\"s2\" style=\"-webkit-text-size-adjust: 100%;\"><span class=\"bumpedFont20\"> Sterne sein? Die Form ist jedenfalls nicht perfekt. Aber wir wollen ja nicht unh\u00f6flich sein und probieren auch welche. Sie schmecken gut.<\/span><\/span><\/span><\/p>\n<p class=\"s3\"><span style=\"font-size: 20px; font-family: arial, helvetica, sans-serif;\"><span class=\"s2\"><span class=\"bumpedFont20\">Frau L\u00fcdtke kommt mit Kaffee aus der K\u00fcche. Und einem Stapel Geschirr und Besteck. \u201eSie bleiben doch zum Essen?\u201c \u201eDas geht doch nicht\u201c, antworte ich, \u201ees ist doch Weihnachten\u201c. \u201eDas geht, das geht\u201c, sagt Frau L\u00fcdtke, \u201eSie st\u00f6ren nicht\u201c. Ich gucke zu Stefan. Er werkelt jetzt auch mit am Weihnachtsbaum. Und Thomas hebt den L\u00fcdtke-Jungen hoch und hilft ihm mit <\/span><\/span><span class=\"s2\"><span class=\"bumpedFont20\">den<\/span><\/span><span class=\"s2\"><span class=\"bumpedFont20\">Schmuck. Lucy sitzt kichernd mit der Tochter des Hauses auf dem Sofa. Sie unterhalten sich bestimmt nicht \u00fcber Kekse, so viel ist klar. Meine Mutter ist weg. Ich finde sie in der K\u00fcche, wo sie mit Frau L\u00fcdke Kartoffeln pellt. \u201eDer Salat ist gleich fertig\u201c, ruft Frau L\u00fcdtke. Die Sch\u00fcssel ist riesig. Und auf dem Herd steht ein Topf mit W\u00fcrstchen. Unser Weihnachtsessen. Es wird ein bisschen eng am Tisch, aber das ist egal. Das Geschirr passt nicht zusammen, aber das ist erst recht egal. Die W\u00fcrstchen sind hei\u00df und der Salat ist lecker. Es ist wirklich ein perfektes Essen. L\u00fcdtke Senior erz\u00e4hlt, dass er in jedem Jahr mit seinem Sohn und jetzt auch mit dem Enkel den Baumschmuck selbst macht. Ich schaue den Baum noch einmal an und finde ihn perfekt. Dann steht L\u00fcdtke Senior auf und \u00f6ffnet ein dickes Buch. Er r\u00e4uspert sich und beginnt zu lesen: \u201eIn jenen Tagen geschah es, dass vom Kaiser Augustus der Befehl erging, dass alle Bewohner des Reiches sich z\u00e4hlen lassen sollen \u2026\u201c Es ist eine alte Geschichte, aber sie macht Weihnachten erst perfekt.<\/span><\/span><\/span><\/p>\n<p>Gemeinsam geht&#8217;s besser<\/p>\n<p><span style=\"font-size: 20px; font-family: arial, helvetica, sans-serif;\">Das Seniorenportal Bergheim Team, w\u00fcnscht ein sch\u00f6nes, besinnliches Weihnachtsfest&#8230;<\/span><\/p>\n","protected":false},"excerpt":{"rendered":"<p><strong>Das T\u00fcrchen 24 ist ge\u00f6ffnet! Heiliger Abend!<\/strong><\/p>\n<p class=\"s3\"><strong>Perfekte Weihnachten 2<\/strong><\/p>\n<p class=\"s3\">Stefan hat keinen Schl\u00fcssel. Wir stehen mit der versammelten Familie drau\u00dfen vor dem Haus. Da geht nebenan die T\u00fcr auf. Frau L\u00fcdtke sieht uns und fragt: \u201eIst alles in Ordnung?\u201c Ein bisschen zaghaft frage ich, ob ich telefonieren d\u00fcrfe, wir h\u00e4tten den Schl\u00fcssel &hellip; <\/p>\n<p><a class=\"more-link btn\" href=\"https:\/\/unser-quartier.de\/stadt-bergheim\/tuerchen-24\/\">Weiterlesen<\/a><\/p>\n","protected":false},"author":48,"featured_media":0,"parent":0,"menu_order":0,"comment_status":"closed","ping_status":"closed","template":"","meta":{"_bbp_topic_count":0,"_bbp_reply_count":0,"_bbp_total_topic_count":0,"_bbp_total_reply_count":0,"_bbp_voice_count":0,"_bbp_anonymous_reply_count":0,"_bbp_topic_count_hidden":0,"_bbp_reply_count_hidden":0,"_bbp_forum_subforum_count":0,"jetpack_post_was_ever_published":false,"footnotes":""},"class_list":["post-26746","page","type-page","status-publish","hentry","nodate","item-wrap"],"jetpack_sharing_enabled":true,"jetpack_shortlink":"https:\/\/wp.me\/P3vhfJ-6Xo","jetpack_likes_enabled":true,"_links":{"self":[{"href":"https:\/\/unser-quartier.de\/stadt-bergheim\/wp-json\/wp\/v2\/pages\/26746","targetHints":{"allow":["GET"]}}],"collection":[{"href":"https:\/\/unser-quartier.de\/stadt-bergheim\/wp-json\/wp\/v2\/pages"}],"about":[{"href":"https:\/\/unser-quartier.de\/stadt-bergheim\/wp-json\/wp\/v2\/types\/page"}],"author":[{"embeddable":true,"href":"https:\/\/unser-quartier.de\/stadt-bergheim\/wp-json\/wp\/v2\/users\/48"}],"replies":[{"embeddable":true,"href":"https:\/\/unser-quartier.de\/stadt-bergheim\/wp-json\/wp\/v2\/comments?post=26746"}],"version-history":[{"count":0,"href":"https:\/\/unser-quartier.de\/stadt-bergheim\/wp-json\/wp\/v2\/pages\/26746\/revisions"}],"wp:attachment":[{"href":"https:\/\/unser-quartier.de\/stadt-bergheim\/wp-json\/wp\/v2\/media?parent=26746"}],"curies":[{"name":"wp","href":"https:\/\/api.w.org\/{rel}","templated":true}]}}