{"id":26754,"date":"2018-12-03T00:03:00","date_gmt":"2018-12-02T23:03:00","guid":{"rendered":"https:\/\/unser-quartier.de\/stadt-bergheim\/?page_id=26754"},"modified":"2018-12-03T00:17:24","modified_gmt":"2018-12-02T23:17:24","slug":"tuerchen-3","status":"publish","type":"page","link":"https:\/\/unser-quartier.de\/stadt-bergheim\/tuerchen-3\/","title":{"rendered":"T\u00fcrchen 3"},"content":{"rendered":"<p><span style=\"font-size: 20px; font-family: arial, helvetica, sans-serif;\">Das T\u00fcrchen 3 ist ge\u00f6ffnet &#8230;<\/span><\/p>\n<p><span style=\"font-size: 20px;\"><em>Weihnachten 1955<\/em><\/span><br \/>\n<span style=\"font-size: 20px;\">.<\/span><br \/>\n<span style=\"font-size: 20px;\">Damals war ich 8 Jahre alt und ich erinnere mich sehr gerne daran, wie wir<\/span>\u00a0<span style=\"font-size: 20px;\">die Vorweihnachtszeit und Weihnachten verbrachten. Meine Mutter war<\/span>\u00a0<span style=\"font-size: 20px;\">alleinerziehend mit drei Kindern und die ersten Nachkriegsjahre waren wir<\/span><br \/>\n<span style=\"font-size: 20px;\">recht arm&#8230; wie viele andere auch. Mitte der 50iger Jahre wurde es Dank<\/span>\u00a0<span style=\"font-size: 20px;\">des &#8220;Wirtschaftswunders&#8221; stetig besser und so konnte sie uns Kinder mehr<\/span>\u00a0<span style=\"font-size: 20px;\">verw\u00f6hnen.<\/span>\u00a0<span style=\"font-size: 20px;\">So gab es nicht nur einen einfachen Adventkalender, sondern die Mutter<\/span><br \/>\n<span style=\"font-size: 20px;\">hatte einen selbst gebastelt mit vielen kleinen S\u00e4ckchen und meistens<\/span>\u00a0<span style=\"font-size: 20px;\">rannte ich schon morgens im Schlafanzug in die K\u00fcche um das entsprechende<\/span>\u00a0<span style=\"font-size: 20px;\">kleine Geschenk zu suchen und auszupacken.<\/span>\u00a0<span style=\"font-size: 20px;\">Als das Nesth\u00e4kchen freute ich mich nat\u00fcrlich am meisten, wenn wir am 4.<\/span>\u00a0<span style=\"font-size: 20px;\">Dezember die Schuhe blitzblank geputzt vor die T\u00fcr stellen durften und am<\/span>\u00a0<span style=\"font-size: 20px;\">n\u00e4chsten Morgen hatte die Heilige Barbara sie mit S\u00fc\u00dfigkeiten gef\u00fcllt. Auch<\/span>\u00a0<span style=\"font-size: 20px;\">schnitten wir Kirschzweige ab und stellten sie in eine Vase, damit sie an<\/span>\u00a0<span style=\"font-size: 20px;\">Weihnachten bl\u00fchen sollten. Zwei Tage sp\u00e4ter kam schon der Nikolaus&#8230;.<\/span>\u00a0<span style=\"font-size: 20px;\">leider in Begleitung eines schrecklichen Gesellen, den wir Hans Muff<\/span><br \/>\n<span style=\"font-size: 20px;\">nannten. Dieser machte mir etwas Angst, voller Ru\u00df im Gesicht, auf den<\/span><br \/>\n<span style=\"font-size: 20px;\">Knien herumrutschend, mit Ketten und Rute ausgestattet. Der Heilige Mann<\/span>\u00a0<span style=\"font-size: 20px;\">war aber immer freundlich und wenn wir das Lied &#8220;Nikolaus komm in unser<\/span>\u00a0<span style=\"font-size: 20px;\">Haus&#8221; gesungen hatten, schaute er in sein gro\u00dfes Buch, wo alle Verfehlungen<\/span>\u00a0<span style=\"font-size: 20px;\">und guten Taten aufgelistet waren. Gott sei Dank muss meine Bilanz wohl<\/span><br \/>\n<span style=\"font-size: 20px;\">ausgeglichen gewesen sein, denn dann gab es ein kleines Geschenk aus dem<\/span>\u00a0<span style=\"font-size: 20px;\">gro\u00dfen Sack und einen Schoko-Nikolaus.<\/span>\u00a0<span style=\"font-size: 20px;\">Eine liebe Idee hatte meine Mutter, indem sie in den folgenden Wochen ab<\/span>\u00a0<span style=\"font-size: 20px;\">und zu eine kleine S\u00fc\u00dfigkeit zum Beispiel auf die Fensterbank oder die<\/span>\u00a0<span style=\"font-size: 20px;\">Treppe legte und sagte: &#8220;Oh&#8230; das hat wohl ein Engelchen verloren.&#8221; Mal<\/span>\u00a0<span style=\"font-size: 20px;\">ein Stern mit goldenem Glitter, mal ein Knickebein, mal ein St\u00fcckchen<\/span><br \/>\n<span style=\"font-size: 20px;\">Nougat.<\/span>\u00a0<span style=\"font-size: 20px;\">Dann war es an der Zeit die Weihnachtspl\u00e4tzchen zu backen und ich durfte<\/span>\u00a0<span style=\"font-size: 20px;\">helfen. Es war einfaches Geb\u00e4ck, aber es schmeckte himmlisch. Beim<\/span>\u00a0<span style=\"font-size: 20px;\">M\u00fcrbeteig durfte ich ausstechen und verzieren mit Glasur und bunten Perlen.<\/span>\u00a0<span style=\"font-size: 20px;\">Wenn das Spritzgeb\u00e4ck gebacken war, durfte ich einen Teil in Schokolade<\/span><br \/>\n<span style=\"font-size: 20px;\">tunken. K\u00f6stlich!&#8230; aber dann wurden sie versteckt bis zum Fest.<\/span><br \/>\n<span style=\"font-size: 20px;\">Dann kam der 24. und es war sehr angenehm, dass ich mir die Zeit bis zur<\/span>\u00a0<span style=\"font-size: 20px;\">Bescherung etwas vertreiben konnte. Ich war Mitglied bei den Pfadfindern<\/span>\u00a0<span style=\"font-size: 20px;\">und treu dem Motto&#8230; jeden Tag eine gute Tat&#8230; gingen jeweils kleine<\/span>\u00a0<span style=\"font-size: 20px;\">Gr\u00fcppchen von 5 M\u00e4dchen am Nachmittag in die Nachbarschaft zu alten<\/span>\u00a0<span style=\"font-size: 20px;\">Menschen, die alleine waren. Dort sangen wir einige Weihnachtslieder und<\/span><br \/>\n<span style=\"font-size: 20px;\">eine von uns las das Weihnachtsevangelium vor. Das war sehr sch\u00f6n, weil die<\/span>\u00a0<span style=\"font-size: 20px;\">Senioren so ger\u00fchrt waren und sich freuten und uns auch manchmal Printen<\/span>\u00a0<span style=\"font-size: 20px;\">oder Spekulatius schenkten.<\/span>\u00a0<span style=\"font-size: 20px;\">Auf dem Heimweg wurde es dann schon dunkel und es war so feierlich durch<\/span><br \/>\n<span style=\"font-size: 20px;\">etliche Fenster einen Blick auf fremde Weihnachtsb\u00e4ume zu erhaschen. Zu<\/span>\u00a0<span style=\"font-size: 20px;\">Hause angekommen, schaute dann Mutter im Wohnzimmer nach, ob das Christkind<\/span>\u00a0<span style=\"font-size: 20px;\">schon dagewesen war. Ein Gl\u00f6ckchen l\u00e4utete und wir durften eintreten und<\/span>\u00a0<span style=\"font-size: 20px;\">der Baum mit echten Kerzen und Lametta und Kugeln geschm\u00fcckt war ein Traum.<\/span><br \/>\n<span style=\"font-size: 20px;\">Nat\u00fcrlich gingen meine Augen schon rund, was denn mein diesj\u00e4hriges<\/span><br \/>\n<span style=\"font-size: 20px;\">Geschenk vom Christkind w\u00e4re&#8230; Es war nicht zu \u00fcbersehen: Eine Puppenk\u00fcche!<\/span>\u00a0<span style=\"font-size: 20px;\">Aber zuerst musste ich ein Weihnachtsgedicht aufsagen&#8230; Markt und Stra\u00dfen<\/span><br \/>\n<span style=\"font-size: 20px;\">steh\u00b4n verlassen. Ganz sch\u00f6n schwierig die Nerven zu behalten.<\/span><br \/>\n<span style=\"font-size: 20px;\">Endlich durfte ich die Puppenk\u00fcche in Besitz nehmen. Ich wei\u00df noch genau,<\/span>\u00a0<span style=\"font-size: 20px;\">wie sie aussah, blau-weiss, mit vielen recht gro\u00dfen Schubladen und kleinen<\/span>\u00a0<span style=\"font-size: 20px;\">H\u00e4ngeschr\u00e4nken. Super ausgestattet mit viel Geschirr, Nudeln, Reis und<\/span>\u00a0<span style=\"font-size: 20px;\">einem echten kleinen Herd. Ich war begeistert!<\/span><br \/>\n<span style=\"font-size: 20px;\">Sp\u00e4t am Abend gingen wir zur Kirche in die Christmette und obwohl ich sehr<\/span>\u00a0<span style=\"font-size: 20px;\">m\u00fcde war, habe ich mich aus ganzem Herzen beim Christkind bedankt.<\/span><br \/>\n<span style=\"font-size: 20px;\">.<\/span><br \/>\n<span style=\"font-size: 20px;\">von Gertrud Breuer<\/span><\/p>\n","protected":false},"excerpt":{"rendered":"<p>Das T\u00fcrchen 3 ist ge\u00f6ffnet &#8230;<\/p>\n<p>Weihnachten 1955 . Damals war ich 8 Jahre alt und ich erinnere mich sehr gerne daran, wie wir\u00a0die Vorweihnachtszeit und Weihnachten verbrachten. Meine Mutter war\u00a0alleinerziehend mit drei Kindern und die ersten Nachkriegsjahre waren wir recht arm&#8230; wie viele andere auch. Mitte der 50iger Jahre wurde es Dank\u00a0des &#8220;Wirtschaftswunders&#8221; stetig &hellip; <\/p>\n<p><a class=\"more-link btn\" href=\"https:\/\/unser-quartier.de\/stadt-bergheim\/tuerchen-3\/\">Weiterlesen<\/a><\/p>\n","protected":false},"author":48,"featured_media":0,"parent":0,"menu_order":0,"comment_status":"closed","ping_status":"closed","template":"","meta":{"_bbp_topic_count":0,"_bbp_reply_count":0,"_bbp_total_topic_count":0,"_bbp_total_reply_count":0,"_bbp_voice_count":0,"_bbp_anonymous_reply_count":0,"_bbp_topic_count_hidden":0,"_bbp_reply_count_hidden":0,"_bbp_forum_subforum_count":0,"jetpack_post_was_ever_published":false,"footnotes":""},"class_list":["post-26754","page","type-page","status-publish","hentry","nodate","item-wrap"],"jetpack_sharing_enabled":true,"jetpack_shortlink":"https:\/\/wp.me\/P3vhfJ-6Xw","jetpack_likes_enabled":true,"_links":{"self":[{"href":"https:\/\/unser-quartier.de\/stadt-bergheim\/wp-json\/wp\/v2\/pages\/26754","targetHints":{"allow":["GET"]}}],"collection":[{"href":"https:\/\/unser-quartier.de\/stadt-bergheim\/wp-json\/wp\/v2\/pages"}],"about":[{"href":"https:\/\/unser-quartier.de\/stadt-bergheim\/wp-json\/wp\/v2\/types\/page"}],"author":[{"embeddable":true,"href":"https:\/\/unser-quartier.de\/stadt-bergheim\/wp-json\/wp\/v2\/users\/48"}],"replies":[{"embeddable":true,"href":"https:\/\/unser-quartier.de\/stadt-bergheim\/wp-json\/wp\/v2\/comments?post=26754"}],"version-history":[{"count":0,"href":"https:\/\/unser-quartier.de\/stadt-bergheim\/wp-json\/wp\/v2\/pages\/26754\/revisions"}],"wp:attachment":[{"href":"https:\/\/unser-quartier.de\/stadt-bergheim\/wp-json\/wp\/v2\/media?parent=26754"}],"curies":[{"name":"wp","href":"https:\/\/api.w.org\/{rel}","templated":true}]}}