{"id":27015,"date":"2018-12-20T21:45:05","date_gmt":"2018-12-20T20:45:05","guid":{"rendered":"https:\/\/unser-quartier.de\/stadt-bergheim\/?page_id=27015"},"modified":"2018-12-20T21:47:10","modified_gmt":"2018-12-20T20:47:10","slug":"tuerchen-21","status":"publish","type":"page","link":"https:\/\/unser-quartier.de\/stadt-bergheim\/tuerchen-21\/","title":{"rendered":"T\u00fcrchen 21"},"content":{"rendered":"<p><span style=\"font-size: 20px;\"><strong><span style=\"font-family: arial, helvetica, sans-serif;\">Das T\u00fcrchen 21 ist ge\u00f6ffnet &#8230;<\/span><\/strong><\/span><\/p>\n<p><img data-recalc-dims=\"1\" loading=\"lazy\" decoding=\"async\" data-attachment-id=\"27016\" data-permalink=\"https:\/\/unser-quartier.de\/stadt-bergheim\/tuerchen-21\/20109b0a-2ff5-4ee1-a4d7-254f902ab75f\/\" data-orig-file=\"https:\/\/i0.wp.com\/unser-quartier.de\/stadt-bergheim\/files\/2018\/12\/20109B0A-2FF5-4EE1-A4D7-254F902AB75F.jpeg?fit=305%2C499&amp;ssl=1\" data-orig-size=\"305,499\" data-comments-opened=\"0\" data-image-meta=\"{&quot;aperture&quot;:&quot;0&quot;,&quot;credit&quot;:&quot;&quot;,&quot;camera&quot;:&quot;&quot;,&quot;caption&quot;:&quot;&quot;,&quot;created_timestamp&quot;:&quot;0&quot;,&quot;copyright&quot;:&quot;&quot;,&quot;focal_length&quot;:&quot;0&quot;,&quot;iso&quot;:&quot;0&quot;,&quot;shutter_speed&quot;:&quot;0&quot;,&quot;title&quot;:&quot;&quot;,&quot;orientation&quot;:&quot;0&quot;}\" data-image-title=\"20109B0A-2FF5-4EE1-A4D7-254F902AB75F\" data-image-description=\"\" data-image-caption=\"\" data-medium-file=\"https:\/\/i0.wp.com\/unser-quartier.de\/stadt-bergheim\/files\/2018\/12\/20109B0A-2FF5-4EE1-A4D7-254F902AB75F.jpeg?fit=183%2C300&amp;ssl=1\" data-large-file=\"https:\/\/i0.wp.com\/unser-quartier.de\/stadt-bergheim\/files\/2018\/12\/20109B0A-2FF5-4EE1-A4D7-254F902AB75F.jpeg?fit=305%2C499&amp;ssl=1\" class=\"alignnone size-medium wp-image-27016\" src=\"https:\/\/i0.wp.com\/unser-quartier.de\/stadt-bergheim\/files\/2018\/12\/20109B0A-2FF5-4EE1-A4D7-254F902AB75F.jpeg?resize=183%2C300&#038;ssl=1\" alt=\"\" width=\"183\" height=\"300\" srcset=\"https:\/\/i0.wp.com\/unser-quartier.de\/stadt-bergheim\/files\/2018\/12\/20109B0A-2FF5-4EE1-A4D7-254F902AB75F.jpeg?resize=183%2C300&amp;ssl=1 183w, https:\/\/i0.wp.com\/unser-quartier.de\/stadt-bergheim\/files\/2018\/12\/20109B0A-2FF5-4EE1-A4D7-254F902AB75F.jpeg?resize=92%2C150&amp;ssl=1 92w, https:\/\/i0.wp.com\/unser-quartier.de\/stadt-bergheim\/files\/2018\/12\/20109B0A-2FF5-4EE1-A4D7-254F902AB75F.jpeg?w=305&amp;ssl=1 305w\" sizes=\"auto, (max-width: 183px) 100vw, 183px\" \/><\/p>\n<p><span style=\"font-size: 20px;\"><em>Anatomie eines Amoklaufs<\/em><\/span><\/p>\n<p><span style=\"font-size: 20px;\">Das b\u00f6se Buch zu Weihnachten<\/span><\/p>\n<p><span style=\"font-size: 20px;\">\u201eWenn die stille Zeit vorbei ist, wird es auch wieder ruhiger\u201c, sagte schon Karl Valentin. Wer sich fragt, was Weihnachten jedes Jahr schief l\u00e4uft, dass die besinnlichste Zeit des Jahres dazu f\u00fchrt, sich mit Gl\u00fchwein besinnungslos zu besaufen oder an einer Nordmanntanne erh\u00e4ngen zu wollen, dem sei dieses kleine, garstige B\u00fcchlein empfohlen.<\/span><\/p>\n<p><span style=\"font-size: 20px;\">Besinnungslos kann man sich auch lachen, finden die Autoren Peter Gitzinger, Linus H\u00f6ke und Roger Schmelzer zu recht. Die drei sind seit vielen Jahren als Schreiber f\u00fcr Kabarett- und Comedyshows unterwegs und leben in und um K\u00f6ln herum. Anstelle eines Vorworts wird ein irrt\u00fcmlich eingegangener Brief abgedruckt \u2013 der Wunschzettel eines Verzweifelten, der sich vom Weihnachtsmann ein Buch w\u00fcnscht, das f\u00fcr die richtige Stimmung sorgt \u2013 \u201eeins, in dem Mama und Papa und Opa und Oma und Tante Inge und Onkel Heiner lesen k\u00f6nnen, anstatt sich zu streiten und \u00fcber das sie sich kaputtlachen k\u00f6nnen. Eins, das macht, dass Weihnachten wieder Spa\u00df macht?\u201c.<\/span><\/p>\n<p><span style=\"font-size: 20px;\">Der \u00d6ko-Adventskalender, die Weihnachtsgeschichte wahlweise erz\u00e4hlt von Donald Trump, George Lucas (dem Regisseur von \u201eStar Wars\u201c) oder einem coolen Jugendlichen, das Tagebuch eines Rentiers, Gedanken zur politisch korrekten Krippe oder die Anatomie eines Amoklaufs versprechen jedenfalls jede Menge Spa\u00df \u2013 illustriert von Ari Plikat. In der politisch korrekten Krippe beispielsweise tr\u00e4gt Maria nat\u00fcrlich kein Kopftuch (als Zeichen der Unterdr\u00fcckung der Frau), Josef gibt das Fl\u00e4schchen (weil er ein anwesender Vater ist und sich die Hausarbeit mit Maria teilt) und die drei Weisen aus dem Morgenland k\u00f6nnten nat\u00fcrlich auch weiblich sein und f\u00fchren eine Stern hinter dem Namen mit dem Hinweis auf das dritte Geschlecht. Fr\u00f6hliche Weihnachten!<\/span><\/p>\n<p><span style=\"font-size: 20px;\">Von Andrea Flo\u00df<\/span><\/p>\n<p><span style=\"font-size: 20px;\">Das b\u00f6se Buch zu Weihnachten von Peter Gitzinger, Linus H\u00f6ke und Roger Schmelzer. Bilder Ari Plikat, Lappan, 96 Seiten, 9,99 Euro.<\/span><\/p>\n<p>&nbsp;<\/p>\n","protected":false},"excerpt":{"rendered":"<p><strong>Das T\u00fcrchen 21 ist ge\u00f6ffnet &#8230;<\/strong><\/p>\n<\/p>\n<p>Anatomie eines Amoklaufs<\/p>\n<p>Das b\u00f6se Buch zu Weihnachten<\/p>\n<p>\u201eWenn die stille Zeit vorbei ist, wird es auch wieder ruhiger\u201c, sagte schon Karl Valentin. Wer sich fragt, was Weihnachten jedes Jahr schief l\u00e4uft, dass die besinnlichste Zeit des Jahres dazu f\u00fchrt, sich mit Gl\u00fchwein besinnungslos zu besaufen oder an &hellip; <\/p>\n<p><a class=\"more-link btn\" href=\"https:\/\/unser-quartier.de\/stadt-bergheim\/tuerchen-21\/\">Weiterlesen<\/a><\/p>\n","protected":false},"author":48,"featured_media":27016,"parent":0,"menu_order":0,"comment_status":"closed","ping_status":"closed","template":"","meta":{"_bbp_topic_count":0,"_bbp_reply_count":0,"_bbp_total_topic_count":0,"_bbp_total_reply_count":0,"_bbp_voice_count":0,"_bbp_anonymous_reply_count":0,"_bbp_topic_count_hidden":0,"_bbp_reply_count_hidden":0,"_bbp_forum_subforum_count":0,"jetpack_post_was_ever_published":false,"footnotes":""},"class_list":["post-27015","page","type-page","status-publish","has-post-thumbnail","hentry","nodate","item-wrap"],"jetpack_sharing_enabled":true,"jetpack_shortlink":"https:\/\/wp.me\/P3vhfJ-71J","jetpack_likes_enabled":true,"_links":{"self":[{"href":"https:\/\/unser-quartier.de\/stadt-bergheim\/wp-json\/wp\/v2\/pages\/27015","targetHints":{"allow":["GET"]}}],"collection":[{"href":"https:\/\/unser-quartier.de\/stadt-bergheim\/wp-json\/wp\/v2\/pages"}],"about":[{"href":"https:\/\/unser-quartier.de\/stadt-bergheim\/wp-json\/wp\/v2\/types\/page"}],"author":[{"embeddable":true,"href":"https:\/\/unser-quartier.de\/stadt-bergheim\/wp-json\/wp\/v2\/users\/48"}],"replies":[{"embeddable":true,"href":"https:\/\/unser-quartier.de\/stadt-bergheim\/wp-json\/wp\/v2\/comments?post=27015"}],"version-history":[{"count":0,"href":"https:\/\/unser-quartier.de\/stadt-bergheim\/wp-json\/wp\/v2\/pages\/27015\/revisions"}],"wp:featuredmedia":[{"embeddable":true,"href":"https:\/\/unser-quartier.de\/stadt-bergheim\/wp-json\/wp\/v2\/media\/27016"}],"wp:attachment":[{"href":"https:\/\/unser-quartier.de\/stadt-bergheim\/wp-json\/wp\/v2\/media?parent=27015"}],"curies":[{"name":"wp","href":"https:\/\/api.w.org\/{rel}","templated":true}]}}