{"id":27075,"date":"2018-12-14T21:30:10","date_gmt":"2018-12-14T20:30:10","guid":{"rendered":"https:\/\/unser-quartier.de\/stadt-bergheim\/?page_id=27075"},"modified":"2018-12-14T21:43:15","modified_gmt":"2018-12-14T20:43:15","slug":"tuerchen-15","status":"publish","type":"page","link":"https:\/\/unser-quartier.de\/stadt-bergheim\/tuerchen-15\/","title":{"rendered":"T\u00fcrchen 15"},"content":{"rendered":"<p><span style=\"font-size: 20px; font-family: arial, helvetica, sans-serif;\"><img data-recalc-dims=\"1\" loading=\"lazy\" decoding=\"async\" data-attachment-id=\"27076\" data-permalink=\"https:\/\/unser-quartier.de\/stadt-bergheim\/tuerchen-15\/4ab75d76-2b9d-4d85-85d6-ef0ff5c7bc49\/\" data-orig-file=\"https:\/\/i0.wp.com\/unser-quartier.de\/stadt-bergheim\/files\/2018\/12\/4AB75D76-2B9D-4D85-85D6-EF0FF5C7BC49.jpeg?fit=453%2C340&amp;ssl=1\" data-orig-size=\"453,340\" data-comments-opened=\"0\" data-image-meta=\"{&quot;aperture&quot;:&quot;0&quot;,&quot;credit&quot;:&quot;&quot;,&quot;camera&quot;:&quot;&quot;,&quot;caption&quot;:&quot;&quot;,&quot;created_timestamp&quot;:&quot;0&quot;,&quot;copyright&quot;:&quot;&quot;,&quot;focal_length&quot;:&quot;0&quot;,&quot;iso&quot;:&quot;0&quot;,&quot;shutter_speed&quot;:&quot;0&quot;,&quot;title&quot;:&quot;&quot;,&quot;orientation&quot;:&quot;0&quot;}\" data-image-title=\"4AB75D76-2B9D-4D85-85D6-EF0FF5C7BC49\" data-image-description=\"\" data-image-caption=\"\" data-medium-file=\"https:\/\/i0.wp.com\/unser-quartier.de\/stadt-bergheim\/files\/2018\/12\/4AB75D76-2B9D-4D85-85D6-EF0FF5C7BC49.jpeg?fit=300%2C225&amp;ssl=1\" data-large-file=\"https:\/\/i0.wp.com\/unser-quartier.de\/stadt-bergheim\/files\/2018\/12\/4AB75D76-2B9D-4D85-85D6-EF0FF5C7BC49.jpeg?fit=453%2C340&amp;ssl=1\" class=\"alignnone size-medium wp-image-27076\" src=\"https:\/\/i0.wp.com\/unser-quartier.de\/stadt-bergheim\/files\/2018\/12\/4AB75D76-2B9D-4D85-85D6-EF0FF5C7BC49-300x225.jpeg?resize=300%2C225&#038;ssl=1\" alt=\"\" width=\"300\" height=\"225\" srcset=\"https:\/\/i0.wp.com\/unser-quartier.de\/stadt-bergheim\/files\/2018\/12\/4AB75D76-2B9D-4D85-85D6-EF0FF5C7BC49.jpeg?resize=300%2C225&amp;ssl=1 300w, https:\/\/i0.wp.com\/unser-quartier.de\/stadt-bergheim\/files\/2018\/12\/4AB75D76-2B9D-4D85-85D6-EF0FF5C7BC49.jpeg?resize=150%2C113&amp;ssl=1 150w, https:\/\/i0.wp.com\/unser-quartier.de\/stadt-bergheim\/files\/2018\/12\/4AB75D76-2B9D-4D85-85D6-EF0FF5C7BC49.jpeg?w=453&amp;ssl=1 453w\" sizes=\"auto, (max-width: 300px) 100vw, 300px\" \/><\/span><\/p>\n<p><span style=\"font-size: 20px; font-family: arial, helvetica, sans-serif;\">Das T\u00fcrchen 15 ist ge\u00f6ffnet &#8230;<\/span><\/p>\n<p><span style=\"font-size: 20px; font-family: arial, helvetica, sans-serif;\"><em>Weihnachten in Skandinavien<\/em><\/span><br \/>\n<span style=\"font-size: 20px; font-family: arial, helvetica, sans-serif;\">.<\/span><\/p>\n<p><span style=\"font-size: 20px; font-family: arial, helvetica, sans-serif;\">In diesen L\u00e4ndern ist das Weihnachtsfest sehr beliebt, daher dauern die\u00a0Feierlichkeiten auch mehrere Wochen. In Finnland zum Beispiel besucht der\u00a0Weihnachtsmann bereits in der ersten Adventswoche die Bewohner des Landes\u00a0um sie auf das Weihnachtsfest einzustimmen.<\/span><\/p>\n<p><span style=\"font-size: 20px; font-family: arial, helvetica, sans-serif;\">Am ersten Advent beginnt die von vielen Schweden sehnlich erwartete<\/span><br \/>\n<span style=\"font-size: 20px; font-family: arial, helvetica, sans-serif;\">Vorweihnachtszeit. In Stockholm und anderen St\u00e4dten \u00f6ffnen die<\/span><br \/>\n<span style=\"font-size: 20px; font-family: arial, helvetica, sans-serif;\">Weihnachtsm\u00e4rkte ihre Pforten, in deren Zentrum eine festlich geschm\u00fcckte\u00a0Fichte im Lichterglanz erstrahlt. Allgegenw\u00e4rtig ist der Julbock. Dabei\u00a0handelt es sich um einen aus Stroh gefertigten Ziegenbock, der in Schweden<\/span><br \/>\n<span style=\"font-size: 20px; font-family: arial, helvetica, sans-serif;\">ein charakteristisches Symbol f\u00fcr die Weihnachtszeit ist. Die Figur stammt\u00a0aus der nordischen Mythologie, in der vor den Wagen des obersten Gottes\u00a0Thor zwei Ziegenb\u00f6cken gespannt wurden. Im schwedischen St\u00e4dtchen G\u00e4vle<\/span><br \/>\n<span style=\"font-size: 20px; font-family: arial, helvetica, sans-serif;\">wird allj\u00e4hrlich in alter Tradition ein 13 Meter hoher Julbock auf dem<\/span><br \/>\n<span style=\"font-size: 20px; font-family: arial, helvetica, sans-serif;\">Schlossplatz aufgestellt, der \u00fcber eine Webcam im Internet zu bestaunen ist\u00a0<\/span><\/p>\n<p><span style=\"font-size: 20px; font-family: arial, helvetica, sans-serif;\">In allen skandinavischen L\u00e4ndern wird in dieser Zeit vor allem auf \u00fcppige\u00a0Mahlzeiten Wert gelegt. So kann das Mittagsmahl in Norwegen aus bis zu 38\u00a0\u00a0G\u00e4ngen bestehen, ein Vorgang der mehrere Stunden in Anspruch nimmt. Dazu\u00a0wird das spezielle Weihnachtsbier und Aquavit gereicht. Die interessanten<\/span><br \/>\n<span style=\"font-size: 20px; font-family: arial, helvetica, sans-serif;\">und verschiedenen Weihnachtsbr\u00e4uche aus aller Welt sorgen bei zahlreichen\u00a0Menschen f\u00fcr Inspirationen f\u00fcr einen Flug zu Weihnachten in ferne L\u00e4nder.<\/span><\/p>\n<p><span style=\"font-size: 20px; font-family: arial, helvetica, sans-serif;\">.von Reni Petersen<\/span><\/p>\n","protected":false},"excerpt":{"rendered":"<\/p>\n<p>Das T\u00fcrchen 15 ist ge\u00f6ffnet &#8230;<\/p>\n<p>Weihnachten in Skandinavien .<\/p>\n<p>In diesen L\u00e4ndern ist das Weihnachtsfest sehr beliebt, daher dauern die\u00a0Feierlichkeiten auch mehrere Wochen. In Finnland zum Beispiel besucht der\u00a0Weihnachtsmann bereits in der ersten Adventswoche die Bewohner des Landes\u00a0um sie auf das Weihnachtsfest einzustimmen.<\/p>\n<p>Am ersten Advent beginnt die von vielen Schweden sehnlich erwartete &hellip; <\/p>\n<p><a class=\"more-link btn\" href=\"https:\/\/unser-quartier.de\/stadt-bergheim\/tuerchen-15\/\">Weiterlesen<\/a><\/p>\n","protected":false},"author":48,"featured_media":27076,"parent":0,"menu_order":0,"comment_status":"closed","ping_status":"closed","template":"","meta":{"_bbp_topic_count":0,"_bbp_reply_count":0,"_bbp_total_topic_count":0,"_bbp_total_reply_count":0,"_bbp_voice_count":0,"_bbp_anonymous_reply_count":0,"_bbp_topic_count_hidden":0,"_bbp_reply_count_hidden":0,"_bbp_forum_subforum_count":0,"jetpack_post_was_ever_published":false,"footnotes":""},"class_list":["post-27075","page","type-page","status-publish","has-post-thumbnail","hentry","nodate","item-wrap"],"jetpack_sharing_enabled":true,"jetpack_shortlink":"https:\/\/wp.me\/P3vhfJ-72H","jetpack_likes_enabled":true,"_links":{"self":[{"href":"https:\/\/unser-quartier.de\/stadt-bergheim\/wp-json\/wp\/v2\/pages\/27075","targetHints":{"allow":["GET"]}}],"collection":[{"href":"https:\/\/unser-quartier.de\/stadt-bergheim\/wp-json\/wp\/v2\/pages"}],"about":[{"href":"https:\/\/unser-quartier.de\/stadt-bergheim\/wp-json\/wp\/v2\/types\/page"}],"author":[{"embeddable":true,"href":"https:\/\/unser-quartier.de\/stadt-bergheim\/wp-json\/wp\/v2\/users\/48"}],"replies":[{"embeddable":true,"href":"https:\/\/unser-quartier.de\/stadt-bergheim\/wp-json\/wp\/v2\/comments?post=27075"}],"version-history":[{"count":0,"href":"https:\/\/unser-quartier.de\/stadt-bergheim\/wp-json\/wp\/v2\/pages\/27075\/revisions"}],"wp:featuredmedia":[{"embeddable":true,"href":"https:\/\/unser-quartier.de\/stadt-bergheim\/wp-json\/wp\/v2\/media\/27076"}],"wp:attachment":[{"href":"https:\/\/unser-quartier.de\/stadt-bergheim\/wp-json\/wp\/v2\/media?parent=27075"}],"curies":[{"name":"wp","href":"https:\/\/api.w.org\/{rel}","templated":true}]}}