{"id":2745,"date":"2014-06-05T07:13:59","date_gmt":"2014-06-05T05:13:59","guid":{"rendered":"http:\/\/unser-quartier.de\/stadt-bergheim\/?page_id=2745"},"modified":"2015-04-26T16:05:52","modified_gmt":"2015-04-26T14:05:52","slug":"medienwerkstatt-rhein-erft","status":"publish","type":"page","link":"https:\/\/unser-quartier.de\/stadt-bergheim\/informationen\/untermenue-3\/medienwerkstatt-rhein-erft\/","title":{"rendered":"Medienwerkstatt Rhein-Erft"},"content":{"rendered":"<p><span style=\"font-size: 12pt\">Medienwerkstatt Rhein-Erft \u2013 Radio &amp; Fernsehen zum Selbermachen<\/span><\/p>\n<p><span style=\"font-size: 12pt\"><strong>Kath. Bildungswerk Rhein-Erft-Kreis im Anton-Heinen-Haus<\/strong><\/span><\/p>\n<p><span style=\"font-size: 12pt\">Die professionell ausgestattete Medienwerkstatt des<br \/>\nKath. Bildungswerks Rhein-Erft-Kreis<br \/>\nbietet\u00a0ein vielf\u00e4ltiges Angebot rund um verschiedene Medien<br \/>\nwie z. b.\u00a0\u201eRadio\u201c und \u201eVideo\u201c.<\/span><\/p>\n<p><span style=\"font-size: 12pt\">Dazu geh\u00f6ren \u00a0Aus- und Fortbildung in den Bereichen Radio und Video, die Mitarbeit in verschiedenen nach Alter gestaffelten\u00a0Redaktionen, die Ausstrahlung von Beitr\u00e4gen oder Sendungen im B\u00fcrgerfunk und B\u00fcrgerfernsehen und die medienp\u00e4dagogische Projektarbeit.<br \/>\nDabei\u00a0findet eine enge Kooperation mit anderen Bildungseinrichtungen, Pfarrgemeinden, Verb\u00e4nden oder Schulen und Radio Erft statt. Produzierte Sendungen und Beitr\u00e4ge werden in der Regel\u00a0bei\u00a0Radio Erft oder auf nrwision ausgestrahlt.<br \/>\nUnterst\u00fctzt und gef\u00f6rdert werden diese Qualifizierungsangebote zur Medienkompetenz h\u00e4ufig durch die Landesanstalt f\u00fcr Medien NRW.<br \/>\nDie Medienwerkstatt geh\u00f6rt zum Verbund der Radio- und Medienwerkst\u00e4tten im Erzbistum K\u00f6ln.<\/span><\/p>\n<p><span style=\"font-size: 12pt\">Weitere Informationen findet man unter :<br \/>\n<a href=\"https:\/\/bildung.erzbistum-koeln.de\/bw-rhein-erft-kreis\/\">https:\/\/bildung.erzbistum-koeln.de\/bw-rhein-erft-kreis\/<br \/>\n<\/a>Kontaktadresse:<br \/>\n<a href=\"mailto:radio@bildungswerk-rhein-erft-kreis.de\">radio@bildungswerk-rhein-erft-kreis.de<\/a> oder <a href=\"mailto:info@anton-heinen-haus.de\">info@anton-heinen-haus.de<\/a><\/span><\/p>\n","protected":false},"excerpt":{"rendered":"<p>Medienwerkstatt Rhein-Erft \u2013 Radio &amp; Fernsehen zum Selbermachen<\/p>\n<p><strong>Kath. Bildungswerk Rhein-Erft-Kreis im Anton-Heinen-Haus<\/strong><\/p>\n<p>Die professionell ausgestattete Medienwerkstatt des Kath. Bildungswerks Rhein-Erft-Kreis bietet\u00a0ein vielf\u00e4ltiges Angebot rund um verschiedene Medien wie z. b.\u00a0\u201eRadio\u201c und \u201eVideo\u201c.<\/p>\n<p>Dazu geh\u00f6ren \u00a0Aus- und Fortbildung in den Bereichen Radio und Video, die Mitarbeit in verschiedenen nach Alter gestaffelten\u00a0Redaktionen, die Ausstrahlung von Beitr\u00e4gen &hellip; <\/p>\n<p><a class=\"more-link btn\" href=\"https:\/\/unser-quartier.de\/stadt-bergheim\/informationen\/untermenue-3\/medienwerkstatt-rhein-erft\/\">Weiterlesen<\/a><\/p>\n","protected":false},"author":48,"featured_media":0,"parent":3336,"menu_order":7,"comment_status":"open","ping_status":"open","template":"","meta":{"_bbp_topic_count":0,"_bbp_reply_count":0,"_bbp_total_topic_count":0,"_bbp_total_reply_count":0,"_bbp_voice_count":0,"_bbp_anonymous_reply_count":0,"_bbp_topic_count_hidden":0,"_bbp_reply_count_hidden":0,"_bbp_forum_subforum_count":0,"jetpack_post_was_ever_published":false,"footnotes":""},"class_list":["post-2745","page","type-page","status-publish","hentry","nodate","item-wrap"],"jetpack_sharing_enabled":true,"jetpack_shortlink":"https:\/\/wp.me\/P3vhfJ-Ih","jetpack_likes_enabled":true,"_links":{"self":[{"href":"https:\/\/unser-quartier.de\/stadt-bergheim\/wp-json\/wp\/v2\/pages\/2745","targetHints":{"allow":["GET"]}}],"collection":[{"href":"https:\/\/unser-quartier.de\/stadt-bergheim\/wp-json\/wp\/v2\/pages"}],"about":[{"href":"https:\/\/unser-quartier.de\/stadt-bergheim\/wp-json\/wp\/v2\/types\/page"}],"author":[{"embeddable":true,"href":"https:\/\/unser-quartier.de\/stadt-bergheim\/wp-json\/wp\/v2\/users\/48"}],"replies":[{"embeddable":true,"href":"https:\/\/unser-quartier.de\/stadt-bergheim\/wp-json\/wp\/v2\/comments?post=2745"}],"version-history":[{"count":0,"href":"https:\/\/unser-quartier.de\/stadt-bergheim\/wp-json\/wp\/v2\/pages\/2745\/revisions"}],"up":[{"embeddable":true,"href":"https:\/\/unser-quartier.de\/stadt-bergheim\/wp-json\/wp\/v2\/pages\/3336"}],"wp:attachment":[{"href":"https:\/\/unser-quartier.de\/stadt-bergheim\/wp-json\/wp\/v2\/media?parent=2745"}],"curies":[{"name":"wp","href":"https:\/\/api.w.org\/{rel}","templated":true}]}}