{"id":7874,"date":"2015-09-22T14:14:51","date_gmt":"2015-09-22T12:14:51","guid":{"rendered":"http:\/\/unser-quartier.de\/stadt-bergheim\/?p=7874"},"modified":"2018-07-02T13:41:21","modified_gmt":"2018-07-02T11:41:21","slug":"senioren-union-bergheim","status":"publish","type":"page","link":"https:\/\/unser-quartier.de\/stadt-bergheim\/informationen\/untermenue-2\/senioren-union-bergheim\/","title":{"rendered":"Senioren-Union Bergheim"},"content":{"rendered":"<p><span style=\"font-size: 12pt\"><strong>Br\u00fccke zwischen Jung und Alt<\/strong><\/span><\/p>\n<p><span style=\"font-size: 12pt\">Die Senioren-Union in Deutschland engagiert sich generations\u00fcbergreifend f\u00fcr die Belange der \u00e4lteren, aber auch der j\u00fcngeren Gesellschaft. Durch die st\u00e4ndig anwachsende Zahl der \u00c4lteren in unserer Gesellschaft stehen wir vor gro\u00dfen Herausforderungen, die es zu bew\u00e4ltigen gibt.<\/span><\/p>\n<p><span style=\"font-size: 12pt\">Die Mitglieder setzen sich f\u00fcr eine Gegenwart und Zukunft ein, in der alle &#8211; auch unsere heute noch jungen Menschen &#8211; ihr Leben im Alter aktiv, frei und selbstbestimmend gestalten k\u00f6nnen. Ein Anspruch, f\u00fcr den sich das Mitgestalten in einer \u00e4lter werdenden Gesellschaft lohnt. Als eigenst\u00e4ndige und unabh\u00e4ngige Vereinigung innerhalb der CDU-Familie, sieht sich die Senioren-Union einer christlichen und demokratischen Weltanschauung verpflichtet.<\/span><\/p>\n<p><span style=\"font-size: 12pt\"><strong>Die Kernanliegen:<\/strong><\/span><\/p>\n<p><span style=\"font-size: 12pt\">\u2022\u00a0 nachhaltige Aufrechterhaltung von Sicherheit und Ordnung in unserer Heimatstadt<\/span><br \/>\n<span style=\"font-size: 12pt\"> \u2022\u00a0 Angst und stressfreie Wege<\/span><br \/>\n<span style=\"font-size: 12pt\"> \u2022\u00a0 barrierefreie Verh\u00e4ltnisse im \u00f6ffentlichen Raum<\/span><br \/>\n<span style=\"font-size: 12pt\"> \u2022\u00a0 behindertengerechte Zug\u00e4nge in \u00f6ffentlichen Geb\u00e4uden und Einrichtungen<\/span><br \/>\n<span style=\"font-size: 12pt\"> \u2022\u00a0 zumutbare fu\u00dfl\u00e4ufige Erreichbarkeit der Einrichtungen des \u00f6ffentlichen Nahverkehrs<\/span><br \/>\n<span style=\"font-size: 12pt\"> \u2022\u00a0 konstruktives Gedankengut bei der politischen Meinungs- und Willensbildung einbringen.<\/span><\/p>\n<p><span style=\"font-size: 12pt\"><strong>Veranstaltungen<\/strong><\/span><\/p>\n<p><span style=\"font-size: 12pt\">\u2022\u00a0 Informatinsveranstaltungen mit Experten zu Themenbereichen, die sich auf den Alltag und die Belange der \u00e4lteren Generation beziehen<\/span><br \/>\n<span style=\"font-size: 12pt\"> \u2022\u00a0 Informations- und Besichtungungsfahrten sowie Ausfl\u00fcge zu unterschiedlichen Einrichtungen der Kultur, Freizeit, Erholung, Geschichte u.a.<\/span><br \/>\n<span style=\"font-size: 12pt\"> \u2022\u00a0 schriftliche Mitgliederinformationen zu relevanten Themen und Sachverhalten des t\u00e4glichen Lebens<\/span><br \/>\n<span style=\"font-size: 12pt\"> \u2022\u00a0 die M\u00f6glichkeit, im Kreise Gleichgesinnter, Meinungen und Ansichten zu Fragen der Zeit und anderen interessanten Themen zu diskutieren<\/span><\/p>\n<p><span style=\"font-size: 12pt\"><strong>Aktuelle Termine in Bergheim:\u00a0<\/strong><\/span><\/p>\n<p><span style=\"font-size: 12pt\"><a href=\"https:\/\/unser-quartier.de\/stadt-bergheim\/events\/der-patient-im-mittelpunkt\/\">15.3.2016<\/a> Fahrt zum Altenberger Dom, mit F\u00fchrung und kleinem Orgelkonzert <\/span><\/p>\n<p><span style=\"font-size: 12pt\"><strong>Kontakt:<\/strong><\/span><\/p>\n<p><span style=\"font-size: 12pt\">Rolf Kn\u00f6fel (Vorsitzender)<\/span><br \/>\n<span style=\"font-size: 12pt\"> Telefon: 02271\/67144<\/span><br \/>\n<span style=\"font-size: 12pt\"> <a href=\"mailto:r.knoefel@t-online.de\">E-Mail: r.knoefel@t-online.de<\/a><\/span><\/p>\n<p><span style=\"font-size: 12pt\">Hermann Friess (stv. Vorsitzender)<\/span><br \/>\n<span style=\"font-size: 12pt\"> Telefon: 02271\/42170<\/span><br \/>\n<span style=\"font-size: 12pt\"> <a href=\"mailto:hermann-friess@gmx.de\">E-Mail: hermann-friess@gmx.de<\/a><\/span><\/p>\n<p><span style=\"font-size: 12pt\">Internet: <a href=\"http:\/\/www.seniorenunion-rhein-erft.de\/content\/ortsvereinigung-bergheim\" target=\"_blank\">Senioren-Union Bergheim<\/a><\/span><\/p>\n<p>&nbsp;<\/p>\n","protected":false},"excerpt":{"rendered":"<p><strong>Br\u00fccke zwischen Jung und Alt<\/strong><\/p>\n<p>Die Senioren-Union in Deutschland engagiert sich generations\u00fcbergreifend f\u00fcr die Belange der \u00e4lteren, aber auch der j\u00fcngeren Gesellschaft. Durch die st\u00e4ndig anwachsende Zahl der \u00c4lteren in unserer Gesellschaft stehen wir vor gro\u00dfen Herausforderungen, die es zu bew\u00e4ltigen gibt.<\/p>\n<p>Die Mitglieder setzen sich f\u00fcr eine Gegenwart und Zukunft ein, in der alle &hellip; <\/p>\n<p><a class=\"more-link btn\" href=\"https:\/\/unser-quartier.de\/stadt-bergheim\/informationen\/untermenue-2\/senioren-union-bergheim\/\">Weiterlesen<\/a><\/p>\n","protected":false},"author":133,"featured_media":0,"parent":3332,"menu_order":8,"comment_status":"open","ping_status":"open","template":"","meta":{"_bbp_topic_count":0,"_bbp_reply_count":0,"_bbp_total_topic_count":0,"_bbp_total_reply_count":0,"_bbp_voice_count":0,"_bbp_anonymous_reply_count":0,"_bbp_topic_count_hidden":0,"_bbp_reply_count_hidden":0,"_bbp_forum_subforum_count":0,"jetpack_post_was_ever_published":false,"footnotes":""},"class_list":["post-7874","page","type-page","status-publish","hentry","nodate","item-wrap"],"jetpack_sharing_enabled":true,"jetpack_shortlink":"https:\/\/wp.me\/P3vhfJ-230","jetpack_likes_enabled":true,"_links":{"self":[{"href":"https:\/\/unser-quartier.de\/stadt-bergheim\/wp-json\/wp\/v2\/pages\/7874","targetHints":{"allow":["GET"]}}],"collection":[{"href":"https:\/\/unser-quartier.de\/stadt-bergheim\/wp-json\/wp\/v2\/pages"}],"about":[{"href":"https:\/\/unser-quartier.de\/stadt-bergheim\/wp-json\/wp\/v2\/types\/page"}],"author":[{"embeddable":true,"href":"https:\/\/unser-quartier.de\/stadt-bergheim\/wp-json\/wp\/v2\/users\/133"}],"replies":[{"embeddable":true,"href":"https:\/\/unser-quartier.de\/stadt-bergheim\/wp-json\/wp\/v2\/comments?post=7874"}],"version-history":[{"count":0,"href":"https:\/\/unser-quartier.de\/stadt-bergheim\/wp-json\/wp\/v2\/pages\/7874\/revisions"}],"up":[{"embeddable":true,"href":"https:\/\/unser-quartier.de\/stadt-bergheim\/wp-json\/wp\/v2\/pages\/3332"}],"wp:attachment":[{"href":"https:\/\/unser-quartier.de\/stadt-bergheim\/wp-json\/wp\/v2\/media?parent=7874"}],"curies":[{"name":"wp","href":"https:\/\/api.w.org\/{rel}","templated":true}]}}